{"id":5216,"date":"2022-10-10T15:48:01","date_gmt":"2022-10-10T13:48:01","guid":{"rendered":"https:\/\/www.camping-portesdariege.com\/home\/"},"modified":"2026-07-31T16:48:50","modified_gmt":"2026-07-31T14:48:50","slug":"home","status":"publish","type":"page","link":"https:\/\/www.camping-portesdariege.com\/en\/","title":{"rendered":"Welcome"},"content":{"rendered":"\n<div class=\"wp-block-group lateral-info has-theme-white-background-color has-background is-layout-constrained wp-container-core-group-is-layout-281524b9 wp-block-group-is-layout-constrained\" style=\"border-top-right-radius:10px;border-bottom-right-radius:10px;padding-left:0\">\n<div class=\"wp-block-group tooltip is-vertical is-content-justification-center is-layout-flex wp-container-core-group-is-layout-df960256 wp-block-group-is-layout-flex\" style=\"padding-top:0;padding-right:0;padding-bottom:0;padding-left:0\">\n<div class=\"wp-block-group tooltip-menu is-layout-constrained wp-container-core-group-is-layout-281524b9 wp-block-group-is-layout-constrained\" style=\"padding-left:0\">\n<div class=\"wp-block-group is-layout-constrained wp-container-core-group-is-layout-02c9ea5b wp-block-group-is-layout-constrained\" style=\"padding-left:var(--wp--preset--spacing--30)\">\n<figure class=\"wp-block-image size-large\"><img loading=\"lazy\" decoding=\"async\" width=\"17\" height=\"16\" src=\"https:\/\/camping-portesdariege.com\/wp-content\/uploads\/group-1.svg\" alt=\"\" class=\"wp-image-2558\"\/><\/figure>\n<\/div>\n\n\n        <a href=\"tel:+330534014358\"class=\"wp-block-custom-banner has-text-align-left\" target=\"_self\">\n        <div class=\"acf-innerblocks-container\">\n\n<div class=\"wp-block-group tooltiptext has-theme-white-color has-theme-green-background-color has-text-color has-background has-link-color wp-elements-b7e8af8aa4fa0b1625a6f81327dbfa7a is-content-justification-space-between is-nowrap is-layout-flex wp-container-core-group-is-layout-a41f0c34 wp-block-group-is-layout-flex\" style=\"margin-top:0;margin-bottom:0;padding-top:0;padding-bottom:0;padding-left:var(--wp--preset--spacing--40)\">\n<figure class=\"wp-block-image size-large wp-duotone-fff-fff-2\"><img loading=\"lazy\" decoding=\"async\" width=\"17\" height=\"16\" src=\"https:\/\/camping-portesdariege.com\/wp-content\/uploads\/group-1.svg\" alt=\"\" class=\"wp-image-2558\"\/><\/figure>\n\n\n\n<p class=\"wp-block-paragraph\">RAPPELEZ-MOI<\/p>\n<\/div>\n\n<\/div>\n        <\/a>\n<\/div>\n\n\n\n<div class=\"wp-block-group tooltip-menu is-layout-constrained wp-block-group-is-layout-constrained\">\n<div class=\"wp-block-group is-layout-constrained wp-container-core-group-is-layout-02c9ea5b wp-block-group-is-layout-constrained\" style=\"padding-left:var(--wp--preset--spacing--30)\">\n<figure class=\"wp-block-image size-large\"><img loading=\"lazy\" decoding=\"async\" width=\"15\" height=\"10\" src=\"https:\/\/camping-portesdariege.com\/wp-content\/uploads\/email.svg\" alt=\"\" class=\"wp-image-2556\"\/><\/figure>\n<\/div>\n\n\n        <a href=\"mailto:contact@camping-portesdariege.com\"class=\"wp-block-custom-banner has-text-align-left\" target=\"_self\">\n        <div class=\"acf-innerblocks-container\">\n\n<div class=\"wp-block-group tooltiptext has-theme-white-color has-theme-green-background-color has-text-color has-background has-link-color wp-elements-b54104d0028563b1018a613950e1c2c4 is-content-justification-space-between is-nowrap is-layout-flex wp-container-core-group-is-layout-a41f0c34 wp-block-group-is-layout-flex\" style=\"margin-top:0;margin-bottom:0;padding-top:0;padding-bottom:0;padding-left:var(--wp--preset--spacing--40)\">\n<figure class=\"wp-block-image size-large wp-duotone-fff-fff-3\"><img loading=\"lazy\" decoding=\"async\" width=\"15\" height=\"10\" src=\"https:\/\/camping-portesdariege.com\/wp-content\/uploads\/email.svg\" alt=\"\" class=\"wp-image-2556\"\/><\/figure>\n\n\n\n<p class=\"wp-block-paragraph\">CONTACT<\/p>\n<\/div>\n\n<\/div>\n        <\/a>\n<\/div>\n\n\n\n<div class=\"wp-block-group tooltip-menu is-layout-constrained wp-block-group-is-layout-constrained\">\n<div class=\"wp-block-group is-layout-constrained wp-container-core-group-is-layout-02c9ea5b wp-block-group-is-layout-constrained\" style=\"padding-left:var(--wp--preset--spacing--30)\">\n<figure class=\"wp-block-image size-large\"><img loading=\"lazy\" decoding=\"async\" width=\"17\" height=\"16\" src=\"https:\/\/camping-portesdariege.com\/wp-content\/uploads\/mapa-1.svg\" alt=\"\" class=\"wp-image-2554\"\/><\/figure>\n<\/div>\n\n\n        <a href=\"https:\/\/www.camping-portesdariege.com\/wp-content\/uploads\/pdf\/plan-du-camping.pdf\"class=\"wp-block-custom-banner has-text-align-left\" target=\"_blank\">\n        <div class=\"acf-innerblocks-container\">\n\n<div class=\"wp-block-group tooltiptext has-theme-white-color has-theme-green-background-color has-text-color has-background has-link-color wp-elements-0b02fd549287e9a4d08b2cf43900d6fe is-content-justification-space-between is-nowrap is-layout-flex wp-container-core-group-is-layout-a41f0c34 wp-block-group-is-layout-flex\" style=\"margin-top:0;margin-bottom:0;padding-top:0;padding-bottom:0;padding-left:var(--wp--preset--spacing--40)\">\n<figure class=\"wp-block-image size-large wp-duotone-fff-fff-4\"><img loading=\"lazy\" decoding=\"async\" width=\"17\" height=\"16\" src=\"https:\/\/camping-portesdariege.com\/wp-content\/uploads\/mapa-1.svg\" alt=\"\" class=\"wp-image-2554\"\/><\/figure>\n\n\n\n<p class=\"wp-block-paragraph\">PLAN DU CAMPING<\/p>\n<\/div>\n\n<\/div>\n        <\/a>\n<\/div>\n<\/div>\n<\/div>\n\n\n\n<div class=\"wp-block-cover alignfull banner-container\" style=\"margin-top:0;margin-bottom:0;min-height:100vh;aspect-ratio:unset;\"><img loading=\"lazy\" decoding=\"async\" width=\"2560\" height=\"1440\" class=\"wp-block-cover__image-background wp-image-4613\" alt=\"\" src=\"https:\/\/www.camping-portesdariege.com\/wp-content\/uploads\/dji-0408-scaled.jpg\" style=\"object-position:5% 20%\" data-object-fit=\"cover\" data-object-position=\"5% 20%\" srcset=\"https:\/\/www.camping-portesdariege.com\/wp-content\/uploads\/dji-0408-scaled.jpg 2560w, https:\/\/www.camping-portesdariege.com\/wp-content\/uploads\/dji-0408-1024x576.jpg 1024w, https:\/\/www.camping-portesdariege.com\/wp-content\/uploads\/dji-0408-2048x1152.jpg 2048w, https:\/\/www.camping-portesdariege.com\/wp-content\/uploads\/dji-0408-768x432.jpg 768w, https:\/\/www.camping-portesdariege.com\/wp-content\/uploads\/dji-0408-1536x864.jpg 1536w, https:\/\/www.camping-portesdariege.com\/wp-content\/uploads\/dji-0408-512x288.jpg 512w, https:\/\/www.camping-portesdariege.com\/wp-content\/uploads\/dji-0408-256x144.jpg 256w\" sizes=\"auto, (max-width: 2560px) 100vw, 2560px\" \/><span aria-hidden=\"true\" class=\"wp-block-cover__background has-background-dim-0 has-background-dim\" style=\"background-color:#6b6c5d\"><\/span><div class=\"wp-block-cover__inner-container is-layout-constrained wp-block-cover-is-layout-constrained\">\n<div class=\"wp-block-columns alignwide are-vertically-aligned-center banner-content is-layout-flex wp-container-core-columns-is-layout-6c0a3a2d wp-block-columns-is-layout-flex\">\n<div class=\"wp-block-column is-vertically-aligned-center titre-top is-layout-flow wp-block-column-is-layout-flow\">\n<div class=\"wp-block-group stars is-nowrap is-layout-flex wp-container-core-group-is-layout-edddd812 wp-block-group-is-layout-flex\">\n<p class=\"has-text-align-left banner-titre animation--init--once slide-down has-quando-font-family has-h-1-font-size wp-block-paragraph\"><mark style=\"background-color:rgba(0, 0, 0, 0)\" class=\"has-inline-color has-theme-white-color\">CAMPING<\/mark> <\/p>\n\n\n\n<figure class=\"wp-block-image size-large animation--init--once slide-down animation--end.delay-1\"><img loading=\"lazy\" decoding=\"async\" width=\"40\" height=\"40\" src=\"https:\/\/camping-portesdariege.com\/wp-content\/uploads\/star.svg\" alt=\"\" class=\"wp-image-1184\"\/><\/figure>\n\n\n\n<figure class=\"wp-block-image size-large animation--init--once slide-down animation--end.delay-2\"><img loading=\"lazy\" decoding=\"async\" width=\"40\" height=\"40\" src=\"https:\/\/camping-portesdariege.com\/wp-content\/uploads\/star.svg\" alt=\"\" class=\"wp-image-1184\"\/><\/figure>\n\n\n\n<figure class=\"wp-block-image size-large animation--init--once slide-down animation--end.delay-3\"><img loading=\"lazy\" decoding=\"async\" width=\"40\" height=\"40\" src=\"https:\/\/camping-portesdariege.com\/wp-content\/uploads\/star.svg\" alt=\"\" class=\"wp-image-1184\"\/><\/figure>\n<\/div>\n\n\n\n<p class=\"has-text-align-left banner-titre animation--init--once slide-down has-quando-font-family wp-block-paragraph\" style=\"font-size:60px\"><mark style=\"background-color:rgba(0, 0, 0, 0)\" class=\"has-inline-color has-theme-white-color\">PORTES D&#8217;ARI\u00c8GE<br>in Pamiers<\/mark><\/p>\n\n\n\n<p class=\"animation--init--once slide-up text-shadow has-text-color has-link-color has-h-5-font-size wp-elements-92b34fd5d5e72488b1c519522e23420a wp-block-paragraph\" style=\"color:#3c6e2a\"><mark style=\"background-color:rgba(0, 0, 0, 0)\" class=\"has-inline-color has-theme-white-color\"><strong>the expression &#8220;to go green&#8221; takes on its full meaning<\/strong><\/mark><\/p>\n<\/div>\n\n\n\n<div class=\"wp-block-column is-vertically-aligned-center formulaire-thr-container is-layout-flow wp-block-column-is-layout-flow\">\n<div class=\"wp-block-group formulaire-thr animation--init--once slide-down is-layout-constrained wp-block-group-is-layout-constrained\"><section class=\"formulaire-de-recherche-bar\">\r\n            <div id=\"expand-thelis-formulaire\">[:fr]R\u00e9servez[:]<\/div>\r\n            <div class=\"container-form\"><thr-search-engine><\/thr-search-engine><a id=\"pay-btn-2\" onclick=\"window.open('https:\/\/thelisresa.webcamp.fr\/cart-directPayment.php?camping=ariege09&amp;lang=en');\"><i><\/i>Pay your stay<\/a>\r\n            <style>\r\n            \r\n            .thr-search-engine .thr-search-engine-main > .thr-btn-search { max-width: 20% !important; }\r\n            .thr .btn i { margin-right: 0 !important; }\r\n            #pay-btn-2 { \r\n                position: absolute;\r\n                right: 0;top: 0;\r\n                margin: 10px;\r\n                border: 0;\r\n                background-color: ;\r\n                color: ;\r\n                cursor: pointer;\r\n                width: calc(17% - 5px);\r\n                padding: 17px 0;\r\n                font-size: 18px;\r\n                font-weight: bold;\r\n                text-transform: auto;\r\n                transition: all .35s;\r\n                display: flex;justify-content: center;\r\n                align-items: center;\r\n            }\r\n            #pay-btn-2 i {\r\n                display: inline-flex;\r\n                width:18px;height:18px;\r\n                margin-right: 5px;\r\n                background-image: url('data:image\/svg+xml;utf8,<?xml version=\"1.0\" encoding=\"utf-8\"?><svg width=\"1792\" height=\"1792\" viewBox=\"0 0 1792 1792\" xmlns=\"http:\/\/www.w3.org\/2000\/svg\"><path d=\"M704 1536q0 52-38 90t-90 38-90-38-38-90 38-90 90-38 90 38 38 90zm896 0q0 52-38 90t-90 38-90-38-38-90 38-90 90-38 90 38 38 90zm128-1088v512q0 24-16.5 42.5t-40.5 21.5l-1044 122q13 60 13 70 0 16-24 64h920q26 0 45 19t19 45-19 45-45 19h-1024q-26 0-45-19t-19-45q0-11 8-31.5t16-36 21.5-40 15.5-29.5l-177-823h-204q-26 0-45-19t-19-45 19-45 45-19h256q16 0 28.5 6.5t19.5 15.5 13 24.5 8 26 5.5 29.5 4.5 26h1201q26 0 45 19t19 45z\" fill=\"rgba(255,255,255,1)\" \/><\/svg>');\r\n                background-size: cover;background-position: center center;background-repeat: no-repeat;\r\n            }\r\n            #pay-btn-2:hover { background-color: ; }\r\n            .thr-search-engine { width: 83%; }\r\n\r\n            @media screen and (max-width: 1180px) {\r\n                #pay-btn-2 { top: 52px; }\r\n                .thr-search-engine .thr-search-engine-main > .thr-btn-search { max-width: inherit !important; }\r\n            }\r\n            @media screen and (max-width: 990px) {\r\n                .thr-search-engine { width: 100%; }\r\n                #pay-btn-2 { position: relative;width: calc(100% - 20px);top: auto;margin-top: 0; }\r\n            }\r\n\r\n            thr-search-engine { border-right: 200px rgba(0,0,0,0) solid;display: block; }\r\n            @media screen and (max-width: 1180px) {\r\n                thr-search-engine { border-right: inherit;display: inherit; }\r\n            }\r\n            <\/style>\r\n            <\/div><\/section><!-- .formulaire-de-recherche-bar --><style>\r\n        #expand-thelis-formulaire { display: none; }\r\n        @media screen and (max-width: 1180px) {\r\n            #expand-thelis-formulaire { display: block; }\r\n            .formulaire-de-recherche-bar .container-form { display: none; }\r\n        }\r\n    <\/style><script>\r\n    jQuery(document).ready(function($){\r\n        jQuery('#expand-thelis-formulaire').click(function(){\r\n            if(\r\n                jQuery('.formulaire-de-recherche-bar .container-form').css('display') == 'none'\r\n            ){\r\n                jQuery('.formulaire-de-recherche-bar .container-form').css('display', 'block');\r\n                jQuery('#expand-thelis-formulaire').addClass('expanded');\r\n            }else{\r\n                jQuery('.formulaire-de-recherche-bar .container-form').css('display', 'none');\r\n                jQuery('#expand-thelis-formulaire').removeClass('expanded');\r\n            }\r\n        });\r\n    });\r\n    <\/script>\n<\/div>\n<\/div>\n<\/div>\n<\/div><\/div>\n\n\n\n<div class=\"wp-block-columns alignfull are-vertically-aligned-center columns-block-gallery oh is-layout-flex wp-container-core-columns-is-layout-f7d55a60 wp-block-columns-is-layout-flex\" style=\"margin-top:0;margin-bottom:0\">\n<div class=\"wp-block-column is-vertically-aligned-center is-layout-flow wp-block-column-is-layout-flow\" style=\"flex-basis:50%\">\n<div class=\"wp-block-cover has-custom-content-position is-position-top-left banniere-block-gallery\" style=\"min-height:100vh;aspect-ratio:unset;\"><img loading=\"lazy\" decoding=\"async\" width=\"2560\" height=\"1440\" class=\"wp-block-cover__image-background wp-image-4767\" alt=\"\" src=\"https:\/\/www.camping-portesdariege.com\/wp-content\/uploads\/dji-0415-1-scaled.jpg\" style=\"object-position:0% 61%\" data-object-fit=\"cover\" data-object-position=\"0% 61%\" srcset=\"https:\/\/www.camping-portesdariege.com\/wp-content\/uploads\/dji-0415-1-scaled.jpg 2560w, https:\/\/www.camping-portesdariege.com\/wp-content\/uploads\/dji-0415-1-1024x576.jpg 1024w, https:\/\/www.camping-portesdariege.com\/wp-content\/uploads\/dji-0415-1-2048x1152.jpg 2048w, https:\/\/www.camping-portesdariege.com\/wp-content\/uploads\/dji-0415-1-768x432.jpg 768w, https:\/\/www.camping-portesdariege.com\/wp-content\/uploads\/dji-0415-1-1536x864.jpg 1536w, https:\/\/www.camping-portesdariege.com\/wp-content\/uploads\/dji-0415-1-512x288.jpg 512w, https:\/\/www.camping-portesdariege.com\/wp-content\/uploads\/dji-0415-1-256x144.jpg 256w\" sizes=\"auto, (max-width: 2560px) 100vw, 2560px\" \/><span aria-hidden=\"true\" class=\"wp-block-cover__background has-background-dim-0 has-background-dim\" style=\"background-color:#717462\"><\/span><div class=\"wp-block-cover__inner-container is-layout-constrained wp-block-cover-is-layout-constrained\">\n<div class=\"wp-block-group titre-home animation--init--once slide-right is-layout-constrained wp-container-core-group-is-layout-8daaa24f wp-block-group-is-layout-constrained\" style=\"padding-top:var(--wp--preset--spacing--80);padding-bottom:var(--wp--preset--spacing--60);padding-left:5.06rem\">\n<h1 class=\"wp-block-heading has-text-align-left has-theme-white-color has-text-color has-link-color wp-elements-e981ac2240ef08829589d3103dbeb0de\">Welcome to the campsite<sub> Portes d&#8217;Ari\u00e8ge<br>in Pamiers, Occitanie<\/sub><\/h1>\n\n\n\n<p class=\"has-text-align-left has-text-color has-link-color wp-elements-f6fec8966a8b0bd834857463e0cd11a4 wp-block-paragraph\" style=\"color:#ffffff\"><mark style=\"background-color:#E5E1CD\" class=\"has-inline-color\">The Ari\u00e8ge river flows alongside a remarkable wooded park\u2026<\/mark><\/p>\n<\/div>\n<\/div><\/div>\n<\/div>\n\n\n\n<div class=\"wp-block-column is-vertically-aligned-center column-block-gallery is-layout-flow wp-block-column-is-layout-flow\" style=\"padding-right:0rem;padding-left:0rem;flex-basis:50%\">\n<div class=\"wp-block-group block-gallery-container text-intro-home animation--init--once slide-down is-layout-constrained wp-block-group-is-layout-constrained\">\n<p class=\"wp-block-paragraph\">With 100 <strong>spacious pitches<\/strong>, either <strong>bare <\/strong>or <strong>equipped with chalets, bungalows and mobile homes<\/strong>, you will find the ideal place for your holidays, stopovers or weekends. Whether you arrive <strong>on foot<\/strong> or by <strong>bike<\/strong>, or even on <strong>horseback<\/strong>, and of course by car with a <strong>tent or caravan<\/strong>, not to mention <strong>vans and motorhomes<\/strong>, you will have beautiful spaces at your disposal, with electricity included!<\/p>\n\n\n\n<p class=\"wp-block-paragraph\">The communal areas, sanitary facilities, bar, restaurant, reception and swimming pool are easily <strong>accessible to people with reduced mobility<\/strong>.<\/p>\n<\/div>\n\n\n\n<div class=\"wp-block-group block-gallery-negative-margin is-layout-constrained wp-block-group-is-layout-constrained\" style=\"margin-top:var(--wp--preset--spacing--80)\">\n<div class=\"wp-block-slider block-gallery\" style=\"--wp--custom--block-gap:var:preset|spacing|20 !important;\">\n    <div class=\"block-slider-splide splide\" id=\"block_slide_7780\">\n        <div class=\"splide__track\">\n                <div class=\"acf-innerblocks-container\">\n\n<div class=\"wp-block-group animation--init--once slide-down is-layout-constrained wp-block-group-is-layout-constrained\">        <a href=\"https:\/\/www.camping-portesdariege.com\/le-camping\/\"class=\"wp-block-custom-banner has-text-align-left\" target=\"_self\">\n        <div class=\"acf-innerblocks-container\">\n\n<div class=\"wp-block-cover has-custom-content-position is-position-bottom-left\"><img loading=\"lazy\" decoding=\"async\" width=\"845\" height=\"1080\" class=\"wp-block-cover__image-background wp-image-927\" alt=\"\" src=\"https:\/\/camping-portesdariege.com\/wp-content\/uploads\/le-camping.jpg\" style=\"object-position:50% 62%\" data-object-fit=\"cover\" data-object-position=\"50% 62%\" srcset=\"https:\/\/www.camping-portesdariege.com\/wp-content\/uploads\/le-camping.jpg 845w, https:\/\/www.camping-portesdariege.com\/wp-content\/uploads\/le-camping-801x1024.jpg 801w, https:\/\/www.camping-portesdariege.com\/wp-content\/uploads\/le-camping-768x982.jpg 768w, https:\/\/www.camping-portesdariege.com\/wp-content\/uploads\/le-camping-401x512.jpg 401w, https:\/\/www.camping-portesdariege.com\/wp-content\/uploads\/le-camping-200x256.jpg 200w\" sizes=\"auto, (max-width: 845px) 100vw, 845px\" \/><span aria-hidden=\"true\" class=\"wp-block-cover__background has-background-dim-0 has-background-dim\"><\/span><div class=\"wp-block-cover__inner-container is-layout-constrained wp-block-cover-is-layout-constrained\">\n<p class=\"has-text-align-center has-theme-white-color has-text-color has-link-color has-large-font-size wp-elements-bb4b2a208e6fdb1296e44448dccc6cfb wp-block-paragraph\"><strong>The campsite<\/strong><\/p>\n<\/div><\/div>\n\n<\/div>\n        <\/a>\n<\/div>\n\n\n\n<div class=\"wp-block-group animation--init--once slide-down is-layout-constrained wp-block-group-is-layout-constrained\">        <a href=\"https:\/\/www.camping-portesdariege.com\/wp-content\/uploads\/pdf\/plan-du-camping.pdf\"class=\"wp-block-custom-banner has-text-align-left\" target=\"_blank\">\n        <div class=\"acf-innerblocks-container\">\n\n<div class=\"wp-block-cover is-light has-custom-content-position is-position-bottom-left\"><img loading=\"lazy\" decoding=\"async\" width=\"845\" height=\"1080\" class=\"wp-block-cover__image-background wp-image-928\" alt=\"\" src=\"https:\/\/camping-portesdariege.com\/wp-content\/uploads\/map.jpg\" data-object-fit=\"cover\" srcset=\"https:\/\/www.camping-portesdariege.com\/wp-content\/uploads\/map.jpg 845w, https:\/\/www.camping-portesdariege.com\/wp-content\/uploads\/map-801x1024.jpg 801w, https:\/\/www.camping-portesdariege.com\/wp-content\/uploads\/map-768x982.jpg 768w, https:\/\/www.camping-portesdariege.com\/wp-content\/uploads\/map-401x512.jpg 401w, https:\/\/www.camping-portesdariege.com\/wp-content\/uploads\/map-200x256.jpg 200w\" sizes=\"auto, (max-width: 845px) 100vw, 845px\" \/><span aria-hidden=\"true\" class=\"wp-block-cover__background has-background-dim-0 has-background-dim\"><\/span><div class=\"wp-block-cover__inner-container is-layout-constrained wp-block-cover-is-layout-constrained\">\n<p class=\"has-text-align-left has-theme-white-color has-theme-beige-background-color has-text-color has-background has-link-color has-large-font-size wp-elements-1661ca0f62b2d369358ebbb58e5ae372 wp-block-paragraph\"><strong>The map of<br>The campsite<\/strong><\/p>\n<\/div><\/div>\n\n<\/div>\n        <\/a>\n<\/div>\n\n\n\n<div class=\"wp-block-group animation--init--once slide-down is-layout-constrained wp-block-group-is-layout-constrained\">        <a href=\"https:\/\/www.camping-portesdariege.com\/le-camping\/services-et-equipements\/\"class=\"wp-block-custom-banner has-text-align-left\" target=\"_self\">\n        <div class=\"acf-innerblocks-container\">\n\n<div class=\"wp-block-cover has-custom-content-position is-position-bottom-left\"><img loading=\"lazy\" decoding=\"async\" width=\"2048\" height=\"1363\" class=\"wp-block-cover__image-background wp-image-4265 size-large\" alt=\"\" src=\"https:\/\/www.camping-portesdariege.com\/wp-content\/uploads\/piscine-by-night-devant-chalets-2048x1363.jpg\" data-object-fit=\"cover\" srcset=\"https:\/\/www.camping-portesdariege.com\/wp-content\/uploads\/piscine-by-night-devant-chalets-2048x1363.jpg 2048w, https:\/\/www.camping-portesdariege.com\/wp-content\/uploads\/piscine-by-night-devant-chalets-1024x681.jpg 1024w, https:\/\/www.camping-portesdariege.com\/wp-content\/uploads\/piscine-by-night-devant-chalets-768x511.jpg 768w, https:\/\/www.camping-portesdariege.com\/wp-content\/uploads\/piscine-by-night-devant-chalets-1536x1022.jpg 1536w, https:\/\/www.camping-portesdariege.com\/wp-content\/uploads\/piscine-by-night-devant-chalets-512x341.jpg 512w, https:\/\/www.camping-portesdariege.com\/wp-content\/uploads\/piscine-by-night-devant-chalets-256x170.jpg 256w\" sizes=\"auto, (max-width: 2048px) 100vw, 2048px\" \/><span aria-hidden=\"true\" class=\"wp-block-cover__background has-background-dim-0 has-background-dim\" style=\"background-color:#606d9c\"><\/span><div class=\"wp-block-cover__inner-container is-layout-constrained wp-block-cover-is-layout-constrained\">\n<p class=\"has-text-align-left has-theme-white-color has-text-color has-link-color has-large-font-size wp-elements-65cb8a9b2064d8eca2eb6ba0c9bfc79e wp-block-paragraph\"><strong>Services <br>and facilities<\/strong><\/p>\n<\/div><\/div>\n\n<\/div>\n        <\/a>\n<\/div>\n\n\n\n<div class=\"wp-block-group animation--init--once slide-down is-layout-constrained wp-block-group-is-layout-constrained\" style=\"margin-top:0;margin-bottom:0;padding-top:0;padding-bottom:0\">        <a href=\"https:\/\/www.camping-portesdariege.com\/wp-content\/uploads\/tarifs-2026-1-1.pdf\"class=\"wp-block-custom-banner has-text-align-left\" target=\"_blank\">\n        <div class=\"acf-innerblocks-container\">\n\n<div class=\"wp-block-cover has-custom-content-position is-position-bottom-left\"><img loading=\"lazy\" decoding=\"async\" width=\"845\" height=\"1080\" class=\"wp-block-cover__image-background wp-image-930\" alt=\"\" src=\"https:\/\/camping-portesdariege.com\/wp-content\/uploads\/tarifs.jpg\" data-object-fit=\"cover\" srcset=\"https:\/\/www.camping-portesdariege.com\/wp-content\/uploads\/tarifs.jpg 845w, https:\/\/www.camping-portesdariege.com\/wp-content\/uploads\/tarifs-801x1024.jpg 801w, https:\/\/www.camping-portesdariege.com\/wp-content\/uploads\/tarifs-768x982.jpg 768w, https:\/\/www.camping-portesdariege.com\/wp-content\/uploads\/tarifs-401x512.jpg 401w, https:\/\/www.camping-portesdariege.com\/wp-content\/uploads\/tarifs-200x256.jpg 200w\" sizes=\"auto, (max-width: 845px) 100vw, 845px\" \/><span aria-hidden=\"true\" class=\"wp-block-cover__background has-background-dim-0 has-background-dim\"><\/span><div class=\"wp-block-cover__inner-container is-layout-constrained wp-block-cover-is-layout-constrained\">\n<p class=\"has-text-align-center has-theme-white-color has-text-color has-link-color has-large-font-size wp-elements-e300bab4a890540029f2968da5fa5585 wp-block-paragraph\">Prices<\/p>\n<\/div><\/div>\n\n<\/div>\n        <\/a>\n<\/div>\n\n<\/div>        <\/div>\n    <\/div>\n<\/div>\n    <script>\n        'use strict';\n\n        document.addEventListener('DOMContentLoaded', function () {\n\n            (function() {\n                const blockSlide = new Splide( '#block_slide_7780', {\n                    type : 'loop',\n                    perPage: 4,\n                    updateOnMove: true,\n                    perMove: 1,\n                                        \n                    breakpoints: {\n                        800: {\n                            perPage: 4,\n                                                    },\n                        450: {\n                            perPage: 2,\n                            \n                        },\n                    },\n                    pagination: false,\n                    arrows: true,\n                    gap: 'var:preset|spacing|20',\n                    i18n: {\n                        slideLabel: '%s\/%s',\n                    }\n                } );\n                \n                blockSlide.mount();\n                                            })();\n        })\n    <\/script>\n<\/div>\n<\/div>\n<\/div>\n\n\n\n<div class=\"wp-block-columns alignfull columns-block-gallery oh is-layout-flex wp-container-core-columns-is-layout-f7d55a60 wp-block-columns-is-layout-flex\" style=\"margin-top:0;margin-bottom:0\">\n<div class=\"wp-block-column is-vertically-aligned-bottom is-layout-flow wp-block-column-is-layout-flow\" style=\"flex-basis:50%\">\n<div class=\"wp-block-cover has-custom-content-position is-position-top-left banniere-block-gallery\" style=\"min-height:100vh;aspect-ratio:unset;\"><img loading=\"lazy\" decoding=\"async\" width=\"2560\" height=\"1920\" class=\"wp-block-cover__image-background wp-image-4791\" alt=\"\" src=\"https:\/\/www.camping-portesdariege.com\/wp-content\/uploads\/20240816-210547-scaled.jpg\" style=\"object-position:19% 40%\" data-object-fit=\"cover\" data-object-position=\"19% 40%\" srcset=\"https:\/\/www.camping-portesdariege.com\/wp-content\/uploads\/20240816-210547-scaled.jpg 2560w, https:\/\/www.camping-portesdariege.com\/wp-content\/uploads\/20240816-210547-1024x768.jpg 1024w, https:\/\/www.camping-portesdariege.com\/wp-content\/uploads\/20240816-210547-2048x1536.jpg 2048w, https:\/\/www.camping-portesdariege.com\/wp-content\/uploads\/20240816-210547-768x576.jpg 768w, https:\/\/www.camping-portesdariege.com\/wp-content\/uploads\/20240816-210547-1536x1152.jpg 1536w, https:\/\/www.camping-portesdariege.com\/wp-content\/uploads\/20240816-210547-512x384.jpg 512w, https:\/\/www.camping-portesdariege.com\/wp-content\/uploads\/20240816-210547-256x192.jpg 256w\" sizes=\"auto, (max-width: 2560px) 100vw, 2560px\" \/><span aria-hidden=\"true\" class=\"wp-block-cover__background has-background-dim-0 has-background-dim\" style=\"background-color:#6c6762\"><\/span><div class=\"wp-block-cover__inner-container is-layout-constrained wp-block-cover-is-layout-constrained\">\n<div class=\"wp-block-group titre-home animation--init--once slide-right is-layout-constrained wp-container-core-group-is-layout-aa0c5649 wp-block-group-is-layout-constrained\" style=\"padding-top:var(--wp--preset--spacing--80);padding-bottom:var(--wp--preset--spacing--60);padding-left:var(--wp--preset--spacing--80)\">\n<h2 class=\"wp-block-heading has-theme-white-color has-text-color has-link-color wp-elements-6eb81feacc1b005ea937dd992fc26a53\">Discover<br>the region<br>and its activities for your<br>stay in Pamiers<\/h2>\n<\/div>\n<\/div><\/div>\n<\/div>\n\n\n\n<div class=\"wp-block-column is-vertically-aligned-center column-block-gallery is-layout-flow wp-block-column-is-layout-flow\" style=\"padding-right:0;padding-left:0;flex-basis:50%\">\n<div class=\"wp-block-group block-gallery-container animation--init--once slide-down  text-intro-home is-layout-constrained wp-block-group-is-layout-constrained\">\n<p class=\"wp-block-paragraph\"><strong>Pamiers<\/strong>, nestled between bell towers and canals, is at the heart of remarkable discovery trails, where you can <strong>hike, cycle, climb, fish, fly, glide<\/strong>, enjoy <strong>water sports<\/strong> or <strong>horse riding<\/strong>, or visit the rich <strong>heritage of the Ari\u00e8ge region<\/strong>.<\/p>\n\n\n\n<p class=\"wp-block-paragraph\">Thanks to Pamiers&#8217; geographical location, you can <strong>enjoy both the activities and services of a town centre <\/strong>rich in cultural and sporting events and a starting point for <strong>exploring the whole of Ari\u00e8ge and Occitanie.<\/strong><\/p>\n\n\n\n<p class=\"wp-block-paragraph\">Ideally located near the <strong>Pyrenean foothills<\/strong>, between <strong>Toulouse <\/strong>and <strong>Andorra<\/strong>, two hours from <strong>Narbonne beach<\/strong>, The Portes d&#8217;Ari\u00e8ge campsite is the perfect base camp, with a <strong>swimming pool, p\u00e9tanque court and restaurant<\/strong>, where you can relax after a wonderful day of exploring, or simply recharge your batteries in the peace and quiet of a natural environment.<\/p>\n\n\n\n<p class=\"wp-block-paragraph\"><strong>Nature, relaxation, sport, culture, history and traditions<\/strong> will be the main themes of your stay at the Portes d&#8217;Ari\u00e8ge campsite.<\/p>\n\n\n\n<p class=\"wp-block-paragraph\"><br><\/p>\n<\/div>\n\n\n\n<div class=\"wp-block-group block-gallery-negative-margin is-layout-constrained wp-block-group-is-layout-constrained\" style=\"margin-top:0;margin-bottom:0\">\n<div class=\"wp-block-slider block-gallery\" style=\"--wp--custom--block-gap:var:preset|spacing|20 !important;\">\n    <div class=\"block-slider-splide splide\" id=\"block_slide_4346\">\n        <div class=\"splide__track\">\n                <div class=\"acf-innerblocks-container\">\n\n<div class=\"wp-block-group animation--init--once slide-down is-layout-constrained wp-block-group-is-layout-constrained\">        <a href=\"https:\/\/www.camping-portesdariege.com\/les-activites\/canoe\/\"class=\"wp-block-custom-banner has-text-align-left\" target=\"_self\">\n        <div class=\"acf-innerblocks-container\">\n\n<div class=\"wp-block-cover is-light has-custom-content-position is-position-bottom-left\"><img loading=\"lazy\" decoding=\"async\" width=\"845\" height=\"1080\" class=\"wp-block-cover__image-background wp-image-945\" alt=\"\" src=\"https:\/\/camping-portesdariege.com\/wp-content\/uploads\/canoe.jpg\" data-object-fit=\"cover\" srcset=\"https:\/\/www.camping-portesdariege.com\/wp-content\/uploads\/canoe.jpg 845w, https:\/\/www.camping-portesdariege.com\/wp-content\/uploads\/canoe-801x1024.jpg 801w, https:\/\/www.camping-portesdariege.com\/wp-content\/uploads\/canoe-768x982.jpg 768w, https:\/\/www.camping-portesdariege.com\/wp-content\/uploads\/canoe-401x512.jpg 401w, https:\/\/www.camping-portesdariege.com\/wp-content\/uploads\/canoe-200x256.jpg 200w\" sizes=\"auto, (max-width: 845px) 100vw, 845px\" \/><span aria-hidden=\"true\" class=\"wp-block-cover__background has-background-dim-0 has-background-dim\"><\/span><div class=\"wp-block-cover__inner-container is-layout-constrained wp-block-cover-is-layout-constrained\">\n<p class=\"has-text-align-center has-theme-white-color has-text-color has-link-color has-large-font-size wp-elements-de03dc289f9970ca9439b6036018f529 wp-block-paragraph\"><strong>The cano<\/strong>e<\/p>\n<\/div><\/div>\n\n<\/div>\n        <\/a>\n<\/div>\n\n\n\n<div class=\"wp-block-group animation--init--once slide-down is-layout-constrained wp-block-group-is-layout-constrained\">        <a href=\"https:\/\/www.camping-portesdariege.com\/les-activites\/peche\/\"class=\"wp-block-custom-banner has-text-align-left\" target=\"_self\">\n        <div class=\"acf-innerblocks-container\">\n\n<div class=\"wp-block-cover has-custom-content-position is-position-bottom-left\"><img loading=\"lazy\" decoding=\"async\" width=\"1920\" height=\"960\" class=\"wp-block-cover__image-background wp-image-4149\" alt=\"\" src=\"https:\/\/camping-portesdariege.com\/wp-content\/uploads\/peche-en-famille-2.jpg\" data-object-fit=\"cover\" srcset=\"https:\/\/www.camping-portesdariege.com\/wp-content\/uploads\/peche-en-famille-2.jpg 1920w, https:\/\/www.camping-portesdariege.com\/wp-content\/uploads\/peche-en-famille-2-1024x512.jpg 1024w, https:\/\/www.camping-portesdariege.com\/wp-content\/uploads\/peche-en-famille-2-768x384.jpg 768w, https:\/\/www.camping-portesdariege.com\/wp-content\/uploads\/peche-en-famille-2-1536x768.jpg 1536w, https:\/\/www.camping-portesdariege.com\/wp-content\/uploads\/peche-en-famille-2-512x256.jpg 512w, https:\/\/www.camping-portesdariege.com\/wp-content\/uploads\/peche-en-famille-2-256x128.jpg 256w\" sizes=\"auto, (max-width: 1920px) 100vw, 1920px\" \/><span aria-hidden=\"true\" class=\"wp-block-cover__background has-background-dim-0 has-background-dim\"><\/span><div class=\"wp-block-cover__inner-container is-layout-constrained wp-block-cover-is-layout-constrained\">\n<p class=\"has-text-align-left has-theme-white-color has-text-color has-link-color has-large-font-size wp-elements-d0fab83154cdf684250fbfe1cf7d5a12 wp-block-paragraph\"><strong>Fishing<\/strong><\/p>\n<\/div><\/div>\n\n<\/div>\n        <\/a>\n<\/div>\n\n\n\n<div class=\"wp-block-group animation--init--once slide-down is-layout-constrained wp-block-group-is-layout-constrained\">        <a href=\"https:\/\/www.camping-portesdariege.com\/les-activites\/equitation\/\"class=\"wp-block-custom-banner has-text-align-left\" target=\"_self\">\n        <div class=\"acf-innerblocks-container\">\n\n<div class=\"wp-block-cover has-custom-content-position is-position-bottom-left\"><img loading=\"lazy\" decoding=\"async\" width=\"1920\" height=\"1440\" class=\"wp-block-cover__image-background wp-image-4186\" alt=\"\" src=\"https:\/\/camping-portesdariege.com\/wp-content\/uploads\/equitation-2.jpg\" data-object-fit=\"cover\" srcset=\"https:\/\/www.camping-portesdariege.com\/wp-content\/uploads\/equitation-2.jpg 1920w, https:\/\/www.camping-portesdariege.com\/wp-content\/uploads\/equitation-2-1024x768.jpg 1024w, https:\/\/www.camping-portesdariege.com\/wp-content\/uploads\/equitation-2-768x576.jpg 768w, https:\/\/www.camping-portesdariege.com\/wp-content\/uploads\/equitation-2-1536x1152.jpg 1536w, https:\/\/www.camping-portesdariege.com\/wp-content\/uploads\/equitation-2-512x384.jpg 512w, https:\/\/www.camping-portesdariege.com\/wp-content\/uploads\/equitation-2-256x192.jpg 256w\" sizes=\"auto, (max-width: 1920px) 100vw, 1920px\" \/><span aria-hidden=\"true\" class=\"wp-block-cover__background has-background-dim-0 has-background-dim\"><\/span><div class=\"wp-block-cover__inner-container is-layout-constrained wp-block-cover-is-layout-constrained\">\n<p class=\"has-text-align-left has-theme-white-color has-text-color has-link-color has-large-font-size wp-elements-b85c31834180f93ef3c08f6b8e80cd32 wp-block-paragraph\"><strong>Horse riding<\/strong><\/p>\n<\/div><\/div>\n\n<\/div>\n        <\/a>\n<\/div>\n\n\n\n<div class=\"wp-block-group animation--init--once slide-down is-layout-constrained wp-block-group-is-layout-constrained\">        <a href=\"https:\/\/www.camping-portesdariege.com\/la-region\/le-ski-neige-et-raquette\/\"class=\"wp-block-custom-banner has-text-align-left\" target=\"_self\">\n        <div class=\"acf-innerblocks-container\">\n\n<div class=\"wp-block-cover has-custom-content-position is-position-bottom-left\"><img loading=\"lazy\" decoding=\"async\" width=\"1152\" height=\"882\" class=\"wp-block-cover__image-background wp-image-3483\" alt=\"\" src=\"https:\/\/camping-portesdariege.com\/wp-content\/uploads\/nordique-3.jpg\" data-object-fit=\"cover\" srcset=\"https:\/\/www.camping-portesdariege.com\/wp-content\/uploads\/nordique-3.jpg 1152w, https:\/\/www.camping-portesdariege.com\/wp-content\/uploads\/nordique-3-1024x784.jpg 1024w, https:\/\/www.camping-portesdariege.com\/wp-content\/uploads\/nordique-3-768x588.jpg 768w, https:\/\/www.camping-portesdariege.com\/wp-content\/uploads\/nordique-3-512x392.jpg 512w, https:\/\/www.camping-portesdariege.com\/wp-content\/uploads\/nordique-3-256x196.jpg 256w\" sizes=\"auto, (max-width: 1152px) 100vw, 1152px\" \/><span aria-hidden=\"true\" class=\"wp-block-cover__background has-background-dim-0 has-background-dim\"><\/span><div class=\"wp-block-cover__inner-container is-layout-constrained wp-block-cover-is-layout-constrained\">\n<p class=\"has-text-align-center has-text-color has-link-color has-large-font-size wp-elements-2638f2b0f16d7bc3875197a11550cc10 wp-block-paragraph\" style=\"color:#ffffff\"><strong>Skiing<\/strong><\/p>\n<\/div><\/div>\n\n<\/div>\n        <\/a>\n<\/div>\n\n\n\n<div class=\"wp-block-group animation--init--once slide-down is-layout-constrained wp-block-group-is-layout-constrained\">        <a href=\"https:\/\/www.camping-portesdariege.com\/les-activites\/vtt\/\"class=\"wp-block-custom-banner has-text-align-left\" target=\"_self\">\n        <div class=\"acf-innerblocks-container\">\n\n<div class=\"wp-block-cover has-custom-content-position is-position-bottom-left\"><img loading=\"lazy\" decoding=\"async\" width=\"1920\" height=\"1440\" class=\"wp-block-cover__image-background wp-image-3878\" alt=\"\" src=\"https:\/\/camping-portesdariege.com\/wp-content\/uploads\/vtt-2.jpg\" data-object-fit=\"cover\" srcset=\"https:\/\/www.camping-portesdariege.com\/wp-content\/uploads\/vtt-2.jpg 1920w, https:\/\/www.camping-portesdariege.com\/wp-content\/uploads\/vtt-2-1024x768.jpg 1024w, https:\/\/www.camping-portesdariege.com\/wp-content\/uploads\/vtt-2-768x576.jpg 768w, https:\/\/www.camping-portesdariege.com\/wp-content\/uploads\/vtt-2-1536x1152.jpg 1536w, https:\/\/www.camping-portesdariege.com\/wp-content\/uploads\/vtt-2-512x384.jpg 512w, https:\/\/www.camping-portesdariege.com\/wp-content\/uploads\/vtt-2-256x192.jpg 256w\" sizes=\"auto, (max-width: 1920px) 100vw, 1920px\" \/><span aria-hidden=\"true\" class=\"wp-block-cover__background has-background-dim-0 has-background-dim\"><\/span><div class=\"wp-block-cover__inner-container is-layout-constrained wp-block-cover-is-layout-constrained\">\n<p class=\"has-text-align-center has-theme-white-color has-text-color has-link-color has-large-font-size wp-elements-ffc0ab2c937463039fcb7edd69128830 wp-block-paragraph\"><strong>VTT<\/strong><\/p>\n<\/div><\/div>\n\n<\/div>\n        <\/a>\n<\/div>\n\n\n\n<div class=\"wp-block-group animation--init--once slide-down is-layout-constrained wp-block-group-is-layout-constrained\">        <a href=\"https:\/\/www.camping-portesdariege.com\/les-activites\/sports\/\"class=\"wp-block-custom-banner has-text-align-left\" target=\"_self\">\n        <div class=\"acf-innerblocks-container\">\n\n<div class=\"wp-block-cover has-custom-content-position is-position-bottom-left\"><img loading=\"lazy\" decoding=\"async\" width=\"1920\" height=\"1440\" class=\"wp-block-cover__image-background wp-image-4188\" alt=\"\" src=\"https:\/\/camping-portesdariege.com\/wp-content\/uploads\/parapente-2.jpg\" data-object-fit=\"cover\" srcset=\"https:\/\/www.camping-portesdariege.com\/wp-content\/uploads\/parapente-2.jpg 1920w, https:\/\/www.camping-portesdariege.com\/wp-content\/uploads\/parapente-2-1024x768.jpg 1024w, https:\/\/www.camping-portesdariege.com\/wp-content\/uploads\/parapente-2-768x576.jpg 768w, https:\/\/www.camping-portesdariege.com\/wp-content\/uploads\/parapente-2-1536x1152.jpg 1536w, https:\/\/www.camping-portesdariege.com\/wp-content\/uploads\/parapente-2-512x384.jpg 512w, https:\/\/www.camping-portesdariege.com\/wp-content\/uploads\/parapente-2-256x192.jpg 256w\" sizes=\"auto, (max-width: 1920px) 100vw, 1920px\" \/><span aria-hidden=\"true\" class=\"wp-block-cover__background has-background-dim-0 has-background-dim\"><\/span><div class=\"wp-block-cover__inner-container is-layout-constrained wp-block-cover-is-layout-constrained\">\n<p class=\"has-text-align-center has-theme-white-color has-text-color has-link-color has-large-font-size wp-elements-1869d3b0816c56f3dca1e770d35e71f2 wp-block-paragraph\"><strong>Sports<\/strong><\/p>\n<\/div><\/div>\n\n<\/div>\n        <\/a>\n<\/div>\n\n\n\n<div class=\"wp-block-group animation--init--once slide-down is-layout-constrained wp-block-group-is-layout-constrained\">        <a href=\"https:\/\/www.camping-portesdariege.com\/les-activites\/chemin-de-st-jaques-de-compostelle\/\"class=\"wp-block-custom-banner has-text-align-left\" target=\"_self\">\n        <div class=\"acf-innerblocks-container\">\n\n<div class=\"wp-block-cover is-light has-custom-content-position is-position-bottom-left\"><img loading=\"lazy\" decoding=\"async\" width=\"600\" height=\"429\" class=\"wp-block-cover__image-background wp-image-3235\" alt=\"\" src=\"https:\/\/camping-portesdariege.com\/wp-content\/uploads\/balade-sportive-et-bucolique.jpg\" data-object-fit=\"cover\" srcset=\"https:\/\/www.camping-portesdariege.com\/wp-content\/uploads\/balade-sportive-et-bucolique.jpg 600w, https:\/\/www.camping-portesdariege.com\/wp-content\/uploads\/balade-sportive-et-bucolique-512x366.jpg 512w, https:\/\/www.camping-portesdariege.com\/wp-content\/uploads\/balade-sportive-et-bucolique-256x183.jpg 256w\" sizes=\"auto, (max-width: 600px) 100vw, 600px\" \/><span aria-hidden=\"true\" class=\"wp-block-cover__background has-background-dim-0 has-background-dim\"><\/span><div class=\"wp-block-cover__inner-container is-layout-constrained wp-block-cover-is-layout-constrained\">\n<p class=\"has-text-align-left has-theme-white-color has-text-color has-link-color has-large-font-size wp-elements-b7001eb6d946374a071c7c0350b220b5 wp-block-paragraph\"><strong>Chemin de<br>Saint Jacques de Compostelle<\/strong><\/p>\n<\/div><\/div>\n\n<\/div>\n        <\/a>\n<\/div>\n\n\n\n<div class=\"wp-block-group animation--init--once slide-down is-layout-constrained wp-block-group-is-layout-constrained\">        <a href=\"https:\/\/www.camping-portesdariege.com\/la-region\/les-lacs\/\"class=\"wp-block-custom-banner has-text-align-left\" target=\"_self\">\n        <div class=\"acf-innerblocks-container\">\n\n<div class=\"wp-block-cover is-light has-custom-content-position is-position-bottom-left\"><img loading=\"lazy\" decoding=\"async\" width=\"1011\" height=\"675\" class=\"wp-block-cover__image-background wp-image-2292\" alt=\"\" src=\"https:\/\/camping-portesdariege.com\/wp-content\/uploads\/lac-de-montbel.jpg\" data-object-fit=\"cover\" srcset=\"https:\/\/www.camping-portesdariege.com\/wp-content\/uploads\/lac-de-montbel.jpg 1011w, https:\/\/www.camping-portesdariege.com\/wp-content\/uploads\/lac-de-montbel-768x513.jpg 768w, https:\/\/www.camping-portesdariege.com\/wp-content\/uploads\/lac-de-montbel-512x342.jpg 512w, https:\/\/www.camping-portesdariege.com\/wp-content\/uploads\/lac-de-montbel-256x171.jpg 256w\" sizes=\"auto, (max-width: 1011px) 100vw, 1011px\" \/><span aria-hidden=\"true\" class=\"wp-block-cover__background has-background-dim-0 has-background-dim\"><\/span><div class=\"wp-block-cover__inner-container is-layout-constrained wp-block-cover-is-layout-constrained\">\n<p class=\"has-text-align-center has-theme-white-color has-text-color has-link-color has-large-font-size wp-elements-e865844986b85b22a610d993116abab1 wp-block-paragraph\"><strong>The Lakes<\/strong><\/p>\n<\/div><\/div>\n\n<\/div>\n        <\/a>\n<\/div>\n\n\n\n<div class=\"wp-block-group animation--init--once slide-down is-layout-constrained wp-block-group-is-layout-constrained\">        <a href=\"https:\/\/www.camping-portesdariege.com\/la-region\/les-chateaux\/\"class=\"wp-block-custom-banner has-text-align-left\" target=\"_self\">\n        <div class=\"acf-innerblocks-container\">\n\n<div class=\"wp-block-cover is-light has-custom-content-position is-position-bottom-left\"><img loading=\"lazy\" decoding=\"async\" width=\"1920\" height=\"1081\" class=\"wp-block-cover__image-background wp-image-2307\" alt=\"\" src=\"https:\/\/camping-portesdariege.com\/wp-content\/uploads\/chateau-de-montsegur.jpg\" data-object-fit=\"cover\" srcset=\"https:\/\/www.camping-portesdariege.com\/wp-content\/uploads\/chateau-de-montsegur.jpg 1920w, https:\/\/www.camping-portesdariege.com\/wp-content\/uploads\/chateau-de-montsegur-1024x577.jpg 1024w, https:\/\/www.camping-portesdariege.com\/wp-content\/uploads\/chateau-de-montsegur-768x432.jpg 768w, https:\/\/www.camping-portesdariege.com\/wp-content\/uploads\/chateau-de-montsegur-1536x865.jpg 1536w, https:\/\/www.camping-portesdariege.com\/wp-content\/uploads\/chateau-de-montsegur-512x288.jpg 512w, https:\/\/www.camping-portesdariege.com\/wp-content\/uploads\/chateau-de-montsegur-256x144.jpg 256w\" sizes=\"auto, (max-width: 1920px) 100vw, 1920px\" \/><span aria-hidden=\"true\" class=\"wp-block-cover__background has-background-dim-0 has-background-dim\"><\/span><div class=\"wp-block-cover__inner-container is-layout-constrained wp-block-cover-is-layout-constrained\">\n<p class=\"has-text-align-center has-theme-white-color has-text-color has-link-color has-large-font-size wp-elements-2f55183d097d398c524a2f80a192c739 wp-block-paragraph\"><strong>The Castles<\/strong><\/p>\n<\/div><\/div>\n\n<\/div>\n        <\/a>\n<\/div>\n\n\n\n<div class=\"wp-block-group animation--init--once slide-down is-layout-constrained wp-block-group-is-layout-constrained\">        <a href=\"https:\/\/www.camping-portesdariege.com\/la-region\/les-grottes\/\"class=\"wp-block-custom-banner has-text-align-left\" target=\"_self\">\n        <div class=\"acf-innerblocks-container\">\n\n<div class=\"wp-block-cover has-custom-content-position is-position-bottom-left\"><img loading=\"lazy\" decoding=\"async\" width=\"1920\" height=\"1282\" class=\"wp-block-cover__image-background wp-image-3584\" alt=\"\" src=\"https:\/\/camping-portesdariege.com\/wp-content\/uploads\/grotte-mas-dazil-2.jpg\" data-object-fit=\"cover\" srcset=\"https:\/\/www.camping-portesdariege.com\/wp-content\/uploads\/grotte-mas-dazil-2.jpg 1920w, https:\/\/www.camping-portesdariege.com\/wp-content\/uploads\/grotte-mas-dazil-2-1024x684.jpg 1024w, https:\/\/www.camping-portesdariege.com\/wp-content\/uploads\/grotte-mas-dazil-2-768x513.jpg 768w, https:\/\/www.camping-portesdariege.com\/wp-content\/uploads\/grotte-mas-dazil-2-1536x1026.jpg 1536w, https:\/\/www.camping-portesdariege.com\/wp-content\/uploads\/grotte-mas-dazil-2-512x342.jpg 512w, https:\/\/www.camping-portesdariege.com\/wp-content\/uploads\/grotte-mas-dazil-2-256x171.jpg 256w\" sizes=\"auto, (max-width: 1920px) 100vw, 1920px\" \/><span aria-hidden=\"true\" class=\"wp-block-cover__background has-background-dim-0 has-background-dim\"><\/span><div class=\"wp-block-cover__inner-container is-layout-constrained wp-block-cover-is-layout-constrained\">\n<p class=\"has-text-align-center has-theme-white-color has-text-color has-link-color has-large-font-size wp-elements-f4d7a16f37f26b51ae6e51e7312a0e34 wp-block-paragraph\"><strong>The Caves<\/strong><\/p>\n<\/div><\/div>\n\n<\/div>\n        <\/a>\n<\/div>\n\n\n\n<div class=\"wp-block-group animation--init--once slide-down is-layout-constrained wp-block-group-is-layout-constrained\">        <a href=\"https:\/\/www.camping-portesdariege.com\/la-region\/musees\/\"class=\"wp-block-custom-banner has-text-align-left\" target=\"_self\">\n        <div class=\"acf-innerblocks-container\">\n\n<div class=\"wp-block-cover has-custom-content-position is-position-bottom-left\"><img loading=\"lazy\" decoding=\"async\" width=\"1920\" height=\"1282\" class=\"wp-block-cover__image-background wp-image-2446\" alt=\"\" src=\"https:\/\/camping-portesdariege.com\/wp-content\/uploads\/pyrene-le-maitre-verrier.jpg\" data-object-fit=\"cover\" srcset=\"https:\/\/www.camping-portesdariege.com\/wp-content\/uploads\/pyrene-le-maitre-verrier.jpg 1920w, https:\/\/www.camping-portesdariege.com\/wp-content\/uploads\/pyrene-le-maitre-verrier-1024x684.jpg 1024w, https:\/\/www.camping-portesdariege.com\/wp-content\/uploads\/pyrene-le-maitre-verrier-768x513.jpg 768w, https:\/\/www.camping-portesdariege.com\/wp-content\/uploads\/pyrene-le-maitre-verrier-1536x1026.jpg 1536w, https:\/\/www.camping-portesdariege.com\/wp-content\/uploads\/pyrene-le-maitre-verrier-512x342.jpg 512w, https:\/\/www.camping-portesdariege.com\/wp-content\/uploads\/pyrene-le-maitre-verrier-256x171.jpg 256w\" sizes=\"auto, (max-width: 1920px) 100vw, 1920px\" \/><span aria-hidden=\"true\" class=\"wp-block-cover__background has-background-dim-0 has-background-dim\"><\/span><div class=\"wp-block-cover__inner-container is-layout-constrained wp-block-cover-is-layout-constrained\">\n<p class=\"has-text-align-center has-theme-white-color has-text-color has-link-color has-large-font-size wp-elements-4cb3e7416b5ee7b1debd75ca44879335 wp-block-paragraph\"><strong>The Museums<\/strong><\/p>\n<\/div><\/div>\n\n<\/div>\n        <\/a>\n<\/div>\n\n\n\n<div class=\"wp-block-group animation--init--once slide-down is-layout-constrained wp-block-group-is-layout-constrained\">        <a href=\"https:\/\/www.camping-portesdariege.com\/la-region\/gastronomie\/\"class=\"wp-block-custom-banner has-text-align-left\" target=\"_self\">\n        <div class=\"acf-innerblocks-container\">\n\n<div class=\"wp-block-cover has-custom-content-position is-position-bottom-left\"><img loading=\"lazy\" decoding=\"async\" width=\"1613\" height=\"988\" class=\"wp-block-cover__image-background wp-image-3604\" alt=\"\" src=\"https:\/\/camping-portesdariege.com\/wp-content\/uploads\/gastronomie1.jpg\" data-object-fit=\"cover\" srcset=\"https:\/\/www.camping-portesdariege.com\/wp-content\/uploads\/gastronomie1.jpg 1613w, https:\/\/www.camping-portesdariege.com\/wp-content\/uploads\/gastronomie1-1024x627.jpg 1024w, https:\/\/www.camping-portesdariege.com\/wp-content\/uploads\/gastronomie1-768x470.jpg 768w, https:\/\/www.camping-portesdariege.com\/wp-content\/uploads\/gastronomie1-1536x941.jpg 1536w, https:\/\/www.camping-portesdariege.com\/wp-content\/uploads\/gastronomie1-512x314.jpg 512w, https:\/\/www.camping-portesdariege.com\/wp-content\/uploads\/gastronomie1-256x157.jpg 256w\" sizes=\"auto, (max-width: 1613px) 100vw, 1613px\" \/><span aria-hidden=\"true\" class=\"wp-block-cover__background has-background-dim-0 has-background-dim\"><\/span><div class=\"wp-block-cover__inner-container is-layout-constrained wp-block-cover-is-layout-constrained\">\n<p class=\"has-text-align-center has-theme-white-color has-text-color has-link-color has-large-font-size wp-elements-ebc3f5c57483b2b3d77e9ebda1994e1a wp-block-paragraph\"><strong>Gastronomy<\/strong><\/p>\n<\/div><\/div>\n\n<\/div>\n        <\/a>\n<\/div>\n\n\n\n<div class=\"wp-block-group animation--init--once slide-down is-layout-constrained wp-block-group-is-layout-constrained\">        <a href=\"https:\/\/www.camping-portesdariege.com\/la-region\/pamiers\/\"class=\"wp-block-custom-banner has-text-align-left\" target=\"_self\">\n        <div class=\"acf-innerblocks-container\">\n\n<div class=\"wp-block-cover is-light has-custom-content-position is-position-bottom-left\"><img loading=\"lazy\" decoding=\"async\" width=\"1600\" height=\"778\" class=\"wp-block-cover__image-background wp-image-3677\" alt=\"\" src=\"https:\/\/camping-portesdariege.com\/wp-content\/uploads\/pamiers-3-clochers-2.jpg\" data-object-fit=\"cover\" srcset=\"https:\/\/www.camping-portesdariege.com\/wp-content\/uploads\/pamiers-3-clochers-2.jpg 1600w, https:\/\/www.camping-portesdariege.com\/wp-content\/uploads\/pamiers-3-clochers-2-1024x498.jpg 1024w, https:\/\/www.camping-portesdariege.com\/wp-content\/uploads\/pamiers-3-clochers-2-768x373.jpg 768w, https:\/\/www.camping-portesdariege.com\/wp-content\/uploads\/pamiers-3-clochers-2-1536x747.jpg 1536w, https:\/\/www.camping-portesdariege.com\/wp-content\/uploads\/pamiers-3-clochers-2-512x249.jpg 512w, https:\/\/www.camping-portesdariege.com\/wp-content\/uploads\/pamiers-3-clochers-2-256x124.jpg 256w\" sizes=\"auto, (max-width: 1600px) 100vw, 1600px\" \/><span aria-hidden=\"true\" class=\"wp-block-cover__background has-background-dim-0 has-background-dim\"><\/span><div class=\"wp-block-cover__inner-container is-layout-constrained wp-block-cover-is-layout-constrained\">\n<p class=\"has-text-align-center has-theme-white-color has-text-color has-link-color has-large-font-size wp-elements-6b94439f11f6e529d1e9398a22dcdb51 wp-block-paragraph\"><strong>Pamiers<\/strong><\/p>\n<\/div><\/div>\n\n<\/div>\n        <\/a>\n<\/div>\n\n\n\n<div class=\"wp-block-group animation--init--once slide-down is-layout-constrained wp-block-group-is-layout-constrained\">        <a href=\"https:\/\/www.camping-portesdariege.com\/la-region\/les-parcs-et-fermes\/\"class=\"wp-block-custom-banner has-text-align-left\" target=\"_self\">\n        <div class=\"acf-innerblocks-container\">\n\n<div class=\"wp-block-cover has-custom-content-position is-position-bottom-left\"><img loading=\"lazy\" decoding=\"async\" width=\"1800\" height=\"1200\" class=\"wp-block-cover__image-background wp-image-4041\" alt=\"\" src=\"https:\/\/camping-portesdariege.com\/wp-content\/uploads\/xploria-2.jpg\" data-object-fit=\"cover\" srcset=\"https:\/\/www.camping-portesdariege.com\/wp-content\/uploads\/xploria-2.jpg 1800w, https:\/\/www.camping-portesdariege.com\/wp-content\/uploads\/xploria-2-1024x683.jpg 1024w, https:\/\/www.camping-portesdariege.com\/wp-content\/uploads\/xploria-2-768x512.jpg 768w, https:\/\/www.camping-portesdariege.com\/wp-content\/uploads\/xploria-2-1536x1024.jpg 1536w, https:\/\/www.camping-portesdariege.com\/wp-content\/uploads\/xploria-2-512x341.jpg 512w, https:\/\/www.camping-portesdariege.com\/wp-content\/uploads\/xploria-2-256x171.jpg 256w\" sizes=\"auto, (max-width: 1800px) 100vw, 1800px\" \/><span aria-hidden=\"true\" class=\"wp-block-cover__background has-background-dim-0 has-background-dim\"><\/span><div class=\"wp-block-cover__inner-container is-layout-constrained wp-block-cover-is-layout-constrained\">\n<p class=\"has-text-align-center has-theme-white-color has-text-color has-link-color has-large-font-size wp-elements-0d9438474c5f4feff3b821b841c9b65f wp-block-paragraph\"><strong>Parcs and farms<\/strong><\/p>\n<\/div><\/div>\n\n<\/div>\n        <\/a>\n<\/div>\n\n<\/div>        <\/div>\n    <\/div>\n<\/div>\n    <script>\n        'use strict';\n\n        document.addEventListener('DOMContentLoaded', function () {\n\n            (function() {\n                const blockSlide = new Splide( '#block_slide_4346', {\n                    type : 'loop',\n                    perPage: 4,\n                    updateOnMove: true,\n                    perMove: 1,\n                                        \n                    breakpoints: {\n                        800: {\n                            perPage: 4,\n                                                    },\n                        450: {\n                            perPage: 2,\n                            \n                        },\n                    },\n                    pagination: false,\n                    arrows: true,\n                    gap: 'var:preset|spacing|20',\n                    i18n: {\n                        slideLabel: '%s\/%s',\n                    }\n                } );\n                \n                blockSlide.mount();\n                                            })();\n        })\n    <\/script>\n<\/div>\n\n\n\n<div class=\"wp-block-group buttons-bottom-block-gallery is-layout-constrained wp-block-group-is-layout-constrained\">\n<div class=\"wp-block-group is-content-justification-center is-nowrap is-layout-flex wp-container-core-group-is-layout-bb7849a4 wp-block-group-is-layout-flex\">\n<p class=\"underline-text has-theme-primary-green-color has-text-color has-link-color wp-elements-ce30b6a67031ce9ba3a35c8c88d0eeb3 wp-block-paragraph\"><a href=\"https:\/\/www.camping-portesdariege.com\/en\/les-emplacements\/\">See the pitches<\/a><\/p>\n\n\n\n<p class=\"underline-text has-theme-primary-green-color has-text-color has-link-color wp-elements-ae56893f144469cac84444110975761f wp-block-paragraph\"><a href=\"https:\/\/www.camping-portesdariege.com\/en\/les-hebergements\/\">See the accomodations<\/a><\/p>\n<\/div>\n<\/div>\n<\/div>\n<\/div>\n\n\n\n<div class=\"wp-block-columns alignfull are-vertically-aligned-center columns-block-gallery oh is-layout-flex wp-container-core-columns-is-layout-f7d55a60 wp-block-columns-is-layout-flex\" style=\"margin-top:0;margin-bottom:0\">\n<div class=\"wp-block-column is-vertically-aligned-center is-layout-flow wp-container-core-column-is-layout-8f0ba8b5 wp-block-column-is-layout-flow\" style=\"padding-right:0;padding-left:0;flex-basis:50%\">\n<div class=\"wp-block-cover is-light has-custom-content-position is-position-top-left banniere-block-gallery\" style=\"margin-top:0;margin-bottom:0;min-height:100vh;aspect-ratio:unset;\"><img loading=\"lazy\" decoding=\"async\" width=\"1962\" height=\"2560\" class=\"wp-block-cover__image-background wp-image-4797\" alt=\"\" src=\"https:\/\/www.camping-portesdariege.com\/wp-content\/uploads\/20231114-161046-copie-scaled.jpg\" data-object-fit=\"cover\" srcset=\"https:\/\/www.camping-portesdariege.com\/wp-content\/uploads\/20231114-161046-copie-scaled.jpg 1962w, https:\/\/www.camping-portesdariege.com\/wp-content\/uploads\/20231114-161046-copie-785x1024.jpg 785w, https:\/\/www.camping-portesdariege.com\/wp-content\/uploads\/20231114-161046-copie-1570x2048.jpg 1570w, https:\/\/www.camping-portesdariege.com\/wp-content\/uploads\/20231114-161046-copie-768x1002.jpg 768w, https:\/\/www.camping-portesdariege.com\/wp-content\/uploads\/20231114-161046-copie-1177x1536.jpg 1177w, https:\/\/www.camping-portesdariege.com\/wp-content\/uploads\/20231114-161046-copie-392x512.jpg 392w, https:\/\/www.camping-portesdariege.com\/wp-content\/uploads\/20231114-161046-copie-196x256.jpg 196w\" sizes=\"auto, (max-width: 1962px) 100vw, 1962px\" \/><span aria-hidden=\"true\" class=\"wp-block-cover__background has-background-dim-0 has-background-dim\" style=\"background-color:#839294\"><\/span><div class=\"wp-block-cover__inner-container is-layout-constrained wp-block-cover-is-layout-constrained\">\n<div class=\"wp-block-group titre-home animation--init--once slide-right is-layout-constrained wp-container-core-group-is-layout-aa0c5649 wp-block-group-is-layout-constrained\" style=\"padding-top:var(--wp--preset--spacing--80);padding-bottom:var(--wp--preset--spacing--60);padding-left:var(--wp--preset--spacing--80)\">\n<h2 class=\"wp-block-heading has-theme-white-color has-text-color has-link-color wp-elements-639d8f5079febc8f21092c90fcd02907\">Book your accommodation or campsite&#8217;s pitch in Ariege<\/h2>\n<\/div>\n<\/div><\/div>\n<\/div>\n\n\n\n<div class=\"wp-block-column is-vertically-aligned-center column-block-gallery is-layout-flow wp-block-column-is-layout-flow\" style=\"padding-right:0;padding-left:0;flex-basis:50%\">\n<div class=\"wp-block-group block-gallery-container animation--init--once slide-down  text-intro-home is-layout-constrained wp-block-group-is-layout-constrained\">\n<p class=\"wp-block-paragraph\">Choose our <strong>Cyrus canvas bungalows <\/strong>for a \u2018tent\u2019 atmosphere without the hassle of pitching it! After a long journey, that&#8217;s very welcome, isn&#8217;t it?<\/p>\n\n\n\n<p class=\"wp-block-paragraph\">Our <strong>2 or 3-bedroom chalets<\/strong> will welcome you with open arms. These small cottages offer comfort and air conditioning.<\/p>\n\n\n\n<p class=\"wp-block-paragraph\">Unless you prefer our modern and cosy <strong>Bora Bora or Oasis mobile homes<\/strong>. Here too, air conditioning will be welcome in summer!<\/p>\n\n\n\n<p class=\"wp-block-paragraph\">Perhaps you are looking for hotel service in a natural setting? In that case, our<strong> Studiotels<\/strong> and <strong>Duotels <\/strong>are perfect for you!<\/p>\n\n\n\n<p class=\"wp-block-paragraph\">One thing they all have in common: they allow you to enjoy this beautiful park in the heart of nature<\/p>\n<\/div>\n\n\n\n<div class=\"wp-block-group block-gallery-negative-margin is-layout-constrained wp-block-group-is-layout-constrained\" style=\"margin-top:var(--wp--preset--spacing--80)\">\n<div class=\"wp-block-slider block-gallery\" style=\"--wp--custom--block-gap:var:preset|spacing|20 !important;\">\n    <div class=\"block-slider-splide splide\" id=\"block_slide_2981\">\n        <div class=\"splide__track\">\n                <div class=\"acf-innerblocks-container\">\n\n<div class=\"wp-block-group animation--init--once slide-down is-layout-constrained wp-block-group-is-layout-constrained\">        <a href=\"https:\/\/www.camping-portesdariege.com\/les-hebergements\/chalet-5-personnes\/\"class=\"wp-block-custom-banner has-text-align-left\" target=\"_self\">\n        <div class=\"acf-innerblocks-container\">\n\n<div class=\"wp-block-cover has-custom-content-position is-position-bottom-left\" style=\"min-height:433px;aspect-ratio:unset;\"><img loading=\"lazy\" decoding=\"async\" width=\"2560\" height=\"2517\" class=\"wp-block-cover__image-background wp-image-5112 size-full\" alt=\"\" src=\"https:\/\/www.camping-portesdariege.com\/wp-content\/uploads\/exterieur-1-scaled.jpg\" data-object-fit=\"cover\" srcset=\"https:\/\/www.camping-portesdariege.com\/wp-content\/uploads\/exterieur-1-scaled.jpg 2560w, https:\/\/www.camping-portesdariege.com\/wp-content\/uploads\/exterieur-1-1024x1007.jpg 1024w, https:\/\/www.camping-portesdariege.com\/wp-content\/uploads\/exterieur-1-2048x2013.jpg 2048w, https:\/\/www.camping-portesdariege.com\/wp-content\/uploads\/exterieur-1-768x755.jpg 768w, https:\/\/www.camping-portesdariege.com\/wp-content\/uploads\/exterieur-1-1536x1510.jpg 1536w, https:\/\/www.camping-portesdariege.com\/wp-content\/uploads\/exterieur-1-512x503.jpg 512w, https:\/\/www.camping-portesdariege.com\/wp-content\/uploads\/exterieur-1-256x252.jpg 256w\" sizes=\"auto, (max-width: 2560px) 100vw, 2560px\" \/><span aria-hidden=\"true\" class=\"wp-block-cover__background has-background-dim-0 has-background-dim\" style=\"background-color:#72776d\"><\/span><div class=\"wp-block-cover__inner-container is-layout-constrained wp-block-cover-is-layout-constrained\">\n<p class=\"has-text-align-left has-theme-white-color has-text-color has-link-color has-large-font-size wp-elements-0aee5885a331804bfe4ca1f32e416df4 wp-block-paragraph\">Chalet<br>5 people<\/p>\n<\/div><\/div>\n\n<\/div>\n        <\/a>\n<\/div>\n\n\n\n<div class=\"wp-block-group animation--init--once slide-down is-layout-constrained wp-block-group-is-layout-constrained\">        <a href=\"https:\/\/www.camping-portesdariege.com\/les-hebergements\/chalet-6-personnes\/\"class=\"wp-block-custom-banner has-text-align-left\" target=\"_self\">\n        <div class=\"acf-innerblocks-container\">\n\n<div class=\"wp-block-cover is-light has-custom-content-position is-position-bottom-left\"><img loading=\"lazy\" decoding=\"async\" width=\"1920\" height=\"1080\" class=\"wp-block-cover__image-background wp-image-3985\" alt=\"\" src=\"https:\/\/camping-portesdariege.com\/wp-content\/uploads\/sin-titulo-1-1.jpg\" data-object-fit=\"cover\" srcset=\"https:\/\/www.camping-portesdariege.com\/wp-content\/uploads\/sin-titulo-1-1.jpg 1920w, https:\/\/www.camping-portesdariege.com\/wp-content\/uploads\/sin-titulo-1-1-1024x576.jpg 1024w, https:\/\/www.camping-portesdariege.com\/wp-content\/uploads\/sin-titulo-1-1-768x432.jpg 768w, https:\/\/www.camping-portesdariege.com\/wp-content\/uploads\/sin-titulo-1-1-1536x864.jpg 1536w, https:\/\/www.camping-portesdariege.com\/wp-content\/uploads\/sin-titulo-1-1-512x288.jpg 512w, https:\/\/www.camping-portesdariege.com\/wp-content\/uploads\/sin-titulo-1-1-256x144.jpg 256w\" sizes=\"auto, (max-width: 1920px) 100vw, 1920px\" \/><span aria-hidden=\"true\" class=\"wp-block-cover__background has-background-dim-0 has-background-dim\"><\/span><div class=\"wp-block-cover__inner-container is-layout-constrained wp-block-cover-is-layout-constrained\">\n<p class=\"has-text-align-left has-theme-white-color has-text-color has-link-color has-large-font-size wp-elements-4be95e111139fb0c4a5f4d991ba570c9 wp-block-paragraph\">Chalet<br>6 people<\/p>\n<\/div><\/div>\n\n<\/div>\n        <\/a>\n<\/div>\n\n\n\n<div class=\"wp-block-group animation--init--once slide-down is-layout-constrained wp-block-group-is-layout-constrained\">        <a href=\"https:\/\/www.camping-portesdariege.com\/les-hebergements\/bengalow-toile-cyrus-4-personnes\/\"class=\"wp-block-custom-banner has-text-align-left\" target=\"_self\">\n        <div class=\"acf-innerblocks-container\">\n\n<div class=\"wp-block-cover has-custom-content-position is-position-bottom-left\"><img loading=\"lazy\" decoding=\"async\" width=\"2560\" height=\"1920\" class=\"wp-block-cover__image-background wp-image-4604\" alt=\"\" src=\"https:\/\/www.camping-portesdariege.com\/wp-content\/uploads\/20240508-193150-scaled.jpg\" data-object-fit=\"cover\" srcset=\"https:\/\/www.camping-portesdariege.com\/wp-content\/uploads\/20240508-193150-scaled.jpg 2560w, https:\/\/www.camping-portesdariege.com\/wp-content\/uploads\/20240508-193150-1024x768.jpg 1024w, https:\/\/www.camping-portesdariege.com\/wp-content\/uploads\/20240508-193150-2048x1536.jpg 2048w, https:\/\/www.camping-portesdariege.com\/wp-content\/uploads\/20240508-193150-768x576.jpg 768w, https:\/\/www.camping-portesdariege.com\/wp-content\/uploads\/20240508-193150-1536x1152.jpg 1536w, https:\/\/www.camping-portesdariege.com\/wp-content\/uploads\/20240508-193150-512x384.jpg 512w, https:\/\/www.camping-portesdariege.com\/wp-content\/uploads\/20240508-193150-256x192.jpg 256w\" sizes=\"auto, (max-width: 2560px) 100vw, 2560px\" \/><span aria-hidden=\"true\" class=\"wp-block-cover__background has-background-dim-0 has-background-dim\" style=\"background-color:#787f69\"><\/span><div class=\"wp-block-cover__inner-container is-layout-constrained wp-block-cover-is-layout-constrained\">\n<p class=\"has-text-align-left has-theme-white-color has-text-color has-link-color has-large-font-size wp-elements-0965e1efb68d9a5b923f911b8c6fb79e wp-block-paragraph\">Bungalow<br>4 people<\/p>\n<\/div><\/div>\n\n<\/div>\n        <\/a>\n<\/div>\n\n\n\n<div class=\"wp-block-group animation--init--once slide-down is-layout-constrained wp-block-group-is-layout-constrained\">        <a href=\"https:\/\/www.camping-portesdariege.com\/les-hebergements\/mobil-home-bora-bora\/\"class=\"wp-block-custom-banner has-text-align-left\" target=\"_self\">\n        <div class=\"acf-innerblocks-container\">\n\n<div class=\"wp-block-cover has-custom-content-position is-position-bottom-left\"><img loading=\"lazy\" decoding=\"async\" width=\"2560\" height=\"1920\" class=\"wp-block-cover__image-background wp-image-4606\" alt=\"\" src=\"https:\/\/www.camping-portesdariege.com\/wp-content\/uploads\/20240420-183215-scaled.jpg\" data-object-fit=\"cover\" srcset=\"https:\/\/www.camping-portesdariege.com\/wp-content\/uploads\/20240420-183215-scaled.jpg 2560w, https:\/\/www.camping-portesdariege.com\/wp-content\/uploads\/20240420-183215-1024x768.jpg 1024w, https:\/\/www.camping-portesdariege.com\/wp-content\/uploads\/20240420-183215-2048x1536.jpg 2048w, https:\/\/www.camping-portesdariege.com\/wp-content\/uploads\/20240420-183215-768x576.jpg 768w, https:\/\/www.camping-portesdariege.com\/wp-content\/uploads\/20240420-183215-1536x1152.jpg 1536w, https:\/\/www.camping-portesdariege.com\/wp-content\/uploads\/20240420-183215-512x384.jpg 512w, https:\/\/www.camping-portesdariege.com\/wp-content\/uploads\/20240420-183215-256x192.jpg 256w\" sizes=\"auto, (max-width: 2560px) 100vw, 2560px\" \/><span aria-hidden=\"true\" class=\"wp-block-cover__background has-background-dim-0 has-background-dim\" style=\"background-color:#64848a\"><\/span><div class=\"wp-block-cover__inner-container is-layout-constrained wp-block-cover-is-layout-constrained\">\n<p class=\"has-text-align-left has-theme-white-color has-text-color has-link-color has-large-font-size wp-elements-40ff160771b913ff8b9579113b3c4320 wp-block-paragraph\">Mobil Home <br>Bora Bora<\/p>\n<\/div><\/div>\n\n<\/div>\n        <\/a>\n<\/div>\n\n\n\n<div class=\"wp-block-group animation--init--once slide-down is-layout-constrained wp-block-group-is-layout-constrained\">        <a href=\"https:\/\/www.camping-portesdariege.com\/les-hebergements\/mobil-home-bora-bora-2\/\"class=\"wp-block-custom-banner has-text-align-left\" target=\"_self\">\n        <div class=\"acf-innerblocks-container\">\n\n<div class=\"wp-block-cover has-custom-content-position is-position-bottom-left\"><img loading=\"lazy\" decoding=\"async\" width=\"2048\" height=\"922\" class=\"wp-block-cover__image-background wp-image-4965 size-large\" alt=\"\" src=\"https:\/\/www.camping-portesdariege.com\/wp-content\/uploads\/oasis-2048x922.jpg\" data-object-fit=\"cover\" srcset=\"https:\/\/www.camping-portesdariege.com\/wp-content\/uploads\/oasis-2048x922.jpg 2048w, https:\/\/www.camping-portesdariege.com\/wp-content\/uploads\/oasis-1024x461.jpg 1024w, https:\/\/www.camping-portesdariege.com\/wp-content\/uploads\/oasis-768x346.jpg 768w, https:\/\/www.camping-portesdariege.com\/wp-content\/uploads\/oasis-1536x692.jpg 1536w, https:\/\/www.camping-portesdariege.com\/wp-content\/uploads\/oasis-512x231.jpg 512w, https:\/\/www.camping-portesdariege.com\/wp-content\/uploads\/oasis-256x115.jpg 256w\" sizes=\"auto, (max-width: 2048px) 100vw, 2048px\" \/><span aria-hidden=\"true\" class=\"wp-block-cover__background has-background-dim-0 has-background-dim\" style=\"background-color:#867b59\"><\/span><div class=\"wp-block-cover__inner-container is-layout-constrained wp-block-cover-is-layout-constrained\">\n<p class=\"has-text-align-left has-theme-white-color has-text-color has-link-color has-large-font-size wp-elements-36fe37d5a9c4f6300ff077fe4f27e0b8 wp-block-paragraph\">Mobil Home<br>Oasis<\/p>\n<\/div><\/div>\n\n<\/div>\n        <\/a>\n<\/div>\n\n\n\n<div class=\"wp-block-group animation--init--once slide-down is-layout-constrained wp-block-group-is-layout-constrained\">        <a href=\"https:\/\/www.camping-portesdariege.com\/les-hebergements\/mobil-home-bora-bora-2-2-3\/\"class=\"wp-block-custom-banner has-text-align-left\" target=\"_self\">\n        <div class=\"acf-innerblocks-container\">\n\n<div class=\"wp-block-cover has-custom-content-position is-position-bottom-left\"><img loading=\"lazy\" decoding=\"async\" width=\"2048\" height=\"922\" class=\"wp-block-cover__image-background wp-image-5106 size-large\" alt=\"\" src=\"https:\/\/www.camping-portesdariege.com\/wp-content\/uploads\/exterieur-2048x922.jpg\" data-object-fit=\"cover\" srcset=\"https:\/\/www.camping-portesdariege.com\/wp-content\/uploads\/exterieur-2048x922.jpg 2048w, https:\/\/www.camping-portesdariege.com\/wp-content\/uploads\/exterieur-1024x461.jpg 1024w, https:\/\/www.camping-portesdariege.com\/wp-content\/uploads\/exterieur-768x346.jpg 768w, https:\/\/www.camping-portesdariege.com\/wp-content\/uploads\/exterieur-1536x692.jpg 1536w, https:\/\/www.camping-portesdariege.com\/wp-content\/uploads\/exterieur-512x231.jpg 512w, https:\/\/www.camping-portesdariege.com\/wp-content\/uploads\/exterieur-256x115.jpg 256w\" sizes=\"auto, (max-width: 2048px) 100vw, 2048px\" \/><span aria-hidden=\"true\" class=\"wp-block-cover__background has-background-dim-0 has-background-dim\" style=\"background-color:#837d58\"><\/span><div class=\"wp-block-cover__inner-container is-layout-constrained wp-block-cover-is-layout-constrained\">\n<p class=\"has-text-align-left has-theme-white-color has-text-color has-link-color has-large-font-size wp-elements-8ddd1661b76ac233668c6150ea37cdd6 wp-block-paragraph\">Duotel<\/p>\n<\/div><\/div>\n\n<\/div>\n        <\/a>\n<\/div>\n\n\n\n<div class=\"wp-block-group animation--init--once slide-down is-layout-constrained wp-block-group-is-layout-constrained\">        <a href=\"https:\/\/www.camping-portesdariege.com\/les-hebergements\/mobil-home-bora-bora-2-2-2\/\"class=\"wp-block-custom-banner has-text-align-left\" target=\"_self\">\n        <div class=\"acf-innerblocks-container\">\n\n<div class=\"wp-block-cover has-custom-content-position is-position-bottom-left\"><img loading=\"lazy\" decoding=\"async\" width=\"2048\" height=\"1462\" class=\"wp-block-cover__image-background wp-image-4977 size-large\" alt=\"\" src=\"https:\/\/www.camping-portesdariege.com\/wp-content\/uploads\/studiotel2-2048x1462.jpg\" data-object-fit=\"cover\" srcset=\"https:\/\/www.camping-portesdariege.com\/wp-content\/uploads\/studiotel2-2048x1462.jpg 2048w, https:\/\/www.camping-portesdariege.com\/wp-content\/uploads\/studiotel2-1024x731.jpg 1024w, https:\/\/www.camping-portesdariege.com\/wp-content\/uploads\/studiotel2-768x548.jpg 768w, https:\/\/www.camping-portesdariege.com\/wp-content\/uploads\/studiotel2-1536x1096.jpg 1536w, https:\/\/www.camping-portesdariege.com\/wp-content\/uploads\/studiotel2-512x365.jpg 512w, https:\/\/www.camping-portesdariege.com\/wp-content\/uploads\/studiotel2-256x183.jpg 256w\" sizes=\"auto, (max-width: 2048px) 100vw, 2048px\" \/><span aria-hidden=\"true\" class=\"wp-block-cover__background has-background-dim-0 has-background-dim\" style=\"background-color:#807f51\"><\/span><div class=\"wp-block-cover__inner-container is-layout-constrained wp-block-cover-is-layout-constrained\">\n<p class=\"has-text-align-left has-theme-white-color has-text-color has-link-color has-large-font-size wp-elements-055fe0cd9c386cf5a58a7343e6439b92 wp-block-paragraph\">Studiotel<\/p>\n<\/div><\/div>\n\n<\/div>\n        <\/a>\n<\/div>\n\n\n\n<div class=\"wp-block-group animation--init--once slide-down is-layout-constrained wp-block-group-is-layout-constrained\">        <a href=\"https:\/\/www.camping-portesdariege.com\/les-emplacements\/emplacement-nu\/\"class=\"wp-block-custom-banner has-text-align-left\" target=\"_self\">\n        <div class=\"acf-innerblocks-container\">\n\n<div class=\"wp-block-cover has-custom-content-position is-position-bottom-left\"><img loading=\"lazy\" decoding=\"async\" width=\"2560\" height=\"1920\" class=\"wp-block-cover__image-background wp-image-4610\" alt=\"\" src=\"https:\/\/www.camping-portesdariege.com\/wp-content\/uploads\/20240808-171931-scaled.jpg\" data-object-fit=\"cover\" srcset=\"https:\/\/www.camping-portesdariege.com\/wp-content\/uploads\/20240808-171931-scaled.jpg 2560w, https:\/\/www.camping-portesdariege.com\/wp-content\/uploads\/20240808-171931-1024x768.jpg 1024w, https:\/\/www.camping-portesdariege.com\/wp-content\/uploads\/20240808-171931-2048x1536.jpg 2048w, https:\/\/www.camping-portesdariege.com\/wp-content\/uploads\/20240808-171931-768x576.jpg 768w, https:\/\/www.camping-portesdariege.com\/wp-content\/uploads\/20240808-171931-1536x1152.jpg 1536w, https:\/\/www.camping-portesdariege.com\/wp-content\/uploads\/20240808-171931-512x384.jpg 512w, https:\/\/www.camping-portesdariege.com\/wp-content\/uploads\/20240808-171931-256x192.jpg 256w\" sizes=\"auto, (max-width: 2560px) 100vw, 2560px\" \/><span aria-hidden=\"true\" class=\"wp-block-cover__background has-background-dim-0 has-background-dim\" style=\"background-color:#73735a\"><\/span><div class=\"wp-block-cover__inner-container is-layout-constrained wp-block-cover-is-layout-constrained\">\n<p class=\"has-text-align-left has-theme-white-color has-text-color has-link-color has-large-font-size wp-elements-e0873f93fcdafc6313a41228b82e6742 wp-block-paragraph\"><br>Bare Pitch<\/p>\n<\/div><\/div>\n\n<\/div>\n        <\/a>\n<\/div>\n\n<\/div>        <\/div>\n    <\/div>\n<\/div>\n    <script>\n        'use strict';\n\n        document.addEventListener('DOMContentLoaded', function () {\n\n            (function() {\n                const blockSlide = new Splide( '#block_slide_2981', {\n                    type : 'loop',\n                    perPage: 4,\n                    updateOnMove: true,\n                    perMove: 1,\n                                        \n                    breakpoints: {\n                        800: {\n                            perPage: 4,\n                                                    },\n                        450: {\n                            perPage: 2,\n                            \n                        },\n                    },\n                    pagination: false,\n                    arrows: true,\n                    gap: 'var:preset|spacing|20',\n                    i18n: {\n                        slideLabel: '%s\/%s',\n                    }\n                } );\n                \n                blockSlide.mount();\n                                            })();\n        })\n    <\/script>\n<\/div>\n<\/div>\n<\/div>\n\n\n\n<div class=\"wp-block-columns alignfull en-savoir-container is-layout-flex wp-container-core-columns-is-layout-25a84e6c wp-block-columns-is-layout-flex\" style=\"margin-top:0;margin-bottom:0\">\n<div class=\"wp-block-column oh is-layout-flow wp-container-core-column-is-layout-17144f43 wp-block-column-is-layout-flow\" style=\"padding-top:0;padding-right:0;padding-bottom:0;padding-left:0\">\n<div class=\"wp-block-cover\" style=\"margin-top:0;margin-bottom:0;min-height:750px;aspect-ratio:unset;\"><img loading=\"lazy\" decoding=\"async\" width=\"1000\" height=\"1000\" class=\"wp-block-cover__image-background wp-image-987\" alt=\"\" src=\"https:\/\/camping-portesdariege.com\/wp-content\/uploads\/back-forest.jpg\" data-object-fit=\"cover\" srcset=\"https:\/\/www.camping-portesdariege.com\/wp-content\/uploads\/back-forest.jpg 1000w, https:\/\/www.camping-portesdariege.com\/wp-content\/uploads\/back-forest-200x200.jpg 200w, https:\/\/www.camping-portesdariege.com\/wp-content\/uploads\/back-forest-768x768.jpg 768w, https:\/\/www.camping-portesdariege.com\/wp-content\/uploads\/back-forest-512x512.jpg 512w, https:\/\/www.camping-portesdariege.com\/wp-content\/uploads\/back-forest-256x256.jpg 256w\" sizes=\"auto, (max-width: 1000px) 100vw, 1000px\" \/><span aria-hidden=\"true\" class=\"wp-block-cover__background has-background-dim\"><\/span><div class=\"wp-block-cover__inner-container is-layout-constrained wp-block-cover-is-layout-constrained\">\n<p class=\"has-text-align-left animation--init--once slide-down has-h-2-font-size wp-block-paragraph\">LEARN MORE<\/p>\n\n\n\n<p class=\"wp-block-paragraph\">This year, the team is delighted to welcome you from March 20th to October 18th, 2026.<br><strong>The motorhome area will be open from January 1st to March 19th and from October 19th to December 31st, 2026.<\/strong><\/p>\n\n\n\n<div class=\"wp-block-group  buttons-grid is-content-justification-left is-nowrap is-layout-flex wp-container-core-group-is-layout-fa141aee wp-block-group-is-layout-flex\">\n<div class=\"wp-block-buttons animation--init--once slide-right is-layout-flex wp-block-buttons-is-layout-flex\">\n<div class=\"wp-block-button is-style-outline is-style-outline--5\"><a class=\"wp-block-button__link wp-element-button\" href=\"https:\/\/camping-portesdariege.com\/wp-content\/uploads\/pdf\/plan-du-camping.pdf\" style=\"border-width:1px;border-radius:5px\" target=\"_blank\" rel=\"noreferrer noopener\"><img loading=\"lazy\" decoding=\"async\" width=\"21\" height=\"20\" class=\"wp-image-1344\" style=\"width: 21px;\" src=\"https:\/\/camping-portesdariege.com\/wp-content\/uploads\/mapa.svg\" alt=\"\">    Plan du camping<\/a><\/div>\n<\/div>\n\n\n\n<div class=\"wp-block-buttons animation--init--once slide-left is-layout-flex wp-block-buttons-is-layout-flex\">\n<div class=\"wp-block-button is-style-outline is-style-outline--6\"><a class=\"wp-block-button__link wp-element-button\" href=\"https:\/\/www.camping-portesdariege.com\/wp-content\/uploads\/tarifs-2026-1-1.pdf\" style=\"border-width:1px;border-radius:5px\" target=\"_blank\" rel=\"noreferrer noopener\"><img loading=\"lazy\" decoding=\"async\" width=\"20\" height=\"20\" class=\"wp-image-1352\" style=\"width: 20px;\" src=\"https:\/\/camping-portesdariege.com\/wp-content\/uploads\/tarifs.svg\" alt=\"\"> Prices<\/a><\/div>\n<\/div>\n<\/div>\n\n\n\n<div class=\"wp-block-group  buttons-grid animation--init--once slide-down is-content-justification-left is-nowrap is-layout-flex wp-container-core-group-is-layout-fa141aee wp-block-group-is-layout-flex\">\n<div class=\"wp-block-buttons animation--init--once slide-right is-layout-flex wp-block-buttons-is-layout-flex\">\n<div class=\"wp-block-button is-style-outline is-style-outline--7\"><a class=\"wp-block-button__link wp-element-button\" href=\"https:\/\/camping-portesdariege.com\/wp-content\/uploads\/pdf\/assurance-annulation.pdf\" style=\"border-width:1px;border-radius:5px\" target=\"_blank\" rel=\"noreferrer noopener\"><img loading=\"lazy\" decoding=\"async\" width=\"17\" height=\"21\" class=\"wp-image-1350\" style=\"width: 17px;\" src=\"https:\/\/camping-portesdariege.com\/wp-content\/uploads\/group.svg\" alt=\"\"> Cancellation insurance<\/a><\/div>\n<\/div>\n<\/div>\n<\/div><\/div>\n<\/div>\n\n\n\n<div class=\"wp-block-column is-layout-flow wp-container-core-column-is-layout-8ec764a5 wp-block-column-is-layout-flow\" style=\"padding-top:0;padding-right:0;padding-bottom:0;padding-left:0\">\n<iframe class=\"map-iframe\" src=\"https:\/\/www.google.com\/maps\/embed?pb=!1m18!1m12!1m3!1d2912.0311845351516!2d1.6021947999999997!3d43.1248711!2m3!1f0!2f0!3f0!3m2!1i1024!2i768!4f13.1!3m3!1m2!1s0x12af1dd354d7bfe7%3A0x7e6b682a46f3b1a1!2sCamping%20Portes%20d&#39;Ari%C3%A8ge%2C%20route%20d&#39;Escosse.!5e0!3m2!1sen!2ses!4v1707730374316!5m2!1sen!2ses\" width=\"100%\" height=\"750\" style=\"border:0;\" allowfullscreen=\"\" loading=\"lazy\" referrerpolicy=\"no-referrer-when-downgrade\"><\/iframe>\n<\/div>\n<\/div>\n","protected":false},"excerpt":{"rendered":"<p>With 100 spacious pitches, either bare or equipped with chalets, bungalows and mobile homes, you will find the ideal place for your holidays, stopovers or weekends. Whether you arrive on foot or by bike, or even on horseback, and of course by car with a tent or caravan, not to mention vans and motorhomes, you [&hellip;]<\/p>\n","protected":false},"author":3,"featured_media":0,"parent":0,"menu_order":0,"comment_status":"closed","ping_status":"closed","template":"","meta":{"_acf_changed":false,"inline_featured_image":false,"footnotes":""},"class_list":["post-5216","page","type-page","status-publish","hentry"],"acf":[],"yoast_head":"<!-- This site is optimized with the Yoast SEO plugin v27.2 - https:\/\/yoast.com\/product\/yoast-seo-wordpress\/ -->\n<title>Camping Portes d&#039;Ari\u00e8ge \u00e0 Pamiers | S\u00e9jours Nature et D\u00e9tente en Occitanie<\/title>\n<meta name=\"description\" content=\"D\u00e9couvrez le camping Portes d\u2019Ari\u00e8ge \u00e0 Pamiers. Profitez de vastes emplacements, chalets, bungalows toil\u00e9s et mobil-homes. Activit\u00e9s nature, sport, culture. R\u00e9servez votre s\u00e9jour d\u00e8s maintenant !\" \/>\n<meta name=\"robots\" content=\"index, follow, max-snippet:-1, max-image-preview:large, max-video-preview:-1\" \/>\n<link rel=\"canonical\" href=\"https:\/\/www.camping-portesdariege.com\/en\/\" \/>\n<meta property=\"og:locale\" content=\"en_US\" \/>\n<meta property=\"og:type\" content=\"article\" \/>\n<meta property=\"og:title\" content=\"Camping Portes d&#039;Ari\u00e8ge \u00e0 Pamiers | S\u00e9jours Nature et D\u00e9tente en Occitanie\" \/>\n<meta property=\"og:description\" content=\"D\u00e9couvrez le camping Portes d\u2019Ari\u00e8ge \u00e0 Pamiers. Profitez de vastes emplacements, chalets, bungalows toil\u00e9s et mobil-homes. Activit\u00e9s nature, sport, culture. R\u00e9servez votre s\u00e9jour d\u00e8s maintenant !\" \/>\n<meta property=\"og:url\" content=\"https:\/\/www.camping-portesdariege.com\/en\/\" \/>\n<meta property=\"og:site_name\" content=\"Camping Porte d&#039;Ariege\" \/>\n<meta property=\"article:modified_time\" content=\"2026-07-31T14:48:50+00:00\" \/>\n<meta property=\"og:image\" content=\"https:\/\/www.camping-portesdariege.com\/wp-content\/uploads\/dji-0408-scaled.jpg\" \/>\n<meta name=\"twitter:card\" content=\"summary_large_image\" \/>\n<meta name=\"twitter:label1\" content=\"Est. reading time\" \/>\n\t<meta name=\"twitter:data1\" content=\"22 minutes\" \/>\n<script type=\"application\/ld+json\" class=\"yoast-schema-graph\">{\"@context\":\"https:\/\/schema.org\",\"@graph\":[{\"@type\":\"WebPage\",\"@id\":\"https:\/\/www.camping-portesdariege.com\/en\/\",\"url\":\"https:\/\/www.camping-portesdariege.com\/en\/\",\"name\":\"Camping Portes d'Ari\u00e8ge \u00e0 Pamiers | S\u00e9jours Nature et D\u00e9tente en Occitanie\",\"isPartOf\":{\"@id\":\"https:\/\/www.camping-portesdariege.com\/en\/#website\"},\"primaryImageOfPage\":{\"@id\":\"https:\/\/www.camping-portesdariege.com\/en\/#primaryimage\"},\"image\":{\"@id\":\"https:\/\/www.camping-portesdariege.com\/en\/#primaryimage\"},\"thumbnailUrl\":\"https:\/\/www.camping-portesdariege.com\/wp-content\/uploads\/dji-0408-scaled.jpg\",\"datePublished\":\"2022-10-10T13:48:01+00:00\",\"dateModified\":\"2026-07-31T14:48:50+00:00\",\"description\":\"D\u00e9couvrez le camping Portes d\u2019Ari\u00e8ge \u00e0 Pamiers. Profitez de vastes emplacements, chalets, bungalows toil\u00e9s et mobil-homes. Activit\u00e9s nature, sport, culture. R\u00e9servez votre s\u00e9jour d\u00e8s maintenant !\",\"breadcrumb\":{\"@id\":\"https:\/\/www.camping-portesdariege.com\/en\/#breadcrumb\"},\"inLanguage\":\"en-US\",\"potentialAction\":[{\"@type\":\"ReadAction\",\"target\":[\"https:\/\/www.camping-portesdariege.com\/en\/\"]}]},{\"@type\":\"ImageObject\",\"inLanguage\":\"en-US\",\"@id\":\"https:\/\/www.camping-portesdariege.com\/en\/#primaryimage\",\"url\":\"https:\/\/www.camping-portesdariege.com\/wp-content\/uploads\/dji-0408-scaled.jpg\",\"contentUrl\":\"https:\/\/www.camping-portesdariege.com\/wp-content\/uploads\/dji-0408-scaled.jpg\"},{\"@type\":\"BreadcrumbList\",\"@id\":\"https:\/\/www.camping-portesdariege.com\/en\/#breadcrumb\",\"itemListElement\":[{\"@type\":\"ListItem\",\"position\":1,\"name\":\"Home\",\"item\":\"https:\/\/www.camping-portesdariege.com\/en\/\"},{\"@type\":\"ListItem\",\"position\":2,\"name\":\"Welcome\"}]},{\"@type\":\"WebSite\",\"@id\":\"https:\/\/www.camping-portesdariege.com\/en\/#website\",\"url\":\"https:\/\/www.camping-portesdariege.com\/en\/\",\"name\":\"Camping Porte d&#039;Ariege\",\"description\":\"Camping Porte d&#039;Ariege\",\"publisher\":{\"@id\":\"https:\/\/www.camping-portesdariege.com\/en\/#organization\"},\"potentialAction\":[{\"@type\":\"SearchAction\",\"target\":{\"@type\":\"EntryPoint\",\"urlTemplate\":\"https:\/\/www.camping-portesdariege.com\/en\/?s={search_term_string}\"},\"query-input\":{\"@type\":\"PropertyValueSpecification\",\"valueRequired\":true,\"valueName\":\"search_term_string\"}}],\"inLanguage\":\"en-US\"},{\"@type\":\"Organization\",\"@id\":\"https:\/\/www.camping-portesdariege.com\/en\/#organization\",\"name\":\"Camping Porte d&#039;Ariege\",\"url\":\"https:\/\/www.camping-portesdariege.com\/en\/\",\"logo\":{\"@type\":\"ImageObject\",\"inLanguage\":\"en-US\",\"@id\":\"https:\/\/www.camping-portesdariege.com\/en\/#\/schema\/logo\/image\/\",\"url\":\"https:\/\/www.camping-portesdariege.com\/wp-content\/uploads\/cropped-logo-porte-ariege.png\",\"contentUrl\":\"https:\/\/www.camping-portesdariege.com\/wp-content\/uploads\/cropped-logo-porte-ariege.png\",\"width\":140,\"height\":150,\"caption\":\"Camping Porte d&#039;Ariege\"},\"image\":{\"@id\":\"https:\/\/www.camping-portesdariege.com\/en\/#\/schema\/logo\/image\/\"}}]}<\/script>\n<!-- \/ Yoast SEO plugin. -->","yoast_head_json":{"title":"Camping Portes d'Ari\u00e8ge \u00e0 Pamiers | S\u00e9jours Nature et D\u00e9tente en Occitanie","description":"D\u00e9couvrez le camping Portes d\u2019Ari\u00e8ge \u00e0 Pamiers. Profitez de vastes emplacements, chalets, bungalows toil\u00e9s et mobil-homes. Activit\u00e9s nature, sport, culture. R\u00e9servez votre s\u00e9jour d\u00e8s maintenant !","robots":{"index":"index","follow":"follow","max-snippet":"max-snippet:-1","max-image-preview":"max-image-preview:large","max-video-preview":"max-video-preview:-1"},"canonical":"https:\/\/www.camping-portesdariege.com\/en\/","og_locale":"en_US","og_type":"article","og_title":"Camping Portes d'Ari\u00e8ge \u00e0 Pamiers | S\u00e9jours Nature et D\u00e9tente en Occitanie","og_description":"D\u00e9couvrez le camping Portes d\u2019Ari\u00e8ge \u00e0 Pamiers. Profitez de vastes emplacements, chalets, bungalows toil\u00e9s et mobil-homes. Activit\u00e9s nature, sport, culture. R\u00e9servez votre s\u00e9jour d\u00e8s maintenant !","og_url":"https:\/\/www.camping-portesdariege.com\/en\/","og_site_name":"Camping Porte d&#039;Ariege","article_modified_time":"2026-07-31T14:48:50+00:00","og_image":[{"url":"https:\/\/www.camping-portesdariege.com\/wp-content\/uploads\/dji-0408-scaled.jpg","type":"","width":"","height":""}],"twitter_card":"summary_large_image","twitter_misc":{"Est. reading time":"22 minutes"},"schema":{"@context":"https:\/\/schema.org","@graph":[{"@type":"WebPage","@id":"https:\/\/www.camping-portesdariege.com\/en\/","url":"https:\/\/www.camping-portesdariege.com\/en\/","name":"Camping Portes d'Ari\u00e8ge \u00e0 Pamiers | S\u00e9jours Nature et D\u00e9tente en Occitanie","isPartOf":{"@id":"https:\/\/www.camping-portesdariege.com\/en\/#website"},"primaryImageOfPage":{"@id":"https:\/\/www.camping-portesdariege.com\/en\/#primaryimage"},"image":{"@id":"https:\/\/www.camping-portesdariege.com\/en\/#primaryimage"},"thumbnailUrl":"https:\/\/www.camping-portesdariege.com\/wp-content\/uploads\/dji-0408-scaled.jpg","datePublished":"2022-10-10T13:48:01+00:00","dateModified":"2026-07-31T14:48:50+00:00","description":"D\u00e9couvrez le camping Portes d\u2019Ari\u00e8ge \u00e0 Pamiers. Profitez de vastes emplacements, chalets, bungalows toil\u00e9s et mobil-homes. Activit\u00e9s nature, sport, culture. R\u00e9servez votre s\u00e9jour d\u00e8s maintenant !","breadcrumb":{"@id":"https:\/\/www.camping-portesdariege.com\/en\/#breadcrumb"},"inLanguage":"en-US","potentialAction":[{"@type":"ReadAction","target":["https:\/\/www.camping-portesdariege.com\/en\/"]}]},{"@type":"ImageObject","inLanguage":"en-US","@id":"https:\/\/www.camping-portesdariege.com\/en\/#primaryimage","url":"https:\/\/www.camping-portesdariege.com\/wp-content\/uploads\/dji-0408-scaled.jpg","contentUrl":"https:\/\/www.camping-portesdariege.com\/wp-content\/uploads\/dji-0408-scaled.jpg"},{"@type":"BreadcrumbList","@id":"https:\/\/www.camping-portesdariege.com\/en\/#breadcrumb","itemListElement":[{"@type":"ListItem","position":1,"name":"Home","item":"https:\/\/www.camping-portesdariege.com\/en\/"},{"@type":"ListItem","position":2,"name":"Welcome"}]},{"@type":"WebSite","@id":"https:\/\/www.camping-portesdariege.com\/en\/#website","url":"https:\/\/www.camping-portesdariege.com\/en\/","name":"Camping Porte d&#039;Ariege","description":"Camping Porte d&#039;Ariege","publisher":{"@id":"https:\/\/www.camping-portesdariege.com\/en\/#organization"},"potentialAction":[{"@type":"SearchAction","target":{"@type":"EntryPoint","urlTemplate":"https:\/\/www.camping-portesdariege.com\/en\/?s={search_term_string}"},"query-input":{"@type":"PropertyValueSpecification","valueRequired":true,"valueName":"search_term_string"}}],"inLanguage":"en-US"},{"@type":"Organization","@id":"https:\/\/www.camping-portesdariege.com\/en\/#organization","name":"Camping Porte d&#039;Ariege","url":"https:\/\/www.camping-portesdariege.com\/en\/","logo":{"@type":"ImageObject","inLanguage":"en-US","@id":"https:\/\/www.camping-portesdariege.com\/en\/#\/schema\/logo\/image\/","url":"https:\/\/www.camping-portesdariege.com\/wp-content\/uploads\/cropped-logo-porte-ariege.png","contentUrl":"https:\/\/www.camping-portesdariege.com\/wp-content\/uploads\/cropped-logo-porte-ariege.png","width":140,"height":150,"caption":"Camping Porte d&#039;Ariege"},"image":{"@id":"https:\/\/www.camping-portesdariege.com\/en\/#\/schema\/logo\/image\/"}}]}},"_links":{"self":[{"href":"https:\/\/www.camping-portesdariege.com\/en\/wp-json\/wp\/v2\/pages\/5216","targetHints":{"allow":["GET"]}}],"collection":[{"href":"https:\/\/www.camping-portesdariege.com\/en\/wp-json\/wp\/v2\/pages"}],"about":[{"href":"https:\/\/www.camping-portesdariege.com\/en\/wp-json\/wp\/v2\/types\/page"}],"author":[{"embeddable":true,"href":"https:\/\/www.camping-portesdariege.com\/en\/wp-json\/wp\/v2\/users\/3"}],"replies":[{"embeddable":true,"href":"https:\/\/www.camping-portesdariege.com\/en\/wp-json\/wp\/v2\/comments?post=5216"}],"version-history":[{"count":0,"href":"https:\/\/www.camping-portesdariege.com\/en\/wp-json\/wp\/v2\/pages\/5216\/revisions"}],"wp:attachment":[{"href":"https:\/\/www.camping-portesdariege.com\/en\/wp-json\/wp\/v2\/media?parent=5216"}],"curies":[{"name":"wp","href":"https:\/\/api.w.org\/{rel}","templated":true}]}}