{"id":5231,"date":"2024-02-12T14:39:17","date_gmt":"2024-02-12T13:39:17","guid":{"rendered":"https:\/\/www.camping-portesdariege.com\/les-hebergements\/"},"modified":"2026-04-13T10:16:36","modified_gmt":"2026-04-13T08:16:36","slug":"les-hebergements","status":"publish","type":"page","link":"https:\/\/www.camping-portesdariege.com\/en\/les-hebergements\/","title":{"rendered":"The accommodations"},"content":{"rendered":"\n<div class=\"wp-block-cover alignfull has-custom-content-position is-position-bottom-center banner-interior\" style=\"margin-top:0;margin-bottom:0;min-height:65vh;aspect-ratio:unset;\"><img loading=\"lazy\" decoding=\"async\" width=\"2560\" height=\"1440\" class=\"wp-block-cover__image-background wp-image-4767\" alt=\"\" src=\"https:\/\/www.camping-portesdariege.com\/wp-content\/uploads\/dji-0415-1-scaled.jpg\" data-object-fit=\"cover\" srcset=\"https:\/\/www.camping-portesdariege.com\/wp-content\/uploads\/dji-0415-1-scaled.jpg 2560w, https:\/\/www.camping-portesdariege.com\/wp-content\/uploads\/dji-0415-1-1024x576.jpg 1024w, https:\/\/www.camping-portesdariege.com\/wp-content\/uploads\/dji-0415-1-2048x1152.jpg 2048w, https:\/\/www.camping-portesdariege.com\/wp-content\/uploads\/dji-0415-1-768x432.jpg 768w, https:\/\/www.camping-portesdariege.com\/wp-content\/uploads\/dji-0415-1-1536x864.jpg 1536w, https:\/\/www.camping-portesdariege.com\/wp-content\/uploads\/dji-0415-1-512x288.jpg 512w, https:\/\/www.camping-portesdariege.com\/wp-content\/uploads\/dji-0415-1-256x144.jpg 256w\" sizes=\"auto, (max-width: 2560px) 100vw, 2560px\" \/><span aria-hidden=\"true\" class=\"wp-block-cover__background has-background-dim-0 has-background-dim\" style=\"background-color:#717462\"><\/span><div class=\"wp-block-cover__inner-container is-layout-constrained wp-block-cover-is-layout-constrained\">\n<div class=\"wp-block-group lateral-info has-theme-white-background-color has-background is-layout-constrained wp-container-core-group-is-layout-fd9b688b wp-block-group-is-layout-constrained\" style=\"border-top-right-radius:10px;border-bottom-right-radius:10px;padding-left:0\">\n<div class=\"wp-block-group tooltip is-vertical is-content-justification-center is-layout-flex wp-container-core-group-is-layout-8ca27fd8 wp-block-group-is-layout-flex\" style=\"padding-top:0;padding-right:0;padding-bottom:0;padding-left:0\">\n<div class=\"wp-block-group tooltip-menu is-layout-constrained wp-container-core-group-is-layout-fd9b688b wp-block-group-is-layout-constrained\" style=\"padding-left:0\">\n<div class=\"wp-block-group is-layout-constrained wp-container-core-group-is-layout-044ddaed wp-block-group-is-layout-constrained\" style=\"padding-left:var(--wp--preset--spacing--30)\">\n<figure class=\"wp-block-image size-large\"><img loading=\"lazy\" decoding=\"async\" width=\"17\" height=\"16\" src=\"https:\/\/camping-portesdariege.com\/wp-content\/uploads\/group-1.svg\" alt=\"\" class=\"wp-image-2558\"\/><\/figure>\n<\/div>\n\n\n        <a href=\"tel:+330534014358\"class=\"wp-block-custom-banner has-text-align-left\" target=\"_self\">\n        <div class=\"acf-innerblocks-container\">\n\n<div class=\"wp-block-group tooltiptext has-theme-white-color has-theme-green-background-color has-text-color has-background has-link-color wp-elements-b7e8af8aa4fa0b1625a6f81327dbfa7a is-content-justification-space-between is-nowrap is-layout-flex wp-container-core-group-is-layout-682617f7 wp-block-group-is-layout-flex\" style=\"margin-top:0;margin-bottom:0;padding-top:0;padding-bottom:0;padding-left:var(--wp--preset--spacing--40)\">\n<figure class=\"wp-block-image size-large wp-duotone-fff-fff-2\"><img loading=\"lazy\" decoding=\"async\" width=\"17\" height=\"16\" src=\"https:\/\/camping-portesdariege.com\/wp-content\/uploads\/group-1.svg\" alt=\"\" class=\"wp-image-2558\"\/><\/figure>\n\n\n\n<p>RAPPELEZ-MOI<\/p>\n<\/div>\n\n<\/div>\n        <\/a>\n<\/div>\n\n\n\n<div class=\"wp-block-group tooltip-menu is-layout-constrained wp-block-group-is-layout-constrained\">\n<div class=\"wp-block-group is-layout-constrained wp-container-core-group-is-layout-044ddaed wp-block-group-is-layout-constrained\" style=\"padding-left:var(--wp--preset--spacing--30)\">\n<figure class=\"wp-block-image size-large\"><img loading=\"lazy\" decoding=\"async\" width=\"15\" height=\"10\" src=\"https:\/\/camping-portesdariege.com\/wp-content\/uploads\/email.svg\" alt=\"\" class=\"wp-image-2556\"\/><\/figure>\n<\/div>\n\n\n        <a href=\"mailto:contact@camping-portesdariege.com\"class=\"wp-block-custom-banner has-text-align-left\" target=\"_self\">\n        <div class=\"acf-innerblocks-container\">\n\n<div class=\"wp-block-group tooltiptext has-theme-white-color has-theme-green-background-color has-text-color has-background has-link-color wp-elements-b54104d0028563b1018a613950e1c2c4 is-content-justification-space-between is-nowrap is-layout-flex wp-container-core-group-is-layout-682617f7 wp-block-group-is-layout-flex\" style=\"margin-top:0;margin-bottom:0;padding-top:0;padding-bottom:0;padding-left:var(--wp--preset--spacing--40)\">\n<figure class=\"wp-block-image size-large wp-duotone-fff-fff-3\"><img loading=\"lazy\" decoding=\"async\" width=\"15\" height=\"10\" src=\"https:\/\/camping-portesdariege.com\/wp-content\/uploads\/email.svg\" alt=\"\" class=\"wp-image-2556\"\/><\/figure>\n\n\n\n<p>CONTACT<\/p>\n<\/div>\n\n<\/div>\n        <\/a>\n<\/div>\n\n\n\n<div class=\"wp-block-group tooltip-menu is-layout-constrained wp-block-group-is-layout-constrained\">\n<div class=\"wp-block-group is-layout-constrained wp-container-core-group-is-layout-044ddaed wp-block-group-is-layout-constrained\" style=\"padding-left:var(--wp--preset--spacing--30)\">\n<figure class=\"wp-block-image size-large\"><img loading=\"lazy\" decoding=\"async\" width=\"17\" height=\"16\" src=\"https:\/\/camping-portesdariege.com\/wp-content\/uploads\/mapa-1.svg\" alt=\"\" class=\"wp-image-2554\"\/><\/figure>\n<\/div>\n\n\n        <a href=\"https:\/\/www.camping-portesdariege.com\/wp-content\/uploads\/pdf\/plan-du-camping.pdf\"class=\"wp-block-custom-banner has-text-align-left\" target=\"_blank\">\n        <div class=\"acf-innerblocks-container\">\n\n<div class=\"wp-block-group tooltiptext has-theme-white-color has-theme-green-background-color has-text-color has-background has-link-color wp-elements-0b02fd549287e9a4d08b2cf43900d6fe is-content-justification-space-between is-nowrap is-layout-flex wp-container-core-group-is-layout-682617f7 wp-block-group-is-layout-flex\" style=\"margin-top:0;margin-bottom:0;padding-top:0;padding-bottom:0;padding-left:var(--wp--preset--spacing--40)\">\n<figure class=\"wp-block-image size-large wp-duotone-fff-fff-4\"><img loading=\"lazy\" decoding=\"async\" width=\"17\" height=\"16\" src=\"https:\/\/camping-portesdariege.com\/wp-content\/uploads\/mapa-1.svg\" alt=\"\" class=\"wp-image-2554\"\/><\/figure>\n\n\n\n<p>PLAN DU CAMPING<\/p>\n<\/div>\n\n<\/div>\n        <\/a>\n<\/div>\n<\/div>\n<\/div>\n\n\n\n<div class=\"wp-block-columns alignwide are-vertically-aligned-bottom banner-content-interior is-layout-flex wp-container-core-columns-is-layout-28f84493 wp-block-columns-is-layout-flex\">\n<div class=\"wp-block-column is-vertically-aligned-bottom titre-top is-layout-flow wp-block-column-is-layout-flow\">\n<p class=\"has-text-align-left banner-titre animation--init--once slide-down has-theme-white-color has-text-color has-link-color has-large-font-size wp-elements-52db1267091e70df8ffdcb623344b9b6\">Discover our accomodations<\/p>\n\n\n<div class=\"yoast-breadcrumbs\"><span><span><a href=\"https:\/\/www.camping-portesdariege.com\/en\/\">Home<\/a><\/span> \/ <span class=\"breadcrumb_last\" aria-current=\"page\">The accommodations<\/span><\/span><\/div><\/div>\n\n\n\n<div class=\"wp-block-column is-vertically-aligned-bottom formulaire-thr-container is-layout-flow wp-block-column-is-layout-flow\">\n<div class=\"wp-block-group formulaire-thr animation--init--once slide-down is-layout-constrained wp-block-group-is-layout-constrained\"><section class=\"formulaire-de-recherche-bar\">\r\n            <div id=\"expand-thelis-formulaire\">[:fr]R\u00e9servez[:]<\/div>\r\n            <div class=\"container-form\"><thr-search-engine><\/thr-search-engine><a id=\"pay-btn-2\" onclick=\"window.open('https:\/\/thelisresa.webcamp.fr\/cart-directPayment.php?camping=ariege09&amp;lang=en');\"><i><\/i>Pay your stay<\/a>\r\n            <style>\r\n            \r\n            .thr-search-engine .thr-search-engine-main > .thr-btn-search { max-width: 20% !important; }\r\n            .thr .btn i { margin-right: 0 !important; }\r\n            #pay-btn-2 { \r\n                position: absolute;\r\n                right: 0;top: 0;\r\n                margin: 10px;\r\n                border: 0;\r\n                background-color: ;\r\n                color: ;\r\n                cursor: pointer;\r\n                width: calc(17% - 5px);\r\n                padding: 17px 0;\r\n                font-size: 18px;\r\n                font-weight: bold;\r\n                text-transform: auto;\r\n                transition: all .35s;\r\n                display: flex;justify-content: center;\r\n                align-items: center;\r\n            }\r\n            #pay-btn-2 i {\r\n                display: inline-flex;\r\n                width:18px;height:18px;\r\n                margin-right: 5px;\r\n                background-image: url('data:image\/svg+xml;utf8,<?xml version=\"1.0\" encoding=\"utf-8\"?><svg width=\"1792\" height=\"1792\" viewBox=\"0 0 1792 1792\" xmlns=\"http:\/\/www.w3.org\/2000\/svg\"><path d=\"M704 1536q0 52-38 90t-90 38-90-38-38-90 38-90 90-38 90 38 38 90zm896 0q0 52-38 90t-90 38-90-38-38-90 38-90 90-38 90 38 38 90zm128-1088v512q0 24-16.5 42.5t-40.5 21.5l-1044 122q13 60 13 70 0 16-24 64h920q26 0 45 19t19 45-19 45-45 19h-1024q-26 0-45-19t-19-45q0-11 8-31.5t16-36 21.5-40 15.5-29.5l-177-823h-204q-26 0-45-19t-19-45 19-45 45-19h256q16 0 28.5 6.5t19.5 15.5 13 24.5 8 26 5.5 29.5 4.5 26h1201q26 0 45 19t19 45z\" fill=\"rgba(255,255,255,1)\" \/><\/svg>');\r\n                background-size: cover;background-position: center center;background-repeat: no-repeat;\r\n            }\r\n            #pay-btn-2:hover { background-color: ; }\r\n            .thr-search-engine { width: 83%; }\r\n\r\n            @media screen and (max-width: 1180px) {\r\n                #pay-btn-2 { top: 52px; }\r\n                .thr-search-engine .thr-search-engine-main > .thr-btn-search { max-width: inherit !important; }\r\n            }\r\n            @media screen and (max-width: 990px) {\r\n                .thr-search-engine { width: 100%; }\r\n                #pay-btn-2 { position: relative;width: calc(100% - 20px);top: auto;margin-top: 0; }\r\n            }\r\n\r\n            thr-search-engine { border-right: 200px rgba(0,0,0,0) solid;display: block; }\r\n            @media screen and (max-width: 1180px) {\r\n                thr-search-engine { border-right: inherit;display: inherit; }\r\n            }\r\n            <\/style>\r\n            <\/div><\/section><!-- .formulaire-de-recherche-bar --><style>\r\n        #expand-thelis-formulaire { display: none; }\r\n        @media screen and (max-width: 1180px) {\r\n            #expand-thelis-formulaire { display: block; }\r\n            .formulaire-de-recherche-bar .container-form { display: none; }\r\n        }\r\n    <\/style><script>\r\n    jQuery(document).ready(function($){\r\n        jQuery('#expand-thelis-formulaire').click(function(){\r\n            if(\r\n                jQuery('.formulaire-de-recherche-bar .container-form').css('display') == 'none'\r\n            ){\r\n                jQuery('.formulaire-de-recherche-bar .container-form').css('display', 'block');\r\n                jQuery('#expand-thelis-formulaire').addClass('expanded');\r\n            }else{\r\n                jQuery('.formulaire-de-recherche-bar .container-form').css('display', 'none');\r\n                jQuery('#expand-thelis-formulaire').removeClass('expanded');\r\n            }\r\n        });\r\n    });\r\n    <\/script>\n<\/div>\n<\/div>\n<\/div>\n<\/div><\/div>\n\n\n\n<div class=\"wp-block-group alignwide titre-intro is-layout-flow wp-block-group-is-layout-flow\" style=\"padding-top:var(--wp--preset--spacing--80);padding-bottom:var(--wp--preset--spacing--80)\">\n<h1 class=\"wp-block-heading has-text-align-center h1-interior animation--init--once slide-down has-theme-primary-green-color has-text-color has-link-color wp-elements-3e3bc4119f1de0eafc85b2b303f77bed\">Discover our accommodations<br><sub><mark style=\"background-color:rgba(0, 0, 0, 0)\" class=\"has-inline-color has-theme-dark-green-color\">At the Portes d&#8217;Ariege campsite<\/mark><\/sub><\/h1>\n\n\n\n<p class=\"has-text-align-center is-style-default has-h-2-font-size\"><sub><mark style=\"background-color:rgba(0, 0, 0, 0)\" class=\"has-inline-color has-theme-dark-green-color\"><strong><sub><mark style=\"background-color:rgba(0, 0, 0, 0)\" class=\"has-inline-color has-theme-dark-green-color\">In Pamiers, Occitanie<\/mark><\/sub> <\/strong><\/mark><\/sub><\/p>\n\n\n\n<p><\/p>\n\n\n\n<p><\/p>\n\n\n\n<p>Missed out on the offer last year?<\/p>\n\n\n\n<p>Don&#8217;t worry, it&#8217;s back in 2026!<\/p>\n\n\n\n<p>Designed in France, warm and functional, discover our <strong>Studiotels <\/strong>and <strong>Premium Duotels<\/strong>, or our <strong>Oasis Mobile Homes<\/strong>: true little havens for pleasant short or long stays!<\/p>\n\n\n\n<p>Unless you choose the <strong>Cyrus canvas bungalows<\/strong> for a &#8220;tent&#8221; feel, without the hassle of pitching a tent! After a long journey, that&#8217;s a real treat, isn&#8217;t it?<\/p>\n\n\n\n<p>Our <strong>2 or 3 bedroom chalets<\/strong> will welcome you with pleasure, offering comfortable little houses with air conditioning.<\/p>\n\n\n\n<p>Or perhaps you&#8217;d prefer our modern and cozy <strong>Bora Bora mobile homes<\/strong>. Air conditioning will also be a welcome feature in the summer!<\/p>\n\n\n\n<p>One thing they all have in common: they&#8217;ll allow you to enjoy this beautiful park in the heart of nature!<\/p>\n<\/div>\n\n\n\n<div class=\"wp-block-columns alignfull are-vertically-aligned-center info-location-archive has-theme-beige-background-color has-background is-layout-flex wp-container-core-columns-is-layout-b61ab78d wp-block-columns-is-layout-flex\" style=\"margin-top:0;margin-bottom:0;padding-top:0;padding-right:0;padding-bottom:0;padding-left:0\">\n<div class=\"wp-block-column is-vertically-aligned-center is-layout-flow wp-block-column-is-layout-flow\" style=\"padding-top:0;padding-right:0;padding-bottom:0;padding-left:0\">\n<div class=\"wp-image-slider one-image-gallery has-text-align-left aspect-ratio-4_3\">\n\n                                        \n                    <script>\n                        'use strict';\n\n                        document.addEventListener('DOMContentLoaded', function () {\n\n                            (function() {\n                                const blockSlide = new Splide( '#slide_246', {\n                                    type : 'loop',\n                                    perPage: 1,\n                                                                        \n                                    breakpoints: {\n                                        800: {\n                                            perPage: 1,\n                                                                                    },\n                                        450: {\n                                            perPage: 1,\n                                            \n                                        },\n                                    },\n                                    pagination: true,\n                                    arrows: true,\n                                    gap: 'var(--wp--style--block-gap)',\n                                    i18n: {\n                                        slideLabel: '%s\/%s',\n                                    }\n                                } );\n                                \n\n                                \n                                blockSlide.mount();\n\n                                                                \n                                \n                            })();\n                        })\n                    <\/script>\n\n                    <div class=\"slider-container\"><div class=\"splide galeria-slider galeria-columnas-1\" id=\"slide_246\"><div class=\"splide__track\"><div class=\"splide__list\"><div id=\"thumb-5113\" class=\"splide__slide\"><div class=\"image-wrapper\"><img loading=\"lazy\" decoding=\"async\" width=\"2048\" height=\"2013\" src=\"https:\/\/www.camping-portesdariege.com\/wp-content\/uploads\/exterieur-1-2048x2013.jpg\" class=\"attachment-gallery size-gallery\" alt=\"\" srcset=\"https:\/\/www.camping-portesdariege.com\/wp-content\/uploads\/exterieur-1-2048x2013.jpg 2048w, https:\/\/www.camping-portesdariege.com\/wp-content\/uploads\/exterieur-1-1024x1007.jpg 1024w, https:\/\/www.camping-portesdariege.com\/wp-content\/uploads\/exterieur-1-768x755.jpg 768w, https:\/\/www.camping-portesdariege.com\/wp-content\/uploads\/exterieur-1-1536x1510.jpg 1536w, https:\/\/www.camping-portesdariege.com\/wp-content\/uploads\/exterieur-1-512x503.jpg 512w, https:\/\/www.camping-portesdariege.com\/wp-content\/uploads\/exterieur-1-256x252.jpg 256w\" sizes=\"auto, (max-width: 2048px) 100vw, 2048px\" \/><\/div><\/div><div id=\"thumb-4714\" class=\"splide__slide\"><div class=\"image-wrapper\"><img loading=\"lazy\" decoding=\"async\" width=\"2048\" height=\"1536\" src=\"https:\/\/www.camping-portesdariege.com\/wp-content\/uploads\/chalet-5-p-terrasse-1-2048x1536.jpg\" class=\"attachment-gallery size-gallery\" alt=\"\" srcset=\"https:\/\/www.camping-portesdariege.com\/wp-content\/uploads\/chalet-5-p-terrasse-1-2048x1536.jpg 2048w, https:\/\/www.camping-portesdariege.com\/wp-content\/uploads\/chalet-5-p-terrasse-1-1024x768.jpg 1024w, https:\/\/www.camping-portesdariege.com\/wp-content\/uploads\/chalet-5-p-terrasse-1-768x576.jpg 768w, https:\/\/www.camping-portesdariege.com\/wp-content\/uploads\/chalet-5-p-terrasse-1-1536x1152.jpg 1536w, https:\/\/www.camping-portesdariege.com\/wp-content\/uploads\/chalet-5-p-terrasse-1-512x384.jpg 512w, https:\/\/www.camping-portesdariege.com\/wp-content\/uploads\/chalet-5-p-terrasse-1-256x192.jpg 256w\" sizes=\"auto, (max-width: 2048px) 100vw, 2048px\" \/><\/div><\/div><div id=\"thumb-4706\" class=\"splide__slide\"><div class=\"image-wrapper\"><img loading=\"lazy\" decoding=\"async\" width=\"2048\" height=\"1536\" src=\"https:\/\/www.camping-portesdariege.com\/wp-content\/uploads\/chalet-5-p-2048x1536.jpg\" class=\"attachment-gallery size-gallery\" alt=\"\" srcset=\"https:\/\/www.camping-portesdariege.com\/wp-content\/uploads\/chalet-5-p-2048x1536.jpg 2048w, https:\/\/www.camping-portesdariege.com\/wp-content\/uploads\/chalet-5-p-1024x768.jpg 1024w, https:\/\/www.camping-portesdariege.com\/wp-content\/uploads\/chalet-5-p-768x576.jpg 768w, https:\/\/www.camping-portesdariege.com\/wp-content\/uploads\/chalet-5-p-1536x1152.jpg 1536w, https:\/\/www.camping-portesdariege.com\/wp-content\/uploads\/chalet-5-p-512x384.jpg 512w, https:\/\/www.camping-portesdariege.com\/wp-content\/uploads\/chalet-5-p-256x192.jpg 256w\" sizes=\"auto, (max-width: 2048px) 100vw, 2048px\" \/><\/div><\/div><div id=\"thumb-4710\" class=\"splide__slide\"><div class=\"image-wrapper\"><img loading=\"lazy\" decoding=\"async\" width=\"1536\" height=\"2048\" src=\"https:\/\/www.camping-portesdariege.com\/wp-content\/uploads\/chalet-5-p-cuisine-1-1536x2048.jpg\" class=\"attachment-gallery size-gallery\" alt=\"\" srcset=\"https:\/\/www.camping-portesdariege.com\/wp-content\/uploads\/chalet-5-p-cuisine-1-1536x2048.jpg 1536w, https:\/\/www.camping-portesdariege.com\/wp-content\/uploads\/chalet-5-p-cuisine-1-768x1024.jpg 768w, https:\/\/www.camping-portesdariege.com\/wp-content\/uploads\/chalet-5-p-cuisine-1-1152x1536.jpg 1152w, https:\/\/www.camping-portesdariege.com\/wp-content\/uploads\/chalet-5-p-cuisine-1-384x512.jpg 384w, https:\/\/www.camping-portesdariege.com\/wp-content\/uploads\/chalet-5-p-cuisine-1-192x256.jpg 192w, https:\/\/www.camping-portesdariege.com\/wp-content\/uploads\/chalet-5-p-cuisine-1-scaled.jpg 1920w\" sizes=\"auto, (max-width: 1536px) 100vw, 1536px\" \/><\/div><\/div><div id=\"thumb-4708\" class=\"splide__slide\"><div class=\"image-wrapper\"><img loading=\"lazy\" decoding=\"async\" width=\"2048\" height=\"1536\" src=\"https:\/\/www.camping-portesdariege.com\/wp-content\/uploads\/chalet-5-p-chambre-parentale-1-2048x1536.jpg\" class=\"attachment-gallery size-gallery\" alt=\"\" srcset=\"https:\/\/www.camping-portesdariege.com\/wp-content\/uploads\/chalet-5-p-chambre-parentale-1-2048x1536.jpg 2048w, https:\/\/www.camping-portesdariege.com\/wp-content\/uploads\/chalet-5-p-chambre-parentale-1-1024x768.jpg 1024w, https:\/\/www.camping-portesdariege.com\/wp-content\/uploads\/chalet-5-p-chambre-parentale-1-768x576.jpg 768w, https:\/\/www.camping-portesdariege.com\/wp-content\/uploads\/chalet-5-p-chambre-parentale-1-1536x1152.jpg 1536w, https:\/\/www.camping-portesdariege.com\/wp-content\/uploads\/chalet-5-p-chambre-parentale-1-512x384.jpg 512w, https:\/\/www.camping-portesdariege.com\/wp-content\/uploads\/chalet-5-p-chambre-parentale-1-256x192.jpg 256w\" sizes=\"auto, (max-width: 2048px) 100vw, 2048px\" \/><\/div><\/div><div id=\"thumb-4712\" class=\"splide__slide\"><div class=\"image-wrapper\"><img loading=\"lazy\" decoding=\"async\" width=\"1536\" height=\"2048\" src=\"https:\/\/www.camping-portesdariege.com\/wp-content\/uploads\/chalet-5-personnes-salle-deau-1-1536x2048.jpg\" class=\"attachment-gallery size-gallery\" alt=\"\" srcset=\"https:\/\/www.camping-portesdariege.com\/wp-content\/uploads\/chalet-5-personnes-salle-deau-1-1536x2048.jpg 1536w, https:\/\/www.camping-portesdariege.com\/wp-content\/uploads\/chalet-5-personnes-salle-deau-1-768x1024.jpg 768w, https:\/\/www.camping-portesdariege.com\/wp-content\/uploads\/chalet-5-personnes-salle-deau-1-1152x1536.jpg 1152w, https:\/\/www.camping-portesdariege.com\/wp-content\/uploads\/chalet-5-personnes-salle-deau-1-384x512.jpg 384w, https:\/\/www.camping-portesdariege.com\/wp-content\/uploads\/chalet-5-personnes-salle-deau-1-192x256.jpg 192w, https:\/\/www.camping-portesdariege.com\/wp-content\/uploads\/chalet-5-personnes-salle-deau-1-scaled.jpg 1920w\" sizes=\"auto, (max-width: 1536px) 100vw, 1536px\" \/><\/div><\/div><div id=\"thumb-4718\" class=\"splide__slide\"><div class=\"image-wrapper\"><img loading=\"lazy\" decoding=\"async\" width=\"2048\" height=\"1536\" src=\"https:\/\/www.camping-portesdariege.com\/wp-content\/uploads\/chalet-5-p-chambre-3-couchages-1-2048x1536.jpg\" class=\"attachment-gallery size-gallery\" alt=\"\" srcset=\"https:\/\/www.camping-portesdariege.com\/wp-content\/uploads\/chalet-5-p-chambre-3-couchages-1-2048x1536.jpg 2048w, https:\/\/www.camping-portesdariege.com\/wp-content\/uploads\/chalet-5-p-chambre-3-couchages-1-1024x768.jpg 1024w, https:\/\/www.camping-portesdariege.com\/wp-content\/uploads\/chalet-5-p-chambre-3-couchages-1-768x576.jpg 768w, https:\/\/www.camping-portesdariege.com\/wp-content\/uploads\/chalet-5-p-chambre-3-couchages-1-1536x1152.jpg 1536w, https:\/\/www.camping-portesdariege.com\/wp-content\/uploads\/chalet-5-p-chambre-3-couchages-1-512x384.jpg 512w, https:\/\/www.camping-portesdariege.com\/wp-content\/uploads\/chalet-5-p-chambre-3-couchages-1-256x192.jpg 256w\" sizes=\"auto, (max-width: 2048px) 100vw, 2048px\" \/><\/div><\/div><\/div><\/div><\/div><\/div>\n                    \n<\/div><\/div>\n\n\n\n<div class=\"wp-block-column is-vertically-aligned-center is-layout-flow wp-block-column-is-layout-flow\" style=\"padding-right:0;padding-left:0\">\n<div class=\"wp-block-group padding-columns oh is-layout-constrained wp-container-core-group-is-layout-0ccfd37b wp-block-group-is-layout-constrained\" style=\"padding-top:var(--wp--preset--spacing--80);padding-right:var(--wp--preset--spacing--30);padding-bottom:var(--wp--preset--spacing--80);padding-left:var(--wp--preset--spacing--30)\">\n<h2 class=\"wp-block-heading has-text-align-center animation--init--once slide-down has-theme-primary-green-color has-text-color has-link-color has-h-2-font-size wp-elements-f37998fc5f19f8dddabfa64780baf2b4\">Chalet 5 people<\/h2>\n\n\n\n<p>Whether you&#8217;re a small or large family, all you have to do is unpack your bags in our <strong>chalets<\/strong>.<\/p>\n\n\n\n<p>For <strong>4 or 5 people<\/strong>, a 28 m\u00b2 chalet with a <strong>covered terrace<\/strong>.<\/p>\n\n\n\n<div class=\"wp-block-group icons-locations-archive-container is-layout-constrained wp-block-group-is-layout-constrained\">\n<div class=\"wp-block-group icons-locations-archive icon-back animation--init--once slide-down is-content-justification-space-between is-nowrap is-layout-flex wp-container-core-group-is-layout-cb46ffcb wp-block-group-is-layout-flex\">\n<figure class=\"wp-block-image size-large\"><img loading=\"lazy\" decoding=\"async\" width=\"32\" height=\"32\" src=\"https:\/\/camping-portesdariege.com\/wp-content\/uploads\/lits.svg\" alt=\"\" class=\"wp-image-1736\"\/><figcaption class=\"wp-element-caption\">2 bedrooms<\/figcaption><\/figure>\n\n\n\n<figure class=\"wp-block-image size-large\"><img loading=\"lazy\" decoding=\"async\" width=\"32\" height=\"32\" src=\"https:\/\/camping-portesdariege.com\/wp-content\/uploads\/capacidad.svg\" alt=\"\" class=\"wp-image-1740\"\/><figcaption class=\"wp-element-caption\">4\/5 people<\/figcaption><\/figure>\n\n\n\n<figure class=\"wp-block-image size-large\"><img loading=\"lazy\" decoding=\"async\" width=\"32\" height=\"32\" src=\"https:\/\/camping-portesdariege.com\/wp-content\/uploads\/sdb.svg\" alt=\"\" class=\"wp-image-1744\"\/><figcaption class=\"wp-element-caption\">1 SDB<\/figcaption><\/figure>\n<\/div>\n<\/div>\n\n\n\n<div class=\"wp-block-group animation--init--once slide-down buttons-archive is-content-justification-center is-nowrap is-layout-flex wp-container-core-group-is-layout-23441af8 wp-block-group-is-layout-flex\">\n<div class=\"wp-block-buttons animation--init--once slide-right is-layout-flex wp-block-buttons-is-layout-flex\">\n<div class=\"wp-block-button is-style-outline is-style-outline--5\"><a class=\"wp-block-button__link wp-element-button\" href=\"https:\/\/www.camping-portesdariege.com\/en\/les-hebergements\/chalet-5-personnes\/\">See the chalet<\/a><\/div>\n<\/div>\n\n\n\n<div class=\"wp-block-buttons animation--init--once slide-left is-layout-flex wp-block-buttons-is-layout-flex\">\n<div class=\"wp-block-button is-style-outline is-style-outline--6\"><a class=\"wp-block-button__link wp-element-button\" href=\"https:\/\/www.camping-portesdariege.com\/en\/les-hebergements\/chalet-5-personnes\/#reserver\">Booking<\/a><\/div>\n<\/div>\n<\/div>\n<\/div>\n<\/div>\n<\/div>\n\n\n\n<div class=\"wp-block-columns alignfull are-vertically-aligned-center info-location-archive is-layout-flex wp-container-core-columns-is-layout-b61ab78d wp-block-columns-is-layout-flex\" style=\"margin-top:0;margin-bottom:0;padding-top:0;padding-right:0;padding-bottom:0;padding-left:0\">\n<div class=\"wp-block-column is-vertically-aligned-center is-layout-flow wp-block-column-is-layout-flow\" style=\"padding-top:0;padding-right:0;padding-bottom:0;padding-left:0\">\n<div class=\"wp-image-slider one-image-gallery has-text-align-left has-custom-padding has-custom-margin aspect-ratio-4_3\">\n\n                                        \n                    <script>\n                        'use strict';\n\n                        document.addEventListener('DOMContentLoaded', function () {\n\n                            (function() {\n                                const blockSlide = new Splide( '#slide_912', {\n                                    type : 'loop',\n                                    perPage: 1,\n                                                                        \n                                    breakpoints: {\n                                        800: {\n                                            perPage: 1,\n                                                                                    },\n                                        450: {\n                                            perPage: 1,\n                                            \n                                        },\n                                    },\n                                    pagination: true,\n                                    arrows: true,\n                                    gap: 'var(--wp--style--block-gap)',\n                                    i18n: {\n                                        slideLabel: '%s\/%s',\n                                    }\n                                } );\n                                \n\n                                \n                                blockSlide.mount();\n\n                                                                \n                                \n                            })();\n                        })\n                    <\/script>\n\n                    <div class=\"slider-container\"><div class=\"splide galeria-slider galeria-columnas-1\" id=\"slide_912\"><div class=\"splide__track\"><div class=\"splide__list\"><div id=\"thumb-4686\" class=\"splide__slide\"><div class=\"image-wrapper\"><img loading=\"lazy\" decoding=\"async\" width=\"2048\" height=\"1536\" src=\"https:\/\/www.camping-portesdariege.com\/wp-content\/uploads\/chalet-6-p-2048x1536.jpg\" class=\"attachment-gallery size-gallery\" alt=\"\" srcset=\"https:\/\/www.camping-portesdariege.com\/wp-content\/uploads\/chalet-6-p-2048x1536.jpg 2048w, https:\/\/www.camping-portesdariege.com\/wp-content\/uploads\/chalet-6-p-1024x768.jpg 1024w, https:\/\/www.camping-portesdariege.com\/wp-content\/uploads\/chalet-6-p-768x576.jpg 768w, https:\/\/www.camping-portesdariege.com\/wp-content\/uploads\/chalet-6-p-1536x1152.jpg 1536w, https:\/\/www.camping-portesdariege.com\/wp-content\/uploads\/chalet-6-p-512x384.jpg 512w, https:\/\/www.camping-portesdariege.com\/wp-content\/uploads\/chalet-6-p-256x192.jpg 256w\" sizes=\"auto, (max-width: 2048px) 100vw, 2048px\" \/><\/div><\/div><div id=\"thumb-4726\" class=\"splide__slide\"><div class=\"image-wrapper\"><img loading=\"lazy\" decoding=\"async\" width=\"2048\" height=\"1536\" src=\"https:\/\/www.camping-portesdariege.com\/wp-content\/uploads\/20240101-142705-2048x1536.jpg\" class=\"attachment-gallery size-gallery\" alt=\"\" srcset=\"https:\/\/www.camping-portesdariege.com\/wp-content\/uploads\/20240101-142705-2048x1536.jpg 2048w, https:\/\/www.camping-portesdariege.com\/wp-content\/uploads\/20240101-142705-1024x768.jpg 1024w, https:\/\/www.camping-portesdariege.com\/wp-content\/uploads\/20240101-142705-768x576.jpg 768w, https:\/\/www.camping-portesdariege.com\/wp-content\/uploads\/20240101-142705-1536x1152.jpg 1536w, https:\/\/www.camping-portesdariege.com\/wp-content\/uploads\/20240101-142705-512x384.jpg 512w, https:\/\/www.camping-portesdariege.com\/wp-content\/uploads\/20240101-142705-256x192.jpg 256w\" sizes=\"auto, (max-width: 2048px) 100vw, 2048px\" \/><\/div><\/div><div id=\"thumb-4720\" class=\"splide__slide\"><div class=\"image-wrapper\"><img loading=\"lazy\" decoding=\"async\" width=\"2048\" height=\"1536\" src=\"https:\/\/www.camping-portesdariege.com\/wp-content\/uploads\/20240101-141812-2048x1536.jpg\" class=\"attachment-gallery size-gallery\" alt=\"\" srcset=\"https:\/\/www.camping-portesdariege.com\/wp-content\/uploads\/20240101-141812-2048x1536.jpg 2048w, https:\/\/www.camping-portesdariege.com\/wp-content\/uploads\/20240101-141812-1024x768.jpg 1024w, https:\/\/www.camping-portesdariege.com\/wp-content\/uploads\/20240101-141812-768x576.jpg 768w, https:\/\/www.camping-portesdariege.com\/wp-content\/uploads\/20240101-141812-1536x1152.jpg 1536w, https:\/\/www.camping-portesdariege.com\/wp-content\/uploads\/20240101-141812-512x384.jpg 512w, https:\/\/www.camping-portesdariege.com\/wp-content\/uploads\/20240101-141812-256x192.jpg 256w\" sizes=\"auto, (max-width: 2048px) 100vw, 2048px\" \/><\/div><\/div><div id=\"thumb-4724\" class=\"splide__slide\"><div class=\"image-wrapper\"><img loading=\"lazy\" decoding=\"async\" width=\"2048\" height=\"1536\" src=\"https:\/\/www.camping-portesdariege.com\/wp-content\/uploads\/20240101-142153-2048x1536.jpg\" class=\"attachment-gallery size-gallery\" alt=\"\" srcset=\"https:\/\/www.camping-portesdariege.com\/wp-content\/uploads\/20240101-142153-2048x1536.jpg 2048w, https:\/\/www.camping-portesdariege.com\/wp-content\/uploads\/20240101-142153-1024x768.jpg 1024w, https:\/\/www.camping-portesdariege.com\/wp-content\/uploads\/20240101-142153-768x576.jpg 768w, https:\/\/www.camping-portesdariege.com\/wp-content\/uploads\/20240101-142153-1536x1152.jpg 1536w, https:\/\/www.camping-portesdariege.com\/wp-content\/uploads\/20240101-142153-512x384.jpg 512w, https:\/\/www.camping-portesdariege.com\/wp-content\/uploads\/20240101-142153-256x192.jpg 256w\" sizes=\"auto, (max-width: 2048px) 100vw, 2048px\" \/><\/div><\/div><div id=\"thumb-4722\" class=\"splide__slide\"><div class=\"image-wrapper\"><img loading=\"lazy\" decoding=\"async\" width=\"2048\" height=\"1536\" src=\"https:\/\/www.camping-portesdariege.com\/wp-content\/uploads\/20240101-141837-2048x1536.jpg\" class=\"attachment-gallery size-gallery\" alt=\"\" srcset=\"https:\/\/www.camping-portesdariege.com\/wp-content\/uploads\/20240101-141837-2048x1536.jpg 2048w, https:\/\/www.camping-portesdariege.com\/wp-content\/uploads\/20240101-141837-1024x768.jpg 1024w, https:\/\/www.camping-portesdariege.com\/wp-content\/uploads\/20240101-141837-768x576.jpg 768w, https:\/\/www.camping-portesdariege.com\/wp-content\/uploads\/20240101-141837-1536x1152.jpg 1536w, https:\/\/www.camping-portesdariege.com\/wp-content\/uploads\/20240101-141837-512x384.jpg 512w, https:\/\/www.camping-portesdariege.com\/wp-content\/uploads\/20240101-141837-256x192.jpg 256w\" sizes=\"auto, (max-width: 2048px) 100vw, 2048px\" \/><\/div><\/div><div id=\"thumb-4730\" class=\"splide__slide\"><div class=\"image-wrapper\"><img loading=\"lazy\" decoding=\"async\" width=\"1536\" height=\"2048\" src=\"https:\/\/www.camping-portesdariege.com\/wp-content\/uploads\/20231223-161233-1536x2048.jpg\" class=\"attachment-gallery size-gallery\" alt=\"\" srcset=\"https:\/\/www.camping-portesdariege.com\/wp-content\/uploads\/20231223-161233-1536x2048.jpg 1536w, https:\/\/www.camping-portesdariege.com\/wp-content\/uploads\/20231223-161233-768x1024.jpg 768w, https:\/\/www.camping-portesdariege.com\/wp-content\/uploads\/20231223-161233-1152x1536.jpg 1152w, https:\/\/www.camping-portesdariege.com\/wp-content\/uploads\/20231223-161233-384x512.jpg 384w, https:\/\/www.camping-portesdariege.com\/wp-content\/uploads\/20231223-161233-192x256.jpg 192w, https:\/\/www.camping-portesdariege.com\/wp-content\/uploads\/20231223-161233-scaled.jpg 1920w\" sizes=\"auto, (max-width: 1536px) 100vw, 1536px\" \/><\/div><\/div><div id=\"thumb-3978\" class=\"splide__slide\"><div class=\"image-wrapper\"><img loading=\"lazy\" decoding=\"async\" width=\"1200\" height=\"1600\" src=\"https:\/\/www.camping-portesdariege.com\/wp-content\/uploads\/5-chambre-2-chalet-6-personnes.jpg\" class=\"attachment-gallery size-gallery\" alt=\"\" srcset=\"https:\/\/www.camping-portesdariege.com\/wp-content\/uploads\/5-chambre-2-chalet-6-personnes.jpg 1200w, https:\/\/www.camping-portesdariege.com\/wp-content\/uploads\/5-chambre-2-chalet-6-personnes-768x1024.jpg 768w, https:\/\/www.camping-portesdariege.com\/wp-content\/uploads\/5-chambre-2-chalet-6-personnes-1152x1536.jpg 1152w, https:\/\/www.camping-portesdariege.com\/wp-content\/uploads\/5-chambre-2-chalet-6-personnes-384x512.jpg 384w, https:\/\/www.camping-portesdariege.com\/wp-content\/uploads\/5-chambre-2-chalet-6-personnes-192x256.jpg 192w\" sizes=\"auto, (max-width: 1200px) 100vw, 1200px\" \/><\/div><\/div><div id=\"thumb-4728\" class=\"splide__slide\"><div class=\"image-wrapper\"><img loading=\"lazy\" decoding=\"async\" width=\"1536\" height=\"2048\" src=\"https:\/\/www.camping-portesdariege.com\/wp-content\/uploads\/20240101-141946-1536x2048.jpg\" class=\"attachment-gallery size-gallery\" alt=\"\" srcset=\"https:\/\/www.camping-portesdariege.com\/wp-content\/uploads\/20240101-141946-1536x2048.jpg 1536w, https:\/\/www.camping-portesdariege.com\/wp-content\/uploads\/20240101-141946-768x1024.jpg 768w, https:\/\/www.camping-portesdariege.com\/wp-content\/uploads\/20240101-141946-1152x1536.jpg 1152w, https:\/\/www.camping-portesdariege.com\/wp-content\/uploads\/20240101-141946-384x512.jpg 384w, https:\/\/www.camping-portesdariege.com\/wp-content\/uploads\/20240101-141946-192x256.jpg 192w, https:\/\/www.camping-portesdariege.com\/wp-content\/uploads\/20240101-141946-scaled.jpg 1920w\" sizes=\"auto, (max-width: 1536px) 100vw, 1536px\" \/><\/div><\/div><\/div><\/div><\/div><\/div>\n                    \n<\/div><\/div>\n\n\n\n<div class=\"wp-block-column is-vertically-aligned-center padding-columns is-layout-flow wp-block-column-is-layout-flow\" style=\"padding-top:0;padding-right:0;padding-bottom:0;padding-left:0\">\n<div class=\"wp-block-group padding-columns oh is-layout-constrained wp-container-core-group-is-layout-0ccfd37b wp-block-group-is-layout-constrained\" style=\"padding-top:var(--wp--preset--spacing--80);padding-right:var(--wp--preset--spacing--30);padding-bottom:var(--wp--preset--spacing--80);padding-left:var(--wp--preset--spacing--30)\">\n<h2 class=\"wp-block-heading has-text-align-center animation--init--once slide-down has-theme-primary-green-color has-text-color has-link-color has-h-2-font-size wp-elements-3d57d44038341d112c7b885168b8ec5e\">Chalet 6 people<\/h2>\n\n\n\n<p>In a cozy, wood-paneled setting, perfect for families or groups of friends, this <strong>30 m\u00b2 chalet <\/strong>offers a warm and inviting living space and a covered terrace.<\/p>\n\n\n\n<p><strong>Two bedrooms<\/strong> have a double bed (140 cm), and the third has two bunk beds (80 cm). Duvets and pillows are provided..<\/p>\n\n\n\n<div class=\"wp-block-group icons-locations-archive-container is-layout-constrained wp-block-group-is-layout-constrained\">\n<div class=\"wp-block-group icons-locations-archive icon-back animation--init--once slide-down is-content-justification-space-between is-nowrap is-layout-flex wp-container-core-group-is-layout-cb46ffcb wp-block-group-is-layout-flex\">\n<figure class=\"wp-block-image size-large\"><img loading=\"lazy\" decoding=\"async\" width=\"32\" height=\"32\" src=\"https:\/\/camping-portesdariege.com\/wp-content\/uploads\/lits.svg\" alt=\"\" class=\"wp-image-1736\"\/><figcaption class=\"wp-element-caption\">2 bedrooms<\/figcaption><\/figure>\n\n\n\n<figure class=\"wp-block-image size-large\"><img loading=\"lazy\" decoding=\"async\" width=\"32\" height=\"32\" src=\"https:\/\/camping-portesdariege.com\/wp-content\/uploads\/capacidad.svg\" alt=\"\" class=\"wp-image-1740\"\/><figcaption class=\"wp-element-caption\">5\/6 people<\/figcaption><\/figure>\n\n\n\n<figure class=\"wp-block-image size-large\"><img loading=\"lazy\" decoding=\"async\" width=\"32\" height=\"32\" src=\"https:\/\/camping-portesdariege.com\/wp-content\/uploads\/sdb.svg\" alt=\"\" class=\"wp-image-1744\"\/><figcaption class=\"wp-element-caption\">1 SDB<\/figcaption><\/figure>\n<\/div>\n<\/div>\n\n\n\n<div class=\"wp-block-group buttons-archive is-content-justification-center is-nowrap is-layout-flex wp-container-core-group-is-layout-23441af8 wp-block-group-is-layout-flex\">\n<div class=\"wp-block-buttons animation--init--once slide-right is-layout-flex wp-block-buttons-is-layout-flex\">\n<div class=\"wp-block-button is-style-outline is-style-outline--7\"><a class=\"wp-block-button__link wp-element-button\" href=\"https:\/\/www.camping-portesdariege.com\/en\/les-hebergements\/chalet-6-personnes\/\">See the chalet<\/a><\/div>\n<\/div>\n\n\n\n<div class=\"wp-block-buttons animation--init--once slide-left is-layout-flex wp-block-buttons-is-layout-flex\">\n<div class=\"wp-block-button is-style-outline is-style-outline--8\"><a class=\"wp-block-button__link wp-element-button\" href=\"https:\/\/www.camping-portesdariege.com\/en\/les-hebergements\/chalet-6-personnes\/#reserver\">Booking<\/a><\/div>\n<\/div>\n<\/div>\n<\/div>\n<\/div>\n<\/div>\n\n\n\n<div class=\"wp-block-columns alignfull are-vertically-aligned-center info-location-archive has-theme-beige-background-color has-background is-layout-flex wp-container-core-columns-is-layout-b61ab78d wp-block-columns-is-layout-flex\" style=\"margin-top:0;margin-bottom:0;padding-top:0;padding-right:0;padding-bottom:0;padding-left:0\">\n<div class=\"wp-block-column is-vertically-aligned-center is-layout-flow wp-block-column-is-layout-flow\" style=\"padding-top:0;padding-right:0;padding-bottom:0;padding-left:0\">\n<div class=\"wp-image-slider one-image-gallery has-text-align-left aspect-ratio-4_3\">\n\n                                        \n                    <script>\n                        'use strict';\n\n                        document.addEventListener('DOMContentLoaded', function () {\n\n                            (function() {\n                                const blockSlide = new Splide( '#slide_982', {\n                                    type : 'loop',\n                                    perPage: 1,\n                                                                        \n                                    breakpoints: {\n                                        800: {\n                                            perPage: 1,\n                                                                                    },\n                                        450: {\n                                            perPage: 1,\n                                            \n                                        },\n                                    },\n                                    pagination: true,\n                                    arrows: true,\n                                    gap: 'var(--wp--style--block-gap)',\n                                    i18n: {\n                                        slideLabel: '%s\/%s',\n                                    }\n                                } );\n                                \n\n                                \n                                blockSlide.mount();\n\n                                                                \n                                \n                            })();\n                        })\n                    <\/script>\n\n                    <div class=\"slider-container\"><div class=\"splide galeria-slider galeria-columnas-1\" id=\"slide_982\"><div class=\"splide__track\"><div class=\"splide__list\"><div id=\"thumb-3932\" class=\"splide__slide\"><div class=\"image-wrapper\"><img loading=\"lazy\" decoding=\"async\" width=\"1600\" height=\"960\" src=\"https:\/\/www.camping-portesdariege.com\/wp-content\/uploads\/cyrus-4-pers-2.jpg\" class=\"attachment-gallery size-gallery\" alt=\"\" srcset=\"https:\/\/www.camping-portesdariege.com\/wp-content\/uploads\/cyrus-4-pers-2.jpg 1600w, https:\/\/www.camping-portesdariege.com\/wp-content\/uploads\/cyrus-4-pers-2-1024x614.jpg 1024w, https:\/\/www.camping-portesdariege.com\/wp-content\/uploads\/cyrus-4-pers-2-768x461.jpg 768w, https:\/\/www.camping-portesdariege.com\/wp-content\/uploads\/cyrus-4-pers-2-1536x922.jpg 1536w, https:\/\/www.camping-portesdariege.com\/wp-content\/uploads\/cyrus-4-pers-2-512x307.jpg 512w, https:\/\/www.camping-portesdariege.com\/wp-content\/uploads\/cyrus-4-pers-2-256x154.jpg 256w\" sizes=\"auto, (max-width: 1600px) 100vw, 1600px\" \/><\/div><\/div><div id=\"thumb-4745\" class=\"splide__slide\"><div class=\"image-wrapper\"><img loading=\"lazy\" decoding=\"async\" width=\"640\" height=\"426\" src=\"https:\/\/www.camping-portesdariege.com\/wp-content\/uploads\/3-cyrus-coin-cuisine.jpeg\" class=\"attachment-gallery size-gallery\" alt=\"\" srcset=\"https:\/\/www.camping-portesdariege.com\/wp-content\/uploads\/3-cyrus-coin-cuisine.jpeg 640w, https:\/\/www.camping-portesdariege.com\/wp-content\/uploads\/3-cyrus-coin-cuisine-512x341.jpeg 512w, https:\/\/www.camping-portesdariege.com\/wp-content\/uploads\/3-cyrus-coin-cuisine-256x170.jpeg 256w\" sizes=\"auto, (max-width: 640px) 100vw, 640px\" \/><\/div><\/div><div id=\"thumb-4751\" class=\"splide__slide\"><div class=\"image-wrapper\"><img loading=\"lazy\" decoding=\"async\" width=\"1823\" height=\"1177\" src=\"https:\/\/www.camping-portesdariege.com\/wp-content\/uploads\/cyrus-chambre-parentale.jpg\" class=\"attachment-gallery size-gallery\" alt=\"\" srcset=\"https:\/\/www.camping-portesdariege.com\/wp-content\/uploads\/cyrus-chambre-parentale.jpg 1823w, https:\/\/www.camping-portesdariege.com\/wp-content\/uploads\/cyrus-chambre-parentale-1024x661.jpg 1024w, https:\/\/www.camping-portesdariege.com\/wp-content\/uploads\/cyrus-chambre-parentale-768x496.jpg 768w, https:\/\/www.camping-portesdariege.com\/wp-content\/uploads\/cyrus-chambre-parentale-1536x992.jpg 1536w, https:\/\/www.camping-portesdariege.com\/wp-content\/uploads\/cyrus-chambre-parentale-512x331.jpg 512w, https:\/\/www.camping-portesdariege.com\/wp-content\/uploads\/cyrus-chambre-parentale-256x165.jpg 256w\" sizes=\"auto, (max-width: 1823px) 100vw, 1823px\" \/><\/div><\/div><div id=\"thumb-4749\" class=\"splide__slide\"><div class=\"image-wrapper\"><img loading=\"lazy\" decoding=\"async\" width=\"1800\" height=\"1350\" src=\"https:\/\/www.camping-portesdariege.com\/wp-content\/uploads\/cyrus-chambre-2.jpg\" class=\"attachment-gallery size-gallery\" alt=\"\" srcset=\"https:\/\/www.camping-portesdariege.com\/wp-content\/uploads\/cyrus-chambre-2.jpg 1800w, https:\/\/www.camping-portesdariege.com\/wp-content\/uploads\/cyrus-chambre-2-1024x768.jpg 1024w, https:\/\/www.camping-portesdariege.com\/wp-content\/uploads\/cyrus-chambre-2-768x576.jpg 768w, https:\/\/www.camping-portesdariege.com\/wp-content\/uploads\/cyrus-chambre-2-1536x1152.jpg 1536w, https:\/\/www.camping-portesdariege.com\/wp-content\/uploads\/cyrus-chambre-2-512x384.jpg 512w, https:\/\/www.camping-portesdariege.com\/wp-content\/uploads\/cyrus-chambre-2-256x192.jpg 256w\" sizes=\"auto, (max-width: 1800px) 100vw, 1800px\" \/><\/div><\/div><div id=\"thumb-4747\" class=\"splide__slide\"><div class=\"image-wrapper\"><img loading=\"lazy\" decoding=\"async\" width=\"2048\" height=\"1365\" src=\"https:\/\/www.camping-portesdariege.com\/wp-content\/uploads\/4-cyrus-salon-2048x1365.jpg\" class=\"attachment-gallery size-gallery\" alt=\"\" srcset=\"https:\/\/www.camping-portesdariege.com\/wp-content\/uploads\/4-cyrus-salon-2048x1365.jpg 2048w, https:\/\/www.camping-portesdariege.com\/wp-content\/uploads\/4-cyrus-salon-1024x683.jpg 1024w, https:\/\/www.camping-portesdariege.com\/wp-content\/uploads\/4-cyrus-salon-768x512.jpg 768w, https:\/\/www.camping-portesdariege.com\/wp-content\/uploads\/4-cyrus-salon-1536x1024.jpg 1536w, https:\/\/www.camping-portesdariege.com\/wp-content\/uploads\/4-cyrus-salon-512x341.jpg 512w, https:\/\/www.camping-portesdariege.com\/wp-content\/uploads\/4-cyrus-salon-256x171.jpg 256w\" sizes=\"auto, (max-width: 2048px) 100vw, 2048px\" \/><\/div><\/div><\/div><\/div><\/div><\/div>\n                    \n<\/div><\/div>\n\n\n\n<div class=\"wp-block-column is-vertically-aligned-center padding-columns is-layout-flow wp-container-core-column-is-layout-f016c79b wp-block-column-is-layout-flow\" style=\"padding-top:0;padding-right:0;padding-bottom:0;padding-left:0\">\n<div class=\"wp-block-group padding-columns oh is-layout-constrained wp-container-core-group-is-layout-0ccfd37b wp-block-group-is-layout-constrained\" style=\"padding-top:var(--wp--preset--spacing--80);padding-right:var(--wp--preset--spacing--30);padding-bottom:var(--wp--preset--spacing--80);padding-left:var(--wp--preset--spacing--30)\">\n<h2 class=\"wp-block-heading has-text-align-center animation--init--once slide-down has-theme-primary-green-color has-text-color has-link-color has-h-2-font-size wp-elements-1889fc7dea3069c23a8e19ab8f2b047d\">Cyrus canvas bungalow<\/h2>\n\n\n\n<p class=\"has-text-align-center has-h-3-font-size\">4 people<\/p>\n\n\n\n<p>Do you love the camping experience but want a little more <strong>comfort<\/strong>? No tent to pitch?<\/p>\n\n\n\n<p>The <strong>***Portes d&#8217;Ari\u00e8ge campsite<\/strong> has you covered with an alternative to traditional camping: a <strong>20m\u00b2 canvas bungalow<\/strong> for 4 people, without bathroom facilities.<\/p>\n\n\n\n<div class=\"wp-block-group icons-locations-archive-container is-layout-constrained wp-block-group-is-layout-constrained\">\n<div class=\"wp-block-group icons-locations-archive icon-back animation--init--once slide-down is-content-justification-space-between is-nowrap is-layout-flex wp-container-core-group-is-layout-cb46ffcb wp-block-group-is-layout-flex\">\n<figure class=\"wp-block-image size-large\"><img loading=\"lazy\" decoding=\"async\" width=\"32\" height=\"32\" src=\"https:\/\/camping-portesdariege.com\/wp-content\/uploads\/lits.svg\" alt=\"\" class=\"wp-image-1736\"\/><figcaption class=\"wp-element-caption\">2 bedrooms<\/figcaption><\/figure>\n\n\n\n<figure class=\"wp-block-image size-large\"><img loading=\"lazy\" decoding=\"async\" width=\"32\" height=\"32\" src=\"https:\/\/camping-portesdariege.com\/wp-content\/uploads\/capacidad.svg\" alt=\"\" class=\"wp-image-1740\"\/><figcaption class=\"wp-element-caption\">4 people<\/figcaption><\/figure>\n<\/div>\n<\/div>\n\n\n\n<div class=\"wp-block-group animation--init--once slide-down buttons-archive is-content-justification-center is-nowrap is-layout-flex wp-container-core-group-is-layout-23441af8 wp-block-group-is-layout-flex\">\n<div class=\"wp-block-buttons is-layout-flex wp-block-buttons-is-layout-flex\">\n<div class=\"wp-block-button is-style-outline is-style-outline--9\"><a class=\"wp-block-button__link wp-element-button\" href=\"https:\/\/www.camping-portesdariege.com\/en\/les-hebergements\/bengalow-toile-cyrus-4-personnes\/\">Voir le chalet<\/a><\/div>\n<\/div>\n\n\n\n<div class=\"wp-block-buttons is-layout-flex wp-block-buttons-is-layout-flex\">\n<div class=\"wp-block-button is-style-outline is-style-outline--10\"><a class=\"wp-block-button__link wp-element-button\" href=\"https:\/\/www.camping-portesdariege.com\/en\/les-hebergements\/mobil-home-bora-bora\/#reserver\">R\u00e9server<\/a><\/div>\n<\/div>\n<\/div>\n<\/div>\n<\/div>\n<\/div>\n\n\n\n<div class=\"wp-block-columns alignfull are-vertically-aligned-center info-location-archive is-layout-flex wp-container-core-columns-is-layout-b61ab78d wp-block-columns-is-layout-flex\" style=\"margin-top:0;margin-bottom:0;padding-top:0;padding-right:0;padding-bottom:0;padding-left:0\">\n<div class=\"wp-block-column is-vertically-aligned-center is-layout-flow wp-block-column-is-layout-flow\" style=\"padding-top:0;padding-right:0;padding-bottom:0;padding-left:0\">\n<div class=\"wp-image-slider one-image-gallery has-text-align-left aspect-ratio-4_3\">\n\n                                        \n                    <script>\n                        'use strict';\n\n                        document.addEventListener('DOMContentLoaded', function () {\n\n                            (function() {\n                                const blockSlide = new Splide( '#slide_722', {\n                                    type : 'loop',\n                                    perPage: 1,\n                                                                        \n                                    breakpoints: {\n                                        800: {\n                                            perPage: 1,\n                                                                                    },\n                                        450: {\n                                            perPage: 1,\n                                            \n                                        },\n                                    },\n                                    pagination: true,\n                                    arrows: true,\n                                    gap: 'var(--wp--style--block-gap)',\n                                    i18n: {\n                                        slideLabel: '%s\/%s',\n                                    }\n                                } );\n                                \n\n                                \n                                blockSlide.mount();\n\n                                                                \n                                \n                            })();\n                        })\n                    <\/script>\n\n                    <div class=\"slider-container\"><div class=\"splide galeria-slider galeria-columnas-1\" id=\"slide_722\"><div class=\"splide__track\"><div class=\"splide__list\"><div id=\"thumb-5599\" class=\"splide__slide\"><div class=\"image-wrapper\"><img loading=\"lazy\" decoding=\"async\" width=\"2048\" height=\"1536\" src=\"https:\/\/www.camping-portesdariege.com\/wp-content\/uploads\/20240328-161641-1-2048x1536.jpg\" class=\"attachment-gallery size-gallery\" alt=\"\" srcset=\"https:\/\/www.camping-portesdariege.com\/wp-content\/uploads\/20240328-161641-1-2048x1536.jpg 2048w, https:\/\/www.camping-portesdariege.com\/wp-content\/uploads\/20240328-161641-1-1024x768.jpg 1024w, https:\/\/www.camping-portesdariege.com\/wp-content\/uploads\/20240328-161641-1-768x576.jpg 768w, https:\/\/www.camping-portesdariege.com\/wp-content\/uploads\/20240328-161641-1-1536x1152.jpg 1536w, https:\/\/www.camping-portesdariege.com\/wp-content\/uploads\/20240328-161641-1-512x384.jpg 512w, https:\/\/www.camping-portesdariege.com\/wp-content\/uploads\/20240328-161641-1-256x192.jpg 256w\" sizes=\"auto, (max-width: 2048px) 100vw, 2048px\" \/><\/div><\/div><div id=\"thumb-4968\" class=\"splide__slide\"><div class=\"image-wrapper\"><img loading=\"lazy\" decoding=\"async\" width=\"2048\" height=\"922\" src=\"https:\/\/www.camping-portesdariege.com\/wp-content\/uploads\/oasis-1-2048x922.jpg\" class=\"attachment-gallery size-gallery\" alt=\"\" srcset=\"https:\/\/www.camping-portesdariege.com\/wp-content\/uploads\/oasis-1-2048x922.jpg 2048w, https:\/\/www.camping-portesdariege.com\/wp-content\/uploads\/oasis-1-1024x461.jpg 1024w, https:\/\/www.camping-portesdariege.com\/wp-content\/uploads\/oasis-1-768x346.jpg 768w, https:\/\/www.camping-portesdariege.com\/wp-content\/uploads\/oasis-1-1536x692.jpg 1536w, https:\/\/www.camping-portesdariege.com\/wp-content\/uploads\/oasis-1-512x231.jpg 512w, https:\/\/www.camping-portesdariege.com\/wp-content\/uploads\/oasis-1-256x115.jpg 256w\" sizes=\"auto, (max-width: 2048px) 100vw, 2048px\" \/><\/div><\/div><div id=\"thumb-4732\" class=\"splide__slide\"><div class=\"image-wrapper\"><img loading=\"lazy\" decoding=\"async\" width=\"2048\" height=\"1536\" src=\"https:\/\/www.camping-portesdariege.com\/wp-content\/uploads\/20240328-153841-2048x1536.jpg\" class=\"attachment-gallery size-gallery\" alt=\"\" srcset=\"https:\/\/www.camping-portesdariege.com\/wp-content\/uploads\/20240328-153841-2048x1536.jpg 2048w, https:\/\/www.camping-portesdariege.com\/wp-content\/uploads\/20240328-153841-1024x768.jpg 1024w, https:\/\/www.camping-portesdariege.com\/wp-content\/uploads\/20240328-153841-768x576.jpg 768w, https:\/\/www.camping-portesdariege.com\/wp-content\/uploads\/20240328-153841-1536x1152.jpg 1536w, https:\/\/www.camping-portesdariege.com\/wp-content\/uploads\/20240328-153841-512x384.jpg 512w, https:\/\/www.camping-portesdariege.com\/wp-content\/uploads\/20240328-153841-256x192.jpg 256w\" sizes=\"auto, (max-width: 2048px) 100vw, 2048px\" \/><\/div><\/div><div id=\"thumb-4734\" class=\"splide__slide\"><div class=\"image-wrapper\"><img loading=\"lazy\" decoding=\"async\" width=\"2048\" height=\"1536\" src=\"https:\/\/www.camping-portesdariege.com\/wp-content\/uploads\/20240328-153853-2048x1536.jpg\" class=\"attachment-gallery size-gallery\" alt=\"\" srcset=\"https:\/\/www.camping-portesdariege.com\/wp-content\/uploads\/20240328-153853-2048x1536.jpg 2048w, https:\/\/www.camping-portesdariege.com\/wp-content\/uploads\/20240328-153853-1024x768.jpg 1024w, https:\/\/www.camping-portesdariege.com\/wp-content\/uploads\/20240328-153853-768x576.jpg 768w, https:\/\/www.camping-portesdariege.com\/wp-content\/uploads\/20240328-153853-1536x1152.jpg 1536w, https:\/\/www.camping-portesdariege.com\/wp-content\/uploads\/20240328-153853-512x384.jpg 512w, https:\/\/www.camping-portesdariege.com\/wp-content\/uploads\/20240328-153853-256x192.jpg 256w\" sizes=\"auto, (max-width: 2048px) 100vw, 2048px\" \/><\/div><\/div><div id=\"thumb-4738\" class=\"splide__slide\"><div class=\"image-wrapper\"><img loading=\"lazy\" decoding=\"async\" width=\"1536\" height=\"2048\" src=\"https:\/\/www.camping-portesdariege.com\/wp-content\/uploads\/20240328-153921-1536x2048.jpg\" class=\"attachment-gallery size-gallery\" alt=\"\" srcset=\"https:\/\/www.camping-portesdariege.com\/wp-content\/uploads\/20240328-153921-1536x2048.jpg 1536w, https:\/\/www.camping-portesdariege.com\/wp-content\/uploads\/20240328-153921-768x1024.jpg 768w, https:\/\/www.camping-portesdariege.com\/wp-content\/uploads\/20240328-153921-1152x1536.jpg 1152w, https:\/\/www.camping-portesdariege.com\/wp-content\/uploads\/20240328-153921-384x512.jpg 384w, https:\/\/www.camping-portesdariege.com\/wp-content\/uploads\/20240328-153921-192x256.jpg 192w, https:\/\/www.camping-portesdariege.com\/wp-content\/uploads\/20240328-153921-scaled.jpg 1920w\" sizes=\"auto, (max-width: 1536px) 100vw, 1536px\" \/><\/div><\/div><div id=\"thumb-4740\" class=\"splide__slide\"><div class=\"image-wrapper\"><img loading=\"lazy\" decoding=\"async\" width=\"2048\" height=\"1536\" src=\"https:\/\/www.camping-portesdariege.com\/wp-content\/uploads\/20240328-153934-2048x1536.jpg\" class=\"attachment-gallery size-gallery\" alt=\"\" srcset=\"https:\/\/www.camping-portesdariege.com\/wp-content\/uploads\/20240328-153934-2048x1536.jpg 2048w, https:\/\/www.camping-portesdariege.com\/wp-content\/uploads\/20240328-153934-1024x768.jpg 1024w, https:\/\/www.camping-portesdariege.com\/wp-content\/uploads\/20240328-153934-768x576.jpg 768w, https:\/\/www.camping-portesdariege.com\/wp-content\/uploads\/20240328-153934-1536x1152.jpg 1536w, https:\/\/www.camping-portesdariege.com\/wp-content\/uploads\/20240328-153934-512x384.jpg 512w, https:\/\/www.camping-portesdariege.com\/wp-content\/uploads\/20240328-153934-256x192.jpg 256w\" sizes=\"auto, (max-width: 2048px) 100vw, 2048px\" \/><\/div><\/div><div id=\"thumb-4742\" class=\"splide__slide\"><div class=\"image-wrapper\"><img loading=\"lazy\" decoding=\"async\" width=\"1536\" height=\"2048\" src=\"https:\/\/www.camping-portesdariege.com\/wp-content\/uploads\/20240328-154034-1536x2048.jpg\" class=\"attachment-gallery size-gallery\" alt=\"\" srcset=\"https:\/\/www.camping-portesdariege.com\/wp-content\/uploads\/20240328-154034-1536x2048.jpg 1536w, https:\/\/www.camping-portesdariege.com\/wp-content\/uploads\/20240328-154034-768x1024.jpg 768w, https:\/\/www.camping-portesdariege.com\/wp-content\/uploads\/20240328-154034-1152x1536.jpg 1152w, https:\/\/www.camping-portesdariege.com\/wp-content\/uploads\/20240328-154034-384x512.jpg 384w, https:\/\/www.camping-portesdariege.com\/wp-content\/uploads\/20240328-154034-192x256.jpg 192w, https:\/\/www.camping-portesdariege.com\/wp-content\/uploads\/20240328-154034-scaled.jpg 1920w\" sizes=\"auto, (max-width: 1536px) 100vw, 1536px\" \/><\/div><\/div><div id=\"thumb-5594\" class=\"splide__slide\"><div class=\"image-wrapper\"><img loading=\"lazy\" decoding=\"async\" width=\"1536\" height=\"2048\" src=\"https:\/\/www.camping-portesdariege.com\/wp-content\/uploads\/cuisine-oasis-1-1536x2048.jpg\" class=\"attachment-gallery size-gallery\" alt=\"\" srcset=\"https:\/\/www.camping-portesdariege.com\/wp-content\/uploads\/cuisine-oasis-1-1536x2048.jpg 1536w, https:\/\/www.camping-portesdariege.com\/wp-content\/uploads\/cuisine-oasis-1-768x1024.jpg 768w, https:\/\/www.camping-portesdariege.com\/wp-content\/uploads\/cuisine-oasis-1-1152x1536.jpg 1152w, https:\/\/www.camping-portesdariege.com\/wp-content\/uploads\/cuisine-oasis-1-384x512.jpg 384w, https:\/\/www.camping-portesdariege.com\/wp-content\/uploads\/cuisine-oasis-1-192x256.jpg 192w, https:\/\/www.camping-portesdariege.com\/wp-content\/uploads\/cuisine-oasis-1-scaled.jpg 1920w\" sizes=\"auto, (max-width: 1536px) 100vw, 1536px\" \/><\/div><\/div><div id=\"thumb-5591\" class=\"splide__slide\"><div class=\"image-wrapper\"><img loading=\"lazy\" decoding=\"async\" width=\"1536\" height=\"2048\" src=\"https:\/\/www.camping-portesdariege.com\/wp-content\/uploads\/chambre-2-oasis-1-1536x2048.jpg\" class=\"attachment-gallery size-gallery\" alt=\"\" srcset=\"https:\/\/www.camping-portesdariege.com\/wp-content\/uploads\/chambre-2-oasis-1-1536x2048.jpg 1536w, https:\/\/www.camping-portesdariege.com\/wp-content\/uploads\/chambre-2-oasis-1-768x1024.jpg 768w, https:\/\/www.camping-portesdariege.com\/wp-content\/uploads\/chambre-2-oasis-1-1152x1536.jpg 1152w, https:\/\/www.camping-portesdariege.com\/wp-content\/uploads\/chambre-2-oasis-1-384x512.jpg 384w, https:\/\/www.camping-portesdariege.com\/wp-content\/uploads\/chambre-2-oasis-1-192x256.jpg 192w, https:\/\/www.camping-portesdariege.com\/wp-content\/uploads\/chambre-2-oasis-1-scaled.jpg 1920w\" sizes=\"auto, (max-width: 1536px) 100vw, 1536px\" \/><\/div><\/div><div id=\"thumb-5588\" class=\"splide__slide\"><div class=\"image-wrapper\"><img loading=\"lazy\" decoding=\"async\" width=\"1536\" height=\"2048\" src=\"https:\/\/www.camping-portesdariege.com\/wp-content\/uploads\/chambre-1-oasis-1-1536x2048.jpg\" class=\"attachment-gallery size-gallery\" alt=\"\" srcset=\"https:\/\/www.camping-portesdariege.com\/wp-content\/uploads\/chambre-1-oasis-1-1536x2048.jpg 1536w, https:\/\/www.camping-portesdariege.com\/wp-content\/uploads\/chambre-1-oasis-1-768x1024.jpg 768w, https:\/\/www.camping-portesdariege.com\/wp-content\/uploads\/chambre-1-oasis-1-1152x1536.jpg 1152w, https:\/\/www.camping-portesdariege.com\/wp-content\/uploads\/chambre-1-oasis-1-384x512.jpg 384w, https:\/\/www.camping-portesdariege.com\/wp-content\/uploads\/chambre-1-oasis-1-192x256.jpg 192w, https:\/\/www.camping-portesdariege.com\/wp-content\/uploads\/chambre-1-oasis-1-scaled.jpg 1920w\" sizes=\"auto, (max-width: 1536px) 100vw, 1536px\" \/><\/div><\/div><div id=\"thumb-5007\" class=\"splide__slide\"><div class=\"image-wrapper\"><img loading=\"lazy\" decoding=\"async\" width=\"1536\" height=\"2048\" src=\"https:\/\/www.camping-portesdariege.com\/wp-content\/uploads\/sejour-oasis-1536x2048.jpg\" class=\"attachment-gallery size-gallery\" alt=\"\" srcset=\"https:\/\/www.camping-portesdariege.com\/wp-content\/uploads\/sejour-oasis-1536x2048.jpg 1536w, https:\/\/www.camping-portesdariege.com\/wp-content\/uploads\/sejour-oasis-768x1024.jpg 768w, https:\/\/www.camping-portesdariege.com\/wp-content\/uploads\/sejour-oasis-1152x1536.jpg 1152w, https:\/\/www.camping-portesdariege.com\/wp-content\/uploads\/sejour-oasis-384x512.jpg 384w, https:\/\/www.camping-portesdariege.com\/wp-content\/uploads\/sejour-oasis-192x256.jpg 192w, https:\/\/www.camping-portesdariege.com\/wp-content\/uploads\/sejour-oasis-scaled.jpg 1920w\" sizes=\"auto, (max-width: 1536px) 100vw, 1536px\" \/><\/div><\/div><\/div><\/div><\/div><\/div>\n                    \n<\/div><\/div>\n\n\n\n<div class=\"wp-block-column is-vertically-aligned-center padding-columns is-layout-flow wp-block-column-is-layout-flow\" style=\"padding-right:0;padding-left:0\">\n<div class=\"wp-block-group padding-columns oh is-layout-constrained wp-container-core-group-is-layout-ef2b0a15 wp-block-group-is-layout-constrained\" style=\"margin-top:0;margin-bottom:0;padding-top:var(--wp--preset--spacing--80);padding-right:var(--wp--preset--spacing--30);padding-bottom:var(--wp--preset--spacing--80);padding-left:var(--wp--preset--spacing--30)\">\n<h2 class=\"wp-block-heading has-text-align-center animation--init--once slide-down has-theme-primary-green-color has-text-color has-link-color has-h-2-font-size wp-elements-4ae728610c68a041001aea0a9fea78a7\">Mobile Home Bora Bora \/ Oasis<\/h2>\n\n\n\n<p>26 m\u00b2 mobile home with a large 8.5 m\u00b2 terrace, perfect for enjoying nature.<\/p>\n\n\n\n<p>Sleeps 4 and features a living room with a sofa and reversible air conditioning.<\/p>\n\n\n\n<p><strong>Pets are not allowed.<\/strong><\/p>\n\n\n\n<div class=\"wp-block-group icons-locations-archive-container is-layout-constrained wp-block-group-is-layout-constrained\">\n<div class=\"wp-block-group icons-locations-archive icon-back animation--init--once slide-down is-content-justification-space-between is-nowrap is-layout-flex wp-container-core-group-is-layout-cb46ffcb wp-block-group-is-layout-flex\">\n<figure class=\"wp-block-image size-large\"><img loading=\"lazy\" decoding=\"async\" width=\"32\" height=\"32\" src=\"https:\/\/camping-portesdariege.com\/wp-content\/uploads\/lits.svg\" alt=\"\" class=\"wp-image-1736\"\/><figcaption class=\"wp-element-caption\">2 bedrooms<\/figcaption><\/figure>\n\n\n\n<figure class=\"wp-block-image size-large\"><img loading=\"lazy\" decoding=\"async\" width=\"32\" height=\"32\" src=\"https:\/\/camping-portesdariege.com\/wp-content\/uploads\/capacidad.svg\" alt=\"\" class=\"wp-image-1740\"\/><figcaption class=\"wp-element-caption\">4 people<\/figcaption><\/figure>\n\n\n\n<figure class=\"wp-block-image size-large\"><img loading=\"lazy\" decoding=\"async\" width=\"32\" height=\"32\" src=\"https:\/\/camping-portesdariege.com\/wp-content\/uploads\/sdb.svg\" alt=\"\" class=\"wp-image-1744\"\/><figcaption class=\"wp-element-caption\">1 SDB<\/figcaption><\/figure>\n<\/div>\n<\/div>\n\n\n\n<div class=\"wp-block-group buttons-archive is-content-justification-center is-nowrap is-layout-flex wp-container-core-group-is-layout-23441af8 wp-block-group-is-layout-flex\">\n<div class=\"wp-block-buttons animation--init--once slide-right is-layout-flex wp-block-buttons-is-layout-flex\">\n<div class=\"wp-block-button is-style-outline is-style-outline--11\"><a class=\"wp-block-button__link wp-element-button\" href=\"https:\/\/www.camping-portesdariege.com\/en\/les-hebergements\/mobil-home-bora-bora\/\">See the chalet<\/a><\/div>\n<\/div>\n\n\n\n<div class=\"wp-block-buttons animation--init--once slide-left is-layout-flex wp-block-buttons-is-layout-flex\">\n<div class=\"wp-block-button is-style-outline is-style-outline--12\"><a class=\"wp-block-button__link wp-element-button\" href=\"https:\/\/www.camping-portesdariege.com\/en\/les-hebergements\/mobil-home-bora-bora\/#reserver\">Booking<\/a><\/div>\n<\/div>\n<\/div>\n<\/div>\n<\/div>\n<\/div>\n\n\n\n<div class=\"wp-block-columns alignfull are-vertically-aligned-center info-location-archive has-background is-layout-flex wp-container-core-columns-is-layout-b61ab78d wp-block-columns-is-layout-flex\" style=\"background-color:#e5e1cd;margin-top:0;margin-bottom:0;padding-top:0;padding-right:0;padding-bottom:0;padding-left:0\">\n<div class=\"wp-block-column is-vertically-aligned-center is-layout-flow wp-block-column-is-layout-flow\" style=\"padding-top:0;padding-right:0;padding-bottom:0;padding-left:0\">\n<div class=\"wp-image-slider one-image-gallery has-text-align-left aspect-ratio-4_3\">\n\n                                        \n                    <script>\n                        'use strict';\n\n                        document.addEventListener('DOMContentLoaded', function () {\n\n                            (function() {\n                                const blockSlide = new Splide( '#slide_442', {\n                                    type : 'loop',\n                                    perPage: 1,\n                                                                        \n                                    breakpoints: {\n                                        800: {\n                                            perPage: 1,\n                                                                                    },\n                                        450: {\n                                            perPage: 1,\n                                            \n                                        },\n                                    },\n                                    pagination: true,\n                                    arrows: true,\n                                    gap: 'var(--wp--style--block-gap)',\n                                    i18n: {\n                                        slideLabel: '%s\/%s',\n                                    }\n                                } );\n                                \n\n                                \n                                blockSlide.mount();\n\n                                                                \n                                \n                            })();\n                        })\n                    <\/script>\n\n                    <div class=\"slider-container\"><div class=\"splide galeria-slider galeria-columnas-1\" id=\"slide_442\"><div class=\"splide__track\"><div class=\"splide__list\"><div id=\"thumb-5107\" class=\"splide__slide\"><div class=\"image-wrapper\"><img loading=\"lazy\" decoding=\"async\" width=\"2048\" height=\"922\" src=\"https:\/\/www.camping-portesdariege.com\/wp-content\/uploads\/exterieur-2048x922.jpg\" class=\"attachment-gallery size-gallery\" alt=\"\" srcset=\"https:\/\/www.camping-portesdariege.com\/wp-content\/uploads\/exterieur-2048x922.jpg 2048w, https:\/\/www.camping-portesdariege.com\/wp-content\/uploads\/exterieur-1024x461.jpg 1024w, https:\/\/www.camping-portesdariege.com\/wp-content\/uploads\/exterieur-768x346.jpg 768w, https:\/\/www.camping-portesdariege.com\/wp-content\/uploads\/exterieur-1536x692.jpg 1536w, https:\/\/www.camping-portesdariege.com\/wp-content\/uploads\/exterieur-512x231.jpg 512w, https:\/\/www.camping-portesdariege.com\/wp-content\/uploads\/exterieur-256x115.jpg 256w\" sizes=\"auto, (max-width: 2048px) 100vw, 2048px\" \/><\/div><\/div><div id=\"thumb-5009\" class=\"splide__slide\"><div class=\"image-wrapper\"><img loading=\"lazy\" decoding=\"async\" width=\"2048\" height=\"1536\" src=\"https:\/\/www.camping-portesdariege.com\/wp-content\/uploads\/sejour-cuisine-duo-2048x1536.jpg\" class=\"attachment-gallery size-gallery\" alt=\"\" srcset=\"https:\/\/www.camping-portesdariege.com\/wp-content\/uploads\/sejour-cuisine-duo-2048x1536.jpg 2048w, https:\/\/www.camping-portesdariege.com\/wp-content\/uploads\/sejour-cuisine-duo-1024x768.jpg 1024w, https:\/\/www.camping-portesdariege.com\/wp-content\/uploads\/sejour-cuisine-duo-768x576.jpg 768w, https:\/\/www.camping-portesdariege.com\/wp-content\/uploads\/sejour-cuisine-duo-1536x1152.jpg 1536w, https:\/\/www.camping-portesdariege.com\/wp-content\/uploads\/sejour-cuisine-duo-512x384.jpg 512w, https:\/\/www.camping-portesdariege.com\/wp-content\/uploads\/sejour-cuisine-duo-256x192.jpg 256w\" sizes=\"auto, (max-width: 2048px) 100vw, 2048px\" \/><\/div><\/div><div id=\"thumb-5011\" class=\"splide__slide\"><div class=\"image-wrapper\"><img loading=\"lazy\" decoding=\"async\" width=\"1536\" height=\"2048\" src=\"https:\/\/www.camping-portesdariege.com\/wp-content\/uploads\/television-chambre-duo-1536x2048.jpg\" class=\"attachment-gallery size-gallery\" alt=\"\" srcset=\"https:\/\/www.camping-portesdariege.com\/wp-content\/uploads\/television-chambre-duo-1536x2048.jpg 1536w, https:\/\/www.camping-portesdariege.com\/wp-content\/uploads\/television-chambre-duo-768x1024.jpg 768w, https:\/\/www.camping-portesdariege.com\/wp-content\/uploads\/television-chambre-duo-1152x1536.jpg 1152w, https:\/\/www.camping-portesdariege.com\/wp-content\/uploads\/television-chambre-duo-384x512.jpg 384w, https:\/\/www.camping-portesdariege.com\/wp-content\/uploads\/television-chambre-duo-192x256.jpg 192w, https:\/\/www.camping-portesdariege.com\/wp-content\/uploads\/television-chambre-duo-scaled.jpg 1920w\" sizes=\"auto, (max-width: 1536px) 100vw, 1536px\" \/><\/div><\/div><div id=\"thumb-5017\" class=\"splide__slide\"><div class=\"image-wrapper\"><img loading=\"lazy\" decoding=\"async\" width=\"1536\" height=\"2048\" src=\"https:\/\/www.camping-portesdariege.com\/wp-content\/uploads\/chambre-1-duo-1536x2048.jpg\" class=\"attachment-gallery size-gallery\" alt=\"\" srcset=\"https:\/\/www.camping-portesdariege.com\/wp-content\/uploads\/chambre-1-duo-1536x2048.jpg 1536w, https:\/\/www.camping-portesdariege.com\/wp-content\/uploads\/chambre-1-duo-768x1024.jpg 768w, https:\/\/www.camping-portesdariege.com\/wp-content\/uploads\/chambre-1-duo-1152x1536.jpg 1152w, https:\/\/www.camping-portesdariege.com\/wp-content\/uploads\/chambre-1-duo-384x512.jpg 384w, https:\/\/www.camping-portesdariege.com\/wp-content\/uploads\/chambre-1-duo-192x256.jpg 192w, https:\/\/www.camping-portesdariege.com\/wp-content\/uploads\/chambre-1-duo-scaled.jpg 1920w\" sizes=\"auto, (max-width: 1536px) 100vw, 1536px\" \/><\/div><\/div><div id=\"thumb-4847\" class=\"splide__slide\"><div class=\"image-wrapper\"><img loading=\"lazy\" decoding=\"async\" width=\"1429\" height=\"805\" src=\"https:\/\/www.camping-portesdariege.com\/wp-content\/uploads\/dutoel.jpg\" class=\"attachment-gallery size-gallery\" alt=\"\" srcset=\"https:\/\/www.camping-portesdariege.com\/wp-content\/uploads\/dutoel.jpg 1429w, https:\/\/www.camping-portesdariege.com\/wp-content\/uploads\/dutoel-1024x577.jpg 1024w, https:\/\/www.camping-portesdariege.com\/wp-content\/uploads\/dutoel-768x433.jpg 768w, https:\/\/www.camping-portesdariege.com\/wp-content\/uploads\/dutoel-512x288.jpg 512w, https:\/\/www.camping-portesdariege.com\/wp-content\/uploads\/dutoel-256x144.jpg 256w\" sizes=\"auto, (max-width: 1429px) 100vw, 1429px\" \/><\/div><\/div><\/div><\/div><\/div><\/div>\n                    \n<\/div><\/div>\n\n\n\n<div class=\"wp-block-column is-vertically-aligned-center padding-columns is-layout-flow wp-block-column-is-layout-flow\" style=\"padding-right:0;padding-left:0\">\n<div class=\"wp-block-group padding-columns oh is-layout-constrained wp-container-core-group-is-layout-ef2b0a15 wp-block-group-is-layout-constrained\" style=\"margin-top:0;margin-bottom:0;padding-top:var(--wp--preset--spacing--80);padding-right:var(--wp--preset--spacing--30);padding-bottom:var(--wp--preset--spacing--80);padding-left:var(--wp--preset--spacing--30)\">\n<h2 class=\"wp-block-heading has-text-align-center animation--init--once slide-down has-theme-primary-green-color has-text-color has-link-color has-h-2-font-size wp-elements-cb826a7fb9ef1961a2dc5bb7e3456fc7\">Duotel<\/h2>\n\n\n\n<p>Modular 36 m\u00b2 mobile home with a 22 m\u00b2 terrace, perfect for combining privacy and socializing.<\/p>\n\n\n\n<p>For <strong>4 people<\/strong>, with two bedrooms, each with its <strong>own private bathroom<\/strong>\/toilet.<\/p>\n\n\n\n<p><strong>Pets are not allowed.<\/strong><\/p>\n\n\n\n<div class=\"wp-block-group icons-locations-archive-container is-layout-constrained wp-block-group-is-layout-constrained\">\n<div class=\"wp-block-group icons-locations-archive icon-back animation--init--once slide-down is-content-justification-space-between is-nowrap is-layout-flex wp-container-core-group-is-layout-cb46ffcb wp-block-group-is-layout-flex\">\n<figure class=\"wp-block-image size-large\"><img loading=\"lazy\" decoding=\"async\" width=\"32\" height=\"32\" src=\"https:\/\/camping-portesdariege.com\/wp-content\/uploads\/lits.svg\" alt=\"\" class=\"wp-image-1736\"\/><figcaption class=\"wp-element-caption\">2 bedrooms<\/figcaption><\/figure>\n\n\n\n<figure class=\"wp-block-image size-large\"><img loading=\"lazy\" decoding=\"async\" width=\"32\" height=\"32\" src=\"https:\/\/camping-portesdariege.com\/wp-content\/uploads\/capacidad.svg\" alt=\"\" class=\"wp-image-1740\"\/><figcaption class=\"wp-element-caption\">4 people<\/figcaption><\/figure>\n\n\n\n<figure class=\"wp-block-image size-large\"><img loading=\"lazy\" decoding=\"async\" width=\"32\" height=\"32\" src=\"https:\/\/camping-portesdariege.com\/wp-content\/uploads\/sdb.svg\" alt=\"\" class=\"wp-image-1744\"\/><figcaption class=\"wp-element-caption\">2 SDB\/ 2 WC<\/figcaption><\/figure>\n<\/div>\n<\/div>\n\n\n\n<div class=\"wp-block-group buttons-archive is-content-justification-center is-nowrap is-layout-flex wp-container-core-group-is-layout-23441af8 wp-block-group-is-layout-flex\">\n<div class=\"wp-block-buttons animation--init--once slide-right is-layout-flex wp-block-buttons-is-layout-flex\">\n<div class=\"wp-block-button is-style-outline is-style-outline--13\"><a class=\"wp-block-button__link wp-element-button\" href=\"https:\/\/www.camping-portesdariege.com\/en\/les-hebergements\/mobil-home-bora-bora-2-2-3\/\">See the chalet<\/a><\/div>\n<\/div>\n\n\n\n<div class=\"wp-block-buttons animation--init--once slide-left is-layout-flex wp-block-buttons-is-layout-flex\">\n<div class=\"wp-block-button is-style-outline is-style-outline--14\"><a class=\"wp-block-button__link wp-element-button\" href=\"https:\/\/www.camping-portesdariege.com\/les-hebergements\/mobil-home-bora-bora-2-2\/#reserver\">Booking<\/a><\/div>\n<\/div>\n<\/div>\n<\/div>\n<\/div>\n<\/div>\n\n\n\n<div class=\"wp-block-columns alignfull are-vertically-aligned-center info-location-archive is-layout-flex wp-container-core-columns-is-layout-b61ab78d wp-block-columns-is-layout-flex\" style=\"margin-top:0;margin-bottom:0;padding-top:0;padding-right:0;padding-bottom:0;padding-left:0\">\n<div class=\"wp-block-column is-vertically-aligned-center is-layout-flow wp-block-column-is-layout-flow\" style=\"padding-top:0;padding-right:0;padding-bottom:0;padding-left:0\">\n<div class=\"wp-image-slider one-image-gallery has-text-align-left aspect-ratio-4_3\">\n\n                                        \n                    <script>\n                        'use strict';\n\n                        document.addEventListener('DOMContentLoaded', function () {\n\n                            (function() {\n                                const blockSlide = new Splide( '#slide_37', {\n                                    type : 'loop',\n                                    perPage: 1,\n                                                                        \n                                    breakpoints: {\n                                        800: {\n                                            perPage: 1,\n                                                                                    },\n                                        450: {\n                                            perPage: 1,\n                                            \n                                        },\n                                    },\n                                    pagination: true,\n                                    arrows: true,\n                                    gap: 'var(--wp--style--block-gap)',\n                                    i18n: {\n                                        slideLabel: '%s\/%s',\n                                    }\n                                } );\n                                \n\n                                \n                                blockSlide.mount();\n\n                                                                \n                                \n                            })();\n                        })\n                    <\/script>\n\n                    <div class=\"slider-container\"><div class=\"splide galeria-slider galeria-columnas-1\" id=\"slide_37\"><div class=\"splide__track\"><div class=\"splide__list\"><div id=\"thumb-4978\" class=\"splide__slide\"><div class=\"image-wrapper\"><img loading=\"lazy\" decoding=\"async\" width=\"2048\" height=\"1462\" src=\"https:\/\/www.camping-portesdariege.com\/wp-content\/uploads\/studiotel2-2048x1462.jpg\" class=\"attachment-gallery size-gallery\" alt=\"\" srcset=\"https:\/\/www.camping-portesdariege.com\/wp-content\/uploads\/studiotel2-2048x1462.jpg 2048w, https:\/\/www.camping-portesdariege.com\/wp-content\/uploads\/studiotel2-1024x731.jpg 1024w, https:\/\/www.camping-portesdariege.com\/wp-content\/uploads\/studiotel2-768x548.jpg 768w, https:\/\/www.camping-portesdariege.com\/wp-content\/uploads\/studiotel2-1536x1096.jpg 1536w, https:\/\/www.camping-portesdariege.com\/wp-content\/uploads\/studiotel2-512x365.jpg 512w, https:\/\/www.camping-portesdariege.com\/wp-content\/uploads\/studiotel2-256x183.jpg 256w\" sizes=\"auto, (max-width: 2048px) 100vw, 2048px\" \/><\/div><\/div><div id=\"thumb-4928\" class=\"splide__slide\"><div class=\"image-wrapper\"><img loading=\"lazy\" decoding=\"async\" width=\"360\" height=\"640\" src=\"https:\/\/www.camping-portesdariege.com\/wp-content\/uploads\/img-8830.jpg\" class=\"attachment-gallery size-gallery\" alt=\"\" srcset=\"https:\/\/www.camping-portesdariege.com\/wp-content\/uploads\/img-8830.jpg 360w, https:\/\/www.camping-portesdariege.com\/wp-content\/uploads\/img-8830-288x512.jpg 288w, https:\/\/www.camping-portesdariege.com\/wp-content\/uploads\/img-8830-144x256.jpg 144w\" sizes=\"auto, (max-width: 360px) 100vw, 360px\" \/><\/div><\/div><div id=\"thumb-4930\" class=\"splide__slide\"><div class=\"image-wrapper\"><img loading=\"lazy\" decoding=\"async\" width=\"360\" height=\"640\" src=\"https:\/\/www.camping-portesdariege.com\/wp-content\/uploads\/img-8834.jpg\" class=\"attachment-gallery size-gallery\" alt=\"\" srcset=\"https:\/\/www.camping-portesdariege.com\/wp-content\/uploads\/img-8834.jpg 360w, https:\/\/www.camping-portesdariege.com\/wp-content\/uploads\/img-8834-288x512.jpg 288w, https:\/\/www.camping-portesdariege.com\/wp-content\/uploads\/img-8834-144x256.jpg 144w\" sizes=\"auto, (max-width: 360px) 100vw, 360px\" \/><\/div><\/div><div id=\"thumb-4932\" class=\"splide__slide\"><div class=\"image-wrapper\"><img loading=\"lazy\" decoding=\"async\" width=\"360\" height=\"640\" src=\"https:\/\/www.camping-portesdariege.com\/wp-content\/uploads\/img-8824.jpg\" class=\"attachment-gallery size-gallery\" alt=\"\" srcset=\"https:\/\/www.camping-portesdariege.com\/wp-content\/uploads\/img-8824.jpg 360w, https:\/\/www.camping-portesdariege.com\/wp-content\/uploads\/img-8824-288x512.jpg 288w, https:\/\/www.camping-portesdariege.com\/wp-content\/uploads\/img-8824-144x256.jpg 144w\" sizes=\"auto, (max-width: 360px) 100vw, 360px\" \/><\/div><\/div><div id=\"thumb-5051\" class=\"splide__slide\"><div class=\"image-wrapper\"><img loading=\"lazy\" decoding=\"async\" width=\"2048\" height=\"922\" src=\"https:\/\/www.camping-portesdariege.com\/wp-content\/uploads\/20250528-121315-2048x922.jpg\" class=\"attachment-gallery size-gallery\" alt=\"\" srcset=\"https:\/\/www.camping-portesdariege.com\/wp-content\/uploads\/20250528-121315-2048x922.jpg 2048w, https:\/\/www.camping-portesdariege.com\/wp-content\/uploads\/20250528-121315-1024x461.jpg 1024w, https:\/\/www.camping-portesdariege.com\/wp-content\/uploads\/20250528-121315-768x346.jpg 768w, https:\/\/www.camping-portesdariege.com\/wp-content\/uploads\/20250528-121315-1536x691.jpg 1536w, https:\/\/www.camping-portesdariege.com\/wp-content\/uploads\/20250528-121315-512x230.jpg 512w, https:\/\/www.camping-portesdariege.com\/wp-content\/uploads\/20250528-121315-256x115.jpg 256w\" sizes=\"auto, (max-width: 2048px) 100vw, 2048px\" \/><\/div><\/div><\/div><\/div><\/div><\/div>\n                    \n<\/div><\/div>\n\n\n\n<div class=\"wp-block-column is-vertically-aligned-center padding-columns is-layout-flow wp-block-column-is-layout-flow\" style=\"padding-right:0;padding-left:0\">\n<div class=\"wp-block-group padding-columns oh is-layout-constrained wp-container-core-group-is-layout-ef2b0a15 wp-block-group-is-layout-constrained\" style=\"margin-top:0;margin-bottom:0;padding-top:var(--wp--preset--spacing--80);padding-right:var(--wp--preset--spacing--30);padding-bottom:var(--wp--preset--spacing--80);padding-left:var(--wp--preset--spacing--30)\">\n<h2 class=\"wp-block-heading has-text-align-center animation--init--once slide-down has-theme-primary-green-color has-text-color has-link-color has-h-2-font-size wp-elements-1a16722f47aaa9bc03acf2efd4e42622\">Studiotel<\/h2>\n\n\n\n<p>21 m\u00b2 mobile home with a 7.5 m\u00b2 terrace, perfect for a stay of one or more days in a beautiful setting!<\/p>\n\n\n\n<p>For <strong>2 people<\/strong>, with a bedroom, bathroom, and kitchenette for preparing meals.<\/p>\n\n\n\n<p><strong>Pets are not allowed.<\/strong><\/p>\n\n\n\n<div class=\"wp-block-group icons-locations-archive-container is-layout-constrained wp-block-group-is-layout-constrained\">\n<div class=\"wp-block-group icons-locations-archive icon-back animation--init--once slide-down is-content-justification-space-between is-nowrap is-layout-flex wp-container-core-group-is-layout-cb46ffcb wp-block-group-is-layout-flex\">\n<figure class=\"wp-block-image size-large\"><img loading=\"lazy\" decoding=\"async\" width=\"32\" height=\"32\" src=\"https:\/\/camping-portesdariege.com\/wp-content\/uploads\/lits.svg\" alt=\"\" class=\"wp-image-1736\"\/><figcaption class=\"wp-element-caption\">1 bedroom<\/figcaption><\/figure>\n\n\n\n<figure class=\"wp-block-image size-large is-resized\"><img loading=\"lazy\" decoding=\"async\" width=\"32\" height=\"32\" src=\"https:\/\/camping-portesdariege.com\/wp-content\/uploads\/capacidad.svg\" alt=\"\" class=\"wp-image-1740\" style=\"width:20px;height:auto\"\/><figcaption class=\"wp-element-caption\">2 people<\/figcaption><\/figure>\n\n\n\n<figure class=\"wp-block-image size-large\"><img loading=\"lazy\" decoding=\"async\" width=\"32\" height=\"32\" src=\"https:\/\/camping-portesdariege.com\/wp-content\/uploads\/sdb.svg\" alt=\"\" class=\"wp-image-1744\"\/><figcaption class=\"wp-element-caption\">1 SDB<\/figcaption><\/figure>\n<\/div>\n<\/div>\n\n\n\n<div class=\"wp-block-group buttons-archive is-content-justification-center is-nowrap is-layout-flex wp-container-core-group-is-layout-23441af8 wp-block-group-is-layout-flex\">\n<div class=\"wp-block-buttons animation--init--once slide-right is-layout-flex wp-block-buttons-is-layout-flex\">\n<div class=\"wp-block-button is-style-outline is-style-outline--15\"><a class=\"wp-block-button__link wp-element-button\" href=\"https:\/\/www.camping-portesdariege.com\/en\/les-hebergements\/mobil-home-bora-bora-2-2-2\/\">See the chalet<\/a><\/div>\n<\/div>\n\n\n\n<div class=\"wp-block-buttons animation--init--once slide-left is-layout-flex wp-block-buttons-is-layout-flex\">\n<div class=\"wp-block-button is-style-outline is-style-outline--16\"><a class=\"wp-block-button__link wp-element-button\" href=\"https:\/\/www.camping-portesdariege.com\/en\/les-hebergements\/mobil-home-bora-bora-2-2-2\/#reserver\">Booking<\/a><\/div>\n<\/div>\n<\/div>\n<\/div>\n<\/div>\n<\/div>\n","protected":false},"excerpt":{"rendered":"<p>Discover our accommodationsAt the Portes d&#8217;Ariege campsite In Pamiers, Occitanie Missed out on the offer last year? Don&#8217;t worry, it&#8217;s back in 2026! Designed in France, warm and functional, discover our Studiotels and Premium Duotels, or our Oasis Mobile Homes: true little havens for pleasant short or long stays! Unless you choose the Cyrus canvas [&hellip;]<\/p>\n","protected":false},"author":3,"featured_media":0,"parent":0,"menu_order":2,"comment_status":"closed","ping_status":"closed","template":"","meta":{"_acf_changed":false,"inline_featured_image":false,"footnotes":""},"class_list":["post-5231","page","type-page","status-publish","hentry"],"acf":[],"yoast_head":"<!-- This site is optimized with the Yoast SEO plugin v27.2 - https:\/\/yoast.com\/product\/yoast-seo-wordpress\/ -->\n<title>Locations d&#039;h\u00e9bergements au Camping Portes d\u2019Ari\u00e8ge \u00e0 Pamiers | Chalets, Bungalows et Mobil-Homes en Occitanie<\/title>\n<meta name=\"description\" content=\"D\u00e9couvrez nos locations d&#039;h\u00e9bergements au camping Portes d\u2019Ari\u00e8ge \u00e0 Pamiers. Choisissez entre bungalows toil\u00e9s, chalets et mobil-homes pour des vacances au c\u0153ur de la nature. R\u00e9servez d\u00e8s maintenant votre chalet, bungalow ou mobil-home !\" \/>\n<meta name=\"robots\" content=\"index, follow, max-snippet:-1, max-image-preview:large, max-video-preview:-1\" \/>\n<link rel=\"canonical\" href=\"https:\/\/www.camping-portesdariege.com\/en\/les-hebergements\/\" \/>\n<meta property=\"og:locale\" content=\"en_US\" \/>\n<meta property=\"og:type\" content=\"article\" \/>\n<meta property=\"og:title\" content=\"Locations d&#039;h\u00e9bergements au Camping Portes d\u2019Ari\u00e8ge \u00e0 Pamiers | Chalets, Bungalows et Mobil-Homes en Occitanie\" \/>\n<meta property=\"og:description\" content=\"D\u00e9couvrez nos locations d&#039;h\u00e9bergements au camping Portes d\u2019Ari\u00e8ge \u00e0 Pamiers. Choisissez entre bungalows toil\u00e9s, chalets et mobil-homes pour des vacances au c\u0153ur de la nature. R\u00e9servez d\u00e8s maintenant votre chalet, bungalow ou mobil-home !\" \/>\n<meta property=\"og:url\" content=\"https:\/\/www.camping-portesdariege.com\/en\/les-hebergements\/\" \/>\n<meta property=\"og:site_name\" content=\"Camping Porte d&#039;Ariege\" \/>\n<meta property=\"article:modified_time\" content=\"2026-04-13T08:16:36+00:00\" \/>\n<meta property=\"og:image\" content=\"https:\/\/www.camping-portesdariege.com\/wp-content\/uploads\/dji-0415-1-scaled.jpg\" \/>\n\t<meta property=\"og:image:width\" content=\"2560\" \/>\n\t<meta property=\"og:image:height\" content=\"1440\" \/>\n\t<meta property=\"og:image:type\" content=\"image\/jpeg\" \/>\n<meta name=\"twitter:card\" content=\"summary_large_image\" \/>\n<meta name=\"twitter:label1\" content=\"Est. reading time\" \/>\n\t<meta name=\"twitter:data1\" content=\"18 minutes\" \/>\n<script type=\"application\/ld+json\" class=\"yoast-schema-graph\">{\"@context\":\"https:\/\/schema.org\",\"@graph\":[{\"@type\":\"WebPage\",\"@id\":\"https:\/\/www.camping-portesdariege.com\/en\/les-hebergements\/\",\"url\":\"https:\/\/www.camping-portesdariege.com\/en\/les-hebergements\/\",\"name\":\"Locations d'h\u00e9bergements au Camping Portes d\u2019Ari\u00e8ge \u00e0 Pamiers | Chalets, Bungalows et Mobil-Homes en Occitanie\",\"isPartOf\":{\"@id\":\"https:\/\/www.camping-portesdariege.com\/en\/#website\"},\"primaryImageOfPage\":{\"@id\":\"https:\/\/www.camping-portesdariege.com\/en\/les-hebergements\/#primaryimage\"},\"image\":{\"@id\":\"https:\/\/www.camping-portesdariege.com\/en\/les-hebergements\/#primaryimage\"},\"thumbnailUrl\":\"https:\/\/www.camping-portesdariege.com\/wp-content\/uploads\/dji-0415-1-scaled.jpg\",\"datePublished\":\"2024-02-12T13:39:17+00:00\",\"dateModified\":\"2026-04-13T08:16:36+00:00\",\"description\":\"D\u00e9couvrez nos locations d'h\u00e9bergements au camping Portes d\u2019Ari\u00e8ge \u00e0 Pamiers. Choisissez entre bungalows toil\u00e9s, chalets et mobil-homes pour des vacances au c\u0153ur de la nature. R\u00e9servez d\u00e8s maintenant votre chalet, bungalow ou mobil-home !\",\"breadcrumb\":{\"@id\":\"https:\/\/www.camping-portesdariege.com\/en\/les-hebergements\/#breadcrumb\"},\"inLanguage\":\"en-US\",\"potentialAction\":[{\"@type\":\"ReadAction\",\"target\":[\"https:\/\/www.camping-portesdariege.com\/en\/les-hebergements\/\"]}]},{\"@type\":\"ImageObject\",\"inLanguage\":\"en-US\",\"@id\":\"https:\/\/www.camping-portesdariege.com\/en\/les-hebergements\/#primaryimage\",\"url\":\"https:\/\/www.camping-portesdariege.com\/wp-content\/uploads\/dji-0415-1-scaled.jpg\",\"contentUrl\":\"https:\/\/www.camping-portesdariege.com\/wp-content\/uploads\/dji-0415-1-scaled.jpg\"},{\"@type\":\"BreadcrumbList\",\"@id\":\"https:\/\/www.camping-portesdariege.com\/en\/les-hebergements\/#breadcrumb\",\"itemListElement\":[{\"@type\":\"ListItem\",\"position\":1,\"name\":\"Home\",\"item\":\"https:\/\/www.camping-portesdariege.com\/en\/\"},{\"@type\":\"ListItem\",\"position\":2,\"name\":\"The accommodations\"}]},{\"@type\":\"WebSite\",\"@id\":\"https:\/\/www.camping-portesdariege.com\/en\/#website\",\"url\":\"https:\/\/www.camping-portesdariege.com\/en\/\",\"name\":\"Camping Porte d&#039;Ariege\",\"description\":\"Camping Porte d&#039;Ariege\",\"publisher\":{\"@id\":\"https:\/\/www.camping-portesdariege.com\/en\/#organization\"},\"potentialAction\":[{\"@type\":\"SearchAction\",\"target\":{\"@type\":\"EntryPoint\",\"urlTemplate\":\"https:\/\/www.camping-portesdariege.com\/en\/?s={search_term_string}\"},\"query-input\":{\"@type\":\"PropertyValueSpecification\",\"valueRequired\":true,\"valueName\":\"search_term_string\"}}],\"inLanguage\":\"en-US\"},{\"@type\":\"Organization\",\"@id\":\"https:\/\/www.camping-portesdariege.com\/en\/#organization\",\"name\":\"Camping Porte d&#039;Ariege\",\"url\":\"https:\/\/www.camping-portesdariege.com\/en\/\",\"logo\":{\"@type\":\"ImageObject\",\"inLanguage\":\"en-US\",\"@id\":\"https:\/\/www.camping-portesdariege.com\/en\/#\/schema\/logo\/image\/\",\"url\":\"https:\/\/www.camping-portesdariege.com\/wp-content\/uploads\/cropped-logo-porte-ariege.png\",\"contentUrl\":\"https:\/\/www.camping-portesdariege.com\/wp-content\/uploads\/cropped-logo-porte-ariege.png\",\"width\":140,\"height\":150,\"caption\":\"Camping Porte d&#039;Ariege\"},\"image\":{\"@id\":\"https:\/\/www.camping-portesdariege.com\/en\/#\/schema\/logo\/image\/\"}}]}<\/script>\n<!-- \/ Yoast SEO plugin. -->","yoast_head_json":{"title":"Locations d'h\u00e9bergements au Camping Portes d\u2019Ari\u00e8ge \u00e0 Pamiers | Chalets, Bungalows et Mobil-Homes en Occitanie","description":"D\u00e9couvrez nos locations d'h\u00e9bergements au camping Portes d\u2019Ari\u00e8ge \u00e0 Pamiers. Choisissez entre bungalows toil\u00e9s, chalets et mobil-homes pour des vacances au c\u0153ur de la nature. R\u00e9servez d\u00e8s maintenant votre chalet, bungalow ou mobil-home !","robots":{"index":"index","follow":"follow","max-snippet":"max-snippet:-1","max-image-preview":"max-image-preview:large","max-video-preview":"max-video-preview:-1"},"canonical":"https:\/\/www.camping-portesdariege.com\/en\/les-hebergements\/","og_locale":"en_US","og_type":"article","og_title":"Locations d'h\u00e9bergements au Camping Portes d\u2019Ari\u00e8ge \u00e0 Pamiers | Chalets, Bungalows et Mobil-Homes en Occitanie","og_description":"D\u00e9couvrez nos locations d'h\u00e9bergements au camping Portes d\u2019Ari\u00e8ge \u00e0 Pamiers. Choisissez entre bungalows toil\u00e9s, chalets et mobil-homes pour des vacances au c\u0153ur de la nature. R\u00e9servez d\u00e8s maintenant votre chalet, bungalow ou mobil-home !","og_url":"https:\/\/www.camping-portesdariege.com\/en\/les-hebergements\/","og_site_name":"Camping Porte d&#039;Ariege","article_modified_time":"2026-04-13T08:16:36+00:00","og_image":[{"width":2560,"height":1440,"url":"https:\/\/www.camping-portesdariege.com\/wp-content\/uploads\/dji-0415-1-scaled.jpg","type":"image\/jpeg"}],"twitter_card":"summary_large_image","twitter_misc":{"Est. reading time":"18 minutes"},"schema":{"@context":"https:\/\/schema.org","@graph":[{"@type":"WebPage","@id":"https:\/\/www.camping-portesdariege.com\/en\/les-hebergements\/","url":"https:\/\/www.camping-portesdariege.com\/en\/les-hebergements\/","name":"Locations d'h\u00e9bergements au Camping Portes d\u2019Ari\u00e8ge \u00e0 Pamiers | Chalets, Bungalows et Mobil-Homes en Occitanie","isPartOf":{"@id":"https:\/\/www.camping-portesdariege.com\/en\/#website"},"primaryImageOfPage":{"@id":"https:\/\/www.camping-portesdariege.com\/en\/les-hebergements\/#primaryimage"},"image":{"@id":"https:\/\/www.camping-portesdariege.com\/en\/les-hebergements\/#primaryimage"},"thumbnailUrl":"https:\/\/www.camping-portesdariege.com\/wp-content\/uploads\/dji-0415-1-scaled.jpg","datePublished":"2024-02-12T13:39:17+00:00","dateModified":"2026-04-13T08:16:36+00:00","description":"D\u00e9couvrez nos locations d'h\u00e9bergements au camping Portes d\u2019Ari\u00e8ge \u00e0 Pamiers. Choisissez entre bungalows toil\u00e9s, chalets et mobil-homes pour des vacances au c\u0153ur de la nature. R\u00e9servez d\u00e8s maintenant votre chalet, bungalow ou mobil-home !","breadcrumb":{"@id":"https:\/\/www.camping-portesdariege.com\/en\/les-hebergements\/#breadcrumb"},"inLanguage":"en-US","potentialAction":[{"@type":"ReadAction","target":["https:\/\/www.camping-portesdariege.com\/en\/les-hebergements\/"]}]},{"@type":"ImageObject","inLanguage":"en-US","@id":"https:\/\/www.camping-portesdariege.com\/en\/les-hebergements\/#primaryimage","url":"https:\/\/www.camping-portesdariege.com\/wp-content\/uploads\/dji-0415-1-scaled.jpg","contentUrl":"https:\/\/www.camping-portesdariege.com\/wp-content\/uploads\/dji-0415-1-scaled.jpg"},{"@type":"BreadcrumbList","@id":"https:\/\/www.camping-portesdariege.com\/en\/les-hebergements\/#breadcrumb","itemListElement":[{"@type":"ListItem","position":1,"name":"Home","item":"https:\/\/www.camping-portesdariege.com\/en\/"},{"@type":"ListItem","position":2,"name":"The accommodations"}]},{"@type":"WebSite","@id":"https:\/\/www.camping-portesdariege.com\/en\/#website","url":"https:\/\/www.camping-portesdariege.com\/en\/","name":"Camping Porte d&#039;Ariege","description":"Camping Porte d&#039;Ariege","publisher":{"@id":"https:\/\/www.camping-portesdariege.com\/en\/#organization"},"potentialAction":[{"@type":"SearchAction","target":{"@type":"EntryPoint","urlTemplate":"https:\/\/www.camping-portesdariege.com\/en\/?s={search_term_string}"},"query-input":{"@type":"PropertyValueSpecification","valueRequired":true,"valueName":"search_term_string"}}],"inLanguage":"en-US"},{"@type":"Organization","@id":"https:\/\/www.camping-portesdariege.com\/en\/#organization","name":"Camping Porte d&#039;Ariege","url":"https:\/\/www.camping-portesdariege.com\/en\/","logo":{"@type":"ImageObject","inLanguage":"en-US","@id":"https:\/\/www.camping-portesdariege.com\/en\/#\/schema\/logo\/image\/","url":"https:\/\/www.camping-portesdariege.com\/wp-content\/uploads\/cropped-logo-porte-ariege.png","contentUrl":"https:\/\/www.camping-portesdariege.com\/wp-content\/uploads\/cropped-logo-porte-ariege.png","width":140,"height":150,"caption":"Camping Porte d&#039;Ariege"},"image":{"@id":"https:\/\/www.camping-portesdariege.com\/en\/#\/schema\/logo\/image\/"}}]}},"_links":{"self":[{"href":"https:\/\/www.camping-portesdariege.com\/en\/wp-json\/wp\/v2\/pages\/5231","targetHints":{"allow":["GET"]}}],"collection":[{"href":"https:\/\/www.camping-portesdariege.com\/en\/wp-json\/wp\/v2\/pages"}],"about":[{"href":"https:\/\/www.camping-portesdariege.com\/en\/wp-json\/wp\/v2\/types\/page"}],"author":[{"embeddable":true,"href":"https:\/\/www.camping-portesdariege.com\/en\/wp-json\/wp\/v2\/users\/3"}],"replies":[{"embeddable":true,"href":"https:\/\/www.camping-portesdariege.com\/en\/wp-json\/wp\/v2\/comments?post=5231"}],"version-history":[{"count":0,"href":"https:\/\/www.camping-portesdariege.com\/en\/wp-json\/wp\/v2\/pages\/5231\/revisions"}],"wp:attachment":[{"href":"https:\/\/www.camping-portesdariege.com\/en\/wp-json\/wp\/v2\/media?parent=5231"}],"curies":[{"name":"wp","href":"https:\/\/api.w.org\/{rel}","templated":true}]}}