{"id":5407,"date":"2024-02-12T14:40:18","date_gmt":"2024-02-12T13:40:18","guid":{"rendered":"https:\/\/www.camping-portesdariege.com\/la-region\/"},"modified":"2026-03-31T10:18:40","modified_gmt":"2026-03-31T08:18:40","slug":"la-region","status":"publish","type":"page","link":"https:\/\/www.camping-portesdariege.com\/en\/la-region\/","title":{"rendered":"The Region"},"content":{"rendered":"\n<div class=\"wp-block-cover alignfull is-light has-custom-content-position is-position-bottom-center banner-interior\" style=\"margin-top:0;margin-bottom:0;min-height:65vh;aspect-ratio:unset;\"><img loading=\"lazy\" decoding=\"async\" width=\"1920\" height=\"1081\" class=\"wp-block-cover__image-background wp-image-2307\" alt=\"\" src=\"https:\/\/camping-portesdariege.com\/wp-content\/uploads\/chateau-de-montsegur.jpg\" data-object-fit=\"cover\" srcset=\"https:\/\/www.camping-portesdariege.com\/wp-content\/uploads\/chateau-de-montsegur.jpg 1920w, https:\/\/www.camping-portesdariege.com\/wp-content\/uploads\/chateau-de-montsegur-1024x577.jpg 1024w, https:\/\/www.camping-portesdariege.com\/wp-content\/uploads\/chateau-de-montsegur-768x432.jpg 768w, https:\/\/www.camping-portesdariege.com\/wp-content\/uploads\/chateau-de-montsegur-1536x865.jpg 1536w, https:\/\/www.camping-portesdariege.com\/wp-content\/uploads\/chateau-de-montsegur-512x288.jpg 512w, https:\/\/www.camping-portesdariege.com\/wp-content\/uploads\/chateau-de-montsegur-256x144.jpg 256w\" sizes=\"auto, (max-width: 1920px) 100vw, 1920px\" \/><span aria-hidden=\"true\" class=\"wp-block-cover__background has-background-dim-0 has-background-dim\"><\/span><div class=\"wp-block-cover__inner-container is-layout-constrained wp-block-cover-is-layout-constrained\">\n<div class=\"wp-block-group lateral-info has-theme-white-background-color has-background is-layout-constrained wp-container-core-group-is-layout-fd9b688b wp-block-group-is-layout-constrained\" style=\"border-top-right-radius:10px;border-bottom-right-radius:10px;padding-left:0\">\n<div class=\"wp-block-group tooltip is-vertical is-content-justification-center is-layout-flex wp-container-core-group-is-layout-8ca27fd8 wp-block-group-is-layout-flex\" style=\"padding-top:0;padding-right:0;padding-bottom:0;padding-left:0\">\n<div class=\"wp-block-group tooltip-menu is-layout-constrained wp-container-core-group-is-layout-fd9b688b wp-block-group-is-layout-constrained\" style=\"padding-left:0\">\n<div class=\"wp-block-group is-layout-constrained wp-container-core-group-is-layout-044ddaed wp-block-group-is-layout-constrained\" style=\"padding-left:var(--wp--preset--spacing--30)\">\n<figure class=\"wp-block-image size-large\"><img loading=\"lazy\" decoding=\"async\" width=\"17\" height=\"16\" src=\"https:\/\/camping-portesdariege.com\/wp-content\/uploads\/group-1.svg\" alt=\"\" class=\"wp-image-2558\"\/><\/figure>\n<\/div>\n\n\n        <a href=\"tel:+330534014358\"class=\"wp-block-custom-banner has-text-align-left\" target=\"_self\">\n        <div class=\"acf-innerblocks-container\">\n\n<div class=\"wp-block-group tooltiptext has-theme-white-color has-theme-green-background-color has-text-color has-background has-link-color wp-elements-b7e8af8aa4fa0b1625a6f81327dbfa7a is-content-justification-space-between is-nowrap is-layout-flex wp-container-core-group-is-layout-682617f7 wp-block-group-is-layout-flex\" style=\"margin-top:0;margin-bottom:0;padding-top:0;padding-bottom:0;padding-left:var(--wp--preset--spacing--40)\">\n<figure class=\"wp-block-image size-large wp-duotone-fff-fff-2\"><img loading=\"lazy\" decoding=\"async\" width=\"17\" height=\"16\" src=\"https:\/\/camping-portesdariege.com\/wp-content\/uploads\/group-1.svg\" alt=\"\" class=\"wp-image-2558\"\/><\/figure>\n\n\n\n<p>RAPPELEZ-MOI<\/p>\n<\/div>\n\n<\/div>\n        <\/a>\n<\/div>\n\n\n\n<div class=\"wp-block-group tooltip-menu is-layout-constrained wp-block-group-is-layout-constrained\">\n<div class=\"wp-block-group is-layout-constrained wp-container-core-group-is-layout-044ddaed wp-block-group-is-layout-constrained\" style=\"padding-left:var(--wp--preset--spacing--30)\">\n<figure class=\"wp-block-image size-large\"><img loading=\"lazy\" decoding=\"async\" width=\"15\" height=\"10\" src=\"https:\/\/camping-portesdariege.com\/wp-content\/uploads\/email.svg\" alt=\"\" class=\"wp-image-2556\"\/><\/figure>\n<\/div>\n\n\n        <a href=\"mailto:contact@camping-portesdariege.com\"class=\"wp-block-custom-banner has-text-align-left\" target=\"_self\">\n        <div class=\"acf-innerblocks-container\">\n\n<div class=\"wp-block-group tooltiptext has-theme-white-color has-theme-green-background-color has-text-color has-background has-link-color wp-elements-b54104d0028563b1018a613950e1c2c4 is-content-justification-space-between is-nowrap is-layout-flex wp-container-core-group-is-layout-682617f7 wp-block-group-is-layout-flex\" style=\"margin-top:0;margin-bottom:0;padding-top:0;padding-bottom:0;padding-left:var(--wp--preset--spacing--40)\">\n<figure class=\"wp-block-image size-large wp-duotone-fff-fff-3\"><img loading=\"lazy\" decoding=\"async\" width=\"15\" height=\"10\" src=\"https:\/\/camping-portesdariege.com\/wp-content\/uploads\/email.svg\" alt=\"\" class=\"wp-image-2556\"\/><\/figure>\n\n\n\n<p>CONTACT<\/p>\n<\/div>\n\n<\/div>\n        <\/a>\n<\/div>\n\n\n\n<div class=\"wp-block-group tooltip-menu is-layout-constrained wp-block-group-is-layout-constrained\">\n<div class=\"wp-block-group is-layout-constrained wp-container-core-group-is-layout-044ddaed wp-block-group-is-layout-constrained\" style=\"padding-left:var(--wp--preset--spacing--30)\">\n<figure class=\"wp-block-image size-large\"><img loading=\"lazy\" decoding=\"async\" width=\"17\" height=\"16\" src=\"https:\/\/camping-portesdariege.com\/wp-content\/uploads\/mapa-1.svg\" alt=\"\" class=\"wp-image-2554\"\/><\/figure>\n<\/div>\n\n\n        <a href=\"https:\/\/www.camping-portesdariege.com\/wp-content\/uploads\/pdf\/plan-du-camping.pdf\"class=\"wp-block-custom-banner has-text-align-left\" target=\"_blank\">\n        <div class=\"acf-innerblocks-container\">\n\n<div class=\"wp-block-group tooltiptext has-theme-white-color has-theme-green-background-color has-text-color has-background has-link-color wp-elements-0b02fd549287e9a4d08b2cf43900d6fe is-content-justification-space-between is-nowrap is-layout-flex wp-container-core-group-is-layout-682617f7 wp-block-group-is-layout-flex\" style=\"margin-top:0;margin-bottom:0;padding-top:0;padding-bottom:0;padding-left:var(--wp--preset--spacing--40)\">\n<figure class=\"wp-block-image size-large wp-duotone-fff-fff-4\"><img loading=\"lazy\" decoding=\"async\" width=\"17\" height=\"16\" src=\"https:\/\/camping-portesdariege.com\/wp-content\/uploads\/mapa-1.svg\" alt=\"\" class=\"wp-image-2554\"\/><\/figure>\n\n\n\n<p>PLAN DU CAMPING<\/p>\n<\/div>\n\n<\/div>\n        <\/a>\n<\/div>\n<\/div>\n<\/div>\n\n\n\n<div class=\"wp-block-columns alignwide are-vertically-aligned-bottom banner-content-interior is-layout-flex wp-container-core-columns-is-layout-28f84493 wp-block-columns-is-layout-flex\">\n<div class=\"wp-block-column is-vertically-aligned-bottom titre-top is-layout-flow wp-block-column-is-layout-flow\">\n<p class=\"has-text-align-left banner-titre animation--init--once slide-down has-theme-white-color has-text-color has-link-color has-large-font-size wp-elements-dcb5c467c443f7c528fa5746f3667202\">Discover<br>The Region from <\/p>\n\n\n\n<p class=\"has-text-align-left banner-titre animation--init--once slide-down has-theme-white-color has-text-color has-link-color has-large-font-size wp-elements-f52cd1baf01ca21cba9186caaf16e79d\">the Portes d&#8217;Ariege campsite<\/p>\n\n\n<div class=\"yoast-breadcrumbs\"><span><span><a href=\"https:\/\/www.camping-portesdariege.com\/en\/\">Home<\/a><\/span> \/ <span class=\"breadcrumb_last\" aria-current=\"page\">The Region<\/span><\/span><\/div><\/div>\n\n\n\n<div class=\"wp-block-column is-vertically-aligned-bottom formulaire-thr-container is-layout-flow wp-block-column-is-layout-flow\">\n<div class=\"wp-block-group formulaire-thr animation--init--once slide-down is-layout-constrained wp-block-group-is-layout-constrained\"><section class=\"formulaire-de-recherche-bar\">\r\n            <div id=\"expand-thelis-formulaire\">[:fr]R\u00e9servez[:]<\/div>\r\n            <div class=\"container-form\"><thr-search-engine><\/thr-search-engine><a id=\"pay-btn-2\" onclick=\"window.open('https:\/\/thelisresa.webcamp.fr\/cart-directPayment.php?camping=ariege09&amp;lang=en');\"><i><\/i>Pay your stay<\/a>\r\n            <style>\r\n            \r\n            .thr-search-engine .thr-search-engine-main > .thr-btn-search { max-width: 20% !important; }\r\n            .thr .btn i { margin-right: 0 !important; }\r\n            #pay-btn-2 { \r\n                position: absolute;\r\n                right: 0;top: 0;\r\n                margin: 10px;\r\n                border: 0;\r\n                background-color: ;\r\n                color: ;\r\n                cursor: pointer;\r\n                width: calc(17% - 5px);\r\n                padding: 17px 0;\r\n                font-size: 18px;\r\n                font-weight: bold;\r\n                text-transform: auto;\r\n                transition: all .35s;\r\n                display: flex;justify-content: center;\r\n                align-items: center;\r\n            }\r\n            #pay-btn-2 i {\r\n                display: inline-flex;\r\n                width:18px;height:18px;\r\n                margin-right: 5px;\r\n                background-image: url('data:image\/svg+xml;utf8,<?xml version=\"1.0\" encoding=\"utf-8\"?><svg width=\"1792\" height=\"1792\" viewBox=\"0 0 1792 1792\" xmlns=\"http:\/\/www.w3.org\/2000\/svg\"><path d=\"M704 1536q0 52-38 90t-90 38-90-38-38-90 38-90 90-38 90 38 38 90zm896 0q0 52-38 90t-90 38-90-38-38-90 38-90 90-38 90 38 38 90zm128-1088v512q0 24-16.5 42.5t-40.5 21.5l-1044 122q13 60 13 70 0 16-24 64h920q26 0 45 19t19 45-19 45-45 19h-1024q-26 0-45-19t-19-45q0-11 8-31.5t16-36 21.5-40 15.5-29.5l-177-823h-204q-26 0-45-19t-19-45 19-45 45-19h256q16 0 28.5 6.5t19.5 15.5 13 24.5 8 26 5.5 29.5 4.5 26h1201q26 0 45 19t19 45z\" fill=\"rgba(255,255,255,1)\" \/><\/svg>');\r\n                background-size: cover;background-position: center center;background-repeat: no-repeat;\r\n            }\r\n            #pay-btn-2:hover { background-color: ; }\r\n            .thr-search-engine { width: 83%; }\r\n\r\n            @media screen and (max-width: 1180px) {\r\n                #pay-btn-2 { top: 52px; }\r\n                .thr-search-engine .thr-search-engine-main > .thr-btn-search { max-width: inherit !important; }\r\n            }\r\n            @media screen and (max-width: 990px) {\r\n                .thr-search-engine { width: 100%; }\r\n                #pay-btn-2 { position: relative;width: calc(100% - 20px);top: auto;margin-top: 0; }\r\n            }\r\n\r\n            thr-search-engine { border-right: 200px rgba(0,0,0,0) solid;display: block; }\r\n            @media screen and (max-width: 1180px) {\r\n                thr-search-engine { border-right: inherit;display: inherit; }\r\n            }\r\n            <\/style>\r\n            <\/div><\/section><!-- .formulaire-de-recherche-bar --><style>\r\n        #expand-thelis-formulaire { display: none; }\r\n        @media screen and (max-width: 1180px) {\r\n            #expand-thelis-formulaire { display: block; }\r\n            .formulaire-de-recherche-bar .container-form { display: none; }\r\n        }\r\n    <\/style><script>\r\n    jQuery(document).ready(function($){\r\n        jQuery('#expand-thelis-formulaire').click(function(){\r\n            if(\r\n                jQuery('.formulaire-de-recherche-bar .container-form').css('display') == 'none'\r\n            ){\r\n                jQuery('.formulaire-de-recherche-bar .container-form').css('display', 'block');\r\n                jQuery('#expand-thelis-formulaire').addClass('expanded');\r\n            }else{\r\n                jQuery('.formulaire-de-recherche-bar .container-form').css('display', 'none');\r\n                jQuery('#expand-thelis-formulaire').removeClass('expanded');\r\n            }\r\n        });\r\n    });\r\n    <\/script>\n<\/div>\n<\/div>\n<\/div>\n<\/div><\/div>\n\n\n\n<div class=\"wp-block-group alignwide titre-intro is-layout-flow wp-block-group-is-layout-flow\" style=\"padding-top:var(--wp--preset--spacing--80);padding-bottom:var(--wp--preset--spacing--80)\">\n<h1 class=\"wp-block-heading has-text-align-center h1-interior animation--init--once slide-down has-theme-primary-green-color has-text-color has-link-color wp-elements-41b61c531771827ecd276755b02e06c3\">Ari\u00e8ge, a breath of fresh air<strong>&#8230;<\/strong><br><sub><mark style=\"background-color:rgba(0, 0, 0, 0)\" class=\"has-inline-color has-theme-dark-green-color\">of discoveries and culture !<\/mark><\/sub><\/h1>\n\n\n\n<p>Explore the incredible cultural and natural diversity of Ari\u00e8ge during your stay at Camping Portes d&#8217;Ari\u00e8ge Pamiers. Immerse yourself in the heart of winter with a range of skiing and snowshoeing activities in the majestic Ari\u00e8ge Pyrenees. Discover the picturesque lakes that dot the region, offering unforgettable moments of relaxation and water sports. Immerse yourself in the fascinating history of the medieval castles and Cathar villages that grace the landscape. Explore prehistoric caves and captivating museums for a journey through time and the rich traditions of Ari\u00e8ge. And don&#8217;t forget to savor the delicious local cuisine in this sun-drenched region.<\/p>\n<\/div>\n\n\n\n<div class=\"wp-block-columns alignfull are-vertically-aligned-center info-location-archive has-theme-beige-background-color has-background is-layout-flex wp-container-core-columns-is-layout-b61ab78d wp-block-columns-is-layout-flex\" style=\"margin-top:0;margin-bottom:0;padding-top:0;padding-right:0;padding-bottom:0;padding-left:0\">\n<div class=\"wp-block-column is-vertically-aligned-center is-layout-flow wp-block-column-is-layout-flow\" style=\"padding-right:0;padding-left:0\">\n<div class=\"wp-image-slider one-image-gallery has-text-align-left aspect-ratio-4_3\">\n\n                                        \n                    <script>\n                        'use strict';\n\n                        document.addEventListener('DOMContentLoaded', function () {\n\n                            (function() {\n                                const blockSlide = new Splide( '#slide_39', {\n                                    type : 'loop',\n                                    perPage: 1,\n                                                                        \n                                    breakpoints: {\n                                        800: {\n                                            perPage: 3,\n                                                                                    },\n                                        450: {\n                                            perPage: 1,\n                                            \n                                        },\n                                    },\n                                    pagination: true,\n                                    arrows: true,\n                                    gap: 'var(--wp--style--block-gap)',\n                                    i18n: {\n                                        slideLabel: '%s\/%s',\n                                    }\n                                } );\n                                \n\n                                \n                                blockSlide.mount();\n\n                                                                \n                                \n                            })();\n                        })\n                    <\/script>\n\n                    <div class=\"slider-container\"><div class=\"splide galeria-slider galeria-columnas-1\" id=\"slide_39\"><div class=\"splide__track\"><div class=\"splide__list\"><div id=\"thumb-3484\" class=\"splide__slide\"><div class=\"image-wrapper\"><img loading=\"lazy\" decoding=\"async\" width=\"1152\" height=\"882\" src=\"https:\/\/www.camping-portesdariege.com\/wp-content\/uploads\/nordique-3.jpg\" class=\"attachment-gallery size-gallery\" alt=\"\" srcset=\"https:\/\/www.camping-portesdariege.com\/wp-content\/uploads\/nordique-3.jpg 1152w, https:\/\/www.camping-portesdariege.com\/wp-content\/uploads\/nordique-3-1024x784.jpg 1024w, https:\/\/www.camping-portesdariege.com\/wp-content\/uploads\/nordique-3-768x588.jpg 768w, https:\/\/www.camping-portesdariege.com\/wp-content\/uploads\/nordique-3-512x392.jpg 512w, https:\/\/www.camping-portesdariege.com\/wp-content\/uploads\/nordique-3-256x196.jpg 256w\" sizes=\"auto, (max-width: 1152px) 100vw, 1152px\" \/><\/div><\/div><div id=\"thumb-3480\" class=\"splide__slide\"><div class=\"image-wrapper\"><img loading=\"lazy\" decoding=\"async\" width=\"1614\" height=\"1215\" src=\"https:\/\/www.camping-portesdariege.com\/wp-content\/uploads\/nordique-1.jpg\" class=\"attachment-gallery size-gallery\" alt=\"\" srcset=\"https:\/\/www.camping-portesdariege.com\/wp-content\/uploads\/nordique-1.jpg 1614w, https:\/\/www.camping-portesdariege.com\/wp-content\/uploads\/nordique-1-1024x771.jpg 1024w, https:\/\/www.camping-portesdariege.com\/wp-content\/uploads\/nordique-1-768x578.jpg 768w, https:\/\/www.camping-portesdariege.com\/wp-content\/uploads\/nordique-1-1536x1156.jpg 1536w, https:\/\/www.camping-portesdariege.com\/wp-content\/uploads\/nordique-1-512x385.jpg 512w, https:\/\/www.camping-portesdariege.com\/wp-content\/uploads\/nordique-1-256x193.jpg 256w\" sizes=\"auto, (max-width: 1614px) 100vw, 1614px\" \/><\/div><\/div><div id=\"thumb-2265\" class=\"splide__slide\"><div class=\"image-wrapper\"><img loading=\"lazy\" decoding=\"async\" width=\"1440\" height=\"811\" src=\"https:\/\/www.camping-portesdariege.com\/wp-content\/uploads\/ski-nordique-chioula.jpg\" class=\"attachment-gallery size-gallery\" alt=\"\" srcset=\"https:\/\/www.camping-portesdariege.com\/wp-content\/uploads\/ski-nordique-chioula.jpg 1440w, https:\/\/www.camping-portesdariege.com\/wp-content\/uploads\/ski-nordique-chioula-1024x577.jpg 1024w, https:\/\/www.camping-portesdariege.com\/wp-content\/uploads\/ski-nordique-chioula-768x433.jpg 768w, https:\/\/www.camping-portesdariege.com\/wp-content\/uploads\/ski-nordique-chioula-512x288.jpg 512w, https:\/\/www.camping-portesdariege.com\/wp-content\/uploads\/ski-nordique-chioula-256x144.jpg 256w\" sizes=\"auto, (max-width: 1440px) 100vw, 1440px\" \/><\/div><\/div><div id=\"thumb-1141\" class=\"splide__slide\"><div class=\"image-wrapper\"><img loading=\"lazy\" decoding=\"async\" width=\"845\" height=\"1080\" src=\"https:\/\/www.camping-portesdariege.com\/wp-content\/uploads\/ski.jpg\" class=\"attachment-gallery size-gallery\" alt=\"\" srcset=\"https:\/\/www.camping-portesdariege.com\/wp-content\/uploads\/ski.jpg 845w, https:\/\/www.camping-portesdariege.com\/wp-content\/uploads\/ski-801x1024.jpg 801w, https:\/\/www.camping-portesdariege.com\/wp-content\/uploads\/ski-768x982.jpg 768w, https:\/\/www.camping-portesdariege.com\/wp-content\/uploads\/ski-401x512.jpg 401w, https:\/\/www.camping-portesdariege.com\/wp-content\/uploads\/ski-200x256.jpg 200w\" sizes=\"auto, (max-width: 845px) 100vw, 845px\" \/><\/div><\/div><div id=\"thumb-2273\" class=\"splide__slide\"><div class=\"image-wrapper\"><img loading=\"lazy\" decoding=\"async\" width=\"1024\" height=\"683\" src=\"https:\/\/www.camping-portesdariege.com\/wp-content\/uploads\/ski-ax-les-3-domaines.jpg\" class=\"attachment-gallery size-gallery\" alt=\"\" srcset=\"https:\/\/www.camping-portesdariege.com\/wp-content\/uploads\/ski-ax-les-3-domaines.jpg 1024w, https:\/\/www.camping-portesdariege.com\/wp-content\/uploads\/ski-ax-les-3-domaines-768x512.jpg 768w, https:\/\/www.camping-portesdariege.com\/wp-content\/uploads\/ski-ax-les-3-domaines-512x342.jpg 512w, https:\/\/www.camping-portesdariege.com\/wp-content\/uploads\/ski-ax-les-3-domaines-256x171.jpg 256w\" sizes=\"auto, (max-width: 1024px) 100vw, 1024px\" \/><\/div><\/div><\/div><\/div><\/div><\/div>\n                    \n<\/div><\/div>\n\n\n\n<div class=\"wp-block-column is-vertically-aligned-center padding-columns is-layout-flow wp-block-column-is-layout-flow\" style=\"padding-right:0;padding-left:0\">\n<div class=\"wp-block-group oh is-layout-constrained wp-block-group-is-layout-constrained\" style=\"padding-top:var(--wp--preset--spacing--80);padding-bottom:var(--wp--preset--spacing--80)\">\n<div class=\"wp-block-group animation--init--once slide-down is-content-justification-space-between is-nowrap is-layout-flex wp-container-core-group-is-layout-cb46ffcb wp-block-group-is-layout-flex\">\n<figure class=\"wp-block-image size-large is-resized animation--init--once slide-left wp-duotone-68a975-fff-5\"><img loading=\"lazy\" decoding=\"async\" width=\"800\" height=\"800\" src=\"https:\/\/camping-portesdariege.com\/wp-content\/uploads\/ski-person-sport-winter-svgrepo-com.svg\" alt=\"\" class=\"wp-image-2856\" style=\"width:40px\"\/><\/figure>\n\n\n\n<h2 class=\"wp-block-heading has-text-align-left animation--init--once slide-right has-theme-primary-green-color has-text-color has-link-color has-h-2-font-size wp-elements-a2a18399f35f22b805d4fc978954f6bf\">Skiing <\/h2>\n<\/div>\n\n\n\n<div class=\"wp-block-group is-layout-constrained wp-block-group-is-layout-constrained\" style=\"margin-bottom:var(--wp--preset--spacing--80)\">\n<p>Immerse yourself in the heart of winter in the Ari\u00e8ge Pyrenees with an exceptional Nordic skiing experience, to be discovered during your stay at Camping Porte d&#8217;Ari\u00e8ge. Three resorts await you, ready to fully indulge your passion for skiing amidst breathtaking natural scenery.<\/p>\n\n\n\n<p>The Chioula resort, nestled at an altitude of 1,240 meters, offers an authentic and peaceful setting with its Nordic ski trails winding through unspoiled landscapes. In Beille, between 1,800 and 2,000 meters, explore the largest Nordic ski area in the Pyrenees, with 21 marked trails and biathlon facilities. Mijan\u00e8s-Donezan, at 1,730 meters, welcomes you to a forest setting for unforgettable skiing experiences. As an added bonus, the Ax Les Trois Domaines resort offers an unparalleled alpine skiing experience, with 80 km of slopes suitable for all levels, a snowpark, and safe areas for beginners. Whether you&#8217;re alone, with family, or with friends, Ari\u00e8ge promises a winter adventure full of excitement.<\/p>\n<\/div>\n\n\n\n<div class=\"wp-block-buttons animation--init--once slide-up is-content-justification-center is-layout-flex wp-container-core-buttons-is-layout-a89b3969 wp-block-buttons-is-layout-flex\">\n<div class=\"wp-block-button\"><a class=\"wp-block-button__link wp-element-button\" href=\"https:\/\/www.camping-portesdariege.com\/en\/la-region\/le-ski-neige-et-raquette\/\">Learn More<\/a><\/div>\n<\/div>\n<\/div>\n<\/div>\n<\/div>\n\n\n\n<div class=\"wp-block-columns alignfull are-vertically-aligned-center info-location-archive reverse-mobile is-layout-flex wp-container-core-columns-is-layout-b61ab78d wp-block-columns-is-layout-flex\" style=\"margin-top:0;margin-bottom:0;padding-top:0;padding-right:0;padding-bottom:0;padding-left:0\">\n<div class=\"wp-block-column is-vertically-aligned-center padding-columns is-layout-flow wp-block-column-is-layout-flow\" style=\"padding-right:0;padding-left:0\">\n<div class=\"wp-block-group oh is-layout-constrained wp-block-group-is-layout-constrained\" style=\"padding-top:var(--wp--preset--spacing--80);padding-bottom:var(--wp--preset--spacing--80)\">\n<div class=\"wp-block-group animation--init--once slide-down is-content-justification-space-between is-nowrap is-layout-flex wp-container-core-group-is-layout-cb46ffcb wp-block-group-is-layout-flex\">\n<figure class=\"wp-block-image size-large is-resized animation--init--once slide-left wp-duotone-68a975-fff-6\"><img loading=\"lazy\" decoding=\"async\" width=\"800\" height=\"800\" src=\"https:\/\/camping-portesdariege.com\/wp-content\/uploads\/lake-svgrepo-com.svg\" alt=\"\" class=\"wp-image-2854\" style=\"width:40px\"\/><\/figure>\n\n\n\n<h2 class=\"wp-block-heading has-text-align-left animation--init--once slide-right has-theme-primary-green-color has-text-color has-link-color has-h-2-font-size wp-elements-63e1c260c503429a3fb76aeff1c5d029\">The Lakes<\/h2>\n<\/div>\n\n\n\n<div class=\"wp-block-group is-layout-constrained wp-block-group-is-layout-constrained\" style=\"margin-bottom:var(--wp--preset--spacing--80)\">\n<p class=\"animation--init--once slide-down\"><br>Discover the magnificent region around Pamiers during your stay at Camping Porte d&#8217;Ari\u00e8ge. Explore the splendid surrounding lakes, such as the picturesque Lac de Montbel, offering a recreational oasis with its azure waters, perfect for swimming, fishing, and water sports. Nearby, the charming Lac de Carla-Bayle invites you to relax with its walking paths and supervised swimming area, while the wild Lac de Mond\u00e9ly promises an immersive experience in nature. Don&#8217;t miss the Mercus Garrabet water park for unforgettable moments of aquatic fun.<\/p>\n<\/div>\n\n\n\n<div class=\"wp-block-buttons animation--init--once slide-up is-content-justification-center is-layout-flex wp-container-core-buttons-is-layout-a89b3969 wp-block-buttons-is-layout-flex\">\n<div class=\"wp-block-button\"><a class=\"wp-block-button__link wp-element-button\" href=\"https:\/\/www.camping-portesdariege.com\/en\/la-region\/les-lacs\/\">Learn More<\/a><\/div>\n<\/div>\n<\/div>\n<\/div>\n\n\n\n<div class=\"wp-block-column is-vertically-aligned-center is-layout-flow wp-block-column-is-layout-flow\" style=\"padding-right:0;padding-left:0\">\n<div class=\"wp-image-slider one-image-gallery has-text-align-left aspect-ratio-4_3\">\n\n                                        \n                    <script>\n                        'use strict';\n\n                        document.addEventListener('DOMContentLoaded', function () {\n\n                            (function() {\n                                const blockSlide = new Splide( '#slide_190', {\n                                    type : 'loop',\n                                    perPage: 1,\n                                                                        \n                                    breakpoints: {\n                                        800: {\n                                            perPage: 3,\n                                                                                    },\n                                        450: {\n                                            perPage: 1,\n                                            \n                                        },\n                                    },\n                                    pagination: true,\n                                    arrows: true,\n                                    gap: 'var(--wp--style--block-gap)',\n                                    i18n: {\n                                        slideLabel: '%s\/%s',\n                                    }\n                                } );\n                                \n\n                                \n                                blockSlide.mount();\n\n                                                                \n                                \n                            })();\n                        })\n                    <\/script>\n\n                    <div class=\"slider-container\"><div class=\"splide galeria-slider galeria-columnas-1\" id=\"slide_190\"><div class=\"splide__track\"><div class=\"splide__list\"><div id=\"thumb-3514\" class=\"splide__slide\"><div class=\"image-wrapper\"><img loading=\"lazy\" decoding=\"async\" width=\"1920\" height=\"1080\" src=\"https:\/\/www.camping-portesdariege.com\/wp-content\/uploads\/banner-lac.jpg\" class=\"attachment-gallery size-gallery\" alt=\"\" srcset=\"https:\/\/www.camping-portesdariege.com\/wp-content\/uploads\/banner-lac.jpg 1920w, https:\/\/www.camping-portesdariege.com\/wp-content\/uploads\/banner-lac-1024x576.jpg 1024w, https:\/\/www.camping-portesdariege.com\/wp-content\/uploads\/banner-lac-768x432.jpg 768w, https:\/\/www.camping-portesdariege.com\/wp-content\/uploads\/banner-lac-1536x864.jpg 1536w, https:\/\/www.camping-portesdariege.com\/wp-content\/uploads\/banner-lac-512x288.jpg 512w, https:\/\/www.camping-portesdariege.com\/wp-content\/uploads\/banner-lac-256x144.jpg 256w\" sizes=\"auto, (max-width: 1920px) 100vw, 1920px\" \/><\/div><\/div><div id=\"thumb-3504\" class=\"splide__slide\"><div class=\"image-wrapper\"><img loading=\"lazy\" decoding=\"async\" width=\"1560\" height=\"1006\" src=\"https:\/\/www.camping-portesdariege.com\/wp-content\/uploads\/lac-de-filheit-1.jpg\" class=\"attachment-gallery size-gallery\" alt=\"\" srcset=\"https:\/\/www.camping-portesdariege.com\/wp-content\/uploads\/lac-de-filheit-1.jpg 1560w, https:\/\/www.camping-portesdariege.com\/wp-content\/uploads\/lac-de-filheit-1-1024x660.jpg 1024w, https:\/\/www.camping-portesdariege.com\/wp-content\/uploads\/lac-de-filheit-1-768x495.jpg 768w, https:\/\/www.camping-portesdariege.com\/wp-content\/uploads\/lac-de-filheit-1-1536x991.jpg 1536w, https:\/\/www.camping-portesdariege.com\/wp-content\/uploads\/lac-de-filheit-1-512x330.jpg 512w, https:\/\/www.camping-portesdariege.com\/wp-content\/uploads\/lac-de-filheit-1-256x165.jpg 256w\" sizes=\"auto, (max-width: 1560px) 100vw, 1560px\" \/><\/div><\/div><div id=\"thumb-3498\" class=\"splide__slide\"><div class=\"image-wrapper\"><img loading=\"lazy\" decoding=\"async\" width=\"2048\" height=\"1286\" src=\"https:\/\/www.camping-portesdariege.com\/wp-content\/uploads\/lac-de-mondely-1-2048x1286.jpg\" class=\"attachment-gallery size-gallery\" alt=\"\" srcset=\"https:\/\/www.camping-portesdariege.com\/wp-content\/uploads\/lac-de-mondely-1-2048x1286.jpg 2048w, https:\/\/www.camping-portesdariege.com\/wp-content\/uploads\/lac-de-mondely-1-1024x643.jpg 1024w, https:\/\/www.camping-portesdariege.com\/wp-content\/uploads\/lac-de-mondely-1-768x482.jpg 768w, https:\/\/www.camping-portesdariege.com\/wp-content\/uploads\/lac-de-mondely-1-1536x965.jpg 1536w, https:\/\/www.camping-portesdariege.com\/wp-content\/uploads\/lac-de-mondely-1-512x322.jpg 512w, https:\/\/www.camping-portesdariege.com\/wp-content\/uploads\/lac-de-mondely-1-256x161.jpg 256w\" sizes=\"auto, (max-width: 2048px) 100vw, 2048px\" \/><\/div><\/div><div id=\"thumb-3508\" class=\"splide__slide\"><div class=\"image-wrapper\"><img loading=\"lazy\" decoding=\"async\" width=\"1706\" height=\"882\" src=\"https:\/\/www.camping-portesdariege.com\/wp-content\/uploads\/plan-d-eau.jpg\" class=\"attachment-gallery size-gallery\" alt=\"\" srcset=\"https:\/\/www.camping-portesdariege.com\/wp-content\/uploads\/plan-d-eau.jpg 1706w, https:\/\/www.camping-portesdariege.com\/wp-content\/uploads\/plan-d-eau-1024x529.jpg 1024w, https:\/\/www.camping-portesdariege.com\/wp-content\/uploads\/plan-d-eau-768x397.jpg 768w, https:\/\/www.camping-portesdariege.com\/wp-content\/uploads\/plan-d-eau-1536x794.jpg 1536w, https:\/\/www.camping-portesdariege.com\/wp-content\/uploads\/plan-d-eau-512x265.jpg 512w, https:\/\/www.camping-portesdariege.com\/wp-content\/uploads\/plan-d-eau-256x132.jpg 256w\" sizes=\"auto, (max-width: 1706px) 100vw, 1706px\" \/><\/div><\/div><\/div><\/div><\/div><\/div>\n                    \n<\/div><\/div>\n<\/div>\n\n\n\n<div class=\"wp-block-columns alignfull are-vertically-aligned-center info-location-archive has-theme-beige-background-color has-background is-layout-flex wp-container-core-columns-is-layout-b61ab78d wp-block-columns-is-layout-flex\" style=\"margin-top:0;margin-bottom:0;padding-top:0;padding-right:0;padding-bottom:0;padding-left:0\">\n<div class=\"wp-block-column is-vertically-aligned-center is-layout-flow wp-block-column-is-layout-flow\" style=\"padding-right:0;padding-left:0\">\n<div class=\"wp-image-slider one-image-gallery has-text-align-left aspect-ratio-4_3\">\n\n                                        \n                    <script>\n                        'use strict';\n\n                        document.addEventListener('DOMContentLoaded', function () {\n\n                            (function() {\n                                const blockSlide = new Splide( '#slide_902', {\n                                    type : 'loop',\n                                    perPage: 1,\n                                                                        \n                                    breakpoints: {\n                                        800: {\n                                            perPage: 3,\n                                                                                    },\n                                        450: {\n                                            perPage: 1,\n                                            \n                                        },\n                                    },\n                                    pagination: true,\n                                    arrows: true,\n                                    gap: 'var(--wp--style--block-gap)',\n                                    i18n: {\n                                        slideLabel: '%s\/%s',\n                                    }\n                                } );\n                                \n\n                                \n                                blockSlide.mount();\n\n                                                                \n                                \n                            })();\n                        })\n                    <\/script>\n\n                    <div class=\"slider-container\"><div class=\"splide galeria-slider galeria-columnas-1\" id=\"slide_902\"><div class=\"splide__track\"><div class=\"splide__list\"><div id=\"thumb-2313\" class=\"splide__slide\"><div class=\"image-wrapper\"><img loading=\"lazy\" decoding=\"async\" width=\"1440\" height=\"811\" src=\"https:\/\/www.camping-portesdariege.com\/wp-content\/uploads\/chateau-de-montsegur-1.jpg\" class=\"attachment-gallery size-gallery\" alt=\"\" srcset=\"https:\/\/www.camping-portesdariege.com\/wp-content\/uploads\/chateau-de-montsegur-1.jpg 1440w, https:\/\/www.camping-portesdariege.com\/wp-content\/uploads\/chateau-de-montsegur-1-1024x577.jpg 1024w, https:\/\/www.camping-portesdariege.com\/wp-content\/uploads\/chateau-de-montsegur-1-768x433.jpg 768w, https:\/\/www.camping-portesdariege.com\/wp-content\/uploads\/chateau-de-montsegur-1-512x288.jpg 512w, https:\/\/www.camping-portesdariege.com\/wp-content\/uploads\/chateau-de-montsegur-1-256x144.jpg 256w\" sizes=\"auto, (max-width: 1440px) 100vw, 1440px\" \/><\/div><\/div><div id=\"thumb-2311\" class=\"splide__slide\"><div class=\"image-wrapper\"><img loading=\"lazy\" decoding=\"async\" width=\"270\" height=\"270\" src=\"https:\/\/www.camping-portesdariege.com\/wp-content\/uploads\/chateau-de-foix.jpg\" class=\"attachment-gallery size-gallery\" alt=\"\" srcset=\"https:\/\/www.camping-portesdariege.com\/wp-content\/uploads\/chateau-de-foix.jpg 270w, https:\/\/www.camping-portesdariege.com\/wp-content\/uploads\/chateau-de-foix-200x200.jpg 200w, https:\/\/www.camping-portesdariege.com\/wp-content\/uploads\/chateau-de-foix-256x256.jpg 256w\" sizes=\"auto, (max-width: 270px) 100vw, 270px\" \/><\/div><\/div><\/div><\/div><\/div><\/div>\n                    \n<\/div><\/div>\n\n\n\n<div class=\"wp-block-column is-vertically-aligned-center padding-columns is-layout-flow wp-block-column-is-layout-flow\" style=\"padding-right:0;padding-left:0\">\n<div class=\"wp-block-group oh is-layout-constrained wp-block-group-is-layout-constrained\" style=\"padding-top:var(--wp--preset--spacing--80);padding-bottom:var(--wp--preset--spacing--80)\">\n<div class=\"wp-block-group animation--init--once slide-down is-content-justification-space-between is-nowrap is-layout-flex wp-container-core-group-is-layout-cb46ffcb wp-block-group-is-layout-flex\">\n<figure class=\"wp-block-image size-large is-resized animation--init--once slide-left wp-duotone-68a975-fff-7\"><img loading=\"lazy\" decoding=\"async\" width=\"100\" height=\"100\" src=\"https:\/\/camping-portesdariege.com\/wp-content\/uploads\/castle-defensive-14-svgrepo-com.svg\" alt=\"\" class=\"wp-image-2852\" style=\"width:40px\"\/><\/figure>\n\n\n\n<h2 class=\"wp-block-heading has-text-align-left animation--init--once slide-right has-theme-primary-green-color has-text-color has-link-color has-h-2-font-size wp-elements-647828280048e3ab496314e39d2fc4e2\">The castles of Ari\u00e8ge<\/h2>\n<\/div>\n\n\n\n<div class=\"wp-block-group is-layout-constrained wp-block-group-is-layout-constrained\" style=\"margin-bottom:var(--wp--preset--spacing--80)\">\n<p>The stronghold of the Counts of Foix, it overlooks the upper Ari\u00e8ge valley and the town of Foix below. Located on the edge of the region, it was the stronghold of Ari\u00e8ge and witnessed tumultuous events such as the Albigensian Crusade, the Thirty Years&#8217; War, and the Wars of Religion.<\/p>\n\n\n\n<p>In 1930, the Ch\u00e2teau de Foix became home to the Ari\u00e8ge departmental museum, where the whole family is invited to relive the Middle Ages through fun workshops. Come and discover the secrets of the castle!<\/p>\n<\/div>\n\n\n\n<div class=\"wp-block-buttons animation--init--once slide-up is-content-justification-center is-layout-flex wp-container-core-buttons-is-layout-a89b3969 wp-block-buttons-is-layout-flex\">\n<div class=\"wp-block-button\"><a class=\"wp-block-button__link wp-element-button\" href=\"https:\/\/www.camping-portesdariege.com\/en\/la-region\/les-chateaux\/\">Learn More<\/a><\/div>\n<\/div>\n<\/div>\n<\/div>\n<\/div>\n\n\n\n<div class=\"wp-block-columns alignfull are-vertically-aligned-center info-location-archive reverse-mobile is-layout-flex wp-container-core-columns-is-layout-b61ab78d wp-block-columns-is-layout-flex\" style=\"margin-top:0;margin-bottom:0;padding-top:0;padding-right:0;padding-bottom:0;padding-left:0\">\n<div class=\"wp-block-column is-vertically-aligned-center padding-columns is-layout-flow wp-block-column-is-layout-flow\" style=\"padding-right:0;padding-left:0\">\n<div class=\"wp-block-group oh is-layout-constrained wp-block-group-is-layout-constrained\" style=\"padding-top:var(--wp--preset--spacing--80);padding-bottom:var(--wp--preset--spacing--80)\">\n<div class=\"wp-block-group animation--init--once slide-down is-content-justification-space-between is-nowrap is-layout-flex wp-container-core-group-is-layout-cb46ffcb wp-block-group-is-layout-flex\">\n<figure class=\"wp-block-image size-large is-resized animation--init--once slide-left wp-duotone-68a975-fff-8\"><img loading=\"lazy\" decoding=\"async\" width=\"800\" height=\"800\" src=\"https:\/\/camping-portesdariege.com\/wp-content\/uploads\/valley-svgrepo-com.svg\" alt=\"\" class=\"wp-image-2844\" style=\"width:40px\"\/><\/figure>\n\n\n\n<h2 class=\"wp-block-heading has-text-align-left animation--init--once slide-right has-theme-primary-green-color has-text-color has-link-color has-h-2-font-size wp-elements-e0b48e7495903430a63cafbd8ec3420e\">The Villages<\/h2>\n<\/div>\n\n\n\n<div class=\"wp-block-group is-layout-constrained wp-block-group-is-layout-constrained\" style=\"margin-bottom:var(--wp--preset--spacing--80)\">\n<p>At the heart of Cathar history, the bastide of Maz\u00e8res became the residence of the Counts of Foix, and Gaston F\u00e9bus (14th century) built his castle there.<\/p>\n\n\n\n<p>In the 15th and 16th centuries, its economy was stimulated by the rise of woad cultivation.<br>In the 16th century, Maz\u00e8res became the most important Protestant stronghold in the County, and during the Wars of Religion, many religious and military buildings were burned and demolished.<\/p>\n<\/div>\n\n\n\n<div class=\"wp-block-buttons animation--init--once slide-up is-content-justification-center is-layout-flex wp-container-core-buttons-is-layout-a89b3969 wp-block-buttons-is-layout-flex\">\n<div class=\"wp-block-button\"><a class=\"wp-block-button__link wp-element-button\" href=\"https:\/\/www.camping-portesdariege.com\/en\/la-region\/les-villages\/\">Learn More<\/a><\/div>\n<\/div>\n<\/div>\n<\/div>\n\n\n\n<div class=\"wp-block-column is-vertically-aligned-center is-layout-flow wp-block-column-is-layout-flow\" style=\"padding-right:0;padding-left:0\">\n<div class=\"wp-image-slider one-image-gallery has-text-align-left aspect-ratio-4_3\">\n\n                                        \n                    <script>\n                        'use strict';\n\n                        document.addEventListener('DOMContentLoaded', function () {\n\n                            (function() {\n                                const blockSlide = new Splide( '#slide_203', {\n                                    type : 'loop',\n                                    perPage: 1,\n                                                                        \n                                    breakpoints: {\n                                        800: {\n                                            perPage: 3,\n                                                                                    },\n                                        450: {\n                                            perPage: 1,\n                                            \n                                        },\n                                    },\n                                    pagination: true,\n                                    arrows: true,\n                                    gap: 'var(--wp--style--block-gap)',\n                                    i18n: {\n                                        slideLabel: '%s\/%s',\n                                    }\n                                } );\n                                \n\n                                \n                                blockSlide.mount();\n\n                                                                \n                                \n                            })();\n                        })\n                    <\/script>\n\n                    <div class=\"slider-container\"><div class=\"splide galeria-slider galeria-columnas-1\" id=\"slide_203\"><div class=\"splide__track\"><div class=\"splide__list\"><div id=\"thumb-3524\" class=\"splide__slide\"><div class=\"image-wrapper\"><img loading=\"lazy\" decoding=\"async\" width=\"1600\" height=\"778\" src=\"https:\/\/www.camping-portesdariege.com\/wp-content\/uploads\/bastide-mazeres-2.jpg\" class=\"attachment-gallery size-gallery\" alt=\"\" srcset=\"https:\/\/www.camping-portesdariege.com\/wp-content\/uploads\/bastide-mazeres-2.jpg 1600w, https:\/\/www.camping-portesdariege.com\/wp-content\/uploads\/bastide-mazeres-2-1024x498.jpg 1024w, https:\/\/www.camping-portesdariege.com\/wp-content\/uploads\/bastide-mazeres-2-768x373.jpg 768w, https:\/\/www.camping-portesdariege.com\/wp-content\/uploads\/bastide-mazeres-2-1536x747.jpg 1536w, https:\/\/www.camping-portesdariege.com\/wp-content\/uploads\/bastide-mazeres-2-512x249.jpg 512w, https:\/\/www.camping-portesdariege.com\/wp-content\/uploads\/bastide-mazeres-2-256x124.jpg 256w\" sizes=\"auto, (max-width: 1600px) 100vw, 1600px\" \/><\/div><\/div><div id=\"thumb-3537\" class=\"splide__slide\"><div class=\"image-wrapper\"><img loading=\"lazy\" decoding=\"async\" width=\"1440\" height=\"958\" src=\"https:\/\/www.camping-portesdariege.com\/wp-content\/uploads\/montaut-2.jpg\" class=\"attachment-gallery size-gallery\" alt=\"\" srcset=\"https:\/\/www.camping-portesdariege.com\/wp-content\/uploads\/montaut-2.jpg 1440w, https:\/\/www.camping-portesdariege.com\/wp-content\/uploads\/montaut-2-1024x681.jpg 1024w, https:\/\/www.camping-portesdariege.com\/wp-content\/uploads\/montaut-2-768x511.jpg 768w, https:\/\/www.camping-portesdariege.com\/wp-content\/uploads\/montaut-2-512x341.jpg 512w, https:\/\/www.camping-portesdariege.com\/wp-content\/uploads\/montaut-2-256x170.jpg 256w\" sizes=\"auto, (max-width: 1440px) 100vw, 1440px\" \/><\/div><\/div><div id=\"thumb-3528\" class=\"splide__slide\"><div class=\"image-wrapper\"><img loading=\"lazy\" decoding=\"async\" width=\"1400\" height=\"1000\" src=\"https:\/\/www.camping-portesdariege.com\/wp-content\/uploads\/st-martin-doydes-2.jpg\" class=\"attachment-gallery size-gallery\" alt=\"\" srcset=\"https:\/\/www.camping-portesdariege.com\/wp-content\/uploads\/st-martin-doydes-2.jpg 1400w, https:\/\/www.camping-portesdariege.com\/wp-content\/uploads\/st-martin-doydes-2-1024x731.jpg 1024w, https:\/\/www.camping-portesdariege.com\/wp-content\/uploads\/st-martin-doydes-2-768x549.jpg 768w, https:\/\/www.camping-portesdariege.com\/wp-content\/uploads\/st-martin-doydes-2-512x366.jpg 512w, https:\/\/www.camping-portesdariege.com\/wp-content\/uploads\/st-martin-doydes-2-256x183.jpg 256w\" sizes=\"auto, (max-width: 1400px) 100vw, 1400px\" \/><\/div><\/div><div id=\"thumb-3533\" class=\"splide__slide\"><div class=\"image-wrapper\"><img loading=\"lazy\" decoding=\"async\" width=\"1920\" height=\"1281\" src=\"https:\/\/www.camping-portesdariege.com\/wp-content\/uploads\/mirepoix-2.jpg\" class=\"attachment-gallery size-gallery\" alt=\"\" srcset=\"https:\/\/www.camping-portesdariege.com\/wp-content\/uploads\/mirepoix-2.jpg 1920w, https:\/\/www.camping-portesdariege.com\/wp-content\/uploads\/mirepoix-2-1024x683.jpg 1024w, https:\/\/www.camping-portesdariege.com\/wp-content\/uploads\/mirepoix-2-768x512.jpg 768w, https:\/\/www.camping-portesdariege.com\/wp-content\/uploads\/mirepoix-2-1536x1025.jpg 1536w, https:\/\/www.camping-portesdariege.com\/wp-content\/uploads\/mirepoix-2-512x342.jpg 512w, https:\/\/www.camping-portesdariege.com\/wp-content\/uploads\/mirepoix-2-256x171.jpg 256w\" sizes=\"auto, (max-width: 1920px) 100vw, 1920px\" \/><\/div><\/div><div id=\"thumb-3541\" class=\"splide__slide\"><div class=\"image-wrapper\"><img loading=\"lazy\" decoding=\"async\" width=\"1920\" height=\"1440\" src=\"https:\/\/www.camping-portesdariege.com\/wp-content\/uploads\/le-carla-bayle-2.jpg\" class=\"attachment-gallery size-gallery\" alt=\"\" srcset=\"https:\/\/www.camping-portesdariege.com\/wp-content\/uploads\/le-carla-bayle-2.jpg 1920w, https:\/\/www.camping-portesdariege.com\/wp-content\/uploads\/le-carla-bayle-2-1024x768.jpg 1024w, https:\/\/www.camping-portesdariege.com\/wp-content\/uploads\/le-carla-bayle-2-768x576.jpg 768w, https:\/\/www.camping-portesdariege.com\/wp-content\/uploads\/le-carla-bayle-2-1536x1152.jpg 1536w, https:\/\/www.camping-portesdariege.com\/wp-content\/uploads\/le-carla-bayle-2-512x384.jpg 512w, https:\/\/www.camping-portesdariege.com\/wp-content\/uploads\/le-carla-bayle-2-256x192.jpg 256w\" sizes=\"auto, (max-width: 1920px) 100vw, 1920px\" \/><\/div><\/div><\/div><\/div><\/div><\/div>\n                    \n<\/div><\/div>\n<\/div>\n\n\n\n<div class=\"wp-block-columns alignfull are-vertically-aligned-center info-location-archive has-theme-beige-background-color has-background is-layout-flex wp-container-core-columns-is-layout-b61ab78d wp-block-columns-is-layout-flex\" style=\"margin-top:0;margin-bottom:0;padding-top:0;padding-right:0;padding-bottom:0;padding-left:0\">\n<div class=\"wp-block-column is-vertically-aligned-center is-layout-flow wp-block-column-is-layout-flow\" style=\"padding-right:0;padding-left:0\">\n<div class=\"wp-image-slider one-image-gallery has-text-align-left aspect-ratio-4_3\">\n\n                                        \n                    <script>\n                        'use strict';\n\n                        document.addEventListener('DOMContentLoaded', function () {\n\n                            (function() {\n                                const blockSlide = new Splide( '#slide_40', {\n                                    type : 'loop',\n                                    perPage: 1,\n                                                                        \n                                    breakpoints: {\n                                        800: {\n                                            perPage: 3,\n                                                                                    },\n                                        450: {\n                                            perPage: 1,\n                                            \n                                        },\n                                    },\n                                    pagination: true,\n                                    arrows: true,\n                                    gap: 'var(--wp--style--block-gap)',\n                                    i18n: {\n                                        slideLabel: '%s\/%s',\n                                    }\n                                } );\n                                \n\n                                \n                                blockSlide.mount();\n\n                                                                \n                                \n                            })();\n                        })\n                    <\/script>\n\n                    <div class=\"slider-container\"><div class=\"splide galeria-slider galeria-columnas-1\" id=\"slide_40\"><div class=\"splide__track\"><div class=\"splide__list\"><div id=\"thumb-3585\" class=\"splide__slide\"><div class=\"image-wrapper\"><img loading=\"lazy\" decoding=\"async\" width=\"1920\" height=\"1282\" src=\"https:\/\/www.camping-portesdariege.com\/wp-content\/uploads\/grotte-mas-dazil-2.jpg\" class=\"attachment-gallery size-gallery\" alt=\"\" srcset=\"https:\/\/www.camping-portesdariege.com\/wp-content\/uploads\/grotte-mas-dazil-2.jpg 1920w, https:\/\/www.camping-portesdariege.com\/wp-content\/uploads\/grotte-mas-dazil-2-1024x684.jpg 1024w, https:\/\/www.camping-portesdariege.com\/wp-content\/uploads\/grotte-mas-dazil-2-768x513.jpg 768w, https:\/\/www.camping-portesdariege.com\/wp-content\/uploads\/grotte-mas-dazil-2-1536x1026.jpg 1536w, https:\/\/www.camping-portesdariege.com\/wp-content\/uploads\/grotte-mas-dazil-2-512x342.jpg 512w, https:\/\/www.camping-portesdariege.com\/wp-content\/uploads\/grotte-mas-dazil-2-256x171.jpg 256w\" sizes=\"auto, (max-width: 1920px) 100vw, 1920px\" \/><\/div><\/div><div id=\"thumb-3575\" class=\"splide__slide\"><div class=\"image-wrapper\"><img loading=\"lazy\" decoding=\"async\" width=\"870\" height=\"640\" src=\"https:\/\/www.camping-portesdariege.com\/wp-content\/uploads\/grotte-lombrives-1.jpg\" class=\"attachment-gallery size-gallery\" alt=\"\" srcset=\"https:\/\/www.camping-portesdariege.com\/wp-content\/uploads\/grotte-lombrives-1.jpg 870w, https:\/\/www.camping-portesdariege.com\/wp-content\/uploads\/grotte-lombrives-1-768x565.jpg 768w, https:\/\/www.camping-portesdariege.com\/wp-content\/uploads\/grotte-lombrives-1-512x377.jpg 512w, https:\/\/www.camping-portesdariege.com\/wp-content\/uploads\/grotte-lombrives-1-256x188.jpg 256w\" sizes=\"auto, (max-width: 870px) 100vw, 870px\" \/><\/div><\/div><div id=\"thumb-2393\" class=\"splide__slide\"><div class=\"image-wrapper\"><img loading=\"lazy\" decoding=\"async\" width=\"1800\" height=\"1200\" src=\"https:\/\/www.camping-portesdariege.com\/wp-content\/uploads\/grotte-de-bedeilhac.jpg\" class=\"attachment-gallery size-gallery\" alt=\"\" srcset=\"https:\/\/www.camping-portesdariege.com\/wp-content\/uploads\/grotte-de-bedeilhac.jpg 1800w, https:\/\/www.camping-portesdariege.com\/wp-content\/uploads\/grotte-de-bedeilhac-1024x683.jpg 1024w, https:\/\/www.camping-portesdariege.com\/wp-content\/uploads\/grotte-de-bedeilhac-768x512.jpg 768w, https:\/\/www.camping-portesdariege.com\/wp-content\/uploads\/grotte-de-bedeilhac-1536x1024.jpg 1536w, https:\/\/www.camping-portesdariege.com\/wp-content\/uploads\/grotte-de-bedeilhac-512x341.jpg 512w, https:\/\/www.camping-portesdariege.com\/wp-content\/uploads\/grotte-de-bedeilhac-256x171.jpg 256w\" sizes=\"auto, (max-width: 1800px) 100vw, 1800px\" \/><\/div><\/div><div id=\"thumb-2397\" class=\"splide__slide\"><div class=\"image-wrapper\"><img loading=\"lazy\" decoding=\"async\" width=\"1440\" height=\"720\" src=\"https:\/\/www.camping-portesdariege.com\/wp-content\/uploads\/grotte-du-mas-dazil.jpg\" class=\"attachment-gallery size-gallery\" alt=\"\" srcset=\"https:\/\/www.camping-portesdariege.com\/wp-content\/uploads\/grotte-du-mas-dazil.jpg 1440w, https:\/\/www.camping-portesdariege.com\/wp-content\/uploads\/grotte-du-mas-dazil-1024x512.jpg 1024w, https:\/\/www.camping-portesdariege.com\/wp-content\/uploads\/grotte-du-mas-dazil-768x384.jpg 768w, https:\/\/www.camping-portesdariege.com\/wp-content\/uploads\/grotte-du-mas-dazil-512x256.jpg 512w, https:\/\/www.camping-portesdariege.com\/wp-content\/uploads\/grotte-du-mas-dazil-256x128.jpg 256w\" sizes=\"auto, (max-width: 1440px) 100vw, 1440px\" \/><\/div><\/div><div id=\"thumb-2395\" class=\"splide__slide\"><div class=\"image-wrapper\"><img loading=\"lazy\" decoding=\"async\" width=\"278\" height=\"181\" src=\"https:\/\/www.camping-portesdariege.com\/wp-content\/uploads\/grotte-de-niaux.jpg\" class=\"attachment-gallery size-gallery\" alt=\"\" srcset=\"https:\/\/www.camping-portesdariege.com\/wp-content\/uploads\/grotte-de-niaux.jpg 278w, https:\/\/www.camping-portesdariege.com\/wp-content\/uploads\/grotte-de-niaux-256x167.jpg 256w\" sizes=\"auto, (max-width: 278px) 100vw, 278px\" \/><\/div><\/div><div id=\"thumb-2401\" class=\"splide__slide\"><div class=\"image-wrapper\"><img loading=\"lazy\" decoding=\"async\" width=\"1200\" height=\"760\" src=\"https:\/\/www.camping-portesdariege.com\/wp-content\/uploads\/riviere-souterraine-de-labouiche.jpg\" class=\"attachment-gallery size-gallery\" alt=\"\" srcset=\"https:\/\/www.camping-portesdariege.com\/wp-content\/uploads\/riviere-souterraine-de-labouiche.jpg 1200w, https:\/\/www.camping-portesdariege.com\/wp-content\/uploads\/riviere-souterraine-de-labouiche-1024x649.jpg 1024w, https:\/\/www.camping-portesdariege.com\/wp-content\/uploads\/riviere-souterraine-de-labouiche-768x486.jpg 768w, https:\/\/www.camping-portesdariege.com\/wp-content\/uploads\/riviere-souterraine-de-labouiche-512x324.jpg 512w, https:\/\/www.camping-portesdariege.com\/wp-content\/uploads\/riviere-souterraine-de-labouiche-256x162.jpg 256w\" sizes=\"auto, (max-width: 1200px) 100vw, 1200px\" \/><\/div><\/div><\/div><\/div><\/div><\/div>\n                    \n<\/div><\/div>\n\n\n\n<div class=\"wp-block-column is-vertically-aligned-center padding-columns is-layout-flow wp-block-column-is-layout-flow\" style=\"padding-right:0;padding-left:0\">\n<div class=\"wp-block-group oh is-layout-constrained wp-block-group-is-layout-constrained\" style=\"padding-top:var(--wp--preset--spacing--80);padding-bottom:var(--wp--preset--spacing--80)\">\n<div class=\"wp-block-group animation--init--once slide-down is-content-justification-space-between is-nowrap is-layout-flex wp-container-core-group-is-layout-cb46ffcb wp-block-group-is-layout-flex\">\n<figure class=\"wp-block-image size-large is-resized animation--init--once slide-left wp-duotone-68a975-fff-9\"><img loading=\"lazy\" decoding=\"async\" width=\"800\" height=\"800\" src=\"https:\/\/camping-portesdariege.com\/wp-content\/uploads\/stalactites-svgrepo-com.svg\" alt=\"\" class=\"wp-image-2860\" style=\"width:40px\"\/><\/figure>\n\n\n\n<h2 class=\"wp-block-heading has-text-align-left animation--init--once slide-right has-theme-primary-green-color has-text-color has-link-color has-h-2-font-size wp-elements-561a83460dba0a886713636607f36495\">The Caves<br><sub><mark style=\"background-color:rgba(0, 0, 0, 0)\" class=\"has-inline-color has-theme-dark-green-color\">Caves and prehistory in Ari\u00e8ge<\/mark><\/sub><\/h2>\n<\/div>\n\n\n\n<div class=\"wp-block-group is-layout-constrained wp-block-group-is-layout-constrained\" style=\"margin-bottom:var(--wp--preset--spacing--80)\">\n<p><strong>Ari\u00e8ge is a paradise for those who explore lost worlds. Come and search for the clues left behind by early humans: footprints, flint tools, jewelry, and cave paintings. All of this makes the Ari\u00e8ge Pyrenees a major center for prehistory and its art.<\/strong><\/p>\n\n\n\n<p><strong>Embark on your journey through time!<\/strong><\/p>\n<\/div>\n\n\n\n<div class=\"wp-block-buttons animation--init--once slide-up is-content-justification-center is-layout-flex wp-container-core-buttons-is-layout-a89b3969 wp-block-buttons-is-layout-flex\">\n<div class=\"wp-block-button\"><a class=\"wp-block-button__link wp-element-button\" href=\"https:\/\/www.camping-portesdariege.com\/en\/la-region\/les-grottes\/\">Learn More<\/a><\/div>\n<\/div>\n<\/div>\n<\/div>\n<\/div>\n\n\n\n<div class=\"wp-block-columns alignfull are-vertically-aligned-center info-location-archive reverse-mobile is-layout-flex wp-container-core-columns-is-layout-76136483 wp-block-columns-is-layout-flex\" style=\"margin-top:0;margin-bottom:0;padding-top:0;padding-right:0;padding-bottom:0;padding-left:0\">\n<div class=\"wp-block-column is-vertically-aligned-center padding-columns is-layout-flow wp-block-column-is-layout-flow\" style=\"padding-right:0;padding-left:0\">\n<div class=\"wp-block-group oh is-layout-constrained wp-block-group-is-layout-constrained\" style=\"padding-top:var(--wp--preset--spacing--80);padding-bottom:var(--wp--preset--spacing--80)\">\n<div class=\"wp-block-group animation--init--once slide-down is-content-justification-space-between is-nowrap is-layout-flex wp-container-core-group-is-layout-cb46ffcb wp-block-group-is-layout-flex\">\n<figure class=\"wp-block-image size-large is-resized animation--init--once slide-left wp-duotone-68a975-fff-10\"><img loading=\"lazy\" decoding=\"async\" width=\"800\" height=\"800\" src=\"https:\/\/camping-portesdariege.com\/wp-content\/uploads\/museum-svgrepo-com.svg\" alt=\"\" class=\"wp-image-2846\" style=\"width:40px\"\/><\/figure>\n\n\n\n<h2 class=\"wp-block-heading has-text-align-left animation--init--once slide-right has-theme-primary-green-color has-text-color has-link-color has-h-2-font-size wp-elements-bd18732afa93e948fb5fc191003009a8\">The museums<\/h2>\n<\/div>\n\n\n\n<div class=\"wp-block-group is-layout-constrained wp-block-group-is-layout-constrained\" style=\"margin-bottom:var(--wp--preset--spacing--80)\">\n<p>Immerse yourself in the history and culture of Pamiers through its fascinating museums during your stay at Camping Porte d&#8217;Ari\u00e8ge. Discover a true step back in time at the Village des Forges in Montgailhard, where artisans and entertainers transport you to the heart of the Pyrenees in 1900. From the forge to the bread oven, passing through the glassblower&#8217;s workshop, let yourself be immersed in the daily life of yesteryear.<\/p>\n\n\n\n<p>For a more traditional museum experience, the Pyrenean Museum of Niaux invites you to explore pastoral life, ancient crafts, religious art, and much more. With its impressive collection of utensils and containers made from &#8220;crespal,&#8221; carved from tree trunks, this museum offers a unique glimpse into the region&#8217;s rich cultural heritage.<\/p>\n<\/div>\n\n\n\n<div class=\"wp-block-buttons animation--init--once slide-up is-content-justification-center is-layout-flex wp-container-core-buttons-is-layout-a89b3969 wp-block-buttons-is-layout-flex\">\n<div class=\"wp-block-button\"><a class=\"wp-block-button__link wp-element-button\" href=\"https:\/\/www.camping-portesdariege.com\/en\/la-region\/musees\/\">Learn More<\/a><\/div>\n<\/div>\n<\/div>\n<\/div>\n\n\n\n<div class=\"wp-block-column is-vertically-aligned-center is-layout-flow wp-block-column-is-layout-flow\" style=\"padding-right:0;padding-left:0\">\n<div class=\"wp-image-slider one-image-gallery has-text-align-left aspect-ratio-4_3\">\n\n                                        \n                    <script>\n                        'use strict';\n\n                        document.addEventListener('DOMContentLoaded', function () {\n\n                            (function() {\n                                const blockSlide = new Splide( '#slide_248', {\n                                    type : 'loop',\n                                    perPage: 1,\n                                                                        \n                                    breakpoints: {\n                                        800: {\n                                            perPage: 3,\n                                                                                    },\n                                        450: {\n                                            perPage: 1,\n                                            \n                                        },\n                                    },\n                                    pagination: true,\n                                    arrows: true,\n                                    gap: 'var(--wp--style--block-gap)',\n                                    i18n: {\n                                        slideLabel: '%s\/%s',\n                                    }\n                                } );\n                                \n\n                                \n                                blockSlide.mount();\n\n                                                                \n                                \n                            })();\n                        })\n                    <\/script>\n\n                    <div class=\"slider-container\"><div class=\"splide galeria-slider galeria-columnas-1\" id=\"slide_248\"><div class=\"splide__track\"><div class=\"splide__list\"><div id=\"thumb-3598\" class=\"splide__slide\"><div class=\"image-wrapper\"><img loading=\"lazy\" decoding=\"async\" width=\"720\" height=\"720\" src=\"https:\/\/www.camping-portesdariege.com\/wp-content\/uploads\/musee-pyreneen-de-niaux-arts-et-traditions-populaires-d-ariege-1.jpg\" class=\"attachment-gallery size-gallery\" alt=\"\" srcset=\"https:\/\/www.camping-portesdariege.com\/wp-content\/uploads\/musee-pyreneen-de-niaux-arts-et-traditions-populaires-d-ariege-1.jpg 720w, https:\/\/www.camping-portesdariege.com\/wp-content\/uploads\/musee-pyreneen-de-niaux-arts-et-traditions-populaires-d-ariege-1-200x200.jpg 200w, https:\/\/www.camping-portesdariege.com\/wp-content\/uploads\/musee-pyreneen-de-niaux-arts-et-traditions-populaires-d-ariege-1-512x512.jpg 512w, https:\/\/www.camping-portesdariege.com\/wp-content\/uploads\/musee-pyreneen-de-niaux-arts-et-traditions-populaires-d-ariege-1-256x256.jpg 256w\" sizes=\"auto, (max-width: 720px) 100vw, 720px\" \/><\/div><\/div><div id=\"thumb-2447\" class=\"splide__slide\"><div class=\"image-wrapper\"><img loading=\"lazy\" decoding=\"async\" width=\"1920\" height=\"1282\" src=\"https:\/\/www.camping-portesdariege.com\/wp-content\/uploads\/pyrene-le-maitre-verrier.jpg\" class=\"attachment-gallery size-gallery\" alt=\"\" srcset=\"https:\/\/www.camping-portesdariege.com\/wp-content\/uploads\/pyrene-le-maitre-verrier.jpg 1920w, https:\/\/www.camping-portesdariege.com\/wp-content\/uploads\/pyrene-le-maitre-verrier-1024x684.jpg 1024w, https:\/\/www.camping-portesdariege.com\/wp-content\/uploads\/pyrene-le-maitre-verrier-768x513.jpg 768w, https:\/\/www.camping-portesdariege.com\/wp-content\/uploads\/pyrene-le-maitre-verrier-1536x1026.jpg 1536w, https:\/\/www.camping-portesdariege.com\/wp-content\/uploads\/pyrene-le-maitre-verrier-512x342.jpg 512w, https:\/\/www.camping-portesdariege.com\/wp-content\/uploads\/pyrene-le-maitre-verrier-256x171.jpg 256w\" sizes=\"auto, (max-width: 1920px) 100vw, 1920px\" \/><\/div><\/div><div id=\"thumb-2443\" class=\"splide__slide\"><div class=\"image-wrapper\"><img loading=\"lazy\" decoding=\"async\" width=\"1440\" height=\"1080\" src=\"https:\/\/www.camping-portesdariege.com\/wp-content\/uploads\/pyrene-lecole.jpg\" class=\"attachment-gallery size-gallery\" alt=\"\" srcset=\"https:\/\/www.camping-portesdariege.com\/wp-content\/uploads\/pyrene-lecole.jpg 1440w, https:\/\/www.camping-portesdariege.com\/wp-content\/uploads\/pyrene-lecole-1024x768.jpg 1024w, https:\/\/www.camping-portesdariege.com\/wp-content\/uploads\/pyrene-lecole-768x576.jpg 768w, https:\/\/www.camping-portesdariege.com\/wp-content\/uploads\/pyrene-lecole-512x384.jpg 512w, https:\/\/www.camping-portesdariege.com\/wp-content\/uploads\/pyrene-lecole-256x192.jpg 256w\" sizes=\"auto, (max-width: 1440px) 100vw, 1440px\" \/><\/div><\/div><div id=\"thumb-2445\" class=\"splide__slide\"><div class=\"image-wrapper\"><img loading=\"lazy\" decoding=\"async\" width=\"1920\" height=\"1280\" src=\"https:\/\/www.camping-portesdariege.com\/wp-content\/uploads\/pyrene-le-forgeron.jpg\" class=\"attachment-gallery size-gallery\" alt=\"\" srcset=\"https:\/\/www.camping-portesdariege.com\/wp-content\/uploads\/pyrene-le-forgeron.jpg 1920w, https:\/\/www.camping-portesdariege.com\/wp-content\/uploads\/pyrene-le-forgeron-1024x683.jpg 1024w, https:\/\/www.camping-portesdariege.com\/wp-content\/uploads\/pyrene-le-forgeron-768x512.jpg 768w, https:\/\/www.camping-portesdariege.com\/wp-content\/uploads\/pyrene-le-forgeron-1536x1024.jpg 1536w, https:\/\/www.camping-portesdariege.com\/wp-content\/uploads\/pyrene-le-forgeron-512x341.jpg 512w, https:\/\/www.camping-portesdariege.com\/wp-content\/uploads\/pyrene-le-forgeron-256x171.jpg 256w\" sizes=\"auto, (max-width: 1920px) 100vw, 1920px\" \/><\/div><\/div><div id=\"thumb-2439\" class=\"splide__slide\"><div class=\"image-wrapper\"><img loading=\"lazy\" decoding=\"async\" width=\"800\" height=\"600\" src=\"https:\/\/www.camping-portesdariege.com\/wp-content\/uploads\/musee-pyreneen-de-niaux-artisanat.jpg\" class=\"attachment-gallery size-gallery\" alt=\"\" srcset=\"https:\/\/www.camping-portesdariege.com\/wp-content\/uploads\/musee-pyreneen-de-niaux-artisanat.jpg 800w, https:\/\/www.camping-portesdariege.com\/wp-content\/uploads\/musee-pyreneen-de-niaux-artisanat-768x576.jpg 768w, https:\/\/www.camping-portesdariege.com\/wp-content\/uploads\/musee-pyreneen-de-niaux-artisanat-512x384.jpg 512w, https:\/\/www.camping-portesdariege.com\/wp-content\/uploads\/musee-pyreneen-de-niaux-artisanat-256x192.jpg 256w\" sizes=\"auto, (max-width: 800px) 100vw, 800px\" \/><\/div><\/div><\/div><\/div><\/div><\/div>\n                    \n<\/div><\/div>\n<\/div>\n\n\n\n<div class=\"wp-block-columns alignfull are-vertically-aligned-center info-location-archive has-theme-beige-background-color has-background is-layout-flex wp-container-core-columns-is-layout-76136483 wp-block-columns-is-layout-flex\" style=\"margin-top:0;margin-bottom:0;padding-top:0;padding-right:0;padding-bottom:0;padding-left:0\">\n<div class=\"wp-block-column is-vertically-aligned-center is-layout-flow wp-block-column-is-layout-flow\" style=\"padding-right:0;padding-left:0\">\n<div class=\"wp-image-slider one-image-gallery has-text-align-left aspect-ratio-4_3\">\n\n                                        \n                    <script>\n                        'use strict';\n\n                        document.addEventListener('DOMContentLoaded', function () {\n\n                            (function() {\n                                const blockSlide = new Splide( '#slide_361', {\n                                    type : 'loop',\n                                    perPage: 1,\n                                                                        \n                                    breakpoints: {\n                                        800: {\n                                            perPage: 3,\n                                                                                    },\n                                        450: {\n                                            perPage: 1,\n                                            \n                                        },\n                                    },\n                                    pagination: true,\n                                    arrows: true,\n                                    gap: 'var(--wp--style--block-gap)',\n                                    i18n: {\n                                        slideLabel: '%s\/%s',\n                                    }\n                                } );\n                                \n\n                                \n                                blockSlide.mount();\n\n                                                                \n                                \n                            })();\n                        })\n                    <\/script>\n\n                    <div class=\"slider-container\"><div class=\"splide galeria-slider galeria-columnas-1\" id=\"slide_361\"><div class=\"splide__track\"><div class=\"splide__list\"><div id=\"thumb-3605\" class=\"splide__slide\"><div class=\"image-wrapper\"><img loading=\"lazy\" decoding=\"async\" width=\"1613\" height=\"988\" src=\"https:\/\/www.camping-portesdariege.com\/wp-content\/uploads\/gastronomie1.jpg\" class=\"attachment-gallery size-gallery\" alt=\"\" srcset=\"https:\/\/www.camping-portesdariege.com\/wp-content\/uploads\/gastronomie1.jpg 1613w, https:\/\/www.camping-portesdariege.com\/wp-content\/uploads\/gastronomie1-1024x627.jpg 1024w, https:\/\/www.camping-portesdariege.com\/wp-content\/uploads\/gastronomie1-768x470.jpg 768w, https:\/\/www.camping-portesdariege.com\/wp-content\/uploads\/gastronomie1-1536x941.jpg 1536w, https:\/\/www.camping-portesdariege.com\/wp-content\/uploads\/gastronomie1-512x314.jpg 512w, https:\/\/www.camping-portesdariege.com\/wp-content\/uploads\/gastronomie1-256x157.jpg 256w\" sizes=\"auto, (max-width: 1613px) 100vw, 1613px\" \/><\/div><\/div><div id=\"thumb-3607\" class=\"splide__slide\"><div class=\"image-wrapper\"><img loading=\"lazy\" decoding=\"async\" width=\"1920\" height=\"1440\" src=\"https:\/\/www.camping-portesdariege.com\/wp-content\/uploads\/gastronomie-croustade-2.jpg\" class=\"attachment-gallery size-gallery\" alt=\"\" srcset=\"https:\/\/www.camping-portesdariege.com\/wp-content\/uploads\/gastronomie-croustade-2.jpg 1920w, https:\/\/www.camping-portesdariege.com\/wp-content\/uploads\/gastronomie-croustade-2-1024x768.jpg 1024w, https:\/\/www.camping-portesdariege.com\/wp-content\/uploads\/gastronomie-croustade-2-768x576.jpg 768w, https:\/\/www.camping-portesdariege.com\/wp-content\/uploads\/gastronomie-croustade-2-1536x1152.jpg 1536w, https:\/\/www.camping-portesdariege.com\/wp-content\/uploads\/gastronomie-croustade-2-512x384.jpg 512w, https:\/\/www.camping-portesdariege.com\/wp-content\/uploads\/gastronomie-croustade-2-256x192.jpg 256w\" sizes=\"auto, (max-width: 1920px) 100vw, 1920px\" \/><\/div><\/div><div id=\"thumb-3609\" class=\"splide__slide\"><div class=\"image-wrapper\"><img loading=\"lazy\" decoding=\"async\" width=\"1200\" height=\"890\" src=\"https:\/\/www.camping-portesdariege.com\/wp-content\/uploads\/gastronomie-flocons-dariege-2.jpg\" class=\"attachment-gallery size-gallery\" alt=\"\" srcset=\"https:\/\/www.camping-portesdariege.com\/wp-content\/uploads\/gastronomie-flocons-dariege-2.jpg 1200w, https:\/\/www.camping-portesdariege.com\/wp-content\/uploads\/gastronomie-flocons-dariege-2-1024x759.jpg 1024w, https:\/\/www.camping-portesdariege.com\/wp-content\/uploads\/gastronomie-flocons-dariege-2-768x570.jpg 768w, https:\/\/www.camping-portesdariege.com\/wp-content\/uploads\/gastronomie-flocons-dariege-2-512x380.jpg 512w, https:\/\/www.camping-portesdariege.com\/wp-content\/uploads\/gastronomie-flocons-dariege-2-256x190.jpg 256w\" sizes=\"auto, (max-width: 1200px) 100vw, 1200px\" \/><\/div><\/div><div id=\"thumb-3611\" class=\"splide__slide\"><div class=\"image-wrapper\"><img loading=\"lazy\" decoding=\"async\" width=\"1920\" height=\"1281\" src=\"https:\/\/www.camping-portesdariege.com\/wp-content\/uploads\/gastronomie-fromage-2.jpg\" class=\"attachment-gallery size-gallery\" alt=\"\" srcset=\"https:\/\/www.camping-portesdariege.com\/wp-content\/uploads\/gastronomie-fromage-2.jpg 1920w, https:\/\/www.camping-portesdariege.com\/wp-content\/uploads\/gastronomie-fromage-2-1024x683.jpg 1024w, https:\/\/www.camping-portesdariege.com\/wp-content\/uploads\/gastronomie-fromage-2-768x512.jpg 768w, https:\/\/www.camping-portesdariege.com\/wp-content\/uploads\/gastronomie-fromage-2-1536x1025.jpg 1536w, https:\/\/www.camping-portesdariege.com\/wp-content\/uploads\/gastronomie-fromage-2-512x342.jpg 512w, https:\/\/www.camping-portesdariege.com\/wp-content\/uploads\/gastronomie-fromage-2-256x171.jpg 256w\" sizes=\"auto, (max-width: 1920px) 100vw, 1920px\" \/><\/div><\/div><div id=\"thumb-3613\" class=\"splide__slide\"><div class=\"image-wrapper\"><img loading=\"lazy\" decoding=\"async\" width=\"1418\" height=\"1066\" src=\"https:\/\/www.camping-portesdariege.com\/wp-content\/uploads\/gastronomie-millas-2.jpg\" class=\"attachment-gallery size-gallery\" alt=\"\" srcset=\"https:\/\/www.camping-portesdariege.com\/wp-content\/uploads\/gastronomie-millas-2.jpg 1418w, https:\/\/www.camping-portesdariege.com\/wp-content\/uploads\/gastronomie-millas-2-1024x770.jpg 1024w, https:\/\/www.camping-portesdariege.com\/wp-content\/uploads\/gastronomie-millas-2-768x577.jpg 768w, https:\/\/www.camping-portesdariege.com\/wp-content\/uploads\/gastronomie-millas-2-512x385.jpg 512w, https:\/\/www.camping-portesdariege.com\/wp-content\/uploads\/gastronomie-millas-2-256x192.jpg 256w\" sizes=\"auto, (max-width: 1418px) 100vw, 1418px\" \/><\/div><\/div><\/div><\/div><\/div><\/div>\n                    \n<\/div><\/div>\n\n\n\n<div class=\"wp-block-column is-vertically-aligned-center padding-columns is-layout-flow wp-block-column-is-layout-flow\" style=\"padding-right:0;padding-left:0\">\n<div class=\"wp-block-group oh is-layout-constrained wp-block-group-is-layout-constrained\" style=\"padding-top:var(--wp--preset--spacing--80);padding-bottom:var(--wp--preset--spacing--80)\">\n<div class=\"wp-block-group animation--init--once slide-down is-content-justification-space-between is-nowrap is-layout-flex wp-container-core-group-is-layout-cb46ffcb wp-block-group-is-layout-flex\">\n<figure class=\"wp-block-image size-large is-resized animation--init--once slide-left wp-duotone-68a975-fff-11\"><img loading=\"lazy\" decoding=\"async\" width=\"800\" height=\"800\" src=\"https:\/\/camping-portesdariege.com\/wp-content\/uploads\/food-dish-hand-serve-svgrepo-com.svg\" alt=\"\" class=\"wp-image-3735\" style=\"width:40px\"\/><\/figure>\n\n\n\n<h2 class=\"wp-block-heading has-text-align-left animation--init--once slide-right has-theme-primary-green-color has-text-color has-link-color has-h-2-font-size wp-elements-193714741a8d1e315f5de152a9570a69\">Gastronomy<\/h2>\n<\/div>\n\n\n\n<div class=\"wp-block-group is-layout-constrained wp-block-group-is-layout-constrained\" style=\"margin-bottom:var(--wp--preset--spacing--80)\">\n<p>Shall we sit down to eat?<\/p>\n\n\n\n<p>Whether you prefer gourmet, traditional, or family-style cuisine, the cooking of the Southwest is based on quality ingredients and local products such as <strong>charcuterie<\/strong>, <strong>mountain cheeses<\/strong>, <strong>honeys<\/strong>, and <strong>duck<\/strong>. Here, dishes like <strong>Azinat<\/strong>, <strong>Mounjetado<\/strong>, <strong>Millas<\/strong>, and <strong>Croustade<\/strong> are timeless classics that delight even the most discerning palates. And let&#8217;s not forget the wines, beers, and the delicious <strong>Flocons d&#8217;Ari\u00e8ge<\/strong>, a delightful sweet treat that will make you close your eyes in pleasure!<\/p>\n\n\n\n<p>Find all these products at our butchers and in <strong>local markets<\/strong>.<\/p>\n<\/div>\n\n\n\n<div class=\"wp-block-buttons animation--init--once slide-up is-content-justification-center is-layout-flex wp-container-core-buttons-is-layout-a89b3969 wp-block-buttons-is-layout-flex\">\n<div class=\"wp-block-button\"><a class=\"wp-block-button__link wp-element-button\" href=\"https:\/\/www.camping-portesdariege.com\/en\/la-region\/gastronomie\/\">Learn More<\/a><\/div>\n<\/div>\n<\/div>\n<\/div>\n<\/div>\n\n\n\n<div class=\"wp-block-columns alignfull are-vertically-aligned-center info-location-archive reverse-mobile is-layout-flex wp-container-core-columns-is-layout-76136483 wp-block-columns-is-layout-flex\" style=\"margin-top:0;margin-bottom:0;padding-top:0;padding-right:0;padding-bottom:0;padding-left:0\">\n<div class=\"wp-block-column is-vertically-aligned-center padding-columns is-layout-flow wp-block-column-is-layout-flow\" style=\"padding-right:0;padding-left:0\">\n<div class=\"wp-block-group oh is-layout-constrained wp-block-group-is-layout-constrained\" style=\"padding-top:var(--wp--preset--spacing--80);padding-bottom:var(--wp--preset--spacing--80)\">\n<div class=\"wp-block-group animation--init--once slide-down is-content-justification-space-between is-nowrap is-layout-flex wp-container-core-group-is-layout-cb46ffcb wp-block-group-is-layout-flex\">\n<figure class=\"wp-block-image size-large is-resized animation--init--once slide-left wp-duotone-68a975-fff-12\"><img loading=\"lazy\" decoding=\"async\" width=\"800\" height=\"800\" src=\"https:\/\/camping-portesdariege.com\/wp-content\/uploads\/village-svgrepo-com.svg\" alt=\"\" class=\"wp-image-2850\" style=\"width:40px\"\/><\/figure>\n\n\n\n<h2 class=\"wp-block-heading has-text-align-left animation--init--once slide-right has-theme-primary-green-color has-text-color has-link-color has-h-2-font-size wp-elements-66a0e67322483cc844bc4151372934b4\">Pamiers<\/h2>\n<\/div>\n\n\n\n<div class=\"wp-block-group is-layout-constrained wp-block-group-is-layout-constrained\" style=\"margin-bottom:var(--wp--preset--spacing--80)\">\n<p><strong>A &#8220;small but big city&#8221; where you&#8217;ll enjoy nearly 2,800 hours of sunshine per year, 1,000 hours more than the national average!<\/strong><\/p>\n\n\n\n<p><strong>Pamiers is the largest town in the Ari\u00e8ge department. Located 40 minutes from Toulouse and served by the A66 motorway and the train, the town is ideal for enjoying a green lifestyle with a wide range of services<\/strong>. With the Pyrenees just 20 minutes away and the Andorran border 90 km away, it&#8217;s a perfect location for exploring the surrounding area.<\/p>\n<\/div>\n\n\n\n<div class=\"wp-block-buttons animation--init--once slide-up is-content-justification-center is-layout-flex wp-container-core-buttons-is-layout-a89b3969 wp-block-buttons-is-layout-flex\">\n<div class=\"wp-block-button\"><a class=\"wp-block-button__link wp-element-button\" href=\"https:\/\/www.camping-portesdariege.com\/en\/la-region\/pamiers\/\">Learn More<\/a><\/div>\n<\/div>\n<\/div>\n<\/div>\n\n\n\n<div class=\"wp-block-column is-vertically-aligned-center is-layout-flow wp-block-column-is-layout-flow\" style=\"padding-right:0;padding-left:0\">\n<div class=\"wp-image-slider one-image-gallery has-text-align-left aspect-ratio-4_3\">\n\n                                        \n                    <script>\n                        'use strict';\n\n                        document.addEventListener('DOMContentLoaded', function () {\n\n                            (function() {\n                                const blockSlide = new Splide( '#slide_441', {\n                                    type : 'loop',\n                                    perPage: 1,\n                                                                        \n                                    breakpoints: {\n                                        800: {\n                                            perPage: 3,\n                                                                                    },\n                                        450: {\n                                            perPage: 1,\n                                            \n                                        },\n                                    },\n                                    pagination: true,\n                                    arrows: true,\n                                    gap: 'var(--wp--style--block-gap)',\n                                    i18n: {\n                                        slideLabel: '%s\/%s',\n                                    }\n                                } );\n                                \n\n                                \n                                blockSlide.mount();\n\n                                                                \n                                \n                            })();\n                        })\n                    <\/script>\n\n                    <div class=\"slider-container\"><div class=\"splide galeria-slider galeria-columnas-1\" id=\"slide_441\"><div class=\"splide__track\"><div class=\"splide__list\"><div id=\"thumb-3676\" class=\"splide__slide\"><div class=\"image-wrapper\"><img loading=\"lazy\" decoding=\"async\" width=\"1920\" height=\"1080\" src=\"https:\/\/www.camping-portesdariege.com\/wp-content\/uploads\/pamiers-2-1.jpg\" class=\"attachment-gallery size-gallery\" alt=\"\" srcset=\"https:\/\/www.camping-portesdariege.com\/wp-content\/uploads\/pamiers-2-1.jpg 1920w, https:\/\/www.camping-portesdariege.com\/wp-content\/uploads\/pamiers-2-1-1024x576.jpg 1024w, https:\/\/www.camping-portesdariege.com\/wp-content\/uploads\/pamiers-2-1-768x432.jpg 768w, https:\/\/www.camping-portesdariege.com\/wp-content\/uploads\/pamiers-2-1-1536x864.jpg 1536w, https:\/\/www.camping-portesdariege.com\/wp-content\/uploads\/pamiers-2-1-512x288.jpg 512w, https:\/\/www.camping-portesdariege.com\/wp-content\/uploads\/pamiers-2-1-256x144.jpg 256w\" sizes=\"auto, (max-width: 1920px) 100vw, 1920px\" \/><\/div><\/div><div id=\"thumb-3680\" class=\"splide__slide\"><div class=\"image-wrapper\"><img loading=\"lazy\" decoding=\"async\" width=\"1400\" height=\"1000\" src=\"https:\/\/www.camping-portesdariege.com\/wp-content\/uploads\/parc-nautique-neptunia-pamiers-2-1.jpg\" class=\"attachment-gallery size-gallery\" alt=\"\" srcset=\"https:\/\/www.camping-portesdariege.com\/wp-content\/uploads\/parc-nautique-neptunia-pamiers-2-1.jpg 1400w, https:\/\/www.camping-portesdariege.com\/wp-content\/uploads\/parc-nautique-neptunia-pamiers-2-1-1024x731.jpg 1024w, https:\/\/www.camping-portesdariege.com\/wp-content\/uploads\/parc-nautique-neptunia-pamiers-2-1-768x549.jpg 768w, https:\/\/www.camping-portesdariege.com\/wp-content\/uploads\/parc-nautique-neptunia-pamiers-2-1-512x366.jpg 512w, https:\/\/www.camping-portesdariege.com\/wp-content\/uploads\/parc-nautique-neptunia-pamiers-2-1-256x183.jpg 256w\" sizes=\"auto, (max-width: 1400px) 100vw, 1400px\" \/><\/div><\/div><div id=\"thumb-3668\" class=\"splide__slide\"><div class=\"image-wrapper\"><img loading=\"lazy\" decoding=\"async\" width=\"1800\" height=\"1215\" src=\"https:\/\/www.camping-portesdariege.com\/wp-content\/uploads\/canaux-pamiers-2-1.jpg\" class=\"attachment-gallery size-gallery\" alt=\"\" srcset=\"https:\/\/www.camping-portesdariege.com\/wp-content\/uploads\/canaux-pamiers-2-1.jpg 1800w, https:\/\/www.camping-portesdariege.com\/wp-content\/uploads\/canaux-pamiers-2-1-1024x691.jpg 1024w, https:\/\/www.camping-portesdariege.com\/wp-content\/uploads\/canaux-pamiers-2-1-768x518.jpg 768w, https:\/\/www.camping-portesdariege.com\/wp-content\/uploads\/canaux-pamiers-2-1-1536x1037.jpg 1536w, https:\/\/www.camping-portesdariege.com\/wp-content\/uploads\/canaux-pamiers-2-1-512x346.jpg 512w, https:\/\/www.camping-portesdariege.com\/wp-content\/uploads\/canaux-pamiers-2-1-256x173.jpg 256w\" sizes=\"auto, (max-width: 1800px) 100vw, 1800px\" \/><\/div><\/div><div id=\"thumb-3678\" class=\"splide__slide\"><div class=\"image-wrapper\"><img loading=\"lazy\" decoding=\"async\" width=\"1600\" height=\"778\" src=\"https:\/\/www.camping-portesdariege.com\/wp-content\/uploads\/pamiers-3-clochers-2.jpg\" class=\"attachment-gallery size-gallery\" alt=\"\" srcset=\"https:\/\/www.camping-portesdariege.com\/wp-content\/uploads\/pamiers-3-clochers-2.jpg 1600w, https:\/\/www.camping-portesdariege.com\/wp-content\/uploads\/pamiers-3-clochers-2-1024x498.jpg 1024w, https:\/\/www.camping-portesdariege.com\/wp-content\/uploads\/pamiers-3-clochers-2-768x373.jpg 768w, https:\/\/www.camping-portesdariege.com\/wp-content\/uploads\/pamiers-3-clochers-2-1536x747.jpg 1536w, https:\/\/www.camping-portesdariege.com\/wp-content\/uploads\/pamiers-3-clochers-2-512x249.jpg 512w, https:\/\/www.camping-portesdariege.com\/wp-content\/uploads\/pamiers-3-clochers-2-256x124.jpg 256w\" sizes=\"auto, (max-width: 1600px) 100vw, 1600px\" \/><\/div><\/div><div id=\"thumb-3670\" class=\"splide__slide\"><div class=\"image-wrapper\"><img loading=\"lazy\" decoding=\"async\" width=\"1377\" height=\"747\" src=\"https:\/\/www.camping-portesdariege.com\/wp-content\/uploads\/carmel-1.jpg\" class=\"attachment-gallery size-gallery\" alt=\"\" srcset=\"https:\/\/www.camping-portesdariege.com\/wp-content\/uploads\/carmel-1.jpg 1377w, https:\/\/www.camping-portesdariege.com\/wp-content\/uploads\/carmel-1-1024x556.jpg 1024w, https:\/\/www.camping-portesdariege.com\/wp-content\/uploads\/carmel-1-768x417.jpg 768w, https:\/\/www.camping-portesdariege.com\/wp-content\/uploads\/carmel-1-512x278.jpg 512w, https:\/\/www.camping-portesdariege.com\/wp-content\/uploads\/carmel-1-256x139.jpg 256w\" sizes=\"auto, (max-width: 1377px) 100vw, 1377px\" \/><\/div><\/div><\/div><\/div><\/div><\/div>\n                    \n<\/div><\/div>\n<\/div>\n\n\n\n<div class=\"wp-block-group alignfull has-theme-beige-background-color has-background is-layout-constrained wp-block-group-is-layout-constrained\" style=\"margin-top:0;margin-bottom:0;padding-top:var(--wp--preset--spacing--80);padding-bottom:var(--wp--preset--spacing--80)\">\n<div class=\"wp-block-group alignwide is-layout-constrained wp-block-group-is-layout-constrained\">\n<p class=\"has-text-align-center\"><strong>OFFICE TOURISME des PORTES D\u2019ARIEGE- PAMIERS<\/strong><br><strong>&nbsp;<a href=\"https:\/\/pap-tourisme.fr\" target=\"_blank\" rel=\"noreferrer noopener\">https:\/\/pap-tourisme.fr<\/a><\/strong><br>27, rue Charles de Gaulle, 09100<br><a href=\"tel:+330561675252\"><strong>05 61 67 52 52<\/strong><\/a><\/p>\n\n\n\n<p class=\"has-text-align-center\"><strong>ARIEGE PYRENEES TOURISME<\/strong><br><strong><a href=\"http:\/\/www.ariegepyrenees.com\">www.ariegepyrenees.co<\/a><a href=\"http:\/\/www.ariegepyrenees.com\" target=\"_blank\" rel=\"noreferrer noopener\">m<\/a>&nbsp;<\/strong><\/p>\n\n\n\n<p class=\"has-text-align-center\"><strong>OFFICE DE TOURISME DES PYRENEES ARIEGEOISES<\/strong><br><strong><a href=\"tel:+330561646060\">0<\/a><a href=\"tel:+330561646060\" target=\"_blank\" rel=\"noreferrer noopener\">5 61 64 60 60<\/a><\/strong><br><strong>info@pyrenees-ariegeoises.com<\/strong><\/p>\n\n\n\n<p class=\"has-text-align-center\"><strong>ARIEGE PYRENEES<\/strong><br><strong><a href=\"http:\/\/www.ariege.com\/\" target=\"_blank\" rel=\"noreferrer noopener\">www.ariege.com<\/a><\/strong><\/p>\n\n\n\n<p class=\"has-text-align-center\"><strong>SITES TOURISTIQUES ARIEGE<\/strong><br><strong><a href=\"http:\/\/www.sites-touristiques-ariege.fr\">www.site<\/a><a href=\"http:\/\/www.sites-touristiques-ariege.fr\" target=\"_blank\" rel=\"noreferrer noopener\">s-touristiques-ariege.fr<\/a><\/strong><\/p>\n<\/div>\n<\/div>\n","protected":false},"excerpt":{"rendered":"<p>Ari\u00e8ge, a breath of fresh air&#8230;of discoveries and culture ! Explore the incredible cultural and natural diversity of Ari\u00e8ge during your stay at Camping Portes d&#8217;Ari\u00e8ge Pamiers. Immerse yourself in the heart of winter with a range of skiing and snowshoeing activities in the majestic Ari\u00e8ge Pyrenees. Discover the picturesque lakes that dot the region, [&hellip;]<\/p>\n","protected":false},"author":3,"featured_media":0,"parent":0,"menu_order":5,"comment_status":"closed","ping_status":"closed","template":"","meta":{"_acf_changed":false,"inline_featured_image":false,"footnotes":""},"class_list":["post-5407","page","type-page","status-publish","hentry"],"acf":[],"yoast_head":"<!-- This site is optimized with the Yoast SEO plugin v27.2 - https:\/\/yoast.com\/product\/yoast-seo-wordpress\/ -->\n<title>D\u00e9couvrez la R\u00e9gion autour du Camping Portes d\u2019Ari\u00e8ge \u00e0 Pamiers | Activit\u00e9s et Attractions<\/title>\n<meta name=\"description\" content=\"D\u00e9couvrez la r\u00e9gion autour du camping Portes d\u2019Ari\u00e8ge \u00e0 Pamiers. Explorez les activit\u00e9s hivernales, les lacs, les ch\u00e2teaux, les villages historiques et la d\u00e9licieuse gastronomie locale. Planifiez votre s\u00e9jour avec les informations fournies par les offices de tourisme locaux.\" \/>\n<meta name=\"robots\" content=\"index, follow, max-snippet:-1, max-image-preview:large, max-video-preview:-1\" \/>\n<link rel=\"canonical\" href=\"https:\/\/www.camping-portesdariege.com\/en\/la-region\/\" \/>\n<meta property=\"og:locale\" content=\"en_US\" \/>\n<meta property=\"og:type\" content=\"article\" \/>\n<meta property=\"og:title\" content=\"D\u00e9couvrez la R\u00e9gion autour du Camping Portes d\u2019Ari\u00e8ge \u00e0 Pamiers | Activit\u00e9s et Attractions\" \/>\n<meta property=\"og:description\" content=\"D\u00e9couvrez la r\u00e9gion autour du camping Portes d\u2019Ari\u00e8ge \u00e0 Pamiers. Explorez les activit\u00e9s hivernales, les lacs, les ch\u00e2teaux, les villages historiques et la d\u00e9licieuse gastronomie locale. Planifiez votre s\u00e9jour avec les informations fournies par les offices de tourisme locaux.\" \/>\n<meta property=\"og:url\" content=\"https:\/\/www.camping-portesdariege.com\/en\/la-region\/\" \/>\n<meta property=\"og:site_name\" content=\"Camping Porte d&#039;Ariege\" \/>\n<meta property=\"article:modified_time\" content=\"2026-03-31T08:18:40+00:00\" \/>\n<meta property=\"og:image\" content=\"https:\/\/www.camping-portesdariege.com\/wp-content\/uploads\/chateau-de-montsegur.jpg\" \/>\n\t<meta property=\"og:image:width\" content=\"1920\" \/>\n\t<meta property=\"og:image:height\" content=\"1081\" \/>\n\t<meta property=\"og:image:type\" content=\"image\/jpeg\" \/>\n<meta name=\"twitter:card\" content=\"summary_large_image\" \/>\n<meta name=\"twitter:label1\" content=\"Est. reading time\" \/>\n\t<meta name=\"twitter:data1\" content=\"20 minutes\" \/>\n<script type=\"application\/ld+json\" class=\"yoast-schema-graph\">{\"@context\":\"https:\/\/schema.org\",\"@graph\":[{\"@type\":\"WebPage\",\"@id\":\"https:\/\/www.camping-portesdariege.com\/en\/la-region\/\",\"url\":\"https:\/\/www.camping-portesdariege.com\/en\/la-region\/\",\"name\":\"D\u00e9couvrez la R\u00e9gion autour du Camping Portes d\u2019Ari\u00e8ge \u00e0 Pamiers | Activit\u00e9s et Attractions\",\"isPartOf\":{\"@id\":\"https:\/\/www.camping-portesdariege.com\/en\/#website\"},\"primaryImageOfPage\":{\"@id\":\"https:\/\/www.camping-portesdariege.com\/en\/la-region\/#primaryimage\"},\"image\":{\"@id\":\"https:\/\/www.camping-portesdariege.com\/en\/la-region\/#primaryimage\"},\"thumbnailUrl\":\"https:\/\/camping-portesdariege.com\/wp-content\/uploads\/chateau-de-montsegur.jpg\",\"datePublished\":\"2024-02-12T13:40:18+00:00\",\"dateModified\":\"2026-03-31T08:18:40+00:00\",\"description\":\"D\u00e9couvrez la r\u00e9gion autour du camping Portes d\u2019Ari\u00e8ge \u00e0 Pamiers. Explorez les activit\u00e9s hivernales, les lacs, les ch\u00e2teaux, les villages historiques et la d\u00e9licieuse gastronomie locale. Planifiez votre s\u00e9jour avec les informations fournies par les offices de tourisme locaux.\",\"breadcrumb\":{\"@id\":\"https:\/\/www.camping-portesdariege.com\/en\/la-region\/#breadcrumb\"},\"inLanguage\":\"en-US\",\"potentialAction\":[{\"@type\":\"ReadAction\",\"target\":[\"https:\/\/www.camping-portesdariege.com\/en\/la-region\/\"]}]},{\"@type\":\"ImageObject\",\"inLanguage\":\"en-US\",\"@id\":\"https:\/\/www.camping-portesdariege.com\/en\/la-region\/#primaryimage\",\"url\":\"https:\/\/camping-portesdariege.com\/wp-content\/uploads\/chateau-de-montsegur.jpg\",\"contentUrl\":\"https:\/\/camping-portesdariege.com\/wp-content\/uploads\/chateau-de-montsegur.jpg\"},{\"@type\":\"BreadcrumbList\",\"@id\":\"https:\/\/www.camping-portesdariege.com\/en\/la-region\/#breadcrumb\",\"itemListElement\":[{\"@type\":\"ListItem\",\"position\":1,\"name\":\"Home\",\"item\":\"https:\/\/www.camping-portesdariege.com\/en\/\"},{\"@type\":\"ListItem\",\"position\":2,\"name\":\"The Region\"}]},{\"@type\":\"WebSite\",\"@id\":\"https:\/\/www.camping-portesdariege.com\/en\/#website\",\"url\":\"https:\/\/www.camping-portesdariege.com\/en\/\",\"name\":\"Camping Porte d&#039;Ariege\",\"description\":\"Camping Porte d&#039;Ariege\",\"publisher\":{\"@id\":\"https:\/\/www.camping-portesdariege.com\/en\/#organization\"},\"potentialAction\":[{\"@type\":\"SearchAction\",\"target\":{\"@type\":\"EntryPoint\",\"urlTemplate\":\"https:\/\/www.camping-portesdariege.com\/en\/?s={search_term_string}\"},\"query-input\":{\"@type\":\"PropertyValueSpecification\",\"valueRequired\":true,\"valueName\":\"search_term_string\"}}],\"inLanguage\":\"en-US\"},{\"@type\":\"Organization\",\"@id\":\"https:\/\/www.camping-portesdariege.com\/en\/#organization\",\"name\":\"Camping Porte d&#039;Ariege\",\"url\":\"https:\/\/www.camping-portesdariege.com\/en\/\",\"logo\":{\"@type\":\"ImageObject\",\"inLanguage\":\"en-US\",\"@id\":\"https:\/\/www.camping-portesdariege.com\/en\/#\/schema\/logo\/image\/\",\"url\":\"https:\/\/www.camping-portesdariege.com\/wp-content\/uploads\/cropped-logo-porte-ariege.png\",\"contentUrl\":\"https:\/\/www.camping-portesdariege.com\/wp-content\/uploads\/cropped-logo-porte-ariege.png\",\"width\":140,\"height\":150,\"caption\":\"Camping Porte d&#039;Ariege\"},\"image\":{\"@id\":\"https:\/\/www.camping-portesdariege.com\/en\/#\/schema\/logo\/image\/\"}}]}<\/script>\n<!-- \/ Yoast SEO plugin. -->","yoast_head_json":{"title":"D\u00e9couvrez la R\u00e9gion autour du Camping Portes d\u2019Ari\u00e8ge \u00e0 Pamiers | Activit\u00e9s et Attractions","description":"D\u00e9couvrez la r\u00e9gion autour du camping Portes d\u2019Ari\u00e8ge \u00e0 Pamiers. Explorez les activit\u00e9s hivernales, les lacs, les ch\u00e2teaux, les villages historiques et la d\u00e9licieuse gastronomie locale. Planifiez votre s\u00e9jour avec les informations fournies par les offices de tourisme locaux.","robots":{"index":"index","follow":"follow","max-snippet":"max-snippet:-1","max-image-preview":"max-image-preview:large","max-video-preview":"max-video-preview:-1"},"canonical":"https:\/\/www.camping-portesdariege.com\/en\/la-region\/","og_locale":"en_US","og_type":"article","og_title":"D\u00e9couvrez la R\u00e9gion autour du Camping Portes d\u2019Ari\u00e8ge \u00e0 Pamiers | Activit\u00e9s et Attractions","og_description":"D\u00e9couvrez la r\u00e9gion autour du camping Portes d\u2019Ari\u00e8ge \u00e0 Pamiers. Explorez les activit\u00e9s hivernales, les lacs, les ch\u00e2teaux, les villages historiques et la d\u00e9licieuse gastronomie locale. Planifiez votre s\u00e9jour avec les informations fournies par les offices de tourisme locaux.","og_url":"https:\/\/www.camping-portesdariege.com\/en\/la-region\/","og_site_name":"Camping Porte d&#039;Ariege","article_modified_time":"2026-03-31T08:18:40+00:00","og_image":[{"width":1920,"height":1081,"url":"https:\/\/www.camping-portesdariege.com\/wp-content\/uploads\/chateau-de-montsegur.jpg","type":"image\/jpeg"}],"twitter_card":"summary_large_image","twitter_misc":{"Est. reading time":"20 minutes"},"schema":{"@context":"https:\/\/schema.org","@graph":[{"@type":"WebPage","@id":"https:\/\/www.camping-portesdariege.com\/en\/la-region\/","url":"https:\/\/www.camping-portesdariege.com\/en\/la-region\/","name":"D\u00e9couvrez la R\u00e9gion autour du Camping Portes d\u2019Ari\u00e8ge \u00e0 Pamiers | Activit\u00e9s et Attractions","isPartOf":{"@id":"https:\/\/www.camping-portesdariege.com\/en\/#website"},"primaryImageOfPage":{"@id":"https:\/\/www.camping-portesdariege.com\/en\/la-region\/#primaryimage"},"image":{"@id":"https:\/\/www.camping-portesdariege.com\/en\/la-region\/#primaryimage"},"thumbnailUrl":"https:\/\/camping-portesdariege.com\/wp-content\/uploads\/chateau-de-montsegur.jpg","datePublished":"2024-02-12T13:40:18+00:00","dateModified":"2026-03-31T08:18:40+00:00","description":"D\u00e9couvrez la r\u00e9gion autour du camping Portes d\u2019Ari\u00e8ge \u00e0 Pamiers. Explorez les activit\u00e9s hivernales, les lacs, les ch\u00e2teaux, les villages historiques et la d\u00e9licieuse gastronomie locale. Planifiez votre s\u00e9jour avec les informations fournies par les offices de tourisme locaux.","breadcrumb":{"@id":"https:\/\/www.camping-portesdariege.com\/en\/la-region\/#breadcrumb"},"inLanguage":"en-US","potentialAction":[{"@type":"ReadAction","target":["https:\/\/www.camping-portesdariege.com\/en\/la-region\/"]}]},{"@type":"ImageObject","inLanguage":"en-US","@id":"https:\/\/www.camping-portesdariege.com\/en\/la-region\/#primaryimage","url":"https:\/\/camping-portesdariege.com\/wp-content\/uploads\/chateau-de-montsegur.jpg","contentUrl":"https:\/\/camping-portesdariege.com\/wp-content\/uploads\/chateau-de-montsegur.jpg"},{"@type":"BreadcrumbList","@id":"https:\/\/www.camping-portesdariege.com\/en\/la-region\/#breadcrumb","itemListElement":[{"@type":"ListItem","position":1,"name":"Home","item":"https:\/\/www.camping-portesdariege.com\/en\/"},{"@type":"ListItem","position":2,"name":"The Region"}]},{"@type":"WebSite","@id":"https:\/\/www.camping-portesdariege.com\/en\/#website","url":"https:\/\/www.camping-portesdariege.com\/en\/","name":"Camping Porte d&#039;Ariege","description":"Camping Porte d&#039;Ariege","publisher":{"@id":"https:\/\/www.camping-portesdariege.com\/en\/#organization"},"potentialAction":[{"@type":"SearchAction","target":{"@type":"EntryPoint","urlTemplate":"https:\/\/www.camping-portesdariege.com\/en\/?s={search_term_string}"},"query-input":{"@type":"PropertyValueSpecification","valueRequired":true,"valueName":"search_term_string"}}],"inLanguage":"en-US"},{"@type":"Organization","@id":"https:\/\/www.camping-portesdariege.com\/en\/#organization","name":"Camping Porte d&#039;Ariege","url":"https:\/\/www.camping-portesdariege.com\/en\/","logo":{"@type":"ImageObject","inLanguage":"en-US","@id":"https:\/\/www.camping-portesdariege.com\/en\/#\/schema\/logo\/image\/","url":"https:\/\/www.camping-portesdariege.com\/wp-content\/uploads\/cropped-logo-porte-ariege.png","contentUrl":"https:\/\/www.camping-portesdariege.com\/wp-content\/uploads\/cropped-logo-porte-ariege.png","width":140,"height":150,"caption":"Camping Porte d&#039;Ariege"},"image":{"@id":"https:\/\/www.camping-portesdariege.com\/en\/#\/schema\/logo\/image\/"}}]}},"_links":{"self":[{"href":"https:\/\/www.camping-portesdariege.com\/en\/wp-json\/wp\/v2\/pages\/5407","targetHints":{"allow":["GET"]}}],"collection":[{"href":"https:\/\/www.camping-portesdariege.com\/en\/wp-json\/wp\/v2\/pages"}],"about":[{"href":"https:\/\/www.camping-portesdariege.com\/en\/wp-json\/wp\/v2\/types\/page"}],"author":[{"embeddable":true,"href":"https:\/\/www.camping-portesdariege.com\/en\/wp-json\/wp\/v2\/users\/3"}],"replies":[{"embeddable":true,"href":"https:\/\/www.camping-portesdariege.com\/en\/wp-json\/wp\/v2\/comments?post=5407"}],"version-history":[{"count":0,"href":"https:\/\/www.camping-portesdariege.com\/en\/wp-json\/wp\/v2\/pages\/5407\/revisions"}],"wp:attachment":[{"href":"https:\/\/www.camping-portesdariege.com\/en\/wp-json\/wp\/v2\/media?parent=5407"}],"curies":[{"name":"wp","href":"https:\/\/api.w.org\/{rel}","templated":true}]}}