{"id":5221,"date":"2024-02-12T14:38:59","date_gmt":"2024-02-12T13:38:59","guid":{"rendered":"https:\/\/www.camping-portesdariege.com\/le-camping\/"},"modified":"2026-04-01T11:15:47","modified_gmt":"2026-04-01T09:15:47","slug":"le-camping","status":"publish","type":"page","link":"https:\/\/www.camping-portesdariege.com\/es\/le-camping\/","title":{"rendered":"El camping"},"content":{"rendered":"\n<div class=\"wp-block-cover alignfull has-custom-content-position is-position-bottom-center banner-interior\" style=\"margin-top:0;margin-bottom:0;min-height:65vh;aspect-ratio:unset;\"><img loading=\"lazy\" decoding=\"async\" width=\"2000\" height=\"1500\" class=\"wp-block-cover__image-background wp-image-4617\" alt=\"\" src=\"https:\/\/www.camping-portesdariege.com\/wp-content\/uploads\/vue-aerienne-totale.jpg\" style=\"object-position:44% 68%\" data-object-fit=\"cover\" data-object-position=\"44% 68%\" srcset=\"https:\/\/www.camping-portesdariege.com\/wp-content\/uploads\/vue-aerienne-totale.jpg 2000w, https:\/\/www.camping-portesdariege.com\/wp-content\/uploads\/vue-aerienne-totale-1024x768.jpg 1024w, https:\/\/www.camping-portesdariege.com\/wp-content\/uploads\/vue-aerienne-totale-768x576.jpg 768w, https:\/\/www.camping-portesdariege.com\/wp-content\/uploads\/vue-aerienne-totale-1536x1152.jpg 1536w, https:\/\/www.camping-portesdariege.com\/wp-content\/uploads\/vue-aerienne-totale-512x384.jpg 512w, https:\/\/www.camping-portesdariege.com\/wp-content\/uploads\/vue-aerienne-totale-256x192.jpg 256w\" sizes=\"auto, (max-width: 2000px) 100vw, 2000px\" \/><span aria-hidden=\"true\" class=\"wp-block-cover__background has-background-dim-0 has-background-dim\" style=\"background-color:#6f7359\"><\/span><div class=\"wp-block-cover__inner-container is-layout-constrained wp-block-cover-is-layout-constrained\">\n<div class=\"wp-block-group lateral-info has-theme-white-background-color has-background is-layout-constrained wp-container-core-group-is-layout-fd9b688b wp-block-group-is-layout-constrained\" style=\"border-top-right-radius:10px;border-bottom-right-radius:10px;padding-left:0\">\n<div class=\"wp-block-group tooltip is-vertical is-content-justification-center is-layout-flex wp-container-core-group-is-layout-8ca27fd8 wp-block-group-is-layout-flex\" style=\"padding-top:0;padding-right:0;padding-bottom:0;padding-left:0\">\n<div class=\"wp-block-group tooltip-menu is-layout-constrained wp-container-core-group-is-layout-fd9b688b wp-block-group-is-layout-constrained\" style=\"padding-left:0\">\n<div class=\"wp-block-group is-layout-constrained wp-container-core-group-is-layout-044ddaed wp-block-group-is-layout-constrained\" style=\"padding-left:var(--wp--preset--spacing--30)\">\n<figure class=\"wp-block-image size-large\"><img loading=\"lazy\" decoding=\"async\" width=\"17\" height=\"16\" src=\"https:\/\/camping-portesdariege.com\/wp-content\/uploads\/group-1.svg\" alt=\"\" class=\"wp-image-2558\"\/><\/figure>\n<\/div>\n\n\n        <a href=\"tel:+330534014358\"class=\"wp-block-custom-banner has-text-align-left\" target=\"_self\">\n        <div class=\"acf-innerblocks-container\">\n\n<div class=\"wp-block-group tooltiptext has-theme-white-color has-theme-green-background-color has-text-color has-background has-link-color wp-elements-b7e8af8aa4fa0b1625a6f81327dbfa7a is-content-justification-space-between is-nowrap is-layout-flex wp-container-core-group-is-layout-682617f7 wp-block-group-is-layout-flex\" style=\"margin-top:0;margin-bottom:0;padding-top:0;padding-bottom:0;padding-left:var(--wp--preset--spacing--40)\">\n<figure class=\"wp-block-image size-large wp-duotone-fff-fff-2\"><img loading=\"lazy\" decoding=\"async\" width=\"17\" height=\"16\" src=\"https:\/\/camping-portesdariege.com\/wp-content\/uploads\/group-1.svg\" alt=\"\" class=\"wp-image-2558\"\/><\/figure>\n\n\n\n<p>RAPPELEZ-MOI<\/p>\n<\/div>\n\n<\/div>\n        <\/a>\n<\/div>\n\n\n\n<div class=\"wp-block-group tooltip-menu is-layout-constrained wp-block-group-is-layout-constrained\">\n<div class=\"wp-block-group is-layout-constrained wp-container-core-group-is-layout-044ddaed wp-block-group-is-layout-constrained\" style=\"padding-left:var(--wp--preset--spacing--30)\">\n<figure class=\"wp-block-image size-large\"><img loading=\"lazy\" decoding=\"async\" width=\"15\" height=\"10\" src=\"https:\/\/camping-portesdariege.com\/wp-content\/uploads\/email.svg\" alt=\"\" class=\"wp-image-2556\"\/><\/figure>\n<\/div>\n\n\n        <a href=\"mailto:contact@camping-portesdariege.com\"class=\"wp-block-custom-banner has-text-align-left\" target=\"_self\">\n        <div class=\"acf-innerblocks-container\">\n\n<div class=\"wp-block-group tooltiptext has-theme-white-color has-theme-green-background-color has-text-color has-background has-link-color wp-elements-b54104d0028563b1018a613950e1c2c4 is-content-justification-space-between is-nowrap is-layout-flex wp-container-core-group-is-layout-682617f7 wp-block-group-is-layout-flex\" style=\"margin-top:0;margin-bottom:0;padding-top:0;padding-bottom:0;padding-left:var(--wp--preset--spacing--40)\">\n<figure class=\"wp-block-image size-large wp-duotone-fff-fff-3\"><img loading=\"lazy\" decoding=\"async\" width=\"15\" height=\"10\" src=\"https:\/\/camping-portesdariege.com\/wp-content\/uploads\/email.svg\" alt=\"\" class=\"wp-image-2556\"\/><\/figure>\n\n\n\n<p>CONTACT<\/p>\n<\/div>\n\n<\/div>\n        <\/a>\n<\/div>\n\n\n\n<div class=\"wp-block-group tooltip-menu is-layout-constrained wp-block-group-is-layout-constrained\">\n<div class=\"wp-block-group is-layout-constrained wp-container-core-group-is-layout-044ddaed wp-block-group-is-layout-constrained\" style=\"padding-left:var(--wp--preset--spacing--30)\">\n<figure class=\"wp-block-image size-large\"><img loading=\"lazy\" decoding=\"async\" width=\"17\" height=\"16\" src=\"https:\/\/camping-portesdariege.com\/wp-content\/uploads\/mapa-1.svg\" alt=\"\" class=\"wp-image-2554\"\/><\/figure>\n<\/div>\n\n\n        <a href=\"https:\/\/www.camping-portesdariege.com\/wp-content\/uploads\/pdf\/plan-du-camping.pdf\"class=\"wp-block-custom-banner has-text-align-left\" target=\"_blank\">\n        <div class=\"acf-innerblocks-container\">\n\n<div class=\"wp-block-group tooltiptext has-theme-white-color has-theme-green-background-color has-text-color has-background has-link-color wp-elements-0b02fd549287e9a4d08b2cf43900d6fe is-content-justification-space-between is-nowrap is-layout-flex wp-container-core-group-is-layout-682617f7 wp-block-group-is-layout-flex\" style=\"margin-top:0;margin-bottom:0;padding-top:0;padding-bottom:0;padding-left:var(--wp--preset--spacing--40)\">\n<figure class=\"wp-block-image size-large wp-duotone-fff-fff-4\"><img loading=\"lazy\" decoding=\"async\" width=\"17\" height=\"16\" src=\"https:\/\/camping-portesdariege.com\/wp-content\/uploads\/mapa-1.svg\" alt=\"\" class=\"wp-image-2554\"\/><\/figure>\n\n\n\n<p>PLAN DU CAMPING<\/p>\n<\/div>\n\n<\/div>\n        <\/a>\n<\/div>\n<\/div>\n<\/div>\n\n\n\n<div class=\"wp-block-columns alignwide are-vertically-aligned-bottom banner-content-interior is-layout-flex wp-container-core-columns-is-layout-28f84493 wp-block-columns-is-layout-flex\">\n<div class=\"wp-block-column is-vertically-aligned-bottom titre-top is-layout-flow wp-block-column-is-layout-flow\">\n<p class=\"has-text-align-left banner-titre animation--init--once slide-down has-large-font-size\">Descubre nuestro<br>camping en Ari\u00e8ge<\/p>\n\n\n<div class=\"yoast-breadcrumbs\"><span><span><a href=\"https:\/\/www.camping-portesdariege.com\/es\/\">Inicio<\/a><\/span> \/ <span class=\"breadcrumb_last\" aria-current=\"page\">El camping<\/span><\/span><\/div><\/div>\n\n\n\n<div class=\"wp-block-column is-vertically-aligned-bottom formulaire-thr-container is-layout-flow wp-block-column-is-layout-flow\">\n<div class=\"wp-block-group formulaire-thr animation--init--once slide-down is-layout-constrained wp-block-group-is-layout-constrained\"><section class=\"formulaire-de-recherche-bar\">\r\n            <div id=\"expand-thelis-formulaire\">[:fr]R\u00e9servez[:]<\/div>\r\n            <div class=\"container-form\"><thr-search-engine><\/thr-search-engine><a id=\"pay-btn-2\" onclick=\"window.open('https:\/\/thelisresa.webcamp.fr\/cart-directPayment.php?camping=ariege09&amp;lang=es');\"><i><\/i>Pague su estancia<\/a>\r\n            <style>\r\n            \r\n            .thr-search-engine .thr-search-engine-main > .thr-btn-search { max-width: 20% !important; }\r\n            .thr .btn i { margin-right: 0 !important; }\r\n            #pay-btn-2 { \r\n                position: absolute;\r\n                right: 0;top: 0;\r\n                margin: 10px;\r\n                border: 0;\r\n                background-color: ;\r\n                color: ;\r\n                cursor: pointer;\r\n                width: calc(17% - 5px);\r\n                padding: 17px 0;\r\n                font-size: 18px;\r\n                font-weight: bold;\r\n                text-transform: auto;\r\n                transition: all .35s;\r\n                display: flex;justify-content: center;\r\n                align-items: center;\r\n            }\r\n            #pay-btn-2 i {\r\n                display: inline-flex;\r\n                width:18px;height:18px;\r\n                margin-right: 5px;\r\n                background-image: url('data:image\/svg+xml;utf8,<?xml version=\"1.0\" encoding=\"utf-8\"?><svg width=\"1792\" height=\"1792\" viewBox=\"0 0 1792 1792\" xmlns=\"http:\/\/www.w3.org\/2000\/svg\"><path d=\"M704 1536q0 52-38 90t-90 38-90-38-38-90 38-90 90-38 90 38 38 90zm896 0q0 52-38 90t-90 38-90-38-38-90 38-90 90-38 90 38 38 90zm128-1088v512q0 24-16.5 42.5t-40.5 21.5l-1044 122q13 60 13 70 0 16-24 64h920q26 0 45 19t19 45-19 45-45 19h-1024q-26 0-45-19t-19-45q0-11 8-31.5t16-36 21.5-40 15.5-29.5l-177-823h-204q-26 0-45-19t-19-45 19-45 45-19h256q16 0 28.5 6.5t19.5 15.5 13 24.5 8 26 5.5 29.5 4.5 26h1201q26 0 45 19t19 45z\" fill=\"rgba(255,255,255,1)\" \/><\/svg>');\r\n                background-size: cover;background-position: center center;background-repeat: no-repeat;\r\n            }\r\n            #pay-btn-2:hover { background-color: ; }\r\n            .thr-search-engine { width: 83%; }\r\n\r\n            @media screen and (max-width: 1180px) {\r\n                #pay-btn-2 { top: 52px; }\r\n                .thr-search-engine .thr-search-engine-main > .thr-btn-search { max-width: inherit !important; }\r\n            }\r\n            @media screen and (max-width: 990px) {\r\n                .thr-search-engine { width: 100%; }\r\n                #pay-btn-2 { position: relative;width: calc(100% - 20px);top: auto;margin-top: 0; }\r\n            }\r\n\r\n            thr-search-engine { border-right: 200px rgba(0,0,0,0) solid;display: block; }\r\n            @media screen and (max-width: 1180px) {\r\n                thr-search-engine { border-right: inherit;display: inherit; }\r\n            }\r\n            <\/style>\r\n            <\/div><\/section><!-- .formulaire-de-recherche-bar --><style>\r\n        #expand-thelis-formulaire { display: none; }\r\n        @media screen and (max-width: 1180px) {\r\n            #expand-thelis-formulaire { display: block; }\r\n            .formulaire-de-recherche-bar .container-form { display: none; }\r\n        }\r\n    <\/style><script>\r\n    jQuery(document).ready(function($){\r\n        jQuery('#expand-thelis-formulaire').click(function(){\r\n            if(\r\n                jQuery('.formulaire-de-recherche-bar .container-form').css('display') == 'none'\r\n            ){\r\n                jQuery('.formulaire-de-recherche-bar .container-form').css('display', 'block');\r\n                jQuery('#expand-thelis-formulaire').addClass('expanded');\r\n            }else{\r\n                jQuery('.formulaire-de-recherche-bar .container-form').css('display', 'none');\r\n                jQuery('#expand-thelis-formulaire').removeClass('expanded');\r\n            }\r\n        });\r\n    });\r\n    <\/script>\n<\/div>\n<\/div>\n<\/div>\n<\/div><\/div>\n\n\n\n<div class=\"wp-block-group alignfull img-radius titre-interior padding-adjustment z-index-sections is-layout-constrained wp-block-group-is-layout-constrained\" style=\"padding-top:var(--wp--preset--spacing--80);padding-bottom:var(--wp--preset--spacing--80)\">\n<div class=\"wp-block-group alignwide is-layout-flow wp-block-group-is-layout-flow\" style=\"margin-top:var(--wp--preset--spacing--60);margin-bottom:var(--wp--preset--spacing--60)\">\n<h1 class=\"wp-block-heading has-text-align-center h1-interior animation--init--once slide-down has-theme-primary-green-color has-text-color has-link-color wp-elements-f15d3e1c58816382d7b3d15e010a91fd\">Camping Portes d&#8217;Ari\u00e8ge Pamiers<br><sub><mark style=\"background-color:rgba(0, 0, 0, 0)\" class=\"has-inline-color has-theme-green-color\">Te da la bienvenida a los pies de los Pirineos.<\/mark><\/sub><\/h1>\n\n\n\n<div class=\"wp-block-columns alignwide is-layout-flex wp-container-core-columns-is-layout-4c1dd492 wp-block-columns-is-layout-flex\" style=\"margin-top:var(--wp--preset--spacing--80);margin-bottom:var(--wp--preset--spacing--80)\">\n<div class=\"wp-block-column is-vertically-aligned-top is-layout-flow wp-block-column-is-layout-flow\">\n<p>Imag\u00ednese en un parque de 2,5 hect\u00e1reas con <strong>mucha sombra<\/strong>\u2026 <strong>amplias<\/strong> <strong>parcelas <\/strong>de 100 m2\u2026 cierre los ojos y d\u00e9jese arrullar por el canto de los p\u00e1jaros y el murmullo del <strong>r\u00edo Ari\u00e8ge<\/strong>, bajo la beneficiosa sombra de grandes \u00e1rboles, algunos de los cuales tienen siglos de antig\u00fcedad.<\/p>\n\n\n\n<p>La <strong>piscina <\/strong>est\u00e1 ah\u00ed para que j\u00f3venes y mayores puedan refrescarse por igual.<\/p>\n\n\n\n<p>Una <strong>zona de juegos<\/strong> infantiles, una pista de <strong>petanca <\/strong>para los aficionados, un <strong>restaurante <\/strong>y un <strong>bar<\/strong> para disfrutar de buenos momentos.<\/p>\n\n\n\n<p>Lo \u00fanico que tienes que hacer es elegir el tipo de vacaciones que prefieras: un <strong>bungalow<\/strong> de lona, \u200b\u200bun <strong>chalet<\/strong>, una <strong>casa m\u00f3vil<\/strong> o una <strong>parcela<\/strong> para tu tienda de campa\u00f1a, caravana o autocaravana.<\/p>\n\n\n\n<p>Una cosa es segura: \u00a1ser\u00e1s recibido en un <strong>entorno natural y verde<\/strong>, propicio para la <strong>relajaci\u00f3n <\/strong>y la <strong>convivencia<\/strong>!<\/p>\n\n\n\n<div class=\"wp-block-group is-layout-constrained wp-block-group-is-layout-constrained\">\n<div class=\"wp-block-group grid-center-mobile is-content-justification-center is-nowrap is-layout-flex wp-container-core-group-is-layout-76f55352 wp-block-group-is-layout-flex\">\n<div class=\"wp-block-columns is-layout-flex wp-container-core-columns-is-layout-28f84493 wp-block-columns-is-layout-flex\">\n<div class=\"wp-block-column is-layout-flow wp-block-column-is-layout-flow\" style=\"flex-basis:100%\">\n<figure class=\"wp-block-image size-full is-resized\"><img loading=\"lazy\" decoding=\"async\" width=\"2560\" height=\"1440\" src=\"https:\/\/www.camping-portesdariege.com\/wp-content\/uploads\/dji-0402-scaled.jpg\" alt=\"\" class=\"wp-image-4621\" style=\"aspect-ratio:4\/3;object-fit:cover;width:411px\" srcset=\"https:\/\/www.camping-portesdariege.com\/wp-content\/uploads\/dji-0402-scaled.jpg 2560w, https:\/\/www.camping-portesdariege.com\/wp-content\/uploads\/dji-0402-1024x576.jpg 1024w, https:\/\/www.camping-portesdariege.com\/wp-content\/uploads\/dji-0402-2048x1152.jpg 2048w, https:\/\/www.camping-portesdariege.com\/wp-content\/uploads\/dji-0402-768x432.jpg 768w, https:\/\/www.camping-portesdariege.com\/wp-content\/uploads\/dji-0402-1536x864.jpg 1536w, https:\/\/www.camping-portesdariege.com\/wp-content\/uploads\/dji-0402-512x288.jpg 512w, https:\/\/www.camping-portesdariege.com\/wp-content\/uploads\/dji-0402-256x144.jpg 256w\" sizes=\"auto, (max-width: 2560px) 100vw, 2560px\" \/><figcaption class=\"wp-element-caption\">Piscina y chalets<\/figcaption><\/figure>\n<\/div>\n<\/div>\n\n\n\n<figure class=\"wp-block-image size-full is-resized\"><img loading=\"lazy\" decoding=\"async\" width=\"2560\" height=\"1920\" src=\"https:\/\/www.camping-portesdariege.com\/wp-content\/uploads\/20240731-170230-scaled.jpg\" alt=\"\" class=\"wp-image-4624\" style=\"aspect-ratio:4\/3;object-fit:cover;width:411px;height:auto\" srcset=\"https:\/\/www.camping-portesdariege.com\/wp-content\/uploads\/20240731-170230-scaled.jpg 2560w, https:\/\/www.camping-portesdariege.com\/wp-content\/uploads\/20240731-170230-1024x768.jpg 1024w, https:\/\/www.camping-portesdariege.com\/wp-content\/uploads\/20240731-170230-2048x1536.jpg 2048w, https:\/\/www.camping-portesdariege.com\/wp-content\/uploads\/20240731-170230-768x576.jpg 768w, https:\/\/www.camping-portesdariege.com\/wp-content\/uploads\/20240731-170230-1536x1152.jpg 1536w, https:\/\/www.camping-portesdariege.com\/wp-content\/uploads\/20240731-170230-512x384.jpg 512w, https:\/\/www.camping-portesdariege.com\/wp-content\/uploads\/20240731-170230-256x192.jpg 256w\" sizes=\"auto, (max-width: 2560px) 100vw, 2560px\" \/><figcaption class=\"wp-element-caption\">Piscina<\/figcaption><\/figure>\n<\/div>\n<\/div>\n<\/div>\n\n\n\n<div class=\"wp-block-column is-vertically-aligned-bottom image-back-green-right is-layout-flow wp-block-column-is-layout-flow\">\n<figure class=\"wp-block-image alignwide size-full image-back-green-right\"><img loading=\"lazy\" decoding=\"async\" width=\"2560\" height=\"1920\" src=\"https:\/\/www.camping-portesdariege.com\/wp-content\/uploads\/20240420-164243-scaled.jpg\" alt=\"\" class=\"wp-image-4626\" srcset=\"https:\/\/www.camping-portesdariege.com\/wp-content\/uploads\/20240420-164243-scaled.jpg 2560w, https:\/\/www.camping-portesdariege.com\/wp-content\/uploads\/20240420-164243-1024x768.jpg 1024w, https:\/\/www.camping-portesdariege.com\/wp-content\/uploads\/20240420-164243-2048x1536.jpg 2048w, https:\/\/www.camping-portesdariege.com\/wp-content\/uploads\/20240420-164243-768x576.jpg 768w, https:\/\/www.camping-portesdariege.com\/wp-content\/uploads\/20240420-164243-1536x1152.jpg 1536w, https:\/\/www.camping-portesdariege.com\/wp-content\/uploads\/20240420-164243-512x384.jpg 512w, https:\/\/www.camping-portesdariege.com\/wp-content\/uploads\/20240420-164243-256x192.jpg 256w\" sizes=\"auto, (max-width: 2560px) 100vw, 2560px\" \/><figcaption class=\"wp-element-caption\">Terraza sombreada<\/figcaption><\/figure>\n<\/div>\n<\/div>\n<\/div>\n<\/div>\n\n\n\n<div class=\"wp-block-group alignfull z-index-sections is-layout-flow wp-block-group-is-layout-flow\">\n<div class=\"wp-block-cover is-light has-custom-content-position is-position-top-center camping-gallery-container\"><img loading=\"lazy\" decoding=\"async\" width=\"1421\" height=\"992\" class=\"wp-block-cover__image-background wp-image-1009\" alt=\"\" src=\"https:\/\/camping-portesdariege.com\/wp-content\/uploads\/back-actualites.jpg\" data-object-fit=\"cover\" srcset=\"https:\/\/www.camping-portesdariege.com\/wp-content\/uploads\/back-actualites.jpg 1421w, https:\/\/www.camping-portesdariege.com\/wp-content\/uploads\/back-actualites-1024x715.jpg 1024w, https:\/\/www.camping-portesdariege.com\/wp-content\/uploads\/back-actualites-768x536.jpg 768w, https:\/\/www.camping-portesdariege.com\/wp-content\/uploads\/back-actualites-512x357.jpg 512w, https:\/\/www.camping-portesdariege.com\/wp-content\/uploads\/back-actualites-256x179.jpg 256w\" sizes=\"auto, (max-width: 1421px) 100vw, 1421px\" \/><span aria-hidden=\"true\" class=\"wp-block-cover__background has-theme-orange-background-color has-background-dim-40 has-background-dim\"><\/span><div class=\"wp-block-cover__inner-container is-layout-constrained wp-block-cover-is-layout-constrained\">\n<div class=\"wp-block-group alignwide is-layout-flow wp-block-group-is-layout-flow\" style=\"padding-top:var(--wp--preset--spacing--60)\">\n<h2 class=\"wp-block-heading has-text-align-center h2-40 animation--init--once slide-down has-theme-primary-green-color has-text-color has-link-color has-h-3-font-size wp-elements-127c77f28619bbcd2cab1349d8219da0\">Servicios <mark style=\"background-color:rgba(0, 0, 0, 0)\" class=\"has-inline-color has-theme-green-color\">y equipos<\/mark><\/h2>\n\n\n\n<p class=\"has-text-align-center\">La <strong>piscina <\/strong>est\u00e1 ah\u00ed para que j\u00f3venes y mayores puedan refrescarse por igual.<\/p>\n\n\n\n<p class=\"has-text-align-center\">Una <strong>zona de juegos<\/strong> infantiles, una pista de <strong>petanca <\/strong>para los aficionados, un <strong>restaurante <\/strong>y un <strong>bar<\/strong> para disfrutar de buenos momentos.<\/p>\n<\/div>\n<\/div><\/div>\n<\/div>\n\n\n\n<div class=\"wp-block-group alignwide block-gallery-container camping z-index-sections is-layout-flow wp-block-group-is-layout-flow\">\n<p class=\"has-text-align-right underline-text camping-gallery animation--init--once slide-down\" style=\"margin-top:var(--wp--preset--spacing--60)\"><a href=\"https:\/\/camping-portesdariege.com\/le-camping\/services-et-equipements\/\">Voir les services et \u00e9quipements<\/a><\/p>\n\n\n\n<div class=\"wp-block-slider block-gallery-100 gallery-camping alignwide has-custom-margin\" style=\"margin-top:var:preset|spacing|80;--wp--custom--block-gap:var:preset|spacing|80 !important;\">\n    <div class=\"block-slider-splide splide\" id=\"block_slide_9879\">\n        <div class=\"splide__track\">\n                <div class=\"acf-innerblocks-container\">\n\n<div class=\"wp-block-group animation--init--once slide-down is-layout-constrained wp-block-group-is-layout-constrained\">\n<div class=\"wp-block-cover is-light has-custom-content-position is-position-bottom-left\"><img loading=\"lazy\" decoding=\"async\" width=\"2560\" height=\"2523\" class=\"wp-block-cover__image-background wp-image-4630\" alt=\"\" src=\"https:\/\/www.camping-portesdariege.com\/wp-content\/uploads\/20240626-133119-scaled.jpg\" style=\"object-position:47% 41%\" data-object-fit=\"cover\" data-object-position=\"47% 41%\" srcset=\"https:\/\/www.camping-portesdariege.com\/wp-content\/uploads\/20240626-133119-scaled.jpg 2560w, https:\/\/www.camping-portesdariege.com\/wp-content\/uploads\/20240626-133119-1024x1009.jpg 1024w, https:\/\/www.camping-portesdariege.com\/wp-content\/uploads\/20240626-133119-2048x2018.jpg 2048w, https:\/\/www.camping-portesdariege.com\/wp-content\/uploads\/20240626-133119-768x757.jpg 768w, https:\/\/www.camping-portesdariege.com\/wp-content\/uploads\/20240626-133119-1536x1514.jpg 1536w, https:\/\/www.camping-portesdariege.com\/wp-content\/uploads\/20240626-133119-512x505.jpg 512w, https:\/\/www.camping-portesdariege.com\/wp-content\/uploads\/20240626-133119-256x252.jpg 256w\" sizes=\"auto, (max-width: 2560px) 100vw, 2560px\" \/><span aria-hidden=\"true\" class=\"wp-block-cover__background has-background-dim-0 has-background-dim\" style=\"background-color:#99916f\"><\/span><div class=\"wp-block-cover__inner-container is-layout-constrained wp-block-cover-is-layout-constrained\">\n<p class=\"has-text-align-left has-theme-white-color has-text-color has-link-color has-large-font-size wp-elements-54463186fc01b52e214e2b7fa2467caf\">El Restaurante<\/p>\n<\/div><\/div>\n<\/div>\n\n\n\n<div class=\"wp-block-group animation--init--once slide-down is-layout-constrained wp-block-group-is-layout-constrained\">\n<div class=\"wp-block-cover has-custom-content-position is-position-bottom-left\"><img loading=\"lazy\" decoding=\"async\" width=\"215\" height=\"260\" class=\"wp-block-cover__image-background wp-image-2759\" alt=\"\" src=\"https:\/\/camping-portesdariege.com\/wp-content\/uploads\/bread.jpg\" data-object-fit=\"cover\" srcset=\"https:\/\/www.camping-portesdariege.com\/wp-content\/uploads\/bread.jpg 215w, https:\/\/www.camping-portesdariege.com\/wp-content\/uploads\/bread-212x256.jpg 212w\" sizes=\"auto, (max-width: 215px) 100vw, 215px\" \/><span aria-hidden=\"true\" class=\"wp-block-cover__background has-background-dim-0 has-background-dim\"><\/span><div class=\"wp-block-cover__inner-container is-layout-constrained wp-block-cover-is-layout-constrained\">\n<p class=\"has-text-align-left has-theme-white-color has-text-color has-link-color has-large-font-size wp-elements-4235c2b404bf5e49a5812641e9db439e\">Deposito de pan<\/p>\n<\/div><\/div>\n<\/div>\n\n\n\n<div class=\"wp-block-group animation--init--once slide-down is-layout-constrained wp-block-group-is-layout-constrained\">\n<div class=\"wp-block-cover has-custom-content-position is-position-bottom-left\"><img loading=\"lazy\" decoding=\"async\" width=\"2560\" height=\"1920\" class=\"wp-block-cover__image-background wp-image-4633\" alt=\"\" src=\"https:\/\/www.camping-portesdariege.com\/wp-content\/uploads\/20240509-194419-scaled.jpg\" style=\"object-position:59% 14%\" data-object-fit=\"cover\" data-object-position=\"59% 14%\" srcset=\"https:\/\/www.camping-portesdariege.com\/wp-content\/uploads\/20240509-194419-scaled.jpg 2560w, https:\/\/www.camping-portesdariege.com\/wp-content\/uploads\/20240509-194419-1024x768.jpg 1024w, https:\/\/www.camping-portesdariege.com\/wp-content\/uploads\/20240509-194419-2048x1536.jpg 2048w, https:\/\/www.camping-portesdariege.com\/wp-content\/uploads\/20240509-194419-768x576.jpg 768w, https:\/\/www.camping-portesdariege.com\/wp-content\/uploads\/20240509-194419-1536x1152.jpg 1536w, https:\/\/www.camping-portesdariege.com\/wp-content\/uploads\/20240509-194419-512x384.jpg 512w, https:\/\/www.camping-portesdariege.com\/wp-content\/uploads\/20240509-194419-256x192.jpg 256w\" sizes=\"auto, (max-width: 2560px) 100vw, 2560px\" \/><span aria-hidden=\"true\" class=\"wp-block-cover__background has-background-dim-0 has-background-dim\" style=\"background-color:#5d757a\"><\/span><div class=\"wp-block-cover__inner-container is-layout-constrained wp-block-cover-is-layout-constrained\">\n<p class=\"has-text-align-left has-theme-white-color has-text-color has-link-color has-large-font-size wp-elements-d99f8172666b2e10a0dcbc3e2ec18bcf\">La piscina<\/p>\n<\/div><\/div>\n<\/div>\n\n\n\n<div class=\"wp-block-group animation--init--once slide-down is-layout-constrained wp-block-group-is-layout-constrained\">\n<div class=\"wp-block-cover is-light has-custom-content-position is-position-bottom-left\"><img loading=\"lazy\" decoding=\"async\" width=\"216\" height=\"261\" class=\"wp-block-cover__image-background wp-image-2766\" alt=\"\" src=\"https:\/\/camping-portesdariege.com\/wp-content\/uploads\/cheese.jpg\" data-object-fit=\"cover\" srcset=\"https:\/\/www.camping-portesdariege.com\/wp-content\/uploads\/cheese.jpg 216w, https:\/\/www.camping-portesdariege.com\/wp-content\/uploads\/cheese-212x256.jpg 212w\" sizes=\"auto, (max-width: 216px) 100vw, 216px\" \/><span aria-hidden=\"true\" class=\"wp-block-cover__background has-background-dim-0 has-background-dim\"><\/span><div class=\"wp-block-cover__inner-container is-layout-constrained wp-block-cover-is-layout-constrained\">\n<p class=\"has-text-align-left has-theme-white-color has-text-color has-link-color has-large-font-size wp-elements-ab56602172f053dd5b492bd8200711ce\">Venta de<br>productos locales<\/p>\n<\/div><\/div>\n<\/div>\n\n\n\n<div class=\"wp-block-group animation--init--once slide-down is-layout-constrained wp-block-group-is-layout-constrained\">\n<div class=\"wp-block-cover has-custom-content-position is-position-bottom-left\"><img loading=\"lazy\" decoding=\"async\" width=\"2560\" height=\"1920\" class=\"wp-block-cover__image-background wp-image-4635\" alt=\"\" src=\"https:\/\/www.camping-portesdariege.com\/wp-content\/uploads\/laverie-automatique-2-scaled.jpg\" data-object-fit=\"cover\" srcset=\"https:\/\/www.camping-portesdariege.com\/wp-content\/uploads\/laverie-automatique-2-scaled.jpg 2560w, https:\/\/www.camping-portesdariege.com\/wp-content\/uploads\/laverie-automatique-2-1024x768.jpg 1024w, https:\/\/www.camping-portesdariege.com\/wp-content\/uploads\/laverie-automatique-2-2048x1536.jpg 2048w, https:\/\/www.camping-portesdariege.com\/wp-content\/uploads\/laverie-automatique-2-768x576.jpg 768w, https:\/\/www.camping-portesdariege.com\/wp-content\/uploads\/laverie-automatique-2-1536x1152.jpg 1536w, https:\/\/www.camping-portesdariege.com\/wp-content\/uploads\/laverie-automatique-2-512x384.jpg 512w, https:\/\/www.camping-portesdariege.com\/wp-content\/uploads\/laverie-automatique-2-256x192.jpg 256w\" sizes=\"auto, (max-width: 2560px) 100vw, 2560px\" \/><span aria-hidden=\"true\" class=\"wp-block-cover__background has-background-dim-0 has-background-dim\" style=\"background-color:#738088\"><\/span><div class=\"wp-block-cover__inner-container is-layout-constrained wp-block-cover-is-layout-constrained\">\n<p class=\"has-text-align-left has-theme-white-color has-text-color has-link-color has-large-font-size wp-elements-d5a50b4042521d1f152aa14dd6f9df73\">Lavanderia<\/p>\n<\/div><\/div>\n<\/div>\n\n<\/div>        <\/div>\n    <\/div>\n<\/div>\n    <script>\n        'use strict';\n\n        document.addEventListener('DOMContentLoaded', function () {\n\n            (function() {\n                const blockSlide = new Splide( '#block_slide_9879', {\n                    type : 'slide',\n                    perPage: 5,\n                    updateOnMove: true,\n                    perMove: 1,\n                                        \n                    breakpoints: {\n                        800: {\n                            perPage: 4,\n                                                    },\n                        450: {\n                            perPage: 2,\n                            \n                        },\n                    },\n                    pagination: false,\n                    arrows: false,\n                    gap: 'var:preset|spacing|80',\n                    i18n: {\n                        slideLabel: '%s\/%s',\n                    }\n                } );\n                \n                blockSlide.mount();\n                                            })();\n        })\n    <\/script>\n<\/div>\n\n\n\n<div class=\"wp-block-columns alignwide are-vertically-aligned-center margin-adjustment pratiques-camping z-index-sections is-layout-flex wp-container-core-columns-is-layout-eae17e81 wp-block-columns-is-layout-flex\" style=\"margin-top:var(--wp--preset--spacing--70);margin-bottom:var(--wp--preset--spacing--70)\">\n<div class=\"wp-block-column is-vertically-aligned-center is-layout-flow wp-block-column-is-layout-flow\">\n<figure class=\"wp-block-image alignleft size-full image-back-green-left\"><img loading=\"lazy\" decoding=\"async\" width=\"2560\" height=\"1920\" src=\"https:\/\/www.camping-portesdariege.com\/wp-content\/uploads\/20240402-151634-scaled.jpg\" alt=\"\" class=\"wp-image-4637\" srcset=\"https:\/\/www.camping-portesdariege.com\/wp-content\/uploads\/20240402-151634-scaled.jpg 2560w, https:\/\/www.camping-portesdariege.com\/wp-content\/uploads\/20240402-151634-1024x768.jpg 1024w, https:\/\/www.camping-portesdariege.com\/wp-content\/uploads\/20240402-151634-2048x1536.jpg 2048w, https:\/\/www.camping-portesdariege.com\/wp-content\/uploads\/20240402-151634-768x576.jpg 768w, https:\/\/www.camping-portesdariege.com\/wp-content\/uploads\/20240402-151634-1536x1152.jpg 1536w, https:\/\/www.camping-portesdariege.com\/wp-content\/uploads\/20240402-151634-512x384.jpg 512w, https:\/\/www.camping-portesdariege.com\/wp-content\/uploads\/20240402-151634-256x192.jpg 256w\" sizes=\"auto, (max-width: 2560px) 100vw, 2560px\" \/><\/figure>\n<\/div>\n\n\n\n<div class=\"wp-block-column is-vertically-aligned-center is-layout-flow wp-block-column-is-layout-flow\">\n<h2 class=\"wp-block-heading has-text-align-left animation--init--once slide-down h2-40 has-theme-primary-green-color has-text-color has-link-color has-large-font-size wp-elements-87567d70b1ff3b3e3e9dd843f23613e1\" style=\"margin-bottom:var(--wp--preset--spacing--60)\">EL camping *** <br>Portes d&#8217;Ari\u00e8ge<br><mark style=\"background-color:rgba(0, 0, 0, 0)\" class=\"has-inline-color has-theme-green-color\">Tambien lo es<\/mark><\/h2>\n\n\n\n<p>Nos comprometemos a adoptar un <strong>enfoque ambientalmente responsable, orientado a preservar la naturaleza que nos rodea<\/strong>. Por supuesto, contamos con su apoyo para lograrlo, manteniendo la vigilancia en el consumo de agua y electricidad y en la correcta separaci\u00f3n de nuestros residuos.<\/p>\n\n\n\n<p><strong>Cada acci\u00f3n cuenta, y juntos podemos crear un entorno sostenible para las generaciones futuras.<\/strong><\/p>\n\n\n\n<div class=\"wp-block-group buttons-grid is-content-justification-left is-nowrap is-layout-flex wp-container-core-group-is-layout-8541aaed wp-block-group-is-layout-flex\" style=\"margin-top:var(--wp--preset--spacing--70);margin-bottom:0\">\n<div class=\"wp-block-buttons animation--init--once slide-right is-layout-flex wp-block-buttons-is-layout-flex\">\n<div class=\"wp-block-button is-style-fill\"><a class=\"wp-block-button__link has-theme-green-background-color has-background wp-element-button\" href=\"https:\/\/camping-portesdariege.com\/wp-content\/uploads\/pdf\/plan-du-camping.pdf\" style=\"border-width:1px;border-radius:5px\" target=\"_blank\" rel=\"noreferrer noopener\"><img loading=\"lazy\" decoding=\"async\" width=\"21\" height=\"20\" class=\"wp-image-1344\" style=\"width: 21px;\" src=\"https:\/\/camping-portesdariege.com\/wp-content\/uploads\/mapa.svg\" alt=\"\"> El mapa del camping<\/a><\/div>\n<\/div>\n\n\n\n<div class=\"wp-block-buttons animation--init--once slide-left is-layout-flex wp-block-buttons-is-layout-flex\">\n<div class=\"wp-block-button is-style-fill\"><a class=\"wp-block-button__link has-theme-green-background-color has-background wp-element-button\" href=\"https:\/\/www.camping-portesdariege.com\/wp-content\/uploads\/tarifs-2026.pdf\" style=\"border-width:1px;border-radius:5px\" target=\"_blank\" rel=\"noreferrer noopener\"><img loading=\"lazy\" decoding=\"async\" width=\"20\" height=\"20\" class=\"wp-image-1352\" style=\"width: 20px;\" src=\"https:\/\/camping-portesdariege.com\/wp-content\/uploads\/tarifs.svg\" alt=\"\"> Precios<\/a><\/div>\n<\/div>\n<\/div>\n\n\n\n<div class=\"wp-block-group  buttons-grid is-content-justification-left is-nowrap is-layout-flex wp-container-core-group-is-layout-fc9f69e7 wp-block-group-is-layout-flex\">\n<div class=\"wp-block-buttons animation--init--once slide-right is-layout-flex wp-block-buttons-is-layout-flex\">\n<div class=\"wp-block-button is-style-fill\"><a class=\"wp-block-button__link has-theme-green-background-color has-background wp-element-button\" href=\"https:\/\/camping-portesdariege.com\/wp-content\/uploads\/pdf\/assurance-annulation.pdf\" style=\"border-width:1px;border-radius:5px\" target=\"_blank\" rel=\"noreferrer noopener\"><img loading=\"lazy\" decoding=\"async\" width=\"17\" height=\"21\" class=\"wp-image-1350\" style=\"width: 17px;\" src=\"https:\/\/camping-portesdariege.com\/wp-content\/uploads\/group.svg\" alt=\"\"> Seguro de cancelacion<\/a><\/div>\n<\/div>\n<\/div>\n<\/div>\n<\/div>\n","protected":false},"excerpt":{"rendered":"<p>Camping Portes d&#8217;Ari\u00e8ge PamiersTe da la bienvenida a los pies de los Pirineos. Imag\u00ednese en un parque de 2,5 hect\u00e1reas con mucha sombra\u2026 amplias parcelas de 100 m2\u2026 cierre los ojos y d\u00e9jese arrullar por el canto de los p\u00e1jaros y el murmullo del r\u00edo Ari\u00e8ge, bajo la beneficiosa sombra de grandes \u00e1rboles, algunos de [&hellip;]<\/p>\n","protected":false},"author":3,"featured_media":0,"parent":0,"menu_order":1,"comment_status":"closed","ping_status":"closed","template":"","meta":{"_acf_changed":false,"inline_featured_image":false,"footnotes":""},"class_list":["post-5221","page","type-page","status-publish","hentry"],"acf":[],"yoast_head":"<!-- This site is optimized with the Yoast SEO plugin v27.2 - https:\/\/yoast.com\/product\/yoast-seo-wordpress\/ -->\n<title>Camping Portes d\u2019Ari\u00e8ge \u00e0 Pamiers | S\u00e9jour Nature au Pied des Pyr\u00e9n\u00e9es<\/title>\n<meta name=\"description\" content=\"Profitez d&#039;un s\u00e9jour nature au pied des Pyr\u00e9n\u00e9es. Emplacements ombrag\u00e9s, piscine, jeux, restaurant. R\u00e9servez d\u00e8s maintenant !\" \/>\n<meta name=\"robots\" content=\"index, follow, max-snippet:-1, max-image-preview:large, max-video-preview:-1\" \/>\n<link rel=\"canonical\" href=\"https:\/\/www.camping-portesdariege.com\/es\/le-camping\/\" \/>\n<meta property=\"og:locale\" content=\"es_ES\" \/>\n<meta property=\"og:type\" content=\"article\" \/>\n<meta property=\"og:title\" content=\"Camping Portes d\u2019Ari\u00e8ge \u00e0 Pamiers | S\u00e9jour Nature au Pied des Pyr\u00e9n\u00e9es\" \/>\n<meta property=\"og:description\" content=\"Profitez d&#039;un s\u00e9jour nature au pied des Pyr\u00e9n\u00e9es. Emplacements ombrag\u00e9s, piscine, jeux, restaurant. R\u00e9servez d\u00e8s maintenant !\" \/>\n<meta property=\"og:url\" content=\"https:\/\/www.camping-portesdariege.com\/es\/le-camping\/\" \/>\n<meta property=\"og:site_name\" content=\"Camping Porte d&#039;Ariege\" \/>\n<meta property=\"article:modified_time\" content=\"2026-04-01T09:15:47+00:00\" \/>\n<meta property=\"og:image\" content=\"https:\/\/www.camping-portesdariege.com\/wp-content\/uploads\/vue-aerienne-totale.jpg\" \/>\n\t<meta property=\"og:image:width\" content=\"2000\" \/>\n\t<meta property=\"og:image:height\" content=\"1500\" \/>\n\t<meta property=\"og:image:type\" content=\"image\/jpeg\" \/>\n<meta name=\"twitter:card\" content=\"summary_large_image\" \/>\n<meta name=\"twitter:label1\" content=\"Tiempo de lectura\" \/>\n\t<meta name=\"twitter:data1\" content=\"13 minutos\" \/>\n<script type=\"application\/ld+json\" class=\"yoast-schema-graph\">{\"@context\":\"https:\/\/schema.org\",\"@graph\":[{\"@type\":\"WebPage\",\"@id\":\"https:\/\/www.camping-portesdariege.com\/es\/le-camping\/\",\"url\":\"https:\/\/www.camping-portesdariege.com\/es\/le-camping\/\",\"name\":\"Camping Portes d\u2019Ari\u00e8ge \u00e0 Pamiers | S\u00e9jour Nature au Pied des Pyr\u00e9n\u00e9es\",\"isPartOf\":{\"@id\":\"https:\/\/www.camping-portesdariege.com\/es\/#website\"},\"primaryImageOfPage\":{\"@id\":\"https:\/\/www.camping-portesdariege.com\/es\/le-camping\/#primaryimage\"},\"image\":{\"@id\":\"https:\/\/www.camping-portesdariege.com\/es\/le-camping\/#primaryimage\"},\"thumbnailUrl\":\"https:\/\/www.camping-portesdariege.com\/wp-content\/uploads\/vue-aerienne-totale.jpg\",\"datePublished\":\"2024-02-12T13:38:59+00:00\",\"dateModified\":\"2026-04-01T09:15:47+00:00\",\"description\":\"Profitez d'un s\u00e9jour nature au pied des Pyr\u00e9n\u00e9es. Emplacements ombrag\u00e9s, piscine, jeux, restaurant. R\u00e9servez d\u00e8s maintenant !\",\"breadcrumb\":{\"@id\":\"https:\/\/www.camping-portesdariege.com\/es\/le-camping\/#breadcrumb\"},\"inLanguage\":\"es\",\"potentialAction\":[{\"@type\":\"ReadAction\",\"target\":[\"https:\/\/www.camping-portesdariege.com\/es\/le-camping\/\"]}]},{\"@type\":\"ImageObject\",\"inLanguage\":\"es\",\"@id\":\"https:\/\/www.camping-portesdariege.com\/es\/le-camping\/#primaryimage\",\"url\":\"https:\/\/www.camping-portesdariege.com\/wp-content\/uploads\/vue-aerienne-totale.jpg\",\"contentUrl\":\"https:\/\/www.camping-portesdariege.com\/wp-content\/uploads\/vue-aerienne-totale.jpg\"},{\"@type\":\"BreadcrumbList\",\"@id\":\"https:\/\/www.camping-portesdariege.com\/es\/le-camping\/#breadcrumb\",\"itemListElement\":[{\"@type\":\"ListItem\",\"position\":1,\"name\":\"Inicio\",\"item\":\"https:\/\/www.camping-portesdariege.com\/es\/\"},{\"@type\":\"ListItem\",\"position\":2,\"name\":\"El camping\"}]},{\"@type\":\"WebSite\",\"@id\":\"https:\/\/www.camping-portesdariege.com\/es\/#website\",\"url\":\"https:\/\/www.camping-portesdariege.com\/es\/\",\"name\":\"Camping Porte d&#039;Ariege\",\"description\":\"Camping Porte d&#039;Ariege\",\"potentialAction\":[{\"@type\":\"SearchAction\",\"target\":{\"@type\":\"EntryPoint\",\"urlTemplate\":\"https:\/\/www.camping-portesdariege.com\/es\/?s={search_term_string}\"},\"query-input\":{\"@type\":\"PropertyValueSpecification\",\"valueRequired\":true,\"valueName\":\"search_term_string\"}}],\"inLanguage\":\"es\"}]}<\/script>\n<!-- \/ Yoast SEO plugin. -->","yoast_head_json":{"title":"Camping Portes d\u2019Ari\u00e8ge \u00e0 Pamiers | S\u00e9jour Nature au Pied des Pyr\u00e9n\u00e9es","description":"Profitez d'un s\u00e9jour nature au pied des Pyr\u00e9n\u00e9es. Emplacements ombrag\u00e9s, piscine, jeux, restaurant. R\u00e9servez d\u00e8s maintenant !","robots":{"index":"index","follow":"follow","max-snippet":"max-snippet:-1","max-image-preview":"max-image-preview:large","max-video-preview":"max-video-preview:-1"},"canonical":"https:\/\/www.camping-portesdariege.com\/es\/le-camping\/","og_locale":"es_ES","og_type":"article","og_title":"Camping Portes d\u2019Ari\u00e8ge \u00e0 Pamiers | S\u00e9jour Nature au Pied des Pyr\u00e9n\u00e9es","og_description":"Profitez d'un s\u00e9jour nature au pied des Pyr\u00e9n\u00e9es. Emplacements ombrag\u00e9s, piscine, jeux, restaurant. R\u00e9servez d\u00e8s maintenant !","og_url":"https:\/\/www.camping-portesdariege.com\/es\/le-camping\/","og_site_name":"Camping Porte d&#039;Ariege","article_modified_time":"2026-04-01T09:15:47+00:00","og_image":[{"width":2000,"height":1500,"url":"https:\/\/www.camping-portesdariege.com\/wp-content\/uploads\/vue-aerienne-totale.jpg","type":"image\/jpeg"}],"twitter_card":"summary_large_image","twitter_misc":{"Tiempo de lectura":"13 minutos"},"schema":{"@context":"https:\/\/schema.org","@graph":[{"@type":"WebPage","@id":"https:\/\/www.camping-portesdariege.com\/es\/le-camping\/","url":"https:\/\/www.camping-portesdariege.com\/es\/le-camping\/","name":"Camping Portes d\u2019Ari\u00e8ge \u00e0 Pamiers | S\u00e9jour Nature au Pied des Pyr\u00e9n\u00e9es","isPartOf":{"@id":"https:\/\/www.camping-portesdariege.com\/es\/#website"},"primaryImageOfPage":{"@id":"https:\/\/www.camping-portesdariege.com\/es\/le-camping\/#primaryimage"},"image":{"@id":"https:\/\/www.camping-portesdariege.com\/es\/le-camping\/#primaryimage"},"thumbnailUrl":"https:\/\/www.camping-portesdariege.com\/wp-content\/uploads\/vue-aerienne-totale.jpg","datePublished":"2024-02-12T13:38:59+00:00","dateModified":"2026-04-01T09:15:47+00:00","description":"Profitez d'un s\u00e9jour nature au pied des Pyr\u00e9n\u00e9es. Emplacements ombrag\u00e9s, piscine, jeux, restaurant. R\u00e9servez d\u00e8s maintenant !","breadcrumb":{"@id":"https:\/\/www.camping-portesdariege.com\/es\/le-camping\/#breadcrumb"},"inLanguage":"es","potentialAction":[{"@type":"ReadAction","target":["https:\/\/www.camping-portesdariege.com\/es\/le-camping\/"]}]},{"@type":"ImageObject","inLanguage":"es","@id":"https:\/\/www.camping-portesdariege.com\/es\/le-camping\/#primaryimage","url":"https:\/\/www.camping-portesdariege.com\/wp-content\/uploads\/vue-aerienne-totale.jpg","contentUrl":"https:\/\/www.camping-portesdariege.com\/wp-content\/uploads\/vue-aerienne-totale.jpg"},{"@type":"BreadcrumbList","@id":"https:\/\/www.camping-portesdariege.com\/es\/le-camping\/#breadcrumb","itemListElement":[{"@type":"ListItem","position":1,"name":"Inicio","item":"https:\/\/www.camping-portesdariege.com\/es\/"},{"@type":"ListItem","position":2,"name":"El camping"}]},{"@type":"WebSite","@id":"https:\/\/www.camping-portesdariege.com\/es\/#website","url":"https:\/\/www.camping-portesdariege.com\/es\/","name":"Camping Porte d&#039;Ariege","description":"Camping Porte d&#039;Ariege","potentialAction":[{"@type":"SearchAction","target":{"@type":"EntryPoint","urlTemplate":"https:\/\/www.camping-portesdariege.com\/es\/?s={search_term_string}"},"query-input":{"@type":"PropertyValueSpecification","valueRequired":true,"valueName":"search_term_string"}}],"inLanguage":"es"}]}},"_links":{"self":[{"href":"https:\/\/www.camping-portesdariege.com\/es\/wp-json\/wp\/v2\/pages\/5221","targetHints":{"allow":["GET"]}}],"collection":[{"href":"https:\/\/www.camping-portesdariege.com\/es\/wp-json\/wp\/v2\/pages"}],"about":[{"href":"https:\/\/www.camping-portesdariege.com\/es\/wp-json\/wp\/v2\/types\/page"}],"author":[{"embeddable":true,"href":"https:\/\/www.camping-portesdariege.com\/es\/wp-json\/wp\/v2\/users\/3"}],"replies":[{"embeddable":true,"href":"https:\/\/www.camping-portesdariege.com\/es\/wp-json\/wp\/v2\/comments?post=5221"}],"version-history":[{"count":0,"href":"https:\/\/www.camping-portesdariege.com\/es\/wp-json\/wp\/v2\/pages\/5221\/revisions"}],"wp:attachment":[{"href":"https:\/\/www.camping-portesdariege.com\/es\/wp-json\/wp\/v2\/media?parent=5221"}],"curies":[{"name":"wp","href":"https:\/\/api.w.org\/{rel}","templated":true}]}}