{"id":5232,"date":"2024-02-12T14:39:17","date_gmt":"2024-02-12T13:39:17","guid":{"rendered":"https:\/\/www.camping-portesdariege.com\/les-hebergements\/"},"modified":"2026-04-02T10:59:50","modified_gmt":"2026-04-02T08:59:50","slug":"les-hebergements","status":"publish","type":"page","link":"https:\/\/www.camping-portesdariege.com\/es\/les-hebergements\/","title":{"rendered":"Los alojamientos"},"content":{"rendered":"\n<div class=\"wp-block-cover alignfull has-custom-content-position is-position-bottom-center banner-interior\" style=\"margin-top:0;margin-bottom:0;min-height:65vh;aspect-ratio:unset;\"><img loading=\"lazy\" decoding=\"async\" width=\"2560\" height=\"1440\" class=\"wp-block-cover__image-background wp-image-4767\" alt=\"\" src=\"https:\/\/www.camping-portesdariege.com\/wp-content\/uploads\/dji-0415-1-scaled.jpg\" data-object-fit=\"cover\" srcset=\"https:\/\/www.camping-portesdariege.com\/wp-content\/uploads\/dji-0415-1-scaled.jpg 2560w, https:\/\/www.camping-portesdariege.com\/wp-content\/uploads\/dji-0415-1-1024x576.jpg 1024w, https:\/\/www.camping-portesdariege.com\/wp-content\/uploads\/dji-0415-1-2048x1152.jpg 2048w, https:\/\/www.camping-portesdariege.com\/wp-content\/uploads\/dji-0415-1-768x432.jpg 768w, https:\/\/www.camping-portesdariege.com\/wp-content\/uploads\/dji-0415-1-1536x864.jpg 1536w, https:\/\/www.camping-portesdariege.com\/wp-content\/uploads\/dji-0415-1-512x288.jpg 512w, https:\/\/www.camping-portesdariege.com\/wp-content\/uploads\/dji-0415-1-256x144.jpg 256w\" sizes=\"auto, (max-width: 2560px) 100vw, 2560px\" \/><span aria-hidden=\"true\" class=\"wp-block-cover__background has-background-dim-0 has-background-dim\" style=\"background-color:#717462\"><\/span><div class=\"wp-block-cover__inner-container is-layout-constrained wp-block-cover-is-layout-constrained\">\n<div class=\"wp-block-group lateral-info has-theme-white-background-color has-background is-layout-constrained wp-container-core-group-is-layout-fd9b688b wp-block-group-is-layout-constrained\" style=\"border-top-right-radius:10px;border-bottom-right-radius:10px;padding-left:0\">\n<div class=\"wp-block-group tooltip is-vertical is-content-justification-center is-layout-flex wp-container-core-group-is-layout-8ca27fd8 wp-block-group-is-layout-flex\" style=\"padding-top:0;padding-right:0;padding-bottom:0;padding-left:0\">\n<div class=\"wp-block-group tooltip-menu is-layout-constrained wp-container-core-group-is-layout-fd9b688b wp-block-group-is-layout-constrained\" style=\"padding-left:0\">\n<div class=\"wp-block-group is-layout-constrained wp-container-core-group-is-layout-044ddaed wp-block-group-is-layout-constrained\" style=\"padding-left:var(--wp--preset--spacing--30)\">\n<figure class=\"wp-block-image size-large\"><img loading=\"lazy\" decoding=\"async\" width=\"17\" height=\"16\" src=\"https:\/\/camping-portesdariege.com\/wp-content\/uploads\/group-1.svg\" alt=\"\" class=\"wp-image-2558\"\/><\/figure>\n<\/div>\n\n\n        <a href=\"tel:+330534014358\"class=\"wp-block-custom-banner has-text-align-left\" target=\"_self\">\n        <div class=\"acf-innerblocks-container\">\n\n<div class=\"wp-block-group tooltiptext has-theme-white-color has-theme-green-background-color has-text-color has-background has-link-color wp-elements-b7e8af8aa4fa0b1625a6f81327dbfa7a is-content-justification-space-between is-nowrap is-layout-flex wp-container-core-group-is-layout-682617f7 wp-block-group-is-layout-flex\" style=\"margin-top:0;margin-bottom:0;padding-top:0;padding-bottom:0;padding-left:var(--wp--preset--spacing--40)\">\n<figure class=\"wp-block-image size-large wp-duotone-fff-fff-2\"><img loading=\"lazy\" decoding=\"async\" width=\"17\" height=\"16\" src=\"https:\/\/camping-portesdariege.com\/wp-content\/uploads\/group-1.svg\" alt=\"\" class=\"wp-image-2558\"\/><\/figure>\n\n\n\n<p>RAPPELEZ-MOI<\/p>\n<\/div>\n\n<\/div>\n        <\/a>\n<\/div>\n\n\n\n<div class=\"wp-block-group tooltip-menu is-layout-constrained wp-block-group-is-layout-constrained\">\n<div class=\"wp-block-group is-layout-constrained wp-container-core-group-is-layout-044ddaed wp-block-group-is-layout-constrained\" style=\"padding-left:var(--wp--preset--spacing--30)\">\n<figure class=\"wp-block-image size-large\"><img loading=\"lazy\" decoding=\"async\" width=\"15\" height=\"10\" src=\"https:\/\/camping-portesdariege.com\/wp-content\/uploads\/email.svg\" alt=\"\" class=\"wp-image-2556\"\/><\/figure>\n<\/div>\n\n\n        <a href=\"mailto:contact@camping-portesdariege.com\"class=\"wp-block-custom-banner has-text-align-left\" target=\"_self\">\n        <div class=\"acf-innerblocks-container\">\n\n<div class=\"wp-block-group tooltiptext has-theme-white-color has-theme-green-background-color has-text-color has-background has-link-color wp-elements-b54104d0028563b1018a613950e1c2c4 is-content-justification-space-between is-nowrap is-layout-flex wp-container-core-group-is-layout-682617f7 wp-block-group-is-layout-flex\" style=\"margin-top:0;margin-bottom:0;padding-top:0;padding-bottom:0;padding-left:var(--wp--preset--spacing--40)\">\n<figure class=\"wp-block-image size-large wp-duotone-fff-fff-3\"><img loading=\"lazy\" decoding=\"async\" width=\"15\" height=\"10\" src=\"https:\/\/camping-portesdariege.com\/wp-content\/uploads\/email.svg\" alt=\"\" class=\"wp-image-2556\"\/><\/figure>\n\n\n\n<p>CONTACT<\/p>\n<\/div>\n\n<\/div>\n        <\/a>\n<\/div>\n\n\n\n<div class=\"wp-block-group tooltip-menu is-layout-constrained wp-block-group-is-layout-constrained\">\n<div class=\"wp-block-group is-layout-constrained wp-container-core-group-is-layout-044ddaed wp-block-group-is-layout-constrained\" style=\"padding-left:var(--wp--preset--spacing--30)\">\n<figure class=\"wp-block-image size-large\"><img loading=\"lazy\" decoding=\"async\" width=\"17\" height=\"16\" src=\"https:\/\/camping-portesdariege.com\/wp-content\/uploads\/mapa-1.svg\" alt=\"\" class=\"wp-image-2554\"\/><\/figure>\n<\/div>\n\n\n        <a href=\"https:\/\/www.camping-portesdariege.com\/wp-content\/uploads\/pdf\/plan-du-camping.pdf\"class=\"wp-block-custom-banner has-text-align-left\" target=\"_blank\">\n        <div class=\"acf-innerblocks-container\">\n\n<div class=\"wp-block-group tooltiptext has-theme-white-color has-theme-green-background-color has-text-color has-background has-link-color wp-elements-0b02fd549287e9a4d08b2cf43900d6fe is-content-justification-space-between is-nowrap is-layout-flex wp-container-core-group-is-layout-682617f7 wp-block-group-is-layout-flex\" style=\"margin-top:0;margin-bottom:0;padding-top:0;padding-bottom:0;padding-left:var(--wp--preset--spacing--40)\">\n<figure class=\"wp-block-image size-large wp-duotone-fff-fff-4\"><img loading=\"lazy\" decoding=\"async\" width=\"17\" height=\"16\" src=\"https:\/\/camping-portesdariege.com\/wp-content\/uploads\/mapa-1.svg\" alt=\"\" class=\"wp-image-2554\"\/><\/figure>\n\n\n\n<p>PLAN DU CAMPING<\/p>\n<\/div>\n\n<\/div>\n        <\/a>\n<\/div>\n<\/div>\n<\/div>\n\n\n\n<div class=\"wp-block-columns alignwide are-vertically-aligned-bottom banner-content-interior is-layout-flex wp-container-core-columns-is-layout-28f84493 wp-block-columns-is-layout-flex\">\n<div class=\"wp-block-column is-vertically-aligned-bottom titre-top is-layout-flow wp-block-column-is-layout-flow\">\n<p class=\"has-text-align-left banner-titre animation--init--once slide-down has-theme-white-color has-text-color has-link-color has-large-font-size wp-elements-ed6fa097bc768d7cdf6173c5018421cb\">Descubre nuestros<br>alojamientos<\/p>\n\n\n<div class=\"yoast-breadcrumbs\"><span><span><a href=\"https:\/\/www.camping-portesdariege.com\/es\/\">Inicio<\/a><\/span> \/ <span class=\"breadcrumb_last\" aria-current=\"page\">Los alojamientos<\/span><\/span><\/div><\/div>\n\n\n\n<div class=\"wp-block-column is-vertically-aligned-bottom formulaire-thr-container is-layout-flow wp-block-column-is-layout-flow\">\n<div class=\"wp-block-group formulaire-thr animation--init--once slide-down is-layout-constrained wp-block-group-is-layout-constrained\"><section class=\"formulaire-de-recherche-bar\">\r\n            <div id=\"expand-thelis-formulaire\">[:fr]R\u00e9servez[:]<\/div>\r\n            <div class=\"container-form\"><thr-search-engine><\/thr-search-engine><a id=\"pay-btn-2\" onclick=\"window.open('https:\/\/thelisresa.webcamp.fr\/cart-directPayment.php?camping=ariege09&amp;lang=es');\"><i><\/i>Pague su estancia<\/a>\r\n            <style>\r\n            \r\n            .thr-search-engine .thr-search-engine-main > .thr-btn-search { max-width: 20% !important; }\r\n            .thr .btn i { margin-right: 0 !important; }\r\n            #pay-btn-2 { \r\n                position: absolute;\r\n                right: 0;top: 0;\r\n                margin: 10px;\r\n                border: 0;\r\n                background-color: ;\r\n                color: ;\r\n                cursor: pointer;\r\n                width: calc(17% - 5px);\r\n                padding: 17px 0;\r\n                font-size: 18px;\r\n                font-weight: bold;\r\n                text-transform: auto;\r\n                transition: all .35s;\r\n                display: flex;justify-content: center;\r\n                align-items: center;\r\n            }\r\n            #pay-btn-2 i {\r\n                display: inline-flex;\r\n                width:18px;height:18px;\r\n                margin-right: 5px;\r\n                background-image: url('data:image\/svg+xml;utf8,<?xml version=\"1.0\" encoding=\"utf-8\"?><svg width=\"1792\" height=\"1792\" viewBox=\"0 0 1792 1792\" xmlns=\"http:\/\/www.w3.org\/2000\/svg\"><path d=\"M704 1536q0 52-38 90t-90 38-90-38-38-90 38-90 90-38 90 38 38 90zm896 0q0 52-38 90t-90 38-90-38-38-90 38-90 90-38 90 38 38 90zm128-1088v512q0 24-16.5 42.5t-40.5 21.5l-1044 122q13 60 13 70 0 16-24 64h920q26 0 45 19t19 45-19 45-45 19h-1024q-26 0-45-19t-19-45q0-11 8-31.5t16-36 21.5-40 15.5-29.5l-177-823h-204q-26 0-45-19t-19-45 19-45 45-19h256q16 0 28.5 6.5t19.5 15.5 13 24.5 8 26 5.5 29.5 4.5 26h1201q26 0 45 19t19 45z\" fill=\"rgba(255,255,255,1)\" \/><\/svg>');\r\n                background-size: cover;background-position: center center;background-repeat: no-repeat;\r\n            }\r\n            #pay-btn-2:hover { background-color: ; }\r\n            .thr-search-engine { width: 83%; }\r\n\r\n            @media screen and (max-width: 1180px) {\r\n                #pay-btn-2 { top: 52px; }\r\n                .thr-search-engine .thr-search-engine-main > .thr-btn-search { max-width: inherit !important; }\r\n            }\r\n            @media screen and (max-width: 990px) {\r\n                .thr-search-engine { width: 100%; }\r\n                #pay-btn-2 { position: relative;width: calc(100% - 20px);top: auto;margin-top: 0; }\r\n            }\r\n\r\n            thr-search-engine { border-right: 200px rgba(0,0,0,0) solid;display: block; }\r\n            @media screen and (max-width: 1180px) {\r\n                thr-search-engine { border-right: inherit;display: inherit; }\r\n            }\r\n            <\/style>\r\n            <\/div><\/section><!-- .formulaire-de-recherche-bar --><style>\r\n        #expand-thelis-formulaire { display: none; }\r\n        @media screen and (max-width: 1180px) {\r\n            #expand-thelis-formulaire { display: block; }\r\n            .formulaire-de-recherche-bar .container-form { display: none; }\r\n        }\r\n    <\/style><script>\r\n    jQuery(document).ready(function($){\r\n        jQuery('#expand-thelis-formulaire').click(function(){\r\n            if(\r\n                jQuery('.formulaire-de-recherche-bar .container-form').css('display') == 'none'\r\n            ){\r\n                jQuery('.formulaire-de-recherche-bar .container-form').css('display', 'block');\r\n                jQuery('#expand-thelis-formulaire').addClass('expanded');\r\n            }else{\r\n                jQuery('.formulaire-de-recherche-bar .container-form').css('display', 'none');\r\n                jQuery('#expand-thelis-formulaire').removeClass('expanded');\r\n            }\r\n        });\r\n    });\r\n    <\/script>\n<\/div>\n<\/div>\n<\/div>\n<\/div><\/div>\n\n\n\n<div class=\"wp-block-group alignwide titre-intro is-layout-flow wp-block-group-is-layout-flow\" style=\"padding-top:var(--wp--preset--spacing--80);padding-bottom:var(--wp--preset--spacing--80)\">\n<h1 class=\"wp-block-heading has-text-align-center h1-interior animation--init--once slide-down has-theme-primary-green-color has-text-color has-link-color wp-elements-d61a62d234afb0edef7690e667ea3d86\">Descubre nuestros alojamientos<br><sub><mark style=\"background-color:rgba(0, 0, 0, 0)\" class=\"has-inline-color has-theme-dark-green-color\">en el camping Portes d&#8217;Ari\u00e8ge<\/mark><\/sub><\/h1>\n\n\n\n<p class=\"has-text-align-center is-style-default has-h-2-font-size\"><sub><mark style=\"background-color:rgba(0, 0, 0, 0)\" class=\"has-inline-color has-theme-dark-green-color\"><strong><sub><mark style=\"background-color:rgba(0, 0, 0, 0)\" class=\"has-inline-color has-theme-dark-green-color\">En Pamiers, Occitania<\/mark><\/sub><\/strong><\/mark><\/sub><\/p>\n\n\n\n<p>\u00bfNo pudiste disfrutar de la oferta el a\u00f1o pasado?<\/p>\n\n\n\n<p>\u00a1No te preocupes, encu\u00e9ntrala de nuevo en 2026!<\/p>\n\n\n\n<p>De dise\u00f1o franc\u00e9s, acogedores y funcionales, descubre nuestros <strong>Studiotels <\/strong>y <strong>Duotels <\/strong>en versi\u00f3n <strong>premium<\/strong>: \u00a1aut\u00e9nticos peque\u00f1os refugios para agradables estancias de corta o larga duraci\u00f3n!<\/p>\n\n\n\n<p>\u00bfO quiz\u00e1s prefieras los bungalows de lona <strong>Cyrus <\/strong>para un ambiente de \u201ctienda de campa\u00f1a\u201d, sin tener que preocuparte por montarla? Despu\u00e9s de un largo viaje, eso se agradece, \u00bfverdad?<\/p>\n\n\n\n<p>Nuestros <strong>chalets de 2 o 3 habitaciones<\/strong> te recibir\u00e1n con gusto, peque\u00f1as casitas con confort y aire acondicionado,<\/p>\n\n\n\n<p>O quiz\u00e1 prefieras nuestros <strong>Mobil-homes Bora Bora<\/strong>, modernos y acogedores. Aqu\u00ed tambi\u00e9n, el aire acondicionado ser\u00e1 bienvenido en verano.<\/p>\n\n\n\n<p>Un punto en com\u00fan: \u00a1te permitir\u00e1n disfrutar de este hermoso parque en plena naturaleza!<\/p>\n<\/div>\n\n\n\n<div class=\"wp-block-columns alignfull are-vertically-aligned-center info-location-archive has-theme-beige-background-color has-background is-layout-flex wp-container-core-columns-is-layout-b61ab78d wp-block-columns-is-layout-flex\" style=\"margin-top:0;margin-bottom:0;padding-top:0;padding-right:0;padding-bottom:0;padding-left:0\">\n<div class=\"wp-block-column is-vertically-aligned-center is-layout-flow wp-block-column-is-layout-flow\" style=\"padding-top:0;padding-right:0;padding-bottom:0;padding-left:0\">\n<div class=\"wp-image-slider one-image-gallery has-text-align-left aspect-ratio-4_3\">\n\n                                        \n                    <script>\n                        'use strict';\n\n                        document.addEventListener('DOMContentLoaded', function () {\n\n                            (function() {\n                                const blockSlide = new Splide( '#slide_134', {\n                                    type : 'loop',\n                                    perPage: 1,\n                                                                        \n                                    breakpoints: {\n                                        800: {\n                                            perPage: 1,\n                                                                                    },\n                                        450: {\n                                            perPage: 1,\n                                            \n                                        },\n                                    },\n                                    pagination: true,\n                                    arrows: true,\n                                    gap: 'var(--wp--style--block-gap)',\n                                    i18n: {\n                                        slideLabel: '%s\/%s',\n                                    }\n                                } );\n                                \n\n                                \n                                blockSlide.mount();\n\n                                                                \n                                \n                            })();\n                        })\n                    <\/script>\n\n                    <div class=\"slider-container\"><div class=\"splide galeria-slider galeria-columnas-1\" id=\"slide_134\"><div class=\"splide__track\"><div class=\"splide__list\"><div id=\"thumb-5284\" class=\"splide__slide\"><div class=\"image-wrapper\"><img loading=\"lazy\" decoding=\"async\" width=\"2048\" height=\"1536\" src=\"https:\/\/www.camping-portesdariege.com\/wp-content\/uploads\/20240423-154142-1-2048x1536.jpg\" class=\"attachment-gallery size-gallery\" alt=\"\" srcset=\"https:\/\/www.camping-portesdariege.com\/wp-content\/uploads\/20240423-154142-1-2048x1536.jpg 2048w, https:\/\/www.camping-portesdariege.com\/wp-content\/uploads\/20240423-154142-1-1024x768.jpg 1024w, https:\/\/www.camping-portesdariege.com\/wp-content\/uploads\/20240423-154142-1-768x576.jpg 768w, https:\/\/www.camping-portesdariege.com\/wp-content\/uploads\/20240423-154142-1-1536x1152.jpg 1536w, https:\/\/www.camping-portesdariege.com\/wp-content\/uploads\/20240423-154142-1-512x384.jpg 512w, https:\/\/www.camping-portesdariege.com\/wp-content\/uploads\/20240423-154142-1-256x192.jpg 256w\" sizes=\"auto, (max-width: 2048px) 100vw, 2048px\" \/><\/div><\/div><div id=\"thumb-5291\" class=\"splide__slide\"><div class=\"image-wrapper\"><img loading=\"lazy\" decoding=\"async\" width=\"2048\" height=\"1536\" src=\"https:\/\/www.camping-portesdariege.com\/wp-content\/uploads\/chalet-5-p-terrasse-1-2048x1536.jpg\" class=\"attachment-gallery size-gallery\" alt=\"\" srcset=\"https:\/\/www.camping-portesdariege.com\/wp-content\/uploads\/chalet-5-p-terrasse-1-2048x1536.jpg 2048w, https:\/\/www.camping-portesdariege.com\/wp-content\/uploads\/chalet-5-p-terrasse-1-1024x768.jpg 1024w, https:\/\/www.camping-portesdariege.com\/wp-content\/uploads\/chalet-5-p-terrasse-1-768x576.jpg 768w, https:\/\/www.camping-portesdariege.com\/wp-content\/uploads\/chalet-5-p-terrasse-1-1536x1152.jpg 1536w, https:\/\/www.camping-portesdariege.com\/wp-content\/uploads\/chalet-5-p-terrasse-1-512x384.jpg 512w, https:\/\/www.camping-portesdariege.com\/wp-content\/uploads\/chalet-5-p-terrasse-1-256x192.jpg 256w\" sizes=\"auto, (max-width: 2048px) 100vw, 2048px\" \/><\/div><\/div><div id=\"thumb-5287\" class=\"splide__slide\"><div class=\"image-wrapper\"><img loading=\"lazy\" decoding=\"async\" width=\"2048\" height=\"1536\" src=\"https:\/\/www.camping-portesdariege.com\/wp-content\/uploads\/chalet-5-p-2048x1536.jpg\" class=\"attachment-gallery size-gallery\" alt=\"\" srcset=\"https:\/\/www.camping-portesdariege.com\/wp-content\/uploads\/chalet-5-p-2048x1536.jpg 2048w, https:\/\/www.camping-portesdariege.com\/wp-content\/uploads\/chalet-5-p-1024x768.jpg 1024w, https:\/\/www.camping-portesdariege.com\/wp-content\/uploads\/chalet-5-p-768x576.jpg 768w, https:\/\/www.camping-portesdariege.com\/wp-content\/uploads\/chalet-5-p-1536x1152.jpg 1536w, https:\/\/www.camping-portesdariege.com\/wp-content\/uploads\/chalet-5-p-512x384.jpg 512w, https:\/\/www.camping-portesdariege.com\/wp-content\/uploads\/chalet-5-p-256x192.jpg 256w\" sizes=\"auto, (max-width: 2048px) 100vw, 2048px\" \/><\/div><\/div><div id=\"thumb-5289\" class=\"splide__slide\"><div class=\"image-wrapper\"><img loading=\"lazy\" decoding=\"async\" width=\"1536\" height=\"2048\" src=\"https:\/\/www.camping-portesdariege.com\/wp-content\/uploads\/chalet-5-p-cuisine-1-1536x2048.jpg\" class=\"attachment-gallery size-gallery\" alt=\"\" srcset=\"https:\/\/www.camping-portesdariege.com\/wp-content\/uploads\/chalet-5-p-cuisine-1-1536x2048.jpg 1536w, https:\/\/www.camping-portesdariege.com\/wp-content\/uploads\/chalet-5-p-cuisine-1-768x1024.jpg 768w, https:\/\/www.camping-portesdariege.com\/wp-content\/uploads\/chalet-5-p-cuisine-1-1152x1536.jpg 1152w, https:\/\/www.camping-portesdariege.com\/wp-content\/uploads\/chalet-5-p-cuisine-1-384x512.jpg 384w, https:\/\/www.camping-portesdariege.com\/wp-content\/uploads\/chalet-5-p-cuisine-1-192x256.jpg 192w, https:\/\/www.camping-portesdariege.com\/wp-content\/uploads\/chalet-5-p-cuisine-1-scaled.jpg 1920w\" sizes=\"auto, (max-width: 1536px) 100vw, 1536px\" \/><\/div><\/div><div id=\"thumb-5288\" class=\"splide__slide\"><div class=\"image-wrapper\"><img loading=\"lazy\" decoding=\"async\" width=\"2048\" height=\"1536\" src=\"https:\/\/www.camping-portesdariege.com\/wp-content\/uploads\/chalet-5-p-chambre-parentale-1-2048x1536.jpg\" class=\"attachment-gallery size-gallery\" alt=\"\" srcset=\"https:\/\/www.camping-portesdariege.com\/wp-content\/uploads\/chalet-5-p-chambre-parentale-1-2048x1536.jpg 2048w, https:\/\/www.camping-portesdariege.com\/wp-content\/uploads\/chalet-5-p-chambre-parentale-1-1024x768.jpg 1024w, https:\/\/www.camping-portesdariege.com\/wp-content\/uploads\/chalet-5-p-chambre-parentale-1-768x576.jpg 768w, https:\/\/www.camping-portesdariege.com\/wp-content\/uploads\/chalet-5-p-chambre-parentale-1-1536x1152.jpg 1536w, https:\/\/www.camping-portesdariege.com\/wp-content\/uploads\/chalet-5-p-chambre-parentale-1-512x384.jpg 512w, https:\/\/www.camping-portesdariege.com\/wp-content\/uploads\/chalet-5-p-chambre-parentale-1-256x192.jpg 256w\" sizes=\"auto, (max-width: 2048px) 100vw, 2048px\" \/><\/div><\/div><div id=\"thumb-5290\" class=\"splide__slide\"><div class=\"image-wrapper\"><img loading=\"lazy\" decoding=\"async\" width=\"1536\" height=\"2048\" src=\"https:\/\/www.camping-portesdariege.com\/wp-content\/uploads\/chalet-5-personnes-salle-deau-1-1536x2048.jpg\" class=\"attachment-gallery size-gallery\" alt=\"\" srcset=\"https:\/\/www.camping-portesdariege.com\/wp-content\/uploads\/chalet-5-personnes-salle-deau-1-1536x2048.jpg 1536w, https:\/\/www.camping-portesdariege.com\/wp-content\/uploads\/chalet-5-personnes-salle-deau-1-768x1024.jpg 768w, https:\/\/www.camping-portesdariege.com\/wp-content\/uploads\/chalet-5-personnes-salle-deau-1-1152x1536.jpg 1152w, https:\/\/www.camping-portesdariege.com\/wp-content\/uploads\/chalet-5-personnes-salle-deau-1-384x512.jpg 384w, https:\/\/www.camping-portesdariege.com\/wp-content\/uploads\/chalet-5-personnes-salle-deau-1-192x256.jpg 192w, https:\/\/www.camping-portesdariege.com\/wp-content\/uploads\/chalet-5-personnes-salle-deau-1-scaled.jpg 1920w\" sizes=\"auto, (max-width: 1536px) 100vw, 1536px\" \/><\/div><\/div><div id=\"thumb-5292\" class=\"splide__slide\"><div class=\"image-wrapper\"><img loading=\"lazy\" decoding=\"async\" width=\"2048\" height=\"1536\" src=\"https:\/\/www.camping-portesdariege.com\/wp-content\/uploads\/chalet-5-p-chambre-3-couchages-1-2048x1536.jpg\" class=\"attachment-gallery size-gallery\" alt=\"\" srcset=\"https:\/\/www.camping-portesdariege.com\/wp-content\/uploads\/chalet-5-p-chambre-3-couchages-1-2048x1536.jpg 2048w, https:\/\/www.camping-portesdariege.com\/wp-content\/uploads\/chalet-5-p-chambre-3-couchages-1-1024x768.jpg 1024w, https:\/\/www.camping-portesdariege.com\/wp-content\/uploads\/chalet-5-p-chambre-3-couchages-1-768x576.jpg 768w, https:\/\/www.camping-portesdariege.com\/wp-content\/uploads\/chalet-5-p-chambre-3-couchages-1-1536x1152.jpg 1536w, https:\/\/www.camping-portesdariege.com\/wp-content\/uploads\/chalet-5-p-chambre-3-couchages-1-512x384.jpg 512w, https:\/\/www.camping-portesdariege.com\/wp-content\/uploads\/chalet-5-p-chambre-3-couchages-1-256x192.jpg 256w\" sizes=\"auto, (max-width: 2048px) 100vw, 2048px\" \/><\/div><\/div><\/div><\/div><\/div><\/div>\n                    \n<\/div><\/div>\n\n\n\n<div class=\"wp-block-column is-vertically-aligned-center is-layout-flow wp-block-column-is-layout-flow\" style=\"padding-right:0;padding-left:0\">\n<div class=\"wp-block-group padding-columns oh is-layout-constrained wp-container-core-group-is-layout-0ccfd37b wp-block-group-is-layout-constrained\" style=\"padding-top:var(--wp--preset--spacing--80);padding-right:var(--wp--preset--spacing--30);padding-bottom:var(--wp--preset--spacing--80);padding-left:var(--wp--preset--spacing--30)\">\n<h2 class=\"wp-block-heading has-text-align-center animation--init--once slide-down has-theme-primary-green-color has-text-color has-link-color has-h-2-font-size wp-elements-349c0d9aadcd9c65e6f2199b149b6f3b\">Chalet 5 personnes<\/h2>\n\n\n\n<p>En familia peque\u00f1a o grande, solo tendr\u00e1s que dejar tus maletas en nuestros <strong>chalets<\/strong>.<\/p>\n\n\n\n<p>Para<strong> 4 o 5 personas<\/strong>, un chalet de 28 m\u00b2 con<strong> terraza cubierta.<\/strong><\/p>\n\n\n\n<div class=\"wp-block-group icons-locations-archive-container is-layout-constrained wp-block-group-is-layout-constrained\">\n<div class=\"wp-block-group icons-locations-archive icon-back animation--init--once slide-down is-content-justification-space-between is-nowrap is-layout-flex wp-container-core-group-is-layout-cb46ffcb wp-block-group-is-layout-flex\">\n<figure class=\"wp-block-image size-large\"><img loading=\"lazy\" decoding=\"async\" width=\"32\" height=\"32\" src=\"https:\/\/camping-portesdariege.com\/wp-content\/uploads\/lits.svg\" alt=\"\" class=\"wp-image-1736\"\/><figcaption class=\"wp-element-caption\">2 HABITACIONES<\/figcaption><\/figure>\n\n\n\n<figure class=\"wp-block-image size-large\"><img loading=\"lazy\" decoding=\"async\" width=\"32\" height=\"32\" src=\"https:\/\/camping-portesdariege.com\/wp-content\/uploads\/capacidad.svg\" alt=\"\" class=\"wp-image-1740\"\/><figcaption class=\"wp-element-caption\">4\/5 PERSONAS<\/figcaption><\/figure>\n\n\n\n<figure class=\"wp-block-image size-large\"><img loading=\"lazy\" decoding=\"async\" width=\"32\" height=\"32\" src=\"https:\/\/camping-portesdariege.com\/wp-content\/uploads\/sdb.svg\" alt=\"\" class=\"wp-image-1744\"\/><figcaption class=\"wp-element-caption\">1 BANO<\/figcaption><\/figure>\n<\/div>\n<\/div>\n\n\n\n<div class=\"wp-block-group animation--init--once slide-down buttons-archive is-content-justification-center is-nowrap is-layout-flex wp-container-core-group-is-layout-23441af8 wp-block-group-is-layout-flex\">\n<div class=\"wp-block-buttons animation--init--once slide-right is-layout-flex wp-block-buttons-is-layout-flex\">\n<div class=\"wp-block-button is-style-outline is-style-outline--5\"><a class=\"wp-block-button__link wp-element-button\" href=\"https:\/\/www.camping-portesdariege.com\/es\/les-hebergements\/chalet-5-personnes\/\">Ver el chalet<\/a><\/div>\n<\/div>\n\n\n\n<div class=\"wp-block-buttons animation--init--once slide-left is-layout-flex wp-block-buttons-is-layout-flex\">\n<div class=\"wp-block-button is-style-outline is-style-outline--6\"><a class=\"wp-block-button__link wp-element-button\" href=\"https:\/\/www.camping-portesdariege.com\/es\/les-hebergements\/chalet-5-personnes\/#reserver\">Reservar<\/a><\/div>\n<\/div>\n<\/div>\n<\/div>\n<\/div>\n<\/div>\n\n\n\n<div class=\"wp-block-columns alignfull are-vertically-aligned-center info-location-archive is-layout-flex wp-container-core-columns-is-layout-b61ab78d wp-block-columns-is-layout-flex\" style=\"margin-top:0;margin-bottom:0;padding-top:0;padding-right:0;padding-bottom:0;padding-left:0\">\n<div class=\"wp-block-column is-vertically-aligned-center is-layout-flow wp-block-column-is-layout-flow\" style=\"padding-top:0;padding-right:0;padding-bottom:0;padding-left:0\">\n<div class=\"wp-image-slider one-image-gallery has-text-align-left has-custom-padding has-custom-margin aspect-ratio-4_3\">\n\n                                        \n                    <script>\n                        'use strict';\n\n                        document.addEventListener('DOMContentLoaded', function () {\n\n                            (function() {\n                                const blockSlide = new Splide( '#slide_476', {\n                                    type : 'loop',\n                                    perPage: 1,\n                                                                        \n                                    breakpoints: {\n                                        800: {\n                                            perPage: 1,\n                                                                                    },\n                                        450: {\n                                            perPage: 1,\n                                            \n                                        },\n                                    },\n                                    pagination: true,\n                                    arrows: true,\n                                    gap: 'var(--wp--style--block-gap)',\n                                    i18n: {\n                                        slideLabel: '%s\/%s',\n                                    }\n                                } );\n                                \n\n                                \n                                blockSlide.mount();\n\n                                                                \n                                \n                            })();\n                        })\n                    <\/script>\n\n                    <div class=\"slider-container\"><div class=\"splide galeria-slider galeria-columnas-1\" id=\"slide_476\"><div class=\"splide__track\"><div class=\"splide__list\"><div id=\"thumb-5283\" class=\"splide__slide\"><div class=\"image-wrapper\"><img loading=\"lazy\" decoding=\"async\" width=\"2048\" height=\"1536\" src=\"https:\/\/www.camping-portesdariege.com\/wp-content\/uploads\/chalet-6-p-2048x1536.jpg\" class=\"attachment-gallery size-gallery\" alt=\"\" srcset=\"https:\/\/www.camping-portesdariege.com\/wp-content\/uploads\/chalet-6-p-2048x1536.jpg 2048w, https:\/\/www.camping-portesdariege.com\/wp-content\/uploads\/chalet-6-p-1024x768.jpg 1024w, https:\/\/www.camping-portesdariege.com\/wp-content\/uploads\/chalet-6-p-768x576.jpg 768w, https:\/\/www.camping-portesdariege.com\/wp-content\/uploads\/chalet-6-p-1536x1152.jpg 1536w, https:\/\/www.camping-portesdariege.com\/wp-content\/uploads\/chalet-6-p-512x384.jpg 512w, https:\/\/www.camping-portesdariege.com\/wp-content\/uploads\/chalet-6-p-256x192.jpg 256w\" sizes=\"auto, (max-width: 2048px) 100vw, 2048px\" \/><\/div><\/div><div id=\"thumb-5296\" class=\"splide__slide\"><div class=\"image-wrapper\"><img loading=\"lazy\" decoding=\"async\" width=\"2048\" height=\"1536\" src=\"https:\/\/www.camping-portesdariege.com\/wp-content\/uploads\/20240101-142705-2048x1536.jpg\" class=\"attachment-gallery size-gallery\" alt=\"\" srcset=\"https:\/\/www.camping-portesdariege.com\/wp-content\/uploads\/20240101-142705-2048x1536.jpg 2048w, https:\/\/www.camping-portesdariege.com\/wp-content\/uploads\/20240101-142705-1024x768.jpg 1024w, https:\/\/www.camping-portesdariege.com\/wp-content\/uploads\/20240101-142705-768x576.jpg 768w, https:\/\/www.camping-portesdariege.com\/wp-content\/uploads\/20240101-142705-1536x1152.jpg 1536w, https:\/\/www.camping-portesdariege.com\/wp-content\/uploads\/20240101-142705-512x384.jpg 512w, https:\/\/www.camping-portesdariege.com\/wp-content\/uploads\/20240101-142705-256x192.jpg 256w\" sizes=\"auto, (max-width: 2048px) 100vw, 2048px\" \/><\/div><\/div><div id=\"thumb-5293\" class=\"splide__slide\"><div class=\"image-wrapper\"><img loading=\"lazy\" decoding=\"async\" width=\"2048\" height=\"1536\" src=\"https:\/\/www.camping-portesdariege.com\/wp-content\/uploads\/20240101-141812-2048x1536.jpg\" class=\"attachment-gallery size-gallery\" alt=\"\" srcset=\"https:\/\/www.camping-portesdariege.com\/wp-content\/uploads\/20240101-141812-2048x1536.jpg 2048w, https:\/\/www.camping-portesdariege.com\/wp-content\/uploads\/20240101-141812-1024x768.jpg 1024w, https:\/\/www.camping-portesdariege.com\/wp-content\/uploads\/20240101-141812-768x576.jpg 768w, https:\/\/www.camping-portesdariege.com\/wp-content\/uploads\/20240101-141812-1536x1152.jpg 1536w, https:\/\/www.camping-portesdariege.com\/wp-content\/uploads\/20240101-141812-512x384.jpg 512w, https:\/\/www.camping-portesdariege.com\/wp-content\/uploads\/20240101-141812-256x192.jpg 256w\" sizes=\"auto, (max-width: 2048px) 100vw, 2048px\" \/><\/div><\/div><div id=\"thumb-5295\" class=\"splide__slide\"><div class=\"image-wrapper\"><img loading=\"lazy\" decoding=\"async\" width=\"2048\" height=\"1536\" src=\"https:\/\/www.camping-portesdariege.com\/wp-content\/uploads\/20240101-142153-2048x1536.jpg\" class=\"attachment-gallery size-gallery\" alt=\"\" srcset=\"https:\/\/www.camping-portesdariege.com\/wp-content\/uploads\/20240101-142153-2048x1536.jpg 2048w, https:\/\/www.camping-portesdariege.com\/wp-content\/uploads\/20240101-142153-1024x768.jpg 1024w, https:\/\/www.camping-portesdariege.com\/wp-content\/uploads\/20240101-142153-768x576.jpg 768w, https:\/\/www.camping-portesdariege.com\/wp-content\/uploads\/20240101-142153-1536x1152.jpg 1536w, https:\/\/www.camping-portesdariege.com\/wp-content\/uploads\/20240101-142153-512x384.jpg 512w, https:\/\/www.camping-portesdariege.com\/wp-content\/uploads\/20240101-142153-256x192.jpg 256w\" sizes=\"auto, (max-width: 2048px) 100vw, 2048px\" \/><\/div><\/div><div id=\"thumb-5294\" class=\"splide__slide\"><div class=\"image-wrapper\"><img loading=\"lazy\" decoding=\"async\" width=\"2048\" height=\"1536\" src=\"https:\/\/www.camping-portesdariege.com\/wp-content\/uploads\/20240101-141837-2048x1536.jpg\" class=\"attachment-gallery size-gallery\" alt=\"\" srcset=\"https:\/\/www.camping-portesdariege.com\/wp-content\/uploads\/20240101-141837-2048x1536.jpg 2048w, https:\/\/www.camping-portesdariege.com\/wp-content\/uploads\/20240101-141837-1024x768.jpg 1024w, https:\/\/www.camping-portesdariege.com\/wp-content\/uploads\/20240101-141837-768x576.jpg 768w, https:\/\/www.camping-portesdariege.com\/wp-content\/uploads\/20240101-141837-1536x1152.jpg 1536w, https:\/\/www.camping-portesdariege.com\/wp-content\/uploads\/20240101-141837-512x384.jpg 512w, https:\/\/www.camping-portesdariege.com\/wp-content\/uploads\/20240101-141837-256x192.jpg 256w\" sizes=\"auto, (max-width: 2048px) 100vw, 2048px\" \/><\/div><\/div><div id=\"thumb-5298\" class=\"splide__slide\"><div class=\"image-wrapper\"><img loading=\"lazy\" decoding=\"async\" width=\"1536\" height=\"2048\" src=\"https:\/\/www.camping-portesdariege.com\/wp-content\/uploads\/20231223-161233-1536x2048.jpg\" class=\"attachment-gallery size-gallery\" alt=\"\" srcset=\"https:\/\/www.camping-portesdariege.com\/wp-content\/uploads\/20231223-161233-1536x2048.jpg 1536w, https:\/\/www.camping-portesdariege.com\/wp-content\/uploads\/20231223-161233-768x1024.jpg 768w, https:\/\/www.camping-portesdariege.com\/wp-content\/uploads\/20231223-161233-1152x1536.jpg 1152w, https:\/\/www.camping-portesdariege.com\/wp-content\/uploads\/20231223-161233-384x512.jpg 384w, https:\/\/www.camping-portesdariege.com\/wp-content\/uploads\/20231223-161233-192x256.jpg 192w, https:\/\/www.camping-portesdariege.com\/wp-content\/uploads\/20231223-161233-scaled.jpg 1920w\" sizes=\"auto, (max-width: 1536px) 100vw, 1536px\" \/><\/div><\/div><div id=\"thumb-5312\" class=\"splide__slide\"><div class=\"image-wrapper\"><img loading=\"lazy\" decoding=\"async\" width=\"1847\" height=\"2048\" src=\"https:\/\/www.camping-portesdariege.com\/wp-content\/uploads\/5-chambre-2-chalet-6-personnes-2-1847x2048.jpg\" class=\"attachment-gallery size-gallery\" alt=\"\" srcset=\"https:\/\/www.camping-portesdariege.com\/wp-content\/uploads\/5-chambre-2-chalet-6-personnes-2-1847x2048.jpg 1847w, https:\/\/www.camping-portesdariege.com\/wp-content\/uploads\/5-chambre-2-chalet-6-personnes-2-924x1024.jpg 924w, https:\/\/www.camping-portesdariege.com\/wp-content\/uploads\/5-chambre-2-chalet-6-personnes-2-768x852.jpg 768w, https:\/\/www.camping-portesdariege.com\/wp-content\/uploads\/5-chambre-2-chalet-6-personnes-2-1385x1536.jpg 1385w, https:\/\/www.camping-portesdariege.com\/wp-content\/uploads\/5-chambre-2-chalet-6-personnes-2-462x512.jpg 462w, https:\/\/www.camping-portesdariege.com\/wp-content\/uploads\/5-chambre-2-chalet-6-personnes-2-231x256.jpg 231w\" sizes=\"auto, (max-width: 1847px) 100vw, 1847px\" \/><\/div><\/div><div id=\"thumb-5297\" class=\"splide__slide\"><div class=\"image-wrapper\"><img loading=\"lazy\" decoding=\"async\" width=\"1536\" height=\"2048\" src=\"https:\/\/www.camping-portesdariege.com\/wp-content\/uploads\/20240101-141946-1536x2048.jpg\" class=\"attachment-gallery size-gallery\" alt=\"\" srcset=\"https:\/\/www.camping-portesdariege.com\/wp-content\/uploads\/20240101-141946-1536x2048.jpg 1536w, https:\/\/www.camping-portesdariege.com\/wp-content\/uploads\/20240101-141946-768x1024.jpg 768w, https:\/\/www.camping-portesdariege.com\/wp-content\/uploads\/20240101-141946-1152x1536.jpg 1152w, https:\/\/www.camping-portesdariege.com\/wp-content\/uploads\/20240101-141946-384x512.jpg 384w, https:\/\/www.camping-portesdariege.com\/wp-content\/uploads\/20240101-141946-192x256.jpg 192w, https:\/\/www.camping-portesdariege.com\/wp-content\/uploads\/20240101-141946-scaled.jpg 1920w\" sizes=\"auto, (max-width: 1536px) 100vw, 1536px\" \/><\/div><\/div><\/div><\/div><\/div><\/div>\n                    \n<\/div><\/div>\n\n\n\n<div class=\"wp-block-column is-vertically-aligned-center padding-columns is-layout-flow wp-block-column-is-layout-flow\" style=\"padding-top:0;padding-right:0;padding-bottom:0;padding-left:0\">\n<div class=\"wp-block-group padding-columns oh is-layout-constrained wp-container-core-group-is-layout-0ccfd37b wp-block-group-is-layout-constrained\" style=\"padding-top:var(--wp--preset--spacing--80);padding-right:var(--wp--preset--spacing--30);padding-bottom:var(--wp--preset--spacing--80);padding-left:var(--wp--preset--spacing--30)\">\n<h2 class=\"wp-block-heading has-text-align-center animation--init--once slide-down has-theme-primary-green-color has-text-color has-link-color has-h-2-font-size wp-elements-29bb0f03c94735e003160e8fee8b776a\">Chalet 6 personnes<\/h2>\n\n\n\n<p>En un ambiente de madera, en familia o con amigos, el <strong>chalet de 30 m\u00b2 <\/strong>te ofrece un espacio de vida acogedor y una terraza cubierta.<\/p>\n\n\n\n<p><strong>Dos habitaciones<\/strong> ofrecen una cama de 140, la tercera dos literas de 80. Se proporcionan edredones y almohadas.<\/p>\n\n\n\n<div class=\"wp-block-group icons-locations-archive-container is-layout-constrained wp-block-group-is-layout-constrained\">\n<div class=\"wp-block-group icons-locations-archive icon-back animation--init--once slide-down is-content-justification-space-between is-nowrap is-layout-flex wp-container-core-group-is-layout-cb46ffcb wp-block-group-is-layout-flex\">\n<figure class=\"wp-block-image size-large\"><img loading=\"lazy\" decoding=\"async\" width=\"32\" height=\"32\" src=\"https:\/\/camping-portesdariege.com\/wp-content\/uploads\/lits.svg\" alt=\"\" class=\"wp-image-1736\"\/><figcaption class=\"wp-element-caption\">2 HABITACIONES<\/figcaption><\/figure>\n\n\n\n<figure class=\"wp-block-image size-large\"><img loading=\"lazy\" decoding=\"async\" width=\"32\" height=\"32\" src=\"https:\/\/camping-portesdariege.com\/wp-content\/uploads\/capacidad.svg\" alt=\"\" class=\"wp-image-1740\"\/><figcaption class=\"wp-element-caption\">5\/6 PERSONAS<\/figcaption><\/figure>\n\n\n\n<figure class=\"wp-block-image size-large\"><img loading=\"lazy\" decoding=\"async\" width=\"32\" height=\"32\" src=\"https:\/\/camping-portesdariege.com\/wp-content\/uploads\/sdb.svg\" alt=\"\" class=\"wp-image-1744\"\/><figcaption class=\"wp-element-caption\">1 BANO<\/figcaption><\/figure>\n<\/div>\n<\/div>\n\n\n\n<div class=\"wp-block-group buttons-archive is-content-justification-center is-nowrap is-layout-flex wp-container-core-group-is-layout-23441af8 wp-block-group-is-layout-flex\">\n<div class=\"wp-block-buttons animation--init--once slide-right is-layout-flex wp-block-buttons-is-layout-flex\">\n<div class=\"wp-block-button is-style-outline is-style-outline--7\"><a class=\"wp-block-button__link wp-element-button\" href=\"https:\/\/www.camping-portesdariege.com\/es\/les-hebergements\/chalet-6-personnes\/\">Ver el chalet<\/a><\/div>\n<\/div>\n\n\n\n<div class=\"wp-block-buttons animation--init--once slide-left is-layout-flex wp-block-buttons-is-layout-flex\">\n<div class=\"wp-block-button is-style-outline is-style-outline--8\"><a class=\"wp-block-button__link wp-element-button\" href=\"https:\/\/www.camping-portesdariege.com\/es\/les-hebergements\/chalet-6-personnes\/#reserver\">Reservar<\/a><\/div>\n<\/div>\n<\/div>\n<\/div>\n<\/div>\n<\/div>\n\n\n\n<div class=\"wp-block-columns alignfull are-vertically-aligned-center info-location-archive has-theme-beige-background-color has-background is-layout-flex wp-container-core-columns-is-layout-b61ab78d wp-block-columns-is-layout-flex\" style=\"margin-top:0;margin-bottom:0;padding-top:0;padding-right:0;padding-bottom:0;padding-left:0\">\n<div class=\"wp-block-column is-vertically-aligned-center is-layout-flow wp-block-column-is-layout-flow\" style=\"padding-top:0;padding-right:0;padding-bottom:0;padding-left:0\">\n<div class=\"wp-image-slider one-image-gallery has-text-align-left aspect-ratio-4_3\">\n\n                                        \n                    <script>\n                        'use strict';\n\n                        document.addEventListener('DOMContentLoaded', function () {\n\n                            (function() {\n                                const blockSlide = new Splide( '#slide_735', {\n                                    type : 'loop',\n                                    perPage: 1,\n                                                                        \n                                    breakpoints: {\n                                        800: {\n                                            perPage: 1,\n                                                                                    },\n                                        450: {\n                                            perPage: 1,\n                                            \n                                        },\n                                    },\n                                    pagination: true,\n                                    arrows: true,\n                                    gap: 'var(--wp--style--block-gap)',\n                                    i18n: {\n                                        slideLabel: '%s\/%s',\n                                    }\n                                } );\n                                \n\n                                \n                                blockSlide.mount();\n\n                                                                \n                                \n                            })();\n                        })\n                    <\/script>\n\n                    <div class=\"slider-container\"><div class=\"splide galeria-slider galeria-columnas-1\" id=\"slide_735\"><div class=\"splide__track\"><div class=\"splide__list\"><div id=\"thumb-5285\" class=\"splide__slide\"><div class=\"image-wrapper\"><img loading=\"lazy\" decoding=\"async\" width=\"2048\" height=\"1536\" src=\"https:\/\/www.camping-portesdariege.com\/wp-content\/uploads\/20240508-193150-1-2048x1536.jpg\" class=\"attachment-gallery size-gallery\" alt=\"\" srcset=\"https:\/\/www.camping-portesdariege.com\/wp-content\/uploads\/20240508-193150-1-2048x1536.jpg 2048w, https:\/\/www.camping-portesdariege.com\/wp-content\/uploads\/20240508-193150-1-1024x768.jpg 1024w, https:\/\/www.camping-portesdariege.com\/wp-content\/uploads\/20240508-193150-1-768x576.jpg 768w, https:\/\/www.camping-portesdariege.com\/wp-content\/uploads\/20240508-193150-1-1536x1152.jpg 1536w, https:\/\/www.camping-portesdariege.com\/wp-content\/uploads\/20240508-193150-1-512x384.jpg 512w, https:\/\/www.camping-portesdariege.com\/wp-content\/uploads\/20240508-193150-1-256x192.jpg 256w\" sizes=\"auto, (max-width: 2048px) 100vw, 2048px\" \/><\/div><\/div><div id=\"thumb-5305\" class=\"splide__slide\"><div class=\"image-wrapper\"><img loading=\"lazy\" decoding=\"async\" width=\"640\" height=\"426\" src=\"https:\/\/www.camping-portesdariege.com\/wp-content\/uploads\/3-cyrus-coin-cuisine.jpeg\" class=\"attachment-gallery size-gallery\" alt=\"\" srcset=\"https:\/\/www.camping-portesdariege.com\/wp-content\/uploads\/3-cyrus-coin-cuisine.jpeg 640w, https:\/\/www.camping-portesdariege.com\/wp-content\/uploads\/3-cyrus-coin-cuisine-512x341.jpeg 512w, https:\/\/www.camping-portesdariege.com\/wp-content\/uploads\/3-cyrus-coin-cuisine-256x170.jpeg 256w\" sizes=\"auto, (max-width: 640px) 100vw, 640px\" \/><\/div><\/div><div id=\"thumb-5306\" class=\"splide__slide\"><div class=\"image-wrapper\"><img loading=\"lazy\" decoding=\"async\" width=\"2048\" height=\"1365\" src=\"https:\/\/www.camping-portesdariege.com\/wp-content\/uploads\/4-cyrus-salon-2048x1365.jpg\" class=\"attachment-gallery size-gallery\" alt=\"\" srcset=\"https:\/\/www.camping-portesdariege.com\/wp-content\/uploads\/4-cyrus-salon-2048x1365.jpg 2048w, https:\/\/www.camping-portesdariege.com\/wp-content\/uploads\/4-cyrus-salon-1024x683.jpg 1024w, https:\/\/www.camping-portesdariege.com\/wp-content\/uploads\/4-cyrus-salon-768x512.jpg 768w, https:\/\/www.camping-portesdariege.com\/wp-content\/uploads\/4-cyrus-salon-1536x1024.jpg 1536w, https:\/\/www.camping-portesdariege.com\/wp-content\/uploads\/4-cyrus-salon-512x341.jpg 512w, https:\/\/www.camping-portesdariege.com\/wp-content\/uploads\/4-cyrus-salon-256x171.jpg 256w\" sizes=\"auto, (max-width: 2048px) 100vw, 2048px\" \/><\/div><\/div><div id=\"thumb-5308\" class=\"splide__slide\"><div class=\"image-wrapper\"><img loading=\"lazy\" decoding=\"async\" width=\"1823\" height=\"1177\" src=\"https:\/\/www.camping-portesdariege.com\/wp-content\/uploads\/cyrus-chambre-parentale.jpg\" class=\"attachment-gallery size-gallery\" alt=\"\" srcset=\"https:\/\/www.camping-portesdariege.com\/wp-content\/uploads\/cyrus-chambre-parentale.jpg 1823w, https:\/\/www.camping-portesdariege.com\/wp-content\/uploads\/cyrus-chambre-parentale-1024x661.jpg 1024w, https:\/\/www.camping-portesdariege.com\/wp-content\/uploads\/cyrus-chambre-parentale-768x496.jpg 768w, https:\/\/www.camping-portesdariege.com\/wp-content\/uploads\/cyrus-chambre-parentale-1536x992.jpg 1536w, https:\/\/www.camping-portesdariege.com\/wp-content\/uploads\/cyrus-chambre-parentale-512x331.jpg 512w, https:\/\/www.camping-portesdariege.com\/wp-content\/uploads\/cyrus-chambre-parentale-256x165.jpg 256w\" sizes=\"auto, (max-width: 1823px) 100vw, 1823px\" \/><\/div><\/div><div id=\"thumb-5307\" class=\"splide__slide\"><div class=\"image-wrapper\"><img loading=\"lazy\" decoding=\"async\" width=\"1800\" height=\"1350\" src=\"https:\/\/www.camping-portesdariege.com\/wp-content\/uploads\/cyrus-chambre-2.jpg\" class=\"attachment-gallery size-gallery\" alt=\"\" srcset=\"https:\/\/www.camping-portesdariege.com\/wp-content\/uploads\/cyrus-chambre-2.jpg 1800w, https:\/\/www.camping-portesdariege.com\/wp-content\/uploads\/cyrus-chambre-2-1024x768.jpg 1024w, https:\/\/www.camping-portesdariege.com\/wp-content\/uploads\/cyrus-chambre-2-768x576.jpg 768w, https:\/\/www.camping-portesdariege.com\/wp-content\/uploads\/cyrus-chambre-2-1536x1152.jpg 1536w, https:\/\/www.camping-portesdariege.com\/wp-content\/uploads\/cyrus-chambre-2-512x384.jpg 512w, https:\/\/www.camping-portesdariege.com\/wp-content\/uploads\/cyrus-chambre-2-256x192.jpg 256w\" sizes=\"auto, (max-width: 1800px) 100vw, 1800px\" \/><\/div><\/div><\/div><\/div><\/div><\/div>\n                    \n<\/div><\/div>\n\n\n\n<div class=\"wp-block-column is-vertically-aligned-center padding-columns is-layout-flow wp-container-core-column-is-layout-f016c79b wp-block-column-is-layout-flow\" style=\"padding-top:0;padding-right:0;padding-bottom:0;padding-left:0\">\n<div class=\"wp-block-group padding-columns oh is-layout-constrained wp-container-core-group-is-layout-0ccfd37b wp-block-group-is-layout-constrained\" style=\"padding-top:var(--wp--preset--spacing--80);padding-right:var(--wp--preset--spacing--30);padding-bottom:var(--wp--preset--spacing--80);padding-left:var(--wp--preset--spacing--30)\">\n<h2 class=\"wp-block-heading has-text-align-center animation--init--once slide-down has-theme-primary-green-color has-text-color has-link-color has-h-2-font-size wp-elements-0c6cdf68c133b13644a81e0083ea3020\">Bengalow de Iona Cyrus<\/h2>\n\n\n\n<p class=\"has-text-align-center has-h-3-font-size\">4 personas<\/p>\n\n\n\n<p>\u00bfTienes esp\u00edritu de camping pero quieres un poco m\u00e1s de confort?<br>\u00bf<strong>Sin tienda que montar<\/strong>?<\/p>\n\n\n\n<p>El camping *** Portes d\u2019Ari\u00e8ge piensa en ti y te propone una alternativa al camping tradicional con un <strong>bungalow de lona<\/strong> de 20 m\u00b2, para <strong>4 personas<\/strong>, sin sanitarios.<\/p>\n\n\n\n<div class=\"wp-block-group icons-locations-archive-container is-layout-constrained wp-block-group-is-layout-constrained\">\n<div class=\"wp-block-group icons-locations-archive icon-back animation--init--once slide-down is-content-justification-space-between is-nowrap is-layout-flex wp-container-core-group-is-layout-cb46ffcb wp-block-group-is-layout-flex\">\n<figure class=\"wp-block-image size-large\"><img loading=\"lazy\" decoding=\"async\" width=\"32\" height=\"32\" src=\"https:\/\/camping-portesdariege.com\/wp-content\/uploads\/lits.svg\" alt=\"\" class=\"wp-image-1736\"\/><figcaption class=\"wp-element-caption\">2 HABITACIONES<\/figcaption><\/figure>\n\n\n\n<figure class=\"wp-block-image size-large\"><img loading=\"lazy\" decoding=\"async\" width=\"32\" height=\"32\" src=\"https:\/\/camping-portesdariege.com\/wp-content\/uploads\/capacidad.svg\" alt=\"\" class=\"wp-image-1740\"\/><figcaption class=\"wp-element-caption\">4 PERSONAS<\/figcaption><\/figure>\n<\/div>\n<\/div>\n\n\n\n<div class=\"wp-block-group animation--init--once slide-down buttons-archive is-content-justification-center is-nowrap is-layout-flex wp-container-core-group-is-layout-23441af8 wp-block-group-is-layout-flex\">\n<div class=\"wp-block-buttons is-layout-flex wp-block-buttons-is-layout-flex\">\n<div class=\"wp-block-button is-style-outline is-style-outline--9\"><a class=\"wp-block-button__link wp-element-button\" href=\"https:\/\/www.camping-portesdariege.com\/es\/les-hebergements\/bengalow-toile-cyrus-4-personnes\/\">Ver el chalet<\/a><\/div>\n<\/div>\n\n\n\n<div class=\"wp-block-buttons is-layout-flex wp-block-buttons-is-layout-flex\">\n<div class=\"wp-block-button is-style-outline is-style-outline--10\"><a class=\"wp-block-button__link wp-element-button\" href=\"https:\/\/www.camping-portesdariege.com\/es\/les-hebergements\/mobil-home-bora-bora\/#reserver\">Reservar<\/a><\/div>\n<\/div>\n<\/div>\n<\/div>\n<\/div>\n<\/div>\n\n\n\n<div class=\"wp-block-columns alignfull are-vertically-aligned-center info-location-archive is-layout-flex wp-container-core-columns-is-layout-b61ab78d wp-block-columns-is-layout-flex\" style=\"margin-top:0;margin-bottom:0;padding-top:0;padding-right:0;padding-bottom:0;padding-left:0\">\n<div class=\"wp-block-column is-vertically-aligned-center is-layout-flow wp-block-column-is-layout-flow\" style=\"padding-top:0;padding-right:0;padding-bottom:0;padding-left:0\">\n<div class=\"wp-image-slider one-image-gallery has-text-align-left aspect-ratio-4_3\">\n\n                                        \n                    <script>\n                        'use strict';\n\n                        document.addEventListener('DOMContentLoaded', function () {\n\n                            (function() {\n                                const blockSlide = new Splide( '#slide_858', {\n                                    type : 'loop',\n                                    perPage: 1,\n                                                                        \n                                    breakpoints: {\n                                        800: {\n                                            perPage: 1,\n                                                                                    },\n                                        450: {\n                                            perPage: 1,\n                                            \n                                        },\n                                    },\n                                    pagination: true,\n                                    arrows: true,\n                                    gap: 'var(--wp--style--block-gap)',\n                                    i18n: {\n                                        slideLabel: '%s\/%s',\n                                    }\n                                } );\n                                \n\n                                \n                                blockSlide.mount();\n\n                                                                \n                                \n                            })();\n                        })\n                    <\/script>\n\n                    <div class=\"slider-container\"><div class=\"splide galeria-slider galeria-columnas-1\" id=\"slide_858\"><div class=\"splide__track\"><div class=\"splide__list\"><div id=\"thumb-5600\" class=\"splide__slide\"><div class=\"image-wrapper\"><img loading=\"lazy\" decoding=\"async\" width=\"2048\" height=\"1536\" src=\"https:\/\/www.camping-portesdariege.com\/wp-content\/uploads\/20240328-161641-1-2048x1536.jpg\" class=\"attachment-gallery size-gallery\" alt=\"\" srcset=\"https:\/\/www.camping-portesdariege.com\/wp-content\/uploads\/20240328-161641-1-2048x1536.jpg 2048w, https:\/\/www.camping-portesdariege.com\/wp-content\/uploads\/20240328-161641-1-1024x768.jpg 1024w, https:\/\/www.camping-portesdariege.com\/wp-content\/uploads\/20240328-161641-1-768x576.jpg 768w, https:\/\/www.camping-portesdariege.com\/wp-content\/uploads\/20240328-161641-1-1536x1152.jpg 1536w, https:\/\/www.camping-portesdariege.com\/wp-content\/uploads\/20240328-161641-1-512x384.jpg 512w, https:\/\/www.camping-portesdariege.com\/wp-content\/uploads\/20240328-161641-1-256x192.jpg 256w\" sizes=\"auto, (max-width: 2048px) 100vw, 2048px\" \/><\/div><\/div><div id=\"thumb-5272\" class=\"splide__slide\"><div class=\"image-wrapper\"><img loading=\"lazy\" decoding=\"async\" width=\"2048\" height=\"922\" src=\"https:\/\/www.camping-portesdariege.com\/wp-content\/uploads\/oasis-1-2048x922.jpg\" class=\"attachment-gallery size-gallery\" alt=\"\" srcset=\"https:\/\/www.camping-portesdariege.com\/wp-content\/uploads\/oasis-1-2048x922.jpg 2048w, https:\/\/www.camping-portesdariege.com\/wp-content\/uploads\/oasis-1-1024x461.jpg 1024w, https:\/\/www.camping-portesdariege.com\/wp-content\/uploads\/oasis-1-768x346.jpg 768w, https:\/\/www.camping-portesdariege.com\/wp-content\/uploads\/oasis-1-1536x692.jpg 1536w, https:\/\/www.camping-portesdariege.com\/wp-content\/uploads\/oasis-1-512x231.jpg 512w, https:\/\/www.camping-portesdariege.com\/wp-content\/uploads\/oasis-1-256x115.jpg 256w\" sizes=\"auto, (max-width: 2048px) 100vw, 2048px\" \/><\/div><\/div><div id=\"thumb-5595\" class=\"splide__slide\"><div class=\"image-wrapper\"><img loading=\"lazy\" decoding=\"async\" width=\"1536\" height=\"2048\" src=\"https:\/\/www.camping-portesdariege.com\/wp-content\/uploads\/cuisine-oasis-1-1536x2048.jpg\" class=\"attachment-gallery size-gallery\" alt=\"\" srcset=\"https:\/\/www.camping-portesdariege.com\/wp-content\/uploads\/cuisine-oasis-1-1536x2048.jpg 1536w, https:\/\/www.camping-portesdariege.com\/wp-content\/uploads\/cuisine-oasis-1-768x1024.jpg 768w, https:\/\/www.camping-portesdariege.com\/wp-content\/uploads\/cuisine-oasis-1-1152x1536.jpg 1152w, https:\/\/www.camping-portesdariege.com\/wp-content\/uploads\/cuisine-oasis-1-384x512.jpg 384w, https:\/\/www.camping-portesdariege.com\/wp-content\/uploads\/cuisine-oasis-1-192x256.jpg 192w, https:\/\/www.camping-portesdariege.com\/wp-content\/uploads\/cuisine-oasis-1-scaled.jpg 1920w\" sizes=\"auto, (max-width: 1536px) 100vw, 1536px\" \/><\/div><\/div><div id=\"thumb-5592\" class=\"splide__slide\"><div class=\"image-wrapper\"><img loading=\"lazy\" decoding=\"async\" width=\"1536\" height=\"2048\" src=\"https:\/\/www.camping-portesdariege.com\/wp-content\/uploads\/chambre-2-oasis-1-1536x2048.jpg\" class=\"attachment-gallery size-gallery\" alt=\"\" srcset=\"https:\/\/www.camping-portesdariege.com\/wp-content\/uploads\/chambre-2-oasis-1-1536x2048.jpg 1536w, https:\/\/www.camping-portesdariege.com\/wp-content\/uploads\/chambre-2-oasis-1-768x1024.jpg 768w, https:\/\/www.camping-portesdariege.com\/wp-content\/uploads\/chambre-2-oasis-1-1152x1536.jpg 1152w, https:\/\/www.camping-portesdariege.com\/wp-content\/uploads\/chambre-2-oasis-1-384x512.jpg 384w, https:\/\/www.camping-portesdariege.com\/wp-content\/uploads\/chambre-2-oasis-1-192x256.jpg 192w, https:\/\/www.camping-portesdariege.com\/wp-content\/uploads\/chambre-2-oasis-1-scaled.jpg 1920w\" sizes=\"auto, (max-width: 1536px) 100vw, 1536px\" \/><\/div><\/div><div id=\"thumb-5589\" class=\"splide__slide\"><div class=\"image-wrapper\"><img loading=\"lazy\" decoding=\"async\" width=\"1536\" height=\"2048\" src=\"https:\/\/www.camping-portesdariege.com\/wp-content\/uploads\/chambre-1-oasis-1-1536x2048.jpg\" class=\"attachment-gallery size-gallery\" alt=\"\" srcset=\"https:\/\/www.camping-portesdariege.com\/wp-content\/uploads\/chambre-1-oasis-1-1536x2048.jpg 1536w, https:\/\/www.camping-portesdariege.com\/wp-content\/uploads\/chambre-1-oasis-1-768x1024.jpg 768w, https:\/\/www.camping-portesdariege.com\/wp-content\/uploads\/chambre-1-oasis-1-1152x1536.jpg 1152w, https:\/\/www.camping-portesdariege.com\/wp-content\/uploads\/chambre-1-oasis-1-384x512.jpg 384w, https:\/\/www.camping-portesdariege.com\/wp-content\/uploads\/chambre-1-oasis-1-192x256.jpg 192w, https:\/\/www.camping-portesdariege.com\/wp-content\/uploads\/chambre-1-oasis-1-scaled.jpg 1920w\" sizes=\"auto, (max-width: 1536px) 100vw, 1536px\" \/><\/div><\/div><div id=\"thumb-5299\" class=\"splide__slide\"><div class=\"image-wrapper\"><img loading=\"lazy\" decoding=\"async\" width=\"2048\" height=\"1536\" src=\"https:\/\/www.camping-portesdariege.com\/wp-content\/uploads\/20240328-153841-2048x1536.jpg\" class=\"attachment-gallery size-gallery\" alt=\"\" srcset=\"https:\/\/www.camping-portesdariege.com\/wp-content\/uploads\/20240328-153841-2048x1536.jpg 2048w, https:\/\/www.camping-portesdariege.com\/wp-content\/uploads\/20240328-153841-1024x768.jpg 1024w, https:\/\/www.camping-portesdariege.com\/wp-content\/uploads\/20240328-153841-768x576.jpg 768w, https:\/\/www.camping-portesdariege.com\/wp-content\/uploads\/20240328-153841-1536x1152.jpg 1536w, https:\/\/www.camping-portesdariege.com\/wp-content\/uploads\/20240328-153841-512x384.jpg 512w, https:\/\/www.camping-portesdariege.com\/wp-content\/uploads\/20240328-153841-256x192.jpg 256w\" sizes=\"auto, (max-width: 2048px) 100vw, 2048px\" \/><\/div><\/div><div id=\"thumb-5300\" class=\"splide__slide\"><div class=\"image-wrapper\"><img loading=\"lazy\" decoding=\"async\" width=\"2048\" height=\"1536\" src=\"https:\/\/www.camping-portesdariege.com\/wp-content\/uploads\/20240328-153853-2048x1536.jpg\" class=\"attachment-gallery size-gallery\" alt=\"\" srcset=\"https:\/\/www.camping-portesdariege.com\/wp-content\/uploads\/20240328-153853-2048x1536.jpg 2048w, https:\/\/www.camping-portesdariege.com\/wp-content\/uploads\/20240328-153853-1024x768.jpg 1024w, https:\/\/www.camping-portesdariege.com\/wp-content\/uploads\/20240328-153853-768x576.jpg 768w, https:\/\/www.camping-portesdariege.com\/wp-content\/uploads\/20240328-153853-1536x1152.jpg 1536w, https:\/\/www.camping-portesdariege.com\/wp-content\/uploads\/20240328-153853-512x384.jpg 512w, https:\/\/www.camping-portesdariege.com\/wp-content\/uploads\/20240328-153853-256x192.jpg 256w\" sizes=\"auto, (max-width: 2048px) 100vw, 2048px\" \/><\/div><\/div><div id=\"thumb-5301\" class=\"splide__slide\"><div class=\"image-wrapper\"><img loading=\"lazy\" decoding=\"async\" width=\"2048\" height=\"1536\" src=\"https:\/\/www.camping-portesdariege.com\/wp-content\/uploads\/20240328-153914-2048x1536.jpg\" class=\"attachment-gallery size-gallery\" alt=\"\" srcset=\"https:\/\/www.camping-portesdariege.com\/wp-content\/uploads\/20240328-153914-2048x1536.jpg 2048w, https:\/\/www.camping-portesdariege.com\/wp-content\/uploads\/20240328-153914-1024x768.jpg 1024w, https:\/\/www.camping-portesdariege.com\/wp-content\/uploads\/20240328-153914-768x576.jpg 768w, https:\/\/www.camping-portesdariege.com\/wp-content\/uploads\/20240328-153914-1536x1152.jpg 1536w, https:\/\/www.camping-portesdariege.com\/wp-content\/uploads\/20240328-153914-512x384.jpg 512w, https:\/\/www.camping-portesdariege.com\/wp-content\/uploads\/20240328-153914-256x192.jpg 256w\" sizes=\"auto, (max-width: 2048px) 100vw, 2048px\" \/><\/div><\/div><div id=\"thumb-5304\" class=\"splide__slide\"><div class=\"image-wrapper\"><img loading=\"lazy\" decoding=\"async\" width=\"1536\" height=\"2048\" src=\"https:\/\/www.camping-portesdariege.com\/wp-content\/uploads\/20240328-154034-1536x2048.jpg\" class=\"attachment-gallery size-gallery\" alt=\"\" srcset=\"https:\/\/www.camping-portesdariege.com\/wp-content\/uploads\/20240328-154034-1536x2048.jpg 1536w, https:\/\/www.camping-portesdariege.com\/wp-content\/uploads\/20240328-154034-768x1024.jpg 768w, https:\/\/www.camping-portesdariege.com\/wp-content\/uploads\/20240328-154034-1152x1536.jpg 1152w, https:\/\/www.camping-portesdariege.com\/wp-content\/uploads\/20240328-154034-384x512.jpg 384w, https:\/\/www.camping-portesdariege.com\/wp-content\/uploads\/20240328-154034-192x256.jpg 192w, https:\/\/www.camping-portesdariege.com\/wp-content\/uploads\/20240328-154034-scaled.jpg 1920w\" sizes=\"auto, (max-width: 1536px) 100vw, 1536px\" \/><\/div><\/div><div id=\"thumb-5303\" class=\"splide__slide\"><div class=\"image-wrapper\"><img loading=\"lazy\" decoding=\"async\" width=\"2048\" height=\"1536\" src=\"https:\/\/www.camping-portesdariege.com\/wp-content\/uploads\/20240328-153934-2048x1536.jpg\" class=\"attachment-gallery size-gallery\" alt=\"\" srcset=\"https:\/\/www.camping-portesdariege.com\/wp-content\/uploads\/20240328-153934-2048x1536.jpg 2048w, https:\/\/www.camping-portesdariege.com\/wp-content\/uploads\/20240328-153934-1024x768.jpg 1024w, https:\/\/www.camping-portesdariege.com\/wp-content\/uploads\/20240328-153934-768x576.jpg 768w, https:\/\/www.camping-portesdariege.com\/wp-content\/uploads\/20240328-153934-1536x1152.jpg 1536w, https:\/\/www.camping-portesdariege.com\/wp-content\/uploads\/20240328-153934-512x384.jpg 512w, https:\/\/www.camping-portesdariege.com\/wp-content\/uploads\/20240328-153934-256x192.jpg 256w\" sizes=\"auto, (max-width: 2048px) 100vw, 2048px\" \/><\/div><\/div><\/div><\/div><\/div><\/div>\n                    \n<\/div><\/div>\n\n\n\n<div class=\"wp-block-column is-vertically-aligned-center padding-columns is-layout-flow wp-block-column-is-layout-flow\" style=\"padding-right:0;padding-left:0\">\n<div class=\"wp-block-group padding-columns oh is-layout-constrained wp-container-core-group-is-layout-ef2b0a15 wp-block-group-is-layout-constrained\" style=\"margin-top:0;margin-bottom:0;padding-top:var(--wp--preset--spacing--80);padding-right:var(--wp--preset--spacing--30);padding-bottom:var(--wp--preset--spacing--80);padding-left:var(--wp--preset--spacing--30)\">\n<h2 class=\"wp-block-heading has-text-align-center animation--init--once slide-down has-theme-primary-green-color has-text-color has-link-color has-h-2-font-size wp-elements-7045686038b820617fb09e2b3ddc7f98\">Mobil-home Bora Bora \/ Oasis<\/h2>\n\n\n\n<p>Mobil-home de 26 m\u00b2 con gran terraza de 8,5 m\u00b2, para estar en contacto permanente con la naturaleza.<\/p>\n\n\n\n<p>Para <strong>4 personas<\/strong>, ofrece un sal\u00f3n con sof\u00e1 y aire acondicionado reversible.<\/p>\n\n\n\n<p><strong>Animales NO admitidos.<\/strong><\/p>\n\n\n\n<div class=\"wp-block-group icons-locations-archive-container is-layout-constrained wp-block-group-is-layout-constrained\">\n<div class=\"wp-block-group icons-locations-archive icon-back animation--init--once slide-down is-content-justification-space-between is-nowrap is-layout-flex wp-container-core-group-is-layout-cb46ffcb wp-block-group-is-layout-flex\">\n<figure class=\"wp-block-image size-large\"><img loading=\"lazy\" decoding=\"async\" width=\"32\" height=\"32\" src=\"https:\/\/camping-portesdariege.com\/wp-content\/uploads\/lits.svg\" alt=\"\" class=\"wp-image-1736\"\/><figcaption class=\"wp-element-caption\">2 HABITACIONES<\/figcaption><\/figure>\n\n\n\n<figure class=\"wp-block-image size-large\"><img loading=\"lazy\" decoding=\"async\" width=\"32\" height=\"32\" src=\"https:\/\/camping-portesdariege.com\/wp-content\/uploads\/capacidad.svg\" alt=\"\" class=\"wp-image-1740\"\/><figcaption class=\"wp-element-caption\">4 PERSONAS<\/figcaption><\/figure>\n\n\n\n<figure class=\"wp-block-image size-large\"><img loading=\"lazy\" decoding=\"async\" width=\"32\" height=\"32\" src=\"https:\/\/camping-portesdariege.com\/wp-content\/uploads\/sdb.svg\" alt=\"\" class=\"wp-image-1744\"\/><figcaption class=\"wp-element-caption\">1 BANO<\/figcaption><\/figure>\n<\/div>\n<\/div>\n\n\n\n<div class=\"wp-block-group buttons-archive is-content-justification-center is-nowrap is-layout-flex wp-container-core-group-is-layout-23441af8 wp-block-group-is-layout-flex\">\n<div class=\"wp-block-buttons animation--init--once slide-right is-layout-flex wp-block-buttons-is-layout-flex\">\n<div class=\"wp-block-button is-style-outline is-style-outline--11\"><a class=\"wp-block-button__link wp-element-button\" href=\"https:\/\/www.camping-portesdariege.com\/es\/les-hebergements\/mobil-home-bora-bora\/\">Ver el chalet<\/a><\/div>\n<\/div>\n\n\n\n<div class=\"wp-block-buttons animation--init--once slide-left is-layout-flex wp-block-buttons-is-layout-flex\">\n<div class=\"wp-block-button is-style-outline is-style-outline--12\"><a class=\"wp-block-button__link wp-element-button\" href=\"https:\/\/www.camping-portesdariege.com\/es\/les-hebergements\/mobil-home-bora-bora\/#reserver\">Reservar<\/a><\/div>\n<\/div>\n<\/div>\n<\/div>\n<\/div>\n<\/div>\n\n\n\n<div class=\"wp-block-columns alignfull are-vertically-aligned-center info-location-archive has-background is-layout-flex wp-container-core-columns-is-layout-b61ab78d wp-block-columns-is-layout-flex\" style=\"background-color:#e5e1cd;margin-top:0;margin-bottom:0;padding-top:0;padding-right:0;padding-bottom:0;padding-left:0\">\n<div class=\"wp-block-column is-vertically-aligned-center is-layout-flow wp-block-column-is-layout-flow\" style=\"padding-top:0;padding-right:0;padding-bottom:0;padding-left:0\">\n<div class=\"wp-image-slider one-image-gallery has-text-align-left aspect-ratio-4_3\">\n\n                                        \n                    <script>\n                        'use strict';\n\n                        document.addEventListener('DOMContentLoaded', function () {\n\n                            (function() {\n                                const blockSlide = new Splide( '#slide_863', {\n                                    type : 'loop',\n                                    perPage: 1,\n                                                                        \n                                    breakpoints: {\n                                        800: {\n                                            perPage: 1,\n                                                                                    },\n                                        450: {\n                                            perPage: 1,\n                                            \n                                        },\n                                    },\n                                    pagination: true,\n                                    arrows: true,\n                                    gap: 'var(--wp--style--block-gap)',\n                                    i18n: {\n                                        slideLabel: '%s\/%s',\n                                    }\n                                } );\n                                \n\n                                \n                                blockSlide.mount();\n\n                                                                \n                                \n                            })();\n                        })\n                    <\/script>\n\n                    <div class=\"slider-container\"><div class=\"splide galeria-slider galeria-columnas-1\" id=\"slide_863\"><div class=\"splide__track\"><div class=\"splide__list\"><div id=\"thumb-5276\" class=\"splide__slide\"><div class=\"image-wrapper\"><img loading=\"lazy\" decoding=\"async\" width=\"2048\" height=\"922\" src=\"https:\/\/www.camping-portesdariege.com\/wp-content\/uploads\/20250518-163930-2048x922.jpg\" class=\"attachment-gallery size-gallery\" alt=\"\" srcset=\"https:\/\/www.camping-portesdariege.com\/wp-content\/uploads\/20250518-163930-2048x922.jpg 2048w, https:\/\/www.camping-portesdariege.com\/wp-content\/uploads\/20250518-163930-1024x461.jpg 1024w, https:\/\/www.camping-portesdariege.com\/wp-content\/uploads\/20250518-163930-768x346.jpg 768w, https:\/\/www.camping-portesdariege.com\/wp-content\/uploads\/20250518-163930-1536x692.jpg 1536w, https:\/\/www.camping-portesdariege.com\/wp-content\/uploads\/20250518-163930-512x231.jpg 512w, https:\/\/www.camping-portesdariege.com\/wp-content\/uploads\/20250518-163930-256x115.jpg 256w\" sizes=\"auto, (max-width: 2048px) 100vw, 2048px\" \/><\/div><\/div><div id=\"thumb-5318\" class=\"splide__slide\"><div class=\"image-wrapper\"><img loading=\"lazy\" decoding=\"async\" width=\"2048\" height=\"1536\" src=\"https:\/\/www.camping-portesdariege.com\/wp-content\/uploads\/sejour-cuisine-duo-2048x1536.jpg\" class=\"attachment-gallery size-gallery\" alt=\"\" srcset=\"https:\/\/www.camping-portesdariege.com\/wp-content\/uploads\/sejour-cuisine-duo-2048x1536.jpg 2048w, https:\/\/www.camping-portesdariege.com\/wp-content\/uploads\/sejour-cuisine-duo-1024x768.jpg 1024w, https:\/\/www.camping-portesdariege.com\/wp-content\/uploads\/sejour-cuisine-duo-768x576.jpg 768w, https:\/\/www.camping-portesdariege.com\/wp-content\/uploads\/sejour-cuisine-duo-1536x1152.jpg 1536w, https:\/\/www.camping-portesdariege.com\/wp-content\/uploads\/sejour-cuisine-duo-512x384.jpg 512w, https:\/\/www.camping-portesdariege.com\/wp-content\/uploads\/sejour-cuisine-duo-256x192.jpg 256w\" sizes=\"auto, (max-width: 2048px) 100vw, 2048px\" \/><\/div><\/div><div id=\"thumb-5319\" class=\"splide__slide\"><div class=\"image-wrapper\"><img loading=\"lazy\" decoding=\"async\" width=\"1536\" height=\"2048\" src=\"https:\/\/www.camping-portesdariege.com\/wp-content\/uploads\/television-chambre-duo-1536x2048.jpg\" class=\"attachment-gallery size-gallery\" alt=\"\" srcset=\"https:\/\/www.camping-portesdariege.com\/wp-content\/uploads\/television-chambre-duo-1536x2048.jpg 1536w, https:\/\/www.camping-portesdariege.com\/wp-content\/uploads\/television-chambre-duo-768x1024.jpg 768w, https:\/\/www.camping-portesdariege.com\/wp-content\/uploads\/television-chambre-duo-1152x1536.jpg 1152w, https:\/\/www.camping-portesdariege.com\/wp-content\/uploads\/television-chambre-duo-384x512.jpg 384w, https:\/\/www.camping-portesdariege.com\/wp-content\/uploads\/television-chambre-duo-192x256.jpg 192w, https:\/\/www.camping-portesdariege.com\/wp-content\/uploads\/television-chambre-duo-scaled.jpg 1920w\" sizes=\"auto, (max-width: 1536px) 100vw, 1536px\" \/><\/div><\/div><div id=\"thumb-5320\" class=\"splide__slide\"><div class=\"image-wrapper\"><img loading=\"lazy\" decoding=\"async\" width=\"1536\" height=\"2048\" src=\"https:\/\/www.camping-portesdariege.com\/wp-content\/uploads\/terrasse-duotel-1536x2048.jpg\" class=\"attachment-gallery size-gallery\" alt=\"\" srcset=\"https:\/\/www.camping-portesdariege.com\/wp-content\/uploads\/terrasse-duotel-1536x2048.jpg 1536w, https:\/\/www.camping-portesdariege.com\/wp-content\/uploads\/terrasse-duotel-768x1024.jpg 768w, https:\/\/www.camping-portesdariege.com\/wp-content\/uploads\/terrasse-duotel-1152x1536.jpg 1152w, https:\/\/www.camping-portesdariege.com\/wp-content\/uploads\/terrasse-duotel-384x512.jpg 384w, https:\/\/www.camping-portesdariege.com\/wp-content\/uploads\/terrasse-duotel-192x256.jpg 192w, https:\/\/www.camping-portesdariege.com\/wp-content\/uploads\/terrasse-duotel-scaled.jpg 1920w\" sizes=\"auto, (max-width: 1536px) 100vw, 1536px\" \/><\/div><\/div><div id=\"thumb-5322\" class=\"splide__slide\"><div class=\"image-wrapper\"><img loading=\"lazy\" decoding=\"async\" width=\"1536\" height=\"2048\" src=\"https:\/\/www.camping-portesdariege.com\/wp-content\/uploads\/chambre-1-duo-1536x2048.jpg\" class=\"attachment-gallery size-gallery\" alt=\"\" srcset=\"https:\/\/www.camping-portesdariege.com\/wp-content\/uploads\/chambre-1-duo-1536x2048.jpg 1536w, https:\/\/www.camping-portesdariege.com\/wp-content\/uploads\/chambre-1-duo-768x1024.jpg 768w, https:\/\/www.camping-portesdariege.com\/wp-content\/uploads\/chambre-1-duo-1152x1536.jpg 1152w, https:\/\/www.camping-portesdariege.com\/wp-content\/uploads\/chambre-1-duo-384x512.jpg 384w, https:\/\/www.camping-portesdariege.com\/wp-content\/uploads\/chambre-1-duo-192x256.jpg 192w, https:\/\/www.camping-portesdariege.com\/wp-content\/uploads\/chambre-1-duo-scaled.jpg 1920w\" sizes=\"auto, (max-width: 1536px) 100vw, 1536px\" \/><\/div><\/div><div id=\"thumb-5347\" class=\"splide__slide\"><div class=\"image-wrapper\"><img loading=\"lazy\" decoding=\"async\" width=\"1429\" height=\"805\" src=\"https:\/\/www.camping-portesdariege.com\/wp-content\/uploads\/dutoel.jpg\" class=\"attachment-gallery size-gallery\" alt=\"\" srcset=\"https:\/\/www.camping-portesdariege.com\/wp-content\/uploads\/dutoel.jpg 1429w, https:\/\/www.camping-portesdariege.com\/wp-content\/uploads\/dutoel-1024x577.jpg 1024w, https:\/\/www.camping-portesdariege.com\/wp-content\/uploads\/dutoel-768x433.jpg 768w, https:\/\/www.camping-portesdariege.com\/wp-content\/uploads\/dutoel-512x288.jpg 512w, https:\/\/www.camping-portesdariege.com\/wp-content\/uploads\/dutoel-256x144.jpg 256w\" sizes=\"auto, (max-width: 1429px) 100vw, 1429px\" \/><\/div><\/div><\/div><\/div><\/div><\/div>\n                    \n<\/div><\/div>\n\n\n\n<div class=\"wp-block-column is-vertically-aligned-center padding-columns is-layout-flow wp-block-column-is-layout-flow\" style=\"padding-right:0;padding-left:0\">\n<div class=\"wp-block-group padding-columns oh is-layout-constrained wp-container-core-group-is-layout-ef2b0a15 wp-block-group-is-layout-constrained\" style=\"margin-top:0;margin-bottom:0;padding-top:var(--wp--preset--spacing--80);padding-right:var(--wp--preset--spacing--30);padding-bottom:var(--wp--preset--spacing--80);padding-left:var(--wp--preset--spacing--30)\">\n<h2 class=\"wp-block-heading has-text-align-center animation--init--once slide-down has-theme-primary-green-color has-text-color has-link-color has-h-2-font-size wp-elements-cb826a7fb9ef1961a2dc5bb7e3456fc7\">Duotel<\/h2>\n\n\n\n<p>Mobil-home de 26 m\u00b2 con terraza de 11 m\u00b2, para el confort de lo nuevo manteniendo el contacto con el exterior.<\/p>\n\n\n\n<p>Para <strong>4 personas<\/strong>, te espera una estancia luminosa con sof\u00e1 y aire acondicionado reversible.<\/p>\n\n\n\n<p><strong>Animales NO admitidos.<\/strong><\/p>\n\n\n\n<div class=\"wp-block-group icons-locations-archive-container is-layout-constrained wp-block-group-is-layout-constrained\">\n<div class=\"wp-block-group icons-locations-archive icon-back animation--init--once slide-down is-content-justification-space-between is-nowrap is-layout-flex wp-container-core-group-is-layout-cb46ffcb wp-block-group-is-layout-flex\">\n<figure class=\"wp-block-image size-large\"><img loading=\"lazy\" decoding=\"async\" width=\"32\" height=\"32\" src=\"https:\/\/camping-portesdariege.com\/wp-content\/uploads\/lits.svg\" alt=\"\" class=\"wp-image-1736\"\/><figcaption class=\"wp-element-caption\">2 HABITACIONES<\/figcaption><\/figure>\n\n\n\n<figure class=\"wp-block-image size-large\"><img loading=\"lazy\" decoding=\"async\" width=\"32\" height=\"32\" src=\"https:\/\/camping-portesdariege.com\/wp-content\/uploads\/capacidad.svg\" alt=\"\" class=\"wp-image-1740\"\/><figcaption class=\"wp-element-caption\">4 PERSONAS<\/figcaption><\/figure>\n\n\n\n<figure class=\"wp-block-image size-large\"><img loading=\"lazy\" decoding=\"async\" width=\"32\" height=\"32\" src=\"https:\/\/camping-portesdariege.com\/wp-content\/uploads\/sdb.svg\" alt=\"\" class=\"wp-image-1744\"\/><figcaption class=\"wp-element-caption\">2 BANOS \/ 2 WC<\/figcaption><\/figure>\n<\/div>\n<\/div>\n\n\n\n<div class=\"wp-block-group buttons-archive is-content-justification-center is-nowrap is-layout-flex wp-container-core-group-is-layout-23441af8 wp-block-group-is-layout-flex\">\n<div class=\"wp-block-buttons animation--init--once slide-right is-layout-flex wp-block-buttons-is-layout-flex\">\n<div class=\"wp-block-button is-style-outline is-style-outline--13\"><a class=\"wp-block-button__link wp-element-button\" href=\"https:\/\/www.camping-portesdariege.com\/es\/les-hebergements\/mobil-home-bora-bora-2-2-3\/\">Voir le chalet<\/a><\/div>\n<\/div>\n\n\n\n<div class=\"wp-block-buttons animation--init--once slide-left is-layout-flex wp-block-buttons-is-layout-flex\">\n<div class=\"wp-block-button is-style-outline is-style-outline--14\"><a class=\"wp-block-button__link wp-element-button\" href=\"https:\/\/www.camping-portesdariege.com\/les-hebergements\/mobil-home-bora-bora-2-2\/#reserver\">R\u00e9server<\/a><\/div>\n<\/div>\n<\/div>\n<\/div>\n<\/div>\n<\/div>\n\n\n\n<div class=\"wp-block-columns alignfull are-vertically-aligned-center info-location-archive is-layout-flex wp-container-core-columns-is-layout-b61ab78d wp-block-columns-is-layout-flex\" style=\"margin-top:0;margin-bottom:0;padding-top:0;padding-right:0;padding-bottom:0;padding-left:0\">\n<div class=\"wp-block-column is-vertically-aligned-center is-layout-flow wp-block-column-is-layout-flow\" style=\"padding-top:0;padding-right:0;padding-bottom:0;padding-left:0\">\n<div class=\"wp-image-slider one-image-gallery has-text-align-left aspect-ratio-4_3\">\n\n                                        \n                    <script>\n                        'use strict';\n\n                        document.addEventListener('DOMContentLoaded', function () {\n\n                            (function() {\n                                const blockSlide = new Splide( '#slide_938', {\n                                    type : 'loop',\n                                    perPage: 1,\n                                                                        \n                                    breakpoints: {\n                                        800: {\n                                            perPage: 1,\n                                                                                    },\n                                        450: {\n                                            perPage: 1,\n                                            \n                                        },\n                                    },\n                                    pagination: true,\n                                    arrows: true,\n                                    gap: 'var(--wp--style--block-gap)',\n                                    i18n: {\n                                        slideLabel: '%s\/%s',\n                                    }\n                                } );\n                                \n\n                                \n                                blockSlide.mount();\n\n                                                                \n                                \n                            })();\n                        })\n                    <\/script>\n\n                    <div class=\"slider-container\"><div class=\"splide galeria-slider galeria-columnas-1\" id=\"slide_938\"><div class=\"splide__track\"><div class=\"splide__list\"><div id=\"thumb-5277\" class=\"splide__slide\"><div class=\"image-wrapper\"><img loading=\"lazy\" decoding=\"async\" width=\"2048\" height=\"1462\" src=\"https:\/\/www.camping-portesdariege.com\/wp-content\/uploads\/studiotel2-2048x1462.jpg\" class=\"attachment-gallery size-gallery\" alt=\"\" srcset=\"https:\/\/www.camping-portesdariege.com\/wp-content\/uploads\/studiotel2-2048x1462.jpg 2048w, https:\/\/www.camping-portesdariege.com\/wp-content\/uploads\/studiotel2-1024x731.jpg 1024w, https:\/\/www.camping-portesdariege.com\/wp-content\/uploads\/studiotel2-768x548.jpg 768w, https:\/\/www.camping-portesdariege.com\/wp-content\/uploads\/studiotel2-1536x1096.jpg 1536w, https:\/\/www.camping-portesdariege.com\/wp-content\/uploads\/studiotel2-512x365.jpg 512w, https:\/\/www.camping-portesdariege.com\/wp-content\/uploads\/studiotel2-256x183.jpg 256w\" sizes=\"auto, (max-width: 2048px) 100vw, 2048px\" \/><\/div><\/div><div id=\"thumb-5649\" class=\"splide__slide\"><div class=\"image-wrapper\"><img loading=\"lazy\" decoding=\"async\" width=\"360\" height=\"640\" src=\"https:\/\/www.camping-portesdariege.com\/wp-content\/uploads\/img-8830.jpg\" class=\"attachment-gallery size-gallery\" alt=\"\" srcset=\"https:\/\/www.camping-portesdariege.com\/wp-content\/uploads\/img-8830.jpg 360w, https:\/\/www.camping-portesdariege.com\/wp-content\/uploads\/img-8830-288x512.jpg 288w, https:\/\/www.camping-portesdariege.com\/wp-content\/uploads\/img-8830-144x256.jpg 144w\" sizes=\"auto, (max-width: 360px) 100vw, 360px\" \/><\/div><\/div><div id=\"thumb-5897\" class=\"splide__slide\"><div class=\"image-wrapper\"><img loading=\"lazy\" decoding=\"async\" width=\"360\" height=\"640\" src=\"https:\/\/www.camping-portesdariege.com\/wp-content\/uploads\/img-8824.jpg\" class=\"attachment-gallery size-gallery\" alt=\"\" srcset=\"https:\/\/www.camping-portesdariege.com\/wp-content\/uploads\/img-8824.jpg 360w, https:\/\/www.camping-portesdariege.com\/wp-content\/uploads\/img-8824-288x512.jpg 288w, https:\/\/www.camping-portesdariege.com\/wp-content\/uploads\/img-8824-144x256.jpg 144w\" sizes=\"auto, (max-width: 360px) 100vw, 360px\" \/><\/div><\/div><div id=\"thumb-5896\" class=\"splide__slide\"><div class=\"image-wrapper\"><img loading=\"lazy\" decoding=\"async\" width=\"360\" height=\"640\" src=\"https:\/\/www.camping-portesdariege.com\/wp-content\/uploads\/img-8834.jpg\" class=\"attachment-gallery size-gallery\" alt=\"\" srcset=\"https:\/\/www.camping-portesdariege.com\/wp-content\/uploads\/img-8834.jpg 360w, https:\/\/www.camping-portesdariege.com\/wp-content\/uploads\/img-8834-288x512.jpg 288w, https:\/\/www.camping-portesdariege.com\/wp-content\/uploads\/img-8834-144x256.jpg 144w\" sizes=\"auto, (max-width: 360px) 100vw, 360px\" \/><\/div><\/div><div id=\"thumb-5323\" class=\"splide__slide\"><div class=\"image-wrapper\"><img loading=\"lazy\" decoding=\"async\" width=\"2048\" height=\"922\" src=\"https:\/\/www.camping-portesdariege.com\/wp-content\/uploads\/20250528-121315-2048x922.jpg\" class=\"attachment-gallery size-gallery\" alt=\"\" srcset=\"https:\/\/www.camping-portesdariege.com\/wp-content\/uploads\/20250528-121315-2048x922.jpg 2048w, https:\/\/www.camping-portesdariege.com\/wp-content\/uploads\/20250528-121315-1024x461.jpg 1024w, https:\/\/www.camping-portesdariege.com\/wp-content\/uploads\/20250528-121315-768x346.jpg 768w, https:\/\/www.camping-portesdariege.com\/wp-content\/uploads\/20250528-121315-1536x691.jpg 1536w, https:\/\/www.camping-portesdariege.com\/wp-content\/uploads\/20250528-121315-512x230.jpg 512w, https:\/\/www.camping-portesdariege.com\/wp-content\/uploads\/20250528-121315-256x115.jpg 256w\" sizes=\"auto, (max-width: 2048px) 100vw, 2048px\" \/><\/div><\/div><\/div><\/div><\/div><\/div>\n                    \n<\/div><\/div>\n\n\n\n<div class=\"wp-block-column is-vertically-aligned-center padding-columns is-layout-flow wp-block-column-is-layout-flow\" style=\"padding-right:0;padding-left:0\">\n<div class=\"wp-block-group padding-columns oh is-layout-constrained wp-container-core-group-is-layout-ef2b0a15 wp-block-group-is-layout-constrained\" style=\"margin-top:0;margin-bottom:0;padding-top:var(--wp--preset--spacing--80);padding-right:var(--wp--preset--spacing--30);padding-bottom:var(--wp--preset--spacing--80);padding-left:var(--wp--preset--spacing--30)\">\n<h2 class=\"wp-block-heading has-text-align-center animation--init--once slide-down has-theme-primary-green-color has-text-color has-link-color has-h-2-font-size wp-elements-1a16722f47aaa9bc03acf2efd4e42622\">Studiotel<\/h2>\n\n\n\n<p>Mobil-home de 21 m\u00b2 con terraza de 7,5 m\u00b2, \u00a1para uno o varios d\u00edas en un entorno magn\u00edfico!<\/p>\n\n\n\n<p>Para <strong>2 personas<\/strong>, con una habitaci\u00f3n y ba\u00f1o, as\u00ed como una zona de kitchenette para tus peque\u00f1os platos.<\/p>\n\n\n\n<p><strong>Animales NO admitidos.<\/strong><\/p>\n\n\n\n<div class=\"wp-block-group icons-locations-archive-container is-layout-constrained wp-block-group-is-layout-constrained\">\n<div class=\"wp-block-group icons-locations-archive icon-back animation--init--once slide-down is-content-justification-space-between is-nowrap is-layout-flex wp-container-core-group-is-layout-cb46ffcb wp-block-group-is-layout-flex\">\n<figure class=\"wp-block-image size-large\"><img loading=\"lazy\" decoding=\"async\" width=\"32\" height=\"32\" src=\"https:\/\/camping-portesdariege.com\/wp-content\/uploads\/lits.svg\" alt=\"\" class=\"wp-image-1736\"\/><figcaption class=\"wp-element-caption\">1 HABITACION<\/figcaption><\/figure>\n\n\n\n<figure class=\"wp-block-image size-large is-resized\"><img loading=\"lazy\" decoding=\"async\" width=\"32\" height=\"32\" src=\"https:\/\/camping-portesdariege.com\/wp-content\/uploads\/capacidad.svg\" alt=\"\" class=\"wp-image-1740\" style=\"width:20px;height:auto\"\/><figcaption class=\"wp-element-caption\">2 PERSONAS<\/figcaption><\/figure>\n\n\n\n<figure class=\"wp-block-image size-large\"><img loading=\"lazy\" decoding=\"async\" width=\"32\" height=\"32\" src=\"https:\/\/camping-portesdariege.com\/wp-content\/uploads\/sdb.svg\" alt=\"\" class=\"wp-image-1744\"\/><figcaption class=\"wp-element-caption\">1 BANO<\/figcaption><\/figure>\n<\/div>\n<\/div>\n\n\n\n<div class=\"wp-block-group buttons-archive is-content-justification-center is-nowrap is-layout-flex wp-container-core-group-is-layout-23441af8 wp-block-group-is-layout-flex\">\n<div class=\"wp-block-buttons animation--init--once slide-right is-layout-flex wp-block-buttons-is-layout-flex\">\n<div class=\"wp-block-button is-style-outline is-style-outline--15\"><a class=\"wp-block-button__link wp-element-button\" href=\"https:\/\/www.camping-portesdariege.com\/es\/les-hebergements\/mobil-home-bora-bora-2-2-2\/\">Ver el chalet<\/a><\/div>\n<\/div>\n\n\n\n<div class=\"wp-block-buttons animation--init--once slide-left is-layout-flex wp-block-buttons-is-layout-flex\">\n<div class=\"wp-block-button is-style-outline is-style-outline--16\"><a class=\"wp-block-button__link wp-element-button\" href=\"https:\/\/www.camping-portesdariege.com\/es\/les-hebergements\/mobil-home-bora-bora-2-2-2\/#reserver\">Reservar<\/a><\/div>\n<\/div>\n<\/div>\n<\/div>\n<\/div>\n<\/div>\n","protected":false},"excerpt":{"rendered":"<p>Descubre nuestros alojamientosen el camping Portes d&#8217;Ari\u00e8ge En Pamiers, Occitania \u00bfNo pudiste disfrutar de la oferta el a\u00f1o pasado? \u00a1No te preocupes, encu\u00e9ntrala de nuevo en 2026! De dise\u00f1o franc\u00e9s, acogedores y funcionales, descubre nuestros Studiotels y Duotels en versi\u00f3n premium: \u00a1aut\u00e9nticos peque\u00f1os refugios para agradables estancias de corta o larga duraci\u00f3n! \u00bfO quiz\u00e1s prefieras [&hellip;]<\/p>\n","protected":false},"author":3,"featured_media":0,"parent":0,"menu_order":2,"comment_status":"closed","ping_status":"closed","template":"","meta":{"_acf_changed":false,"inline_featured_image":false,"footnotes":""},"class_list":["post-5232","page","type-page","status-publish","hentry"],"acf":[],"yoast_head":"<!-- This site is optimized with the Yoast SEO plugin v27.2 - https:\/\/yoast.com\/product\/yoast-seo-wordpress\/ -->\n<title>Locations d&#039;h\u00e9bergements au Camping Portes d\u2019Ari\u00e8ge \u00e0 Pamiers | Chalets, Bungalows et Mobil-Homes en Occitanie<\/title>\n<meta name=\"description\" content=\"D\u00e9couvrez nos locations d&#039;h\u00e9bergements au camping Portes d\u2019Ari\u00e8ge \u00e0 Pamiers. Choisissez entre bungalows toil\u00e9s, chalets et mobil-homes pour des vacances au c\u0153ur de la nature. R\u00e9servez d\u00e8s maintenant votre chalet, bungalow ou mobil-home !\" \/>\n<meta name=\"robots\" content=\"index, follow, max-snippet:-1, max-image-preview:large, max-video-preview:-1\" \/>\n<link rel=\"canonical\" href=\"https:\/\/www.camping-portesdariege.com\/es\/les-hebergements\/\" \/>\n<meta property=\"og:locale\" content=\"es_ES\" \/>\n<meta property=\"og:type\" content=\"article\" \/>\n<meta property=\"og:title\" content=\"Locations d&#039;h\u00e9bergements au Camping Portes d\u2019Ari\u00e8ge \u00e0 Pamiers | Chalets, Bungalows et Mobil-Homes en Occitanie\" \/>\n<meta property=\"og:description\" content=\"D\u00e9couvrez nos locations d&#039;h\u00e9bergements au camping Portes d\u2019Ari\u00e8ge \u00e0 Pamiers. Choisissez entre bungalows toil\u00e9s, chalets et mobil-homes pour des vacances au c\u0153ur de la nature. R\u00e9servez d\u00e8s maintenant votre chalet, bungalow ou mobil-home !\" \/>\n<meta property=\"og:url\" content=\"https:\/\/www.camping-portesdariege.com\/es\/les-hebergements\/\" \/>\n<meta property=\"og:site_name\" content=\"Camping Porte d&#039;Ariege\" \/>\n<meta property=\"article:modified_time\" content=\"2026-04-02T08:59:50+00:00\" \/>\n<meta property=\"og:image\" content=\"https:\/\/www.camping-portesdariege.com\/wp-content\/uploads\/dji-0415-1-scaled.jpg\" \/>\n\t<meta property=\"og:image:width\" content=\"2560\" \/>\n\t<meta property=\"og:image:height\" content=\"1440\" \/>\n\t<meta property=\"og:image:type\" content=\"image\/jpeg\" \/>\n<meta name=\"twitter:card\" content=\"summary_large_image\" \/>\n<meta name=\"twitter:label1\" content=\"Tiempo de lectura\" \/>\n\t<meta name=\"twitter:data1\" content=\"18 minutos\" \/>\n<script type=\"application\/ld+json\" class=\"yoast-schema-graph\">{\"@context\":\"https:\/\/schema.org\",\"@graph\":[{\"@type\":\"WebPage\",\"@id\":\"https:\/\/www.camping-portesdariege.com\/es\/les-hebergements\/\",\"url\":\"https:\/\/www.camping-portesdariege.com\/es\/les-hebergements\/\",\"name\":\"Locations d'h\u00e9bergements au Camping Portes d\u2019Ari\u00e8ge \u00e0 Pamiers | Chalets, Bungalows et Mobil-Homes en Occitanie\",\"isPartOf\":{\"@id\":\"https:\/\/www.camping-portesdariege.com\/es\/#website\"},\"primaryImageOfPage\":{\"@id\":\"https:\/\/www.camping-portesdariege.com\/es\/les-hebergements\/#primaryimage\"},\"image\":{\"@id\":\"https:\/\/www.camping-portesdariege.com\/es\/les-hebergements\/#primaryimage\"},\"thumbnailUrl\":\"https:\/\/www.camping-portesdariege.com\/wp-content\/uploads\/dji-0415-1-scaled.jpg\",\"datePublished\":\"2024-02-12T13:39:17+00:00\",\"dateModified\":\"2026-04-02T08:59:50+00:00\",\"description\":\"D\u00e9couvrez nos locations d'h\u00e9bergements au camping Portes d\u2019Ari\u00e8ge \u00e0 Pamiers. Choisissez entre bungalows toil\u00e9s, chalets et mobil-homes pour des vacances au c\u0153ur de la nature. R\u00e9servez d\u00e8s maintenant votre chalet, bungalow ou mobil-home !\",\"breadcrumb\":{\"@id\":\"https:\/\/www.camping-portesdariege.com\/es\/les-hebergements\/#breadcrumb\"},\"inLanguage\":\"es\",\"potentialAction\":[{\"@type\":\"ReadAction\",\"target\":[\"https:\/\/www.camping-portesdariege.com\/es\/les-hebergements\/\"]}]},{\"@type\":\"ImageObject\",\"inLanguage\":\"es\",\"@id\":\"https:\/\/www.camping-portesdariege.com\/es\/les-hebergements\/#primaryimage\",\"url\":\"https:\/\/www.camping-portesdariege.com\/wp-content\/uploads\/dji-0415-1-scaled.jpg\",\"contentUrl\":\"https:\/\/www.camping-portesdariege.com\/wp-content\/uploads\/dji-0415-1-scaled.jpg\"},{\"@type\":\"BreadcrumbList\",\"@id\":\"https:\/\/www.camping-portesdariege.com\/es\/les-hebergements\/#breadcrumb\",\"itemListElement\":[{\"@type\":\"ListItem\",\"position\":1,\"name\":\"Inicio\",\"item\":\"https:\/\/www.camping-portesdariege.com\/es\/\"},{\"@type\":\"ListItem\",\"position\":2,\"name\":\"Los alojamientos\"}]},{\"@type\":\"WebSite\",\"@id\":\"https:\/\/www.camping-portesdariege.com\/es\/#website\",\"url\":\"https:\/\/www.camping-portesdariege.com\/es\/\",\"name\":\"Camping Porte d&#039;Ariege\",\"description\":\"Camping Porte d&#039;Ariege\",\"potentialAction\":[{\"@type\":\"SearchAction\",\"target\":{\"@type\":\"EntryPoint\",\"urlTemplate\":\"https:\/\/www.camping-portesdariege.com\/es\/?s={search_term_string}\"},\"query-input\":{\"@type\":\"PropertyValueSpecification\",\"valueRequired\":true,\"valueName\":\"search_term_string\"}}],\"inLanguage\":\"es\"}]}<\/script>\n<!-- \/ Yoast SEO plugin. -->","yoast_head_json":{"title":"Locations d'h\u00e9bergements au Camping Portes d\u2019Ari\u00e8ge \u00e0 Pamiers | Chalets, Bungalows et Mobil-Homes en Occitanie","description":"D\u00e9couvrez nos locations d'h\u00e9bergements au camping Portes d\u2019Ari\u00e8ge \u00e0 Pamiers. Choisissez entre bungalows toil\u00e9s, chalets et mobil-homes pour des vacances au c\u0153ur de la nature. R\u00e9servez d\u00e8s maintenant votre chalet, bungalow ou mobil-home !","robots":{"index":"index","follow":"follow","max-snippet":"max-snippet:-1","max-image-preview":"max-image-preview:large","max-video-preview":"max-video-preview:-1"},"canonical":"https:\/\/www.camping-portesdariege.com\/es\/les-hebergements\/","og_locale":"es_ES","og_type":"article","og_title":"Locations d'h\u00e9bergements au Camping Portes d\u2019Ari\u00e8ge \u00e0 Pamiers | Chalets, Bungalows et Mobil-Homes en Occitanie","og_description":"D\u00e9couvrez nos locations d'h\u00e9bergements au camping Portes d\u2019Ari\u00e8ge \u00e0 Pamiers. Choisissez entre bungalows toil\u00e9s, chalets et mobil-homes pour des vacances au c\u0153ur de la nature. R\u00e9servez d\u00e8s maintenant votre chalet, bungalow ou mobil-home !","og_url":"https:\/\/www.camping-portesdariege.com\/es\/les-hebergements\/","og_site_name":"Camping Porte d&#039;Ariege","article_modified_time":"2026-04-02T08:59:50+00:00","og_image":[{"width":2560,"height":1440,"url":"https:\/\/www.camping-portesdariege.com\/wp-content\/uploads\/dji-0415-1-scaled.jpg","type":"image\/jpeg"}],"twitter_card":"summary_large_image","twitter_misc":{"Tiempo de lectura":"18 minutos"},"schema":{"@context":"https:\/\/schema.org","@graph":[{"@type":"WebPage","@id":"https:\/\/www.camping-portesdariege.com\/es\/les-hebergements\/","url":"https:\/\/www.camping-portesdariege.com\/es\/les-hebergements\/","name":"Locations d'h\u00e9bergements au Camping Portes d\u2019Ari\u00e8ge \u00e0 Pamiers | Chalets, Bungalows et Mobil-Homes en Occitanie","isPartOf":{"@id":"https:\/\/www.camping-portesdariege.com\/es\/#website"},"primaryImageOfPage":{"@id":"https:\/\/www.camping-portesdariege.com\/es\/les-hebergements\/#primaryimage"},"image":{"@id":"https:\/\/www.camping-portesdariege.com\/es\/les-hebergements\/#primaryimage"},"thumbnailUrl":"https:\/\/www.camping-portesdariege.com\/wp-content\/uploads\/dji-0415-1-scaled.jpg","datePublished":"2024-02-12T13:39:17+00:00","dateModified":"2026-04-02T08:59:50+00:00","description":"D\u00e9couvrez nos locations d'h\u00e9bergements au camping Portes d\u2019Ari\u00e8ge \u00e0 Pamiers. Choisissez entre bungalows toil\u00e9s, chalets et mobil-homes pour des vacances au c\u0153ur de la nature. R\u00e9servez d\u00e8s maintenant votre chalet, bungalow ou mobil-home !","breadcrumb":{"@id":"https:\/\/www.camping-portesdariege.com\/es\/les-hebergements\/#breadcrumb"},"inLanguage":"es","potentialAction":[{"@type":"ReadAction","target":["https:\/\/www.camping-portesdariege.com\/es\/les-hebergements\/"]}]},{"@type":"ImageObject","inLanguage":"es","@id":"https:\/\/www.camping-portesdariege.com\/es\/les-hebergements\/#primaryimage","url":"https:\/\/www.camping-portesdariege.com\/wp-content\/uploads\/dji-0415-1-scaled.jpg","contentUrl":"https:\/\/www.camping-portesdariege.com\/wp-content\/uploads\/dji-0415-1-scaled.jpg"},{"@type":"BreadcrumbList","@id":"https:\/\/www.camping-portesdariege.com\/es\/les-hebergements\/#breadcrumb","itemListElement":[{"@type":"ListItem","position":1,"name":"Inicio","item":"https:\/\/www.camping-portesdariege.com\/es\/"},{"@type":"ListItem","position":2,"name":"Los alojamientos"}]},{"@type":"WebSite","@id":"https:\/\/www.camping-portesdariege.com\/es\/#website","url":"https:\/\/www.camping-portesdariege.com\/es\/","name":"Camping Porte d&#039;Ariege","description":"Camping Porte d&#039;Ariege","potentialAction":[{"@type":"SearchAction","target":{"@type":"EntryPoint","urlTemplate":"https:\/\/www.camping-portesdariege.com\/es\/?s={search_term_string}"},"query-input":{"@type":"PropertyValueSpecification","valueRequired":true,"valueName":"search_term_string"}}],"inLanguage":"es"}]}},"_links":{"self":[{"href":"https:\/\/www.camping-portesdariege.com\/es\/wp-json\/wp\/v2\/pages\/5232","targetHints":{"allow":["GET"]}}],"collection":[{"href":"https:\/\/www.camping-portesdariege.com\/es\/wp-json\/wp\/v2\/pages"}],"about":[{"href":"https:\/\/www.camping-portesdariege.com\/es\/wp-json\/wp\/v2\/types\/page"}],"author":[{"embeddable":true,"href":"https:\/\/www.camping-portesdariege.com\/es\/wp-json\/wp\/v2\/users\/3"}],"replies":[{"embeddable":true,"href":"https:\/\/www.camping-portesdariege.com\/es\/wp-json\/wp\/v2\/comments?post=5232"}],"version-history":[{"count":0,"href":"https:\/\/www.camping-portesdariege.com\/es\/wp-json\/wp\/v2\/pages\/5232\/revisions"}],"wp:attachment":[{"href":"https:\/\/www.camping-portesdariege.com\/es\/wp-json\/wp\/v2\/media?parent=5232"}],"curies":[{"name":"wp","href":"https:\/\/api.w.org\/{rel}","templated":true}]}}