{"id":5334,"date":"2024-02-19T12:24:35","date_gmt":"2024-02-19T11:24:35","guid":{"rendered":"https:\/\/www.camping-portesdariege.com\/les-hebergements\/mobil-home-bora-bora\/"},"modified":"2026-04-02T11:08:05","modified_gmt":"2026-04-02T09:08:05","slug":"mobil-home-bora-bora","status":"publish","type":"page","link":"https:\/\/www.camping-portesdariege.com\/es\/les-hebergements\/mobil-home-bora-bora\/","title":{"rendered":"Mobil Home Bora Bora \/ Oasis"},"content":{"rendered":"\n<div class=\"wp-block-cover alignfull has-custom-content-position is-position-bottom-center banner-interior\" style=\"margin-top:0;margin-bottom:0;min-height:65vh;aspect-ratio:unset;\"><img loading=\"lazy\" decoding=\"async\" width=\"2560\" height=\"1920\" class=\"wp-block-cover__image-background wp-image-4692\" alt=\"\" src=\"https:\/\/www.camping-portesdariege.com\/wp-content\/uploads\/20240328-161641-scaled.jpg\" data-object-fit=\"cover\" srcset=\"https:\/\/www.camping-portesdariege.com\/wp-content\/uploads\/20240328-161641-scaled.jpg 2560w, https:\/\/www.camping-portesdariege.com\/wp-content\/uploads\/20240328-161641-1024x768.jpg 1024w, https:\/\/www.camping-portesdariege.com\/wp-content\/uploads\/20240328-161641-2048x1536.jpg 2048w, https:\/\/www.camping-portesdariege.com\/wp-content\/uploads\/20240328-161641-768x576.jpg 768w, https:\/\/www.camping-portesdariege.com\/wp-content\/uploads\/20240328-161641-1536x1152.jpg 1536w, https:\/\/www.camping-portesdariege.com\/wp-content\/uploads\/20240328-161641-512x384.jpg 512w, https:\/\/www.camping-portesdariege.com\/wp-content\/uploads\/20240328-161641-256x192.jpg 256w\" sizes=\"auto, (max-width: 2560px) 100vw, 2560px\" \/><span aria-hidden=\"true\" class=\"wp-block-cover__background has-background-dim wp-block-cover__gradient-background has-background-gradient\" style=\"background-color:#79796f;background:linear-gradient(0deg,rgb(0,0,0) 0%,rgba(0,0,0,0) 61%)\"><\/span><div class=\"wp-block-cover__inner-container is-layout-constrained wp-block-cover-is-layout-constrained\">\n<div class=\"wp-block-group lateral-info has-theme-white-background-color has-background is-layout-constrained wp-container-core-group-is-layout-fd9b688b wp-block-group-is-layout-constrained\" style=\"border-top-right-radius:10px;border-bottom-right-radius:10px;padding-left:0\">\n<div class=\"wp-block-group tooltip is-vertical is-content-justification-center is-layout-flex wp-container-core-group-is-layout-8ca27fd8 wp-block-group-is-layout-flex\" style=\"padding-top:0;padding-right:0;padding-bottom:0;padding-left:0\">\n<div class=\"wp-block-group tooltip-menu is-layout-constrained wp-container-core-group-is-layout-fd9b688b wp-block-group-is-layout-constrained\" style=\"padding-left:0\">\n<div class=\"wp-block-group is-layout-constrained wp-container-core-group-is-layout-044ddaed wp-block-group-is-layout-constrained\" style=\"padding-left:var(--wp--preset--spacing--30)\">\n<figure class=\"wp-block-image size-large\"><img loading=\"lazy\" decoding=\"async\" width=\"17\" height=\"16\" src=\"https:\/\/camping-portesdariege.com\/wp-content\/uploads\/group-1.svg\" alt=\"\" class=\"wp-image-2558\"\/><\/figure>\n<\/div>\n\n\n        <a href=\"tel:+330534014358\"class=\"wp-block-custom-banner has-text-align-left\" target=\"_self\">\n        <div class=\"acf-innerblocks-container\">\n\n<div class=\"wp-block-group tooltiptext has-theme-white-color has-theme-green-background-color has-text-color has-background has-link-color wp-elements-b7e8af8aa4fa0b1625a6f81327dbfa7a is-content-justification-space-between is-nowrap is-layout-flex wp-container-core-group-is-layout-682617f7 wp-block-group-is-layout-flex\" style=\"margin-top:0;margin-bottom:0;padding-top:0;padding-bottom:0;padding-left:var(--wp--preset--spacing--40)\">\n<figure class=\"wp-block-image size-large wp-duotone-fff-fff-2\"><img loading=\"lazy\" decoding=\"async\" width=\"17\" height=\"16\" src=\"https:\/\/camping-portesdariege.com\/wp-content\/uploads\/group-1.svg\" alt=\"\" class=\"wp-image-2558\"\/><\/figure>\n\n\n\n<p>RAPPELEZ-MOI<\/p>\n<\/div>\n\n<\/div>\n        <\/a>\n<\/div>\n\n\n\n<div class=\"wp-block-group tooltip-menu is-layout-constrained wp-block-group-is-layout-constrained\">\n<div class=\"wp-block-group is-layout-constrained wp-container-core-group-is-layout-044ddaed wp-block-group-is-layout-constrained\" style=\"padding-left:var(--wp--preset--spacing--30)\">\n<figure class=\"wp-block-image size-large\"><img loading=\"lazy\" decoding=\"async\" width=\"15\" height=\"10\" src=\"https:\/\/camping-portesdariege.com\/wp-content\/uploads\/email.svg\" alt=\"\" class=\"wp-image-2556\"\/><\/figure>\n<\/div>\n\n\n        <a href=\"mailto:contact@camping-portesdariege.com\"class=\"wp-block-custom-banner has-text-align-left\" target=\"_self\">\n        <div class=\"acf-innerblocks-container\">\n\n<div class=\"wp-block-group tooltiptext has-theme-white-color has-theme-green-background-color has-text-color has-background has-link-color wp-elements-b54104d0028563b1018a613950e1c2c4 is-content-justification-space-between is-nowrap is-layout-flex wp-container-core-group-is-layout-682617f7 wp-block-group-is-layout-flex\" style=\"margin-top:0;margin-bottom:0;padding-top:0;padding-bottom:0;padding-left:var(--wp--preset--spacing--40)\">\n<figure class=\"wp-block-image size-large wp-duotone-fff-fff-3\"><img loading=\"lazy\" decoding=\"async\" width=\"15\" height=\"10\" src=\"https:\/\/camping-portesdariege.com\/wp-content\/uploads\/email.svg\" alt=\"\" class=\"wp-image-2556\"\/><\/figure>\n\n\n\n<p>CONTACT<\/p>\n<\/div>\n\n<\/div>\n        <\/a>\n<\/div>\n\n\n\n<div class=\"wp-block-group tooltip-menu is-layout-constrained wp-block-group-is-layout-constrained\">\n<div class=\"wp-block-group is-layout-constrained wp-container-core-group-is-layout-044ddaed wp-block-group-is-layout-constrained\" style=\"padding-left:var(--wp--preset--spacing--30)\">\n<figure class=\"wp-block-image size-large\"><img loading=\"lazy\" decoding=\"async\" width=\"17\" height=\"16\" src=\"https:\/\/camping-portesdariege.com\/wp-content\/uploads\/mapa-1.svg\" alt=\"\" class=\"wp-image-2554\"\/><\/figure>\n<\/div>\n\n\n        <a href=\"https:\/\/www.camping-portesdariege.com\/wp-content\/uploads\/pdf\/plan-du-camping.pdf\"class=\"wp-block-custom-banner has-text-align-left\" target=\"_blank\">\n        <div class=\"acf-innerblocks-container\">\n\n<div class=\"wp-block-group tooltiptext has-theme-white-color has-theme-green-background-color has-text-color has-background has-link-color wp-elements-0b02fd549287e9a4d08b2cf43900d6fe is-content-justification-space-between is-nowrap is-layout-flex wp-container-core-group-is-layout-682617f7 wp-block-group-is-layout-flex\" style=\"margin-top:0;margin-bottom:0;padding-top:0;padding-bottom:0;padding-left:var(--wp--preset--spacing--40)\">\n<figure class=\"wp-block-image size-large wp-duotone-fff-fff-4\"><img loading=\"lazy\" decoding=\"async\" width=\"17\" height=\"16\" src=\"https:\/\/camping-portesdariege.com\/wp-content\/uploads\/mapa-1.svg\" alt=\"\" class=\"wp-image-2554\"\/><\/figure>\n\n\n\n<p>PLAN DU CAMPING<\/p>\n<\/div>\n\n<\/div>\n        <\/a>\n<\/div>\n<\/div>\n<\/div>\n\n\n\n<div class=\"wp-block-columns alignwide are-vertically-aligned-bottom banner-content-interior locations is-layout-flex wp-container-core-columns-is-layout-28f84493 wp-block-columns-is-layout-flex\">\n<div class=\"wp-block-column is-vertically-aligned-bottom titre-top is-layout-flow wp-block-column-is-layout-flow\">\n<p class=\"has-text-align-left banner-titre animation--init--once slide-down has-theme-white-color has-text-color has-link-color has-large-font-size wp-elements-e7ebb1a461b80a9620e79ffeabce85c5\">Mobil Home <br>Bora Bora \/ Oasis<\/p>\n\n\n<div class=\"yoast-breadcrumbs\"><span><span><a href=\"https:\/\/www.camping-portesdariege.com\/es\/\">Inicio<\/a><\/span> \/ <span><a href=\"https:\/\/www.camping-portesdariege.com\/es\/les-hebergements\/\">Los alojamientos<\/a><\/span> \/ <span class=\"breadcrumb_last\" aria-current=\"page\">Mobil Home Bora Bora \/ Oasis<\/span><\/span><\/div><\/div>\n\n\n\n<div class=\"wp-block-column is-vertically-aligned-bottom is-layout-flow wp-block-column-is-layout-flow\"><\/div>\n<\/div>\n<\/div><\/div>\n\n\n\n<div class=\"wp-block-group alignwide titre-intro is-layout-flow wp-block-group-is-layout-flow\" style=\"padding-top:var(--wp--preset--spacing--60);padding-bottom:var(--wp--preset--spacing--60)\">\n<h1 class=\"wp-block-heading has-text-align-center h1-interior has-theme-primary-green-color has-text-color has-link-color wp-elements-2de5aef5b0af26a9e436b59bbe2318af\">Mobil Home Bora Bora \/ Oasis<br>para 4 personas<br><mark style=\"background-color:rgba(0, 0, 0, 0)\" class=\"has-inline-color has-theme-dark-green-color\"><sub>en el camping ***Portes d&#8217;Ari\u00e8ge<\/sub><\/mark><\/h1>\n\n\n\n<p>Mobil-home de 26 m\u00b2 con una gran terraza de 11 m\u00b2, para estar en contacto permanente con la naturaleza.<\/p>\n\n\n\n<p>Para <strong>4 personas<\/strong>, una luminosa sala de estar con sof\u00e1.<\/p>\n\n\n\n<p>La <strong>cocina est\u00e1 equipada<\/strong> con nevera, microondas, cafetera el\u00e9ctrica y cuatro tomas de gas, adem\u00e1s de un juego de seis cacerolas.<\/p>\n\n\n\n<p>Hay una habitaci\u00f3n infantil, una habitaci\u00f3n principal, un cuarto de ducha y un aseo independiente. Se proporcionan edredones y almohadas.<\/p>\n\n\n\n<p>El aire acondicionado y la televisi\u00f3n son un plus para disfrutar de d\u00edas calurosos y noches relajantes.<\/p>\n\n\n\n<p>No se proporcionan s\u00e1banas ni toallas. Hay kits de s\u00e1banas desechables disponibles en cualquier momento si no necesita usar su cargador.<\/p>\n\n\n\n<p><strong>No se admiten mascotas<\/strong>.<\/p>\n<\/div>\n\n\n\n<div class=\"wp-block-group alignfull section-2-locations-single is-layout-flow wp-block-group-is-layout-flow\" style=\"padding-top:var(--wp--preset--spacing--20);padding-right:0;padding-bottom:var(--wp--preset--spacing--20);padding-left:0\">\n<div class=\"wp-image-slider three-images-slide alignfull has-text-align-left aspect-ratio-16_9\">\n\n                                        \n                    <script>\n                        'use strict';\n\n                        document.addEventListener('DOMContentLoaded', function () {\n\n                            (function() {\n                                const blockSlide = new Splide( '#slide_941', {\n                                    type : 'loop',\n                                    perPage: 1,\n                                    padding: 'calc(20vw + var(--wp--style--block-gap))',                                    \n                                    breakpoints: {\n                                        800: {\n                                            perPage: 1,\n                                                                                    },\n                                        450: {\n                                            perPage: 1,\n                                            \n                                        },\n                                    },\n                                    pagination: false,\n                                    arrows: true,\n                                    gap: 'var(--wp--style--block-gap)',\n                                    i18n: {\n                                        slideLabel: '%s\/%s',\n                                    }\n                                } );\n                                \n\n                                \n                                blockSlide.mount();\n\n                                                                \n                                \n                            })();\n                        })\n                    <\/script>\n\n                    <div class=\"slider-container\"><div class=\"splide galeria-slider galeria-columnas-1\" id=\"slide_941\"><div class=\"splide__track\"><div class=\"splide__list\"><a href=\"https:\/\/www.camping-portesdariege.com\/wp-content\/uploads\/20240328-161641-1-scaled.jpg\" id=\"thumb-5600\" class=\"splide__slide image-link\" data-gallery=\"slide_941\"  alt=\" \" class=\"image-link\"><div class=\"image-wrapper\"><img loading=\"lazy\" decoding=\"async\" width=\"2048\" height=\"1536\" src=\"https:\/\/www.camping-portesdariege.com\/wp-content\/uploads\/20240328-161641-1-2048x1536.jpg\" class=\"attachment-gallery size-gallery\" alt=\"\" srcset=\"https:\/\/www.camping-portesdariege.com\/wp-content\/uploads\/20240328-161641-1-2048x1536.jpg 2048w, https:\/\/www.camping-portesdariege.com\/wp-content\/uploads\/20240328-161641-1-1024x768.jpg 1024w, https:\/\/www.camping-portesdariege.com\/wp-content\/uploads\/20240328-161641-1-768x576.jpg 768w, https:\/\/www.camping-portesdariege.com\/wp-content\/uploads\/20240328-161641-1-1536x1152.jpg 1536w, https:\/\/www.camping-portesdariege.com\/wp-content\/uploads\/20240328-161641-1-512x384.jpg 512w, https:\/\/www.camping-portesdariege.com\/wp-content\/uploads\/20240328-161641-1-256x192.jpg 256w\" sizes=\"auto, (max-width: 2048px) 100vw, 2048px\" \/><\/div><\/a><a href=\"https:\/\/www.camping-portesdariege.com\/wp-content\/uploads\/cuisine-oasis-1-scaled.jpg\" id=\"thumb-5595\" class=\"splide__slide image-link\" data-gallery=\"slide_941\"  alt=\" \" class=\"image-link\"><div class=\"image-wrapper\"><img loading=\"lazy\" decoding=\"async\" width=\"1536\" height=\"2048\" src=\"https:\/\/www.camping-portesdariege.com\/wp-content\/uploads\/cuisine-oasis-1-1536x2048.jpg\" class=\"attachment-gallery size-gallery\" alt=\"\" srcset=\"https:\/\/www.camping-portesdariege.com\/wp-content\/uploads\/cuisine-oasis-1-1536x2048.jpg 1536w, https:\/\/www.camping-portesdariege.com\/wp-content\/uploads\/cuisine-oasis-1-768x1024.jpg 768w, https:\/\/www.camping-portesdariege.com\/wp-content\/uploads\/cuisine-oasis-1-1152x1536.jpg 1152w, https:\/\/www.camping-portesdariege.com\/wp-content\/uploads\/cuisine-oasis-1-384x512.jpg 384w, https:\/\/www.camping-portesdariege.com\/wp-content\/uploads\/cuisine-oasis-1-192x256.jpg 192w, https:\/\/www.camping-portesdariege.com\/wp-content\/uploads\/cuisine-oasis-1-scaled.jpg 1920w\" sizes=\"auto, (max-width: 1536px) 100vw, 1536px\" \/><\/div><\/a><a href=\"https:\/\/www.camping-portesdariege.com\/wp-content\/uploads\/chambre-2-oasis-scaled.jpg\" id=\"thumb-5314\" class=\"splide__slide image-link\" data-gallery=\"slide_941\"  alt=\" \" class=\"image-link\"><div class=\"image-wrapper\"><img loading=\"lazy\" decoding=\"async\" width=\"1536\" height=\"2048\" src=\"https:\/\/www.camping-portesdariege.com\/wp-content\/uploads\/chambre-2-oasis-1536x2048.jpg\" class=\"attachment-gallery size-gallery\" alt=\"\" srcset=\"https:\/\/www.camping-portesdariege.com\/wp-content\/uploads\/chambre-2-oasis-1536x2048.jpg 1536w, https:\/\/www.camping-portesdariege.com\/wp-content\/uploads\/chambre-2-oasis-768x1024.jpg 768w, https:\/\/www.camping-portesdariege.com\/wp-content\/uploads\/chambre-2-oasis-1152x1536.jpg 1152w, https:\/\/www.camping-portesdariege.com\/wp-content\/uploads\/chambre-2-oasis-384x512.jpg 384w, https:\/\/www.camping-portesdariege.com\/wp-content\/uploads\/chambre-2-oasis-192x256.jpg 192w, https:\/\/www.camping-portesdariege.com\/wp-content\/uploads\/chambre-2-oasis-scaled.jpg 1920w\" sizes=\"auto, (max-width: 1536px) 100vw, 1536px\" \/><\/div><\/a><a href=\"https:\/\/www.camping-portesdariege.com\/wp-content\/uploads\/chambre-1-oasis-scaled.jpg\" id=\"thumb-5313\" class=\"splide__slide image-link\" data-gallery=\"slide_941\"  alt=\" \" class=\"image-link\"><div class=\"image-wrapper\"><img loading=\"lazy\" decoding=\"async\" width=\"1536\" height=\"2048\" src=\"https:\/\/www.camping-portesdariege.com\/wp-content\/uploads\/chambre-1-oasis-1536x2048.jpg\" class=\"attachment-gallery size-gallery\" alt=\"\" srcset=\"https:\/\/www.camping-portesdariege.com\/wp-content\/uploads\/chambre-1-oasis-1536x2048.jpg 1536w, https:\/\/www.camping-portesdariege.com\/wp-content\/uploads\/chambre-1-oasis-768x1024.jpg 768w, https:\/\/www.camping-portesdariege.com\/wp-content\/uploads\/chambre-1-oasis-1152x1536.jpg 1152w, https:\/\/www.camping-portesdariege.com\/wp-content\/uploads\/chambre-1-oasis-384x512.jpg 384w, https:\/\/www.camping-portesdariege.com\/wp-content\/uploads\/chambre-1-oasis-192x256.jpg 192w, https:\/\/www.camping-portesdariege.com\/wp-content\/uploads\/chambre-1-oasis-scaled.jpg 1920w\" sizes=\"auto, (max-width: 1536px) 100vw, 1536px\" \/><\/div><\/a><a href=\"https:\/\/www.camping-portesdariege.com\/wp-content\/uploads\/sejour-oasis-scaled.jpg\" id=\"thumb-5317\" class=\"splide__slide image-link\" data-gallery=\"slide_941\"  alt=\" \" class=\"image-link\"><div class=\"image-wrapper\"><img loading=\"lazy\" decoding=\"async\" width=\"1536\" height=\"2048\" src=\"https:\/\/www.camping-portesdariege.com\/wp-content\/uploads\/sejour-oasis-1536x2048.jpg\" class=\"attachment-gallery size-gallery\" alt=\"\" srcset=\"https:\/\/www.camping-portesdariege.com\/wp-content\/uploads\/sejour-oasis-1536x2048.jpg 1536w, https:\/\/www.camping-portesdariege.com\/wp-content\/uploads\/sejour-oasis-768x1024.jpg 768w, https:\/\/www.camping-portesdariege.com\/wp-content\/uploads\/sejour-oasis-1152x1536.jpg 1152w, https:\/\/www.camping-portesdariege.com\/wp-content\/uploads\/sejour-oasis-384x512.jpg 384w, https:\/\/www.camping-portesdariege.com\/wp-content\/uploads\/sejour-oasis-192x256.jpg 192w, https:\/\/www.camping-portesdariege.com\/wp-content\/uploads\/sejour-oasis-scaled.jpg 1920w\" sizes=\"auto, (max-width: 1536px) 100vw, 1536px\" \/><\/div><\/a><a href=\"https:\/\/www.camping-portesdariege.com\/wp-content\/uploads\/20240328-153841-scaled.jpg\" id=\"thumb-5299\" class=\"splide__slide image-link\" data-gallery=\"slide_941\"  alt=\" \" class=\"image-link\"><div class=\"image-wrapper\"><img loading=\"lazy\" decoding=\"async\" width=\"2048\" height=\"1536\" src=\"https:\/\/www.camping-portesdariege.com\/wp-content\/uploads\/20240328-153841-2048x1536.jpg\" class=\"attachment-gallery size-gallery\" alt=\"\" srcset=\"https:\/\/www.camping-portesdariege.com\/wp-content\/uploads\/20240328-153841-2048x1536.jpg 2048w, https:\/\/www.camping-portesdariege.com\/wp-content\/uploads\/20240328-153841-1024x768.jpg 1024w, https:\/\/www.camping-portesdariege.com\/wp-content\/uploads\/20240328-153841-768x576.jpg 768w, https:\/\/www.camping-portesdariege.com\/wp-content\/uploads\/20240328-153841-1536x1152.jpg 1536w, https:\/\/www.camping-portesdariege.com\/wp-content\/uploads\/20240328-153841-512x384.jpg 512w, https:\/\/www.camping-portesdariege.com\/wp-content\/uploads\/20240328-153841-256x192.jpg 256w\" sizes=\"auto, (max-width: 2048px) 100vw, 2048px\" \/><\/div><\/a><a href=\"https:\/\/www.camping-portesdariege.com\/wp-content\/uploads\/20240328-153853-scaled.jpg\" id=\"thumb-5300\" class=\"splide__slide image-link\" data-gallery=\"slide_941\"  alt=\" \" class=\"image-link\"><div class=\"image-wrapper\"><img loading=\"lazy\" decoding=\"async\" width=\"2048\" height=\"1536\" src=\"https:\/\/www.camping-portesdariege.com\/wp-content\/uploads\/20240328-153853-2048x1536.jpg\" class=\"attachment-gallery size-gallery\" alt=\"\" srcset=\"https:\/\/www.camping-portesdariege.com\/wp-content\/uploads\/20240328-153853-2048x1536.jpg 2048w, https:\/\/www.camping-portesdariege.com\/wp-content\/uploads\/20240328-153853-1024x768.jpg 1024w, https:\/\/www.camping-portesdariege.com\/wp-content\/uploads\/20240328-153853-768x576.jpg 768w, https:\/\/www.camping-portesdariege.com\/wp-content\/uploads\/20240328-153853-1536x1152.jpg 1536w, https:\/\/www.camping-portesdariege.com\/wp-content\/uploads\/20240328-153853-512x384.jpg 512w, https:\/\/www.camping-portesdariege.com\/wp-content\/uploads\/20240328-153853-256x192.jpg 256w\" sizes=\"auto, (max-width: 2048px) 100vw, 2048px\" \/><\/div><\/a><a href=\"https:\/\/www.camping-portesdariege.com\/wp-content\/uploads\/20240328-153914-scaled.jpg\" id=\"thumb-5301\" class=\"splide__slide image-link\" data-gallery=\"slide_941\"  alt=\" \" class=\"image-link\"><div class=\"image-wrapper\"><img loading=\"lazy\" decoding=\"async\" width=\"2048\" height=\"1536\" src=\"https:\/\/www.camping-portesdariege.com\/wp-content\/uploads\/20240328-153914-2048x1536.jpg\" class=\"attachment-gallery size-gallery\" alt=\"\" srcset=\"https:\/\/www.camping-portesdariege.com\/wp-content\/uploads\/20240328-153914-2048x1536.jpg 2048w, https:\/\/www.camping-portesdariege.com\/wp-content\/uploads\/20240328-153914-1024x768.jpg 1024w, https:\/\/www.camping-portesdariege.com\/wp-content\/uploads\/20240328-153914-768x576.jpg 768w, https:\/\/www.camping-portesdariege.com\/wp-content\/uploads\/20240328-153914-1536x1152.jpg 1536w, https:\/\/www.camping-portesdariege.com\/wp-content\/uploads\/20240328-153914-512x384.jpg 512w, https:\/\/www.camping-portesdariege.com\/wp-content\/uploads\/20240328-153914-256x192.jpg 256w\" sizes=\"auto, (max-width: 2048px) 100vw, 2048px\" \/><\/div><\/a><a href=\"https:\/\/www.camping-portesdariege.com\/wp-content\/uploads\/20240328-153934-scaled.jpg\" id=\"thumb-5303\" class=\"splide__slide image-link\" data-gallery=\"slide_941\"  alt=\" \" class=\"image-link\"><div class=\"image-wrapper\"><img loading=\"lazy\" decoding=\"async\" width=\"2048\" height=\"1536\" src=\"https:\/\/www.camping-portesdariege.com\/wp-content\/uploads\/20240328-153934-2048x1536.jpg\" class=\"attachment-gallery size-gallery\" alt=\"\" srcset=\"https:\/\/www.camping-portesdariege.com\/wp-content\/uploads\/20240328-153934-2048x1536.jpg 2048w, https:\/\/www.camping-portesdariege.com\/wp-content\/uploads\/20240328-153934-1024x768.jpg 1024w, https:\/\/www.camping-portesdariege.com\/wp-content\/uploads\/20240328-153934-768x576.jpg 768w, https:\/\/www.camping-portesdariege.com\/wp-content\/uploads\/20240328-153934-1536x1152.jpg 1536w, https:\/\/www.camping-portesdariege.com\/wp-content\/uploads\/20240328-153934-512x384.jpg 512w, https:\/\/www.camping-portesdariege.com\/wp-content\/uploads\/20240328-153934-256x192.jpg 256w\" sizes=\"auto, (max-width: 2048px) 100vw, 2048px\" \/><\/div><\/a><a href=\"https:\/\/www.camping-portesdariege.com\/wp-content\/uploads\/20240328-154034-scaled.jpg\" id=\"thumb-5304\" class=\"splide__slide image-link\" data-gallery=\"slide_941\"  alt=\" \" class=\"image-link\"><div class=\"image-wrapper\"><img loading=\"lazy\" decoding=\"async\" width=\"1536\" height=\"2048\" src=\"https:\/\/www.camping-portesdariege.com\/wp-content\/uploads\/20240328-154034-1536x2048.jpg\" class=\"attachment-gallery size-gallery\" alt=\"\" srcset=\"https:\/\/www.camping-portesdariege.com\/wp-content\/uploads\/20240328-154034-1536x2048.jpg 1536w, https:\/\/www.camping-portesdariege.com\/wp-content\/uploads\/20240328-154034-768x1024.jpg 768w, https:\/\/www.camping-portesdariege.com\/wp-content\/uploads\/20240328-154034-1152x1536.jpg 1152w, https:\/\/www.camping-portesdariege.com\/wp-content\/uploads\/20240328-154034-384x512.jpg 384w, https:\/\/www.camping-portesdariege.com\/wp-content\/uploads\/20240328-154034-192x256.jpg 192w, https:\/\/www.camping-portesdariege.com\/wp-content\/uploads\/20240328-154034-scaled.jpg 1920w\" sizes=\"auto, (max-width: 1536px) 100vw, 1536px\" \/><\/div><\/a><\/div><\/div><\/div><\/div>\n                    \n<\/div><\/div>\n\n\n\n<div class=\"wp-block-group alignfull trees-back-container is-layout-constrained wp-block-group-is-layout-constrained\">\n<h2 class=\"wp-block-heading has-text-align-center h2-40 animation--init--once slide-down has-theme-primary-green-color has-text-color has-link-color wp-elements-4066ad17ede5fe3c45ec261c87693f64\" style=\"margin-top:var(--wp--preset--spacing--60);margin-bottom:var(--wp--preset--spacing--60);font-size:40px\"><mark style=\"background-color:rgba(0, 0, 0, 0)\" class=\"has-inline-color has-theme-dark-green-color\">Descubre<\/mark> le Mobil Home<\/h2>\n\n\n\n<div class=\"wp-block-columns alignwide are-vertically-aligned-center is-not-stacked-on-mobile location-info is-layout-flex wp-container-core-columns-is-layout-f196b389 wp-block-columns-is-layout-flex\" style=\"margin-top:0;margin-bottom:0;padding-top:var(--wp--preset--spacing--50);padding-bottom:var(--wp--preset--spacing--50)\">\n<div class=\"wp-block-column is-vertically-aligned-center is-layout-flow wp-block-column-is-layout-flow\">\n<div class=\"wp-block-group is-layout-constrained wp-container-core-group-is-layout-0be64e95 wp-block-group-is-layout-constrained\" style=\"padding-right:var(--wp--preset--spacing--50)\">\n<ul class=\"wp-block-list\">\n<li>Superficie : 26m\u00b2 + terraza de 11m\u00b2<\/li>\n\n\n\n<li>Aire acondicionado reversible<\/li>\n\n\n\n<li>2 habitaciones : 1 cama doble (140&#215;200) + 2 camas individuales (80&#215;200)<\/li>\n\n\n\n<li>Se proporcionan almohadas, manta o edred\u00f3n y protectores de colch\u00f3n desechables.<\/li>\n\n\n\n<li>Comedor\/cocina equipada :<br>&#8211; Mesa + sillas + banco<br>&#8211; Refrigerador<br>&#8211; Cocina de gas de 4 quemadores<br>&#8211; Microondas<br>&#8211; Cafetera<br>&#8211; Vajilla y cuberter\u00eda<\/li>\n\n\n\n<li>Cuarto de bano :<br>&#8211; Ducha<br>&#8211; Lavabo<br>&#8211; WC separados<\/li>\n\n\n\n<li>Terraza cubierta (11 m\u00b2) con mobiliario (mesa y sillas).<\/li>\n\n\n\n<li><strong>No se admiten mascotas<\/strong>.<\/li>\n<\/ul>\n\n\n\n<p>Ropa de hogar y s\u00e1banas no incluidas<\/p>\n<\/div>\n<\/div>\n\n\n\n<div class=\"wp-block-column is-vertically-aligned-center vertical-separator is-layout-flow wp-block-column-is-layout-flow\" style=\"flex-basis:1px\"><\/div>\n\n\n\n<div class=\"wp-block-column is-vertically-aligned-center is-layout-flow wp-block-column-is-layout-flow\" style=\"padding-right:0;padding-left:0\">        <div class=\"wp-block-custom-grid icons-locations-archive icon-back animation--init--once slide-down has-text-align-left block-grid-responsive\" style=\"--wp--custom--block-gap:var:preset|spacing|80 !important; --wp--style--block-desktop-column:3;--wp--style--block-tablet-column:2;--wp--style--block-mobile-column:2;\">\n\n                <div class=\"acf-innerblocks-container\">\n\n<figure class=\"wp-block-image size-large\"><img loading=\"lazy\" decoding=\"async\" width=\"32\" height=\"32\" src=\"https:\/\/camping-portesdariege.com\/wp-content\/uploads\/lits.svg\" alt=\"\" class=\"wp-image-1736\"\/><figcaption class=\"wp-element-caption\">3 CAMAS<\/figcaption><\/figure>\n\n\n\n<figure class=\"wp-block-image size-large\"><img loading=\"lazy\" decoding=\"async\" width=\"32\" height=\"32\" src=\"https:\/\/camping-portesdariege.com\/wp-content\/uploads\/capacidad.svg\" alt=\"\" class=\"wp-image-1740\"\/><figcaption class=\"wp-element-caption\">4 PERSONAS<\/figcaption><\/figure>\n\n\n\n<figure class=\"wp-block-image size-large\"><img loading=\"lazy\" decoding=\"async\" width=\"32\" height=\"32\" src=\"https:\/\/camping-portesdariege.com\/wp-content\/uploads\/surface.svg\" alt=\"\" class=\"wp-image-1746\"\/><figcaption class=\"wp-element-caption\">26 m2<\/figcaption><\/figure>\n\n\n\n<figure class=\"wp-block-image size-large\"><img loading=\"lazy\" decoding=\"async\" width=\"32\" height=\"32\" src=\"https:\/\/camping-portesdariege.com\/wp-content\/uploads\/sdb.svg\" alt=\"\" class=\"wp-image-1744\"\/><figcaption class=\"wp-element-caption\">1 BANO<\/figcaption><\/figure>\n\n<\/div>\n<\/div><\/div>\n<\/div>\n<\/div>\n\n\n\n<div class=\"wp-block-group alignfull simpleblock-container has-theme-green-background-color has-background is-layout-constrained wp-block-group-is-layout-constrained\" id=\"reserver\" style=\"margin-top:0;margin-bottom:0;padding-top:var(--wp--preset--spacing--80);padding-bottom:var(--wp--preset--spacing--80)\">\n<div class=\"wp-block-group alignwide simpleblock-content is-layout-flow wp-block-group-is-layout-flow\" style=\"margin-bottom:var(--wp--preset--spacing--80);padding-bottom:var(--wp--preset--spacing--80)\">\n<h2 class=\"wp-block-heading has-text-align-center h2-40 animation--init--once slide-down has-theme-white-color has-text-color has-link-color wp-elements-eed387abf528a1a47691552646cd74d4\"><strong>Tarifas y disponibilidad<\/strong><\/h2>\n\n\n\n<p class=\"has-text-align-center animation--init--once slide-down has-theme-white-color has-text-color has-link-color wp-elements-3af596ce2bb80ac6a6cd25c290542583\">Consulta las fechas de disponibilidad y las tarifas para reservar tu estancia en l\u00ednea en unos pocos clics.<\/p>\n\n\n\n<div class=\"wp-block-group animation--init--once slide-down simpleblock is-layout-flow wp-block-group-is-layout-flow\" style=\"margin-top:var(--wp--preset--spacing--70);margin-bottom:var(--wp--preset--spacing--60);padding-bottom:var(--wp--preset--spacing--70)\"><thr-simpleblock categories=\"[5]\" search-type=\"1\" show-picture=\"true\"><\/thr-simpleblock>\n<\/div>\n<\/div>\n<\/div>\n\n\n\n<div class=\"wp-block-cover alignfull is-light block-gallery-container\" style=\"margin-top:0;margin-bottom:0;padding-top:var(--wp--preset--spacing--80);padding-bottom:var(--wp--preset--spacing--60)\"><img loading=\"lazy\" decoding=\"async\" width=\"1421\" height=\"992\" class=\"wp-block-cover__image-background wp-image-1009\" alt=\"\" src=\"https:\/\/camping-portesdariege.com\/wp-content\/uploads\/back-actualites.jpg\" data-object-fit=\"cover\" srcset=\"https:\/\/www.camping-portesdariege.com\/wp-content\/uploads\/back-actualites.jpg 1421w, https:\/\/www.camping-portesdariege.com\/wp-content\/uploads\/back-actualites-1024x715.jpg 1024w, https:\/\/www.camping-portesdariege.com\/wp-content\/uploads\/back-actualites-768x536.jpg 768w, https:\/\/www.camping-portesdariege.com\/wp-content\/uploads\/back-actualites-512x357.jpg 512w, https:\/\/www.camping-portesdariege.com\/wp-content\/uploads\/back-actualites-256x179.jpg 256w\" sizes=\"auto, (max-width: 1421px) 100vw, 1421px\" \/><span aria-hidden=\"true\" class=\"wp-block-cover__background has-background-dim-0 has-background-dim\"><\/span><div class=\"wp-block-cover__inner-container is-layout-constrained wp-block-cover-is-layout-constrained\">\n<div class=\"wp-block-group alignwide h2-block-gallery-100 is-layout-flow wp-block-group-is-layout-flow\" style=\"margin-bottom:var(--wp--preset--spacing--80)\">\n<h2 class=\"wp-block-heading h2-40 animation--init--once slide-down has-theme-primary-green-color has-text-color has-link-color wp-elements-9e205872ba9d9ced03ed0b32326ca93e\"><mark style=\"background-color:rgba(0, 0, 0, 0)\" class=\"has-inline-color has-theme-dark-green-color\">D\u00e9couvrez \u00e9galement<\/mark><br>nos autres locations de camping en Ari\u00e8ge<\/h2>\n<\/div>\n\n\n\n<div class=\"wp-block-slider block-gallery-100 alignwide has-custom-margin\" style=\"margin-top:var:preset|spacing|80;--wp--custom--block-gap:var:preset|spacing|80 !important;\">\n    <div class=\"block-slider-splide splide\" id=\"block_slide_5968\">\n        <div class=\"splide__track\">\n                <div class=\"acf-innerblocks-container\">\n\n<div class=\"wp-block-group animation--init--once slide-down is-layout-constrained wp-block-group-is-layout-constrained\">        <a href=\"https:\/\/www.camping-portesdariege.com\/les-hebergements\/chalet-5-personnes\/\"class=\"wp-block-custom-banner has-text-align-left\" target=\"_self\">\n        <div class=\"acf-innerblocks-container\">\n\n<div class=\"wp-block-cover has-custom-content-position is-position-bottom-left\"><img loading=\"lazy\" decoding=\"async\" width=\"2560\" height=\"1920\" class=\"wp-block-cover__image-background wp-image-4688\" alt=\"\" src=\"https:\/\/www.camping-portesdariege.com\/wp-content\/uploads\/20240423-154142-1-scaled.jpg\" data-object-fit=\"cover\" srcset=\"https:\/\/www.camping-portesdariege.com\/wp-content\/uploads\/20240423-154142-1-scaled.jpg 2560w, https:\/\/www.camping-portesdariege.com\/wp-content\/uploads\/20240423-154142-1-1024x768.jpg 1024w, https:\/\/www.camping-portesdariege.com\/wp-content\/uploads\/20240423-154142-1-2048x1536.jpg 2048w, https:\/\/www.camping-portesdariege.com\/wp-content\/uploads\/20240423-154142-1-768x576.jpg 768w, https:\/\/www.camping-portesdariege.com\/wp-content\/uploads\/20240423-154142-1-1536x1152.jpg 1536w, https:\/\/www.camping-portesdariege.com\/wp-content\/uploads\/20240423-154142-1-512x384.jpg 512w, https:\/\/www.camping-portesdariege.com\/wp-content\/uploads\/20240423-154142-1-256x192.jpg 256w\" sizes=\"auto, (max-width: 2560px) 100vw, 2560px\" \/><span aria-hidden=\"true\" class=\"wp-block-cover__background has-background-dim-0 has-background-dim\" style=\"background-color:#6a7264\"><\/span><div class=\"wp-block-cover__inner-container is-layout-constrained wp-block-cover-is-layout-constrained\">\n<p class=\"has-text-align-left has-theme-white-color has-text-color has-link-color has-large-font-size wp-elements-fb299db4762cde4b7dd9c887e94de27a\">Chalet 5 <br>personnes<\/p>\n<\/div><\/div>\n\n<\/div>\n        <\/a>\n<\/div>\n\n\n\n<div class=\"wp-block-group animation--init--once slide-down is-layout-constrained wp-block-group-is-layout-constrained\">        <a href=\"https:\/\/www.camping-portesdariege.com\/les-hebergements\/chalet-6-personnes\/\"class=\"wp-block-custom-banner has-text-align-left\" target=\"_self\">\n        <div class=\"acf-innerblocks-container\">\n\n<div class=\"wp-block-cover is-light has-custom-content-position is-position-bottom-left\"><img loading=\"lazy\" decoding=\"async\" width=\"1920\" height=\"1080\" class=\"wp-block-cover__image-background wp-image-3985\" alt=\"\" src=\"https:\/\/camping-portesdariege.com\/wp-content\/uploads\/sin-titulo-1-1.jpg\" data-object-fit=\"cover\" srcset=\"https:\/\/www.camping-portesdariege.com\/wp-content\/uploads\/sin-titulo-1-1.jpg 1920w, https:\/\/www.camping-portesdariege.com\/wp-content\/uploads\/sin-titulo-1-1-1024x576.jpg 1024w, https:\/\/www.camping-portesdariege.com\/wp-content\/uploads\/sin-titulo-1-1-768x432.jpg 768w, https:\/\/www.camping-portesdariege.com\/wp-content\/uploads\/sin-titulo-1-1-1536x864.jpg 1536w, https:\/\/www.camping-portesdariege.com\/wp-content\/uploads\/sin-titulo-1-1-512x288.jpg 512w, https:\/\/www.camping-portesdariege.com\/wp-content\/uploads\/sin-titulo-1-1-256x144.jpg 256w\" sizes=\"auto, (max-width: 1920px) 100vw, 1920px\" \/><span aria-hidden=\"true\" class=\"wp-block-cover__background has-background-dim-0 has-background-dim\"><\/span><div class=\"wp-block-cover__inner-container is-layout-constrained wp-block-cover-is-layout-constrained\">\n<p class=\"has-text-align-left has-theme-white-color has-text-color has-link-color has-large-font-size wp-elements-532f7123dc9de297de21eb444265b08f\">Chalet<br>6 personnes<\/p>\n<\/div><\/div>\n\n<\/div>\n        <\/a>\n<\/div>\n\n\n\n<div class=\"wp-block-group animation--init--once slide-down is-layout-constrained wp-block-group-is-layout-constrained\">        <a href=\"https:\/\/www.camping-portesdariege.com\/les-hebergements\/bengalow-toile-cyrus-4-personnes\/\"class=\"wp-block-custom-banner has-text-align-left\" target=\"_self\">\n        <div class=\"acf-innerblocks-container\">\n\n<div class=\"wp-block-cover has-custom-content-position is-position-bottom-left\"><img loading=\"lazy\" decoding=\"async\" width=\"2560\" height=\"1920\" class=\"wp-block-cover__image-background wp-image-4690\" alt=\"\" src=\"https:\/\/www.camping-portesdariege.com\/wp-content\/uploads\/20240508-193150-1-scaled.jpg\" data-object-fit=\"cover\" srcset=\"https:\/\/www.camping-portesdariege.com\/wp-content\/uploads\/20240508-193150-1-scaled.jpg 2560w, https:\/\/www.camping-portesdariege.com\/wp-content\/uploads\/20240508-193150-1-1024x768.jpg 1024w, https:\/\/www.camping-portesdariege.com\/wp-content\/uploads\/20240508-193150-1-2048x1536.jpg 2048w, https:\/\/www.camping-portesdariege.com\/wp-content\/uploads\/20240508-193150-1-768x576.jpg 768w, https:\/\/www.camping-portesdariege.com\/wp-content\/uploads\/20240508-193150-1-1536x1152.jpg 1536w, https:\/\/www.camping-portesdariege.com\/wp-content\/uploads\/20240508-193150-1-512x384.jpg 512w, https:\/\/www.camping-portesdariege.com\/wp-content\/uploads\/20240508-193150-1-256x192.jpg 256w\" sizes=\"auto, (max-width: 2560px) 100vw, 2560px\" \/><span aria-hidden=\"true\" class=\"wp-block-cover__background has-background-dim-0 has-background-dim\" style=\"background-color:#787f69\"><\/span><div class=\"wp-block-cover__inner-container is-layout-constrained wp-block-cover-is-layout-constrained\">\n<p class=\"has-text-align-left has-theme-white-color has-text-color has-link-color has-large-font-size wp-elements-e6d0bf70e3b763b23393b1a4d3245ef0\">Bengalow toil\u00e9<br>4 personnes<\/p>\n<\/div><\/div>\n\n<\/div>\n        <\/a>\n<\/div>\n\n\n\n<div class=\"wp-block-group animation--init--once slide-down is-layout-constrained wp-block-group-is-layout-constrained\">        <a href=\"https:\/\/www.camping-portesdariege.com\/les-hebergements\/mobil-home-bora-bora\/\"class=\"wp-block-custom-banner has-text-align-left\" target=\"_self\">\n        <div class=\"acf-innerblocks-container\">\n\n<div class=\"wp-block-cover has-custom-content-position is-position-bottom-left\"><img loading=\"lazy\" decoding=\"async\" width=\"2560\" height=\"1920\" class=\"wp-block-cover__image-background wp-image-4692\" alt=\"\" src=\"https:\/\/www.camping-portesdariege.com\/wp-content\/uploads\/20240328-161641-scaled.jpg\" data-object-fit=\"cover\" srcset=\"https:\/\/www.camping-portesdariege.com\/wp-content\/uploads\/20240328-161641-scaled.jpg 2560w, https:\/\/www.camping-portesdariege.com\/wp-content\/uploads\/20240328-161641-1024x768.jpg 1024w, https:\/\/www.camping-portesdariege.com\/wp-content\/uploads\/20240328-161641-2048x1536.jpg 2048w, https:\/\/www.camping-portesdariege.com\/wp-content\/uploads\/20240328-161641-768x576.jpg 768w, https:\/\/www.camping-portesdariege.com\/wp-content\/uploads\/20240328-161641-1536x1152.jpg 1536w, https:\/\/www.camping-portesdariege.com\/wp-content\/uploads\/20240328-161641-512x384.jpg 512w, https:\/\/www.camping-portesdariege.com\/wp-content\/uploads\/20240328-161641-256x192.jpg 256w\" sizes=\"auto, (max-width: 2560px) 100vw, 2560px\" \/><span aria-hidden=\"true\" class=\"wp-block-cover__background has-background-dim-0 has-background-dim\" style=\"background-color:#79796f\"><\/span><div class=\"wp-block-cover__inner-container is-layout-constrained wp-block-cover-is-layout-constrained\">\n<p class=\"has-text-align-left has-theme-white-color has-text-color has-link-color has-large-font-size wp-elements-e4f99a0c03e9409c640ebbc81e52a14f\">Mobil Home<br>Bora Bora<\/p>\n<\/div><\/div>\n\n<\/div>\n        <\/a>\n<\/div>\n\n\n\n<div class=\"wp-block-group animation--init--once slide-down is-layout-constrained wp-block-group-is-layout-constrained\">        <a href=\"https:\/\/www.camping-portesdariege.com\/les-hebergements\/mobil-home-bora-bora-2\/\"class=\"wp-block-custom-banner has-text-align-left\" target=\"_self\">\n        <div class=\"acf-innerblocks-container\">\n\n<div class=\"wp-block-cover has-custom-content-position is-position-bottom-left\"><img loading=\"lazy\" decoding=\"async\" width=\"2048\" height=\"922\" class=\"wp-block-cover__image-background wp-image-4965 size-large\" alt=\"\" src=\"https:\/\/www.camping-portesdariege.com\/wp-content\/uploads\/oasis-2048x922.jpg\" data-object-fit=\"cover\" srcset=\"https:\/\/www.camping-portesdariege.com\/wp-content\/uploads\/oasis-2048x922.jpg 2048w, https:\/\/www.camping-portesdariege.com\/wp-content\/uploads\/oasis-1024x461.jpg 1024w, https:\/\/www.camping-portesdariege.com\/wp-content\/uploads\/oasis-768x346.jpg 768w, https:\/\/www.camping-portesdariege.com\/wp-content\/uploads\/oasis-1536x692.jpg 1536w, https:\/\/www.camping-portesdariege.com\/wp-content\/uploads\/oasis-512x231.jpg 512w, https:\/\/www.camping-portesdariege.com\/wp-content\/uploads\/oasis-256x115.jpg 256w\" sizes=\"auto, (max-width: 2048px) 100vw, 2048px\" \/><span aria-hidden=\"true\" class=\"wp-block-cover__background has-background-dim-0 has-background-dim\" style=\"background-color:#867b59\"><\/span><div class=\"wp-block-cover__inner-container is-layout-constrained wp-block-cover-is-layout-constrained\">\n<p class=\"has-text-align-left has-theme-white-color has-text-color has-link-color has-large-font-size wp-elements-1b4abe2db2673775d624730fd91ca02b\">Mobil Home<br>Oasis<\/p>\n<\/div><\/div>\n\n<\/div>\n        <\/a>\n<\/div>\n\n\n\n<div class=\"wp-block-group animation--init--once slide-down is-layout-constrained wp-block-group-is-layout-constrained\">        <a href=\"https:\/\/www.camping-portesdariege.com\/les-hebergements\/mobil-home-bora-bora-2-2-3\/\"class=\"wp-block-custom-banner has-text-align-left\" target=\"_self\">\n        <div class=\"acf-innerblocks-container\">\n\n<div class=\"wp-block-cover has-custom-content-position is-position-bottom-left\"><img loading=\"lazy\" decoding=\"async\" width=\"2048\" height=\"922\" class=\"wp-block-cover__image-background wp-image-5106 size-large\" alt=\"\" src=\"https:\/\/www.camping-portesdariege.com\/wp-content\/uploads\/exterieur-2048x922.jpg\" data-object-fit=\"cover\" srcset=\"https:\/\/www.camping-portesdariege.com\/wp-content\/uploads\/exterieur-2048x922.jpg 2048w, https:\/\/www.camping-portesdariege.com\/wp-content\/uploads\/exterieur-1024x461.jpg 1024w, https:\/\/www.camping-portesdariege.com\/wp-content\/uploads\/exterieur-768x346.jpg 768w, https:\/\/www.camping-portesdariege.com\/wp-content\/uploads\/exterieur-1536x692.jpg 1536w, https:\/\/www.camping-portesdariege.com\/wp-content\/uploads\/exterieur-512x231.jpg 512w, https:\/\/www.camping-portesdariege.com\/wp-content\/uploads\/exterieur-256x115.jpg 256w\" sizes=\"auto, (max-width: 2048px) 100vw, 2048px\" \/><span aria-hidden=\"true\" class=\"wp-block-cover__background has-background-dim-0 has-background-dim\" style=\"background-color:#837d58\"><\/span><div class=\"wp-block-cover__inner-container is-layout-constrained wp-block-cover-is-layout-constrained\">\n<p class=\"has-text-align-left has-theme-white-color has-text-color has-link-color has-large-font-size wp-elements-44c678a806aafae94795da033aebdd37\">Duotel<\/p>\n<\/div><\/div>\n\n<\/div>\n        <\/a>\n<\/div>\n\n\n\n<div class=\"wp-block-group animation--init--once slide-down is-layout-constrained wp-block-group-is-layout-constrained\">        <a href=\"https:\/\/www.camping-portesdariege.com\/les-hebergements\/mobil-home-bora-bora-2-2-2\/\"class=\"wp-block-custom-banner has-text-align-left\" target=\"_self\">\n        <div class=\"acf-innerblocks-container\">\n\n<div class=\"wp-block-cover has-custom-content-position is-position-bottom-left\"><img loading=\"lazy\" decoding=\"async\" width=\"2048\" height=\"1462\" class=\"wp-block-cover__image-background wp-image-4977 size-large\" alt=\"\" src=\"https:\/\/www.camping-portesdariege.com\/wp-content\/uploads\/studiotel2-2048x1462.jpg\" data-object-fit=\"cover\" srcset=\"https:\/\/www.camping-portesdariege.com\/wp-content\/uploads\/studiotel2-2048x1462.jpg 2048w, https:\/\/www.camping-portesdariege.com\/wp-content\/uploads\/studiotel2-1024x731.jpg 1024w, https:\/\/www.camping-portesdariege.com\/wp-content\/uploads\/studiotel2-768x548.jpg 768w, https:\/\/www.camping-portesdariege.com\/wp-content\/uploads\/studiotel2-1536x1096.jpg 1536w, https:\/\/www.camping-portesdariege.com\/wp-content\/uploads\/studiotel2-512x365.jpg 512w, https:\/\/www.camping-portesdariege.com\/wp-content\/uploads\/studiotel2-256x183.jpg 256w\" sizes=\"auto, (max-width: 2048px) 100vw, 2048px\" \/><span aria-hidden=\"true\" class=\"wp-block-cover__background has-background-dim-0 has-background-dim\" style=\"background-color:#807f51\"><\/span><div class=\"wp-block-cover__inner-container is-layout-constrained wp-block-cover-is-layout-constrained\">\n<p class=\"has-text-align-left has-theme-white-color has-text-color has-link-color has-large-font-size wp-elements-d38960713dac61af7fbdf08a99f86caf\">Studiotel<\/p>\n<\/div><\/div>\n\n<\/div>\n        <\/a>\n<\/div>\n\n\n\n<div class=\"wp-block-group animation--init--once slide-down is-layout-constrained wp-block-group-is-layout-constrained\">        <a href=\"https:\/\/www.camping-portesdariege.com\/les-emplacements\/emplacement-confort\/\"class=\"wp-block-custom-banner has-text-align-left\" target=\"_self\">\n        <div class=\"acf-innerblocks-container\">\n\n<div class=\"wp-block-cover has-custom-content-position is-position-bottom-left\"><img loading=\"lazy\" decoding=\"async\" width=\"1920\" height=\"1084\" class=\"wp-block-cover__image-background wp-image-3894\" alt=\"\" src=\"https:\/\/camping-portesdariege.com\/wp-content\/uploads\/1-2.jpg\" data-object-fit=\"cover\" srcset=\"https:\/\/www.camping-portesdariege.com\/wp-content\/uploads\/1-2.jpg 1920w, https:\/\/www.camping-portesdariege.com\/wp-content\/uploads\/1-2-1024x578.jpg 1024w, https:\/\/www.camping-portesdariege.com\/wp-content\/uploads\/1-2-768x434.jpg 768w, https:\/\/www.camping-portesdariege.com\/wp-content\/uploads\/1-2-1536x867.jpg 1536w, https:\/\/www.camping-portesdariege.com\/wp-content\/uploads\/1-2-512x289.jpg 512w, https:\/\/www.camping-portesdariege.com\/wp-content\/uploads\/1-2-256x145.jpg 256w\" sizes=\"auto, (max-width: 1920px) 100vw, 1920px\" \/><span aria-hidden=\"true\" class=\"wp-block-cover__background has-background-dim-0 has-background-dim\"><\/span><div class=\"wp-block-cover__inner-container is-layout-constrained wp-block-cover-is-layout-constrained\">\n<p class=\"has-text-align-left has-theme-white-color has-text-color has-link-color wp-elements-4e93ef041737c4266c07ad75194b3b10\" style=\"font-size:38px\">Emplacements<br>Confort<\/p>\n<\/div><\/div>\n\n<\/div>\n        <\/a>\n<\/div>\n\n<\/div>        <\/div>\n    <\/div>\n<\/div>\n    <script>\n        'use strict';\n\n        document.addEventListener('DOMContentLoaded', function () {\n\n            (function() {\n                const blockSlide = new Splide( '#block_slide_5968', {\n                    type : 'loop',\n                    perPage: 5,\n                    updateOnMove: true,\n                    perMove: 1,\n                                        \n                    breakpoints: {\n                        800: {\n                            perPage: 2,\n                                                    },\n                        450: {\n                            perPage: 1,\n                            \n                        },\n                    },\n                    pagination: false,\n                    arrows: true,\n                    gap: 'var:preset|spacing|80',\n                    i18n: {\n                        slideLabel: '%s\/%s',\n                    }\n                } );\n                \n                blockSlide.mount();\n                                            })();\n        })\n    <\/script>\n<\/div><\/div>\n","protected":false},"excerpt":{"rendered":"<p>Mobil Home Bora Bora \/ Oasispara 4 personasen el camping ***Portes d&#8217;Ari\u00e8ge Mobil-home de 26 m\u00b2 con una gran terraza de 11 m\u00b2, para estar en contacto permanente con la naturaleza. Para 4 personas, una luminosa sala de estar con sof\u00e1. La cocina est\u00e1 equipada con nevera, microondas, cafetera el\u00e9ctrica y cuatro tomas de gas, [&hellip;]<\/p>\n","protected":false},"author":3,"featured_media":0,"parent":5232,"menu_order":3,"comment_status":"closed","ping_status":"closed","template":"","meta":{"_acf_changed":false,"inline_featured_image":false,"footnotes":""},"class_list":["post-5334","page","type-page","status-publish","hentry"],"acf":[],"yoast_head":"<!-- This site is optimized with the Yoast SEO plugin v27.2 - https:\/\/yoast.com\/product\/yoast-seo-wordpress\/ -->\n<title>Location Mobil Home Bora Bora au Camping Portes d\u2019Ari\u00e8ge \u00e0 Pamiers | Vacances Confortables en Pleine Nature<\/title>\n<meta name=\"description\" content=\"D\u00e9couvrez notre mobil-home Bora Bora pour 4 \u00e0 6 personnes au camping Portes d\u2019Ari\u00e8ge \u00e0 Pamiers. Profitez d&#039;un h\u00e9bergement lumineux avec deux chambres, salon convertible, cuisine \u00e9quip\u00e9e et grande terrasse. R\u00e9servez d\u00e8s maintenant pour des vacances relaxantes au c\u0153ur de la nature !\" \/>\n<meta name=\"robots\" content=\"index, follow, max-snippet:-1, max-image-preview:large, max-video-preview:-1\" \/>\n<link rel=\"canonical\" href=\"https:\/\/www.camping-portesdariege.com\/es\/les-hebergements\/mobil-home-bora-bora\/\" \/>\n<meta property=\"og:locale\" content=\"es_ES\" \/>\n<meta property=\"og:type\" content=\"article\" \/>\n<meta property=\"og:title\" content=\"Location Mobil Home Bora Bora au Camping Portes d\u2019Ari\u00e8ge \u00e0 Pamiers | Vacances Confortables en Pleine Nature\" \/>\n<meta property=\"og:description\" content=\"D\u00e9couvrez notre mobil-home Bora Bora pour 4 \u00e0 6 personnes au camping Portes d\u2019Ari\u00e8ge \u00e0 Pamiers. Profitez d&#039;un h\u00e9bergement lumineux avec deux chambres, salon convertible, cuisine \u00e9quip\u00e9e et grande terrasse. R\u00e9servez d\u00e8s maintenant pour des vacances relaxantes au c\u0153ur de la nature !\" \/>\n<meta property=\"og:url\" content=\"https:\/\/www.camping-portesdariege.com\/es\/les-hebergements\/mobil-home-bora-bora\/\" \/>\n<meta property=\"og:site_name\" content=\"Camping Porte d&#039;Ariege\" \/>\n<meta property=\"article:modified_time\" content=\"2026-04-02T09:08:05+00:00\" \/>\n<meta property=\"og:image\" content=\"https:\/\/www.camping-portesdariege.com\/wp-content\/uploads\/20240328-161641-scaled.jpg\" \/>\n\t<meta property=\"og:image:width\" content=\"2560\" \/>\n\t<meta property=\"og:image:height\" content=\"1920\" \/>\n\t<meta property=\"og:image:type\" content=\"image\/jpeg\" \/>\n<meta name=\"twitter:card\" content=\"summary_large_image\" \/>\n<meta name=\"twitter:label1\" content=\"Tiempo de lectura\" \/>\n\t<meta name=\"twitter:data1\" content=\"7 minutos\" \/>\n<script type=\"application\/ld+json\" class=\"yoast-schema-graph\">{\"@context\":\"https:\/\/schema.org\",\"@graph\":[{\"@type\":\"WebPage\",\"@id\":\"https:\/\/www.camping-portesdariege.com\/es\/les-hebergements\/mobil-home-bora-bora\/\",\"url\":\"https:\/\/www.camping-portesdariege.com\/es\/les-hebergements\/mobil-home-bora-bora\/\",\"name\":\"Location Mobil Home Bora Bora au Camping Portes d\u2019Ari\u00e8ge \u00e0 Pamiers | Vacances Confortables en Pleine Nature\",\"isPartOf\":{\"@id\":\"https:\/\/www.camping-portesdariege.com\/es\/#website\"},\"primaryImageOfPage\":{\"@id\":\"https:\/\/www.camping-portesdariege.com\/es\/les-hebergements\/mobil-home-bora-bora\/#primaryimage\"},\"image\":{\"@id\":\"https:\/\/www.camping-portesdariege.com\/es\/les-hebergements\/mobil-home-bora-bora\/#primaryimage\"},\"thumbnailUrl\":\"https:\/\/www.camping-portesdariege.com\/wp-content\/uploads\/20240328-161641-scaled.jpg\",\"datePublished\":\"2024-02-19T11:24:35+00:00\",\"dateModified\":\"2026-04-02T09:08:05+00:00\",\"description\":\"D\u00e9couvrez notre mobil-home Bora Bora pour 4 \u00e0 6 personnes au camping Portes d\u2019Ari\u00e8ge \u00e0 Pamiers. Profitez d'un h\u00e9bergement lumineux avec deux chambres, salon convertible, cuisine \u00e9quip\u00e9e et grande terrasse. R\u00e9servez d\u00e8s maintenant pour des vacances relaxantes au c\u0153ur de la nature !\",\"breadcrumb\":{\"@id\":\"https:\/\/www.camping-portesdariege.com\/es\/les-hebergements\/mobil-home-bora-bora\/#breadcrumb\"},\"inLanguage\":\"es\",\"potentialAction\":[{\"@type\":\"ReadAction\",\"target\":[\"https:\/\/www.camping-portesdariege.com\/es\/les-hebergements\/mobil-home-bora-bora\/\"]}]},{\"@type\":\"ImageObject\",\"inLanguage\":\"es\",\"@id\":\"https:\/\/www.camping-portesdariege.com\/es\/les-hebergements\/mobil-home-bora-bora\/#primaryimage\",\"url\":\"https:\/\/www.camping-portesdariege.com\/wp-content\/uploads\/20240328-161641-scaled.jpg\",\"contentUrl\":\"https:\/\/www.camping-portesdariege.com\/wp-content\/uploads\/20240328-161641-scaled.jpg\"},{\"@type\":\"BreadcrumbList\",\"@id\":\"https:\/\/www.camping-portesdariege.com\/es\/les-hebergements\/mobil-home-bora-bora\/#breadcrumb\",\"itemListElement\":[{\"@type\":\"ListItem\",\"position\":1,\"name\":\"Inicio\",\"item\":\"https:\/\/www.camping-portesdariege.com\/es\/\"},{\"@type\":\"ListItem\",\"position\":2,\"name\":\"Los alojamientos\",\"item\":\"https:\/\/www.camping-portesdariege.com\/es\/les-hebergements\/\"},{\"@type\":\"ListItem\",\"position\":3,\"name\":\"Mobil Home Bora Bora \/ Oasis\"}]},{\"@type\":\"WebSite\",\"@id\":\"https:\/\/www.camping-portesdariege.com\/es\/#website\",\"url\":\"https:\/\/www.camping-portesdariege.com\/es\/\",\"name\":\"Camping Porte d&#039;Ariege\",\"description\":\"Camping Porte d&#039;Ariege\",\"potentialAction\":[{\"@type\":\"SearchAction\",\"target\":{\"@type\":\"EntryPoint\",\"urlTemplate\":\"https:\/\/www.camping-portesdariege.com\/es\/?s={search_term_string}\"},\"query-input\":{\"@type\":\"PropertyValueSpecification\",\"valueRequired\":true,\"valueName\":\"search_term_string\"}}],\"inLanguage\":\"es\"}]}<\/script>\n<!-- \/ Yoast SEO plugin. -->","yoast_head_json":{"title":"Location Mobil Home Bora Bora au Camping Portes d\u2019Ari\u00e8ge \u00e0 Pamiers | Vacances Confortables en Pleine Nature","description":"D\u00e9couvrez notre mobil-home Bora Bora pour 4 \u00e0 6 personnes au camping Portes d\u2019Ari\u00e8ge \u00e0 Pamiers. Profitez d'un h\u00e9bergement lumineux avec deux chambres, salon convertible, cuisine \u00e9quip\u00e9e et grande terrasse. R\u00e9servez d\u00e8s maintenant pour des vacances relaxantes au c\u0153ur de la nature !","robots":{"index":"index","follow":"follow","max-snippet":"max-snippet:-1","max-image-preview":"max-image-preview:large","max-video-preview":"max-video-preview:-1"},"canonical":"https:\/\/www.camping-portesdariege.com\/es\/les-hebergements\/mobil-home-bora-bora\/","og_locale":"es_ES","og_type":"article","og_title":"Location Mobil Home Bora Bora au Camping Portes d\u2019Ari\u00e8ge \u00e0 Pamiers | Vacances Confortables en Pleine Nature","og_description":"D\u00e9couvrez notre mobil-home Bora Bora pour 4 \u00e0 6 personnes au camping Portes d\u2019Ari\u00e8ge \u00e0 Pamiers. Profitez d'un h\u00e9bergement lumineux avec deux chambres, salon convertible, cuisine \u00e9quip\u00e9e et grande terrasse. R\u00e9servez d\u00e8s maintenant pour des vacances relaxantes au c\u0153ur de la nature !","og_url":"https:\/\/www.camping-portesdariege.com\/es\/les-hebergements\/mobil-home-bora-bora\/","og_site_name":"Camping Porte d&#039;Ariege","article_modified_time":"2026-04-02T09:08:05+00:00","og_image":[{"width":2560,"height":1920,"url":"https:\/\/www.camping-portesdariege.com\/wp-content\/uploads\/20240328-161641-scaled.jpg","type":"image\/jpeg"}],"twitter_card":"summary_large_image","twitter_misc":{"Tiempo de lectura":"7 minutos"},"schema":{"@context":"https:\/\/schema.org","@graph":[{"@type":"WebPage","@id":"https:\/\/www.camping-portesdariege.com\/es\/les-hebergements\/mobil-home-bora-bora\/","url":"https:\/\/www.camping-portesdariege.com\/es\/les-hebergements\/mobil-home-bora-bora\/","name":"Location Mobil Home Bora Bora au Camping Portes d\u2019Ari\u00e8ge \u00e0 Pamiers | Vacances Confortables en Pleine Nature","isPartOf":{"@id":"https:\/\/www.camping-portesdariege.com\/es\/#website"},"primaryImageOfPage":{"@id":"https:\/\/www.camping-portesdariege.com\/es\/les-hebergements\/mobil-home-bora-bora\/#primaryimage"},"image":{"@id":"https:\/\/www.camping-portesdariege.com\/es\/les-hebergements\/mobil-home-bora-bora\/#primaryimage"},"thumbnailUrl":"https:\/\/www.camping-portesdariege.com\/wp-content\/uploads\/20240328-161641-scaled.jpg","datePublished":"2024-02-19T11:24:35+00:00","dateModified":"2026-04-02T09:08:05+00:00","description":"D\u00e9couvrez notre mobil-home Bora Bora pour 4 \u00e0 6 personnes au camping Portes d\u2019Ari\u00e8ge \u00e0 Pamiers. Profitez d'un h\u00e9bergement lumineux avec deux chambres, salon convertible, cuisine \u00e9quip\u00e9e et grande terrasse. R\u00e9servez d\u00e8s maintenant pour des vacances relaxantes au c\u0153ur de la nature !","breadcrumb":{"@id":"https:\/\/www.camping-portesdariege.com\/es\/les-hebergements\/mobil-home-bora-bora\/#breadcrumb"},"inLanguage":"es","potentialAction":[{"@type":"ReadAction","target":["https:\/\/www.camping-portesdariege.com\/es\/les-hebergements\/mobil-home-bora-bora\/"]}]},{"@type":"ImageObject","inLanguage":"es","@id":"https:\/\/www.camping-portesdariege.com\/es\/les-hebergements\/mobil-home-bora-bora\/#primaryimage","url":"https:\/\/www.camping-portesdariege.com\/wp-content\/uploads\/20240328-161641-scaled.jpg","contentUrl":"https:\/\/www.camping-portesdariege.com\/wp-content\/uploads\/20240328-161641-scaled.jpg"},{"@type":"BreadcrumbList","@id":"https:\/\/www.camping-portesdariege.com\/es\/les-hebergements\/mobil-home-bora-bora\/#breadcrumb","itemListElement":[{"@type":"ListItem","position":1,"name":"Inicio","item":"https:\/\/www.camping-portesdariege.com\/es\/"},{"@type":"ListItem","position":2,"name":"Los alojamientos","item":"https:\/\/www.camping-portesdariege.com\/es\/les-hebergements\/"},{"@type":"ListItem","position":3,"name":"Mobil Home Bora Bora \/ Oasis"}]},{"@type":"WebSite","@id":"https:\/\/www.camping-portesdariege.com\/es\/#website","url":"https:\/\/www.camping-portesdariege.com\/es\/","name":"Camping Porte d&#039;Ariege","description":"Camping Porte d&#039;Ariege","potentialAction":[{"@type":"SearchAction","target":{"@type":"EntryPoint","urlTemplate":"https:\/\/www.camping-portesdariege.com\/es\/?s={search_term_string}"},"query-input":{"@type":"PropertyValueSpecification","valueRequired":true,"valueName":"search_term_string"}}],"inLanguage":"es"}]}},"_links":{"self":[{"href":"https:\/\/www.camping-portesdariege.com\/es\/wp-json\/wp\/v2\/pages\/5334","targetHints":{"allow":["GET"]}}],"collection":[{"href":"https:\/\/www.camping-portesdariege.com\/es\/wp-json\/wp\/v2\/pages"}],"about":[{"href":"https:\/\/www.camping-portesdariege.com\/es\/wp-json\/wp\/v2\/types\/page"}],"author":[{"embeddable":true,"href":"https:\/\/www.camping-portesdariege.com\/es\/wp-json\/wp\/v2\/users\/3"}],"replies":[{"embeddable":true,"href":"https:\/\/www.camping-portesdariege.com\/es\/wp-json\/wp\/v2\/comments?post=5334"}],"version-history":[{"count":0,"href":"https:\/\/www.camping-portesdariege.com\/es\/wp-json\/wp\/v2\/pages\/5334\/revisions"}],"up":[{"embeddable":true,"href":"https:\/\/www.camping-portesdariege.com\/es\/wp-json\/wp\/v2\/pages\/5232"}],"wp:attachment":[{"href":"https:\/\/www.camping-portesdariege.com\/es\/wp-json\/wp\/v2\/media?parent=5334"}],"curies":[{"name":"wp","href":"https:\/\/api.w.org\/{rel}","templated":true}]}}