{"id":5400,"date":"2024-02-28T15:07:57","date_gmt":"2024-02-28T14:07:57","guid":{"rendered":"https:\/\/www.camping-portesdariege.com\/les-activites\/vtt\/"},"modified":"2026-04-02T11:31:11","modified_gmt":"2026-04-02T09:31:11","slug":"vtt","status":"publish","type":"page","link":"https:\/\/www.camping-portesdariege.com\/es\/les-activites\/vtt\/","title":{"rendered":"Ciclismo de monta\u00f1a"},"content":{"rendered":"\n<div class=\"wp-block-cover alignfull has-custom-content-position is-position-bottom-center banner-interior\" style=\"margin-top:0;margin-bottom:0;min-height:65vh;aspect-ratio:unset;\"><img loading=\"lazy\" decoding=\"async\" width=\"1920\" height=\"1440\" class=\"wp-block-cover__image-background wp-image-3878\" alt=\"\" src=\"https:\/\/camping-portesdariege.com\/wp-content\/uploads\/vtt-2.jpg\" data-object-fit=\"cover\" srcset=\"https:\/\/www.camping-portesdariege.com\/wp-content\/uploads\/vtt-2.jpg 1920w, https:\/\/www.camping-portesdariege.com\/wp-content\/uploads\/vtt-2-1024x768.jpg 1024w, https:\/\/www.camping-portesdariege.com\/wp-content\/uploads\/vtt-2-768x576.jpg 768w, https:\/\/www.camping-portesdariege.com\/wp-content\/uploads\/vtt-2-1536x1152.jpg 1536w, https:\/\/www.camping-portesdariege.com\/wp-content\/uploads\/vtt-2-512x384.jpg 512w, https:\/\/www.camping-portesdariege.com\/wp-content\/uploads\/vtt-2-256x192.jpg 256w\" sizes=\"auto, (max-width: 1920px) 100vw, 1920px\" \/><span aria-hidden=\"true\" class=\"wp-block-cover__background has-background-dim wp-block-cover__gradient-background has-background-gradient\" style=\"background:linear-gradient(0deg,rgb(0,0,0) 0%,rgba(0,0,0,0) 61%)\"><\/span><div class=\"wp-block-cover__inner-container is-layout-constrained wp-block-cover-is-layout-constrained\">\n<div class=\"wp-block-group lateral-info has-theme-white-background-color has-background is-layout-constrained wp-container-core-group-is-layout-fd9b688b wp-block-group-is-layout-constrained\" style=\"border-top-right-radius:10px;border-bottom-right-radius:10px;padding-left:0\">\n<div class=\"wp-block-group tooltip is-vertical is-content-justification-center is-layout-flex wp-container-core-group-is-layout-8ca27fd8 wp-block-group-is-layout-flex\" style=\"padding-top:0;padding-right:0;padding-bottom:0;padding-left:0\">\n<div class=\"wp-block-group tooltip-menu is-layout-constrained wp-container-core-group-is-layout-fd9b688b wp-block-group-is-layout-constrained\" style=\"padding-left:0\">\n<div class=\"wp-block-group is-layout-constrained wp-container-core-group-is-layout-044ddaed wp-block-group-is-layout-constrained\" style=\"padding-left:var(--wp--preset--spacing--30)\">\n<figure class=\"wp-block-image size-large\"><img loading=\"lazy\" decoding=\"async\" width=\"17\" height=\"16\" src=\"https:\/\/camping-portesdariege.com\/wp-content\/uploads\/group-1.svg\" alt=\"\" class=\"wp-image-2558\"\/><\/figure>\n<\/div>\n\n\n        <a href=\"tel:+330534014358\"class=\"wp-block-custom-banner has-text-align-left\" target=\"_self\">\n        <div class=\"acf-innerblocks-container\">\n\n<div class=\"wp-block-group tooltiptext has-theme-white-color has-theme-green-background-color has-text-color has-background has-link-color wp-elements-b7e8af8aa4fa0b1625a6f81327dbfa7a is-content-justification-space-between is-nowrap is-layout-flex wp-container-core-group-is-layout-682617f7 wp-block-group-is-layout-flex\" style=\"margin-top:0;margin-bottom:0;padding-top:0;padding-bottom:0;padding-left:var(--wp--preset--spacing--40)\">\n<figure class=\"wp-block-image size-large wp-duotone-fff-fff-2\"><img loading=\"lazy\" decoding=\"async\" width=\"17\" height=\"16\" src=\"https:\/\/camping-portesdariege.com\/wp-content\/uploads\/group-1.svg\" alt=\"\" class=\"wp-image-2558\"\/><\/figure>\n\n\n\n<p>RAPPELEZ-MOI<\/p>\n<\/div>\n\n<\/div>\n        <\/a>\n<\/div>\n\n\n\n<div class=\"wp-block-group tooltip-menu is-layout-constrained wp-block-group-is-layout-constrained\">\n<div class=\"wp-block-group is-layout-constrained wp-container-core-group-is-layout-044ddaed wp-block-group-is-layout-constrained\" style=\"padding-left:var(--wp--preset--spacing--30)\">\n<figure class=\"wp-block-image size-large\"><img loading=\"lazy\" decoding=\"async\" width=\"15\" height=\"10\" src=\"https:\/\/camping-portesdariege.com\/wp-content\/uploads\/email.svg\" alt=\"\" class=\"wp-image-2556\"\/><\/figure>\n<\/div>\n\n\n        <a href=\"mailto:contact@camping-portesdariege.com\"class=\"wp-block-custom-banner has-text-align-left\" target=\"_self\">\n        <div class=\"acf-innerblocks-container\">\n\n<div class=\"wp-block-group tooltiptext has-theme-white-color has-theme-green-background-color has-text-color has-background has-link-color wp-elements-b54104d0028563b1018a613950e1c2c4 is-content-justification-space-between is-nowrap is-layout-flex wp-container-core-group-is-layout-682617f7 wp-block-group-is-layout-flex\" style=\"margin-top:0;margin-bottom:0;padding-top:0;padding-bottom:0;padding-left:var(--wp--preset--spacing--40)\">\n<figure class=\"wp-block-image size-large wp-duotone-fff-fff-3\"><img loading=\"lazy\" decoding=\"async\" width=\"15\" height=\"10\" src=\"https:\/\/camping-portesdariege.com\/wp-content\/uploads\/email.svg\" alt=\"\" class=\"wp-image-2556\"\/><\/figure>\n\n\n\n<p>CONTACT<\/p>\n<\/div>\n\n<\/div>\n        <\/a>\n<\/div>\n\n\n\n<div class=\"wp-block-group tooltip-menu is-layout-constrained wp-block-group-is-layout-constrained\">\n<div class=\"wp-block-group is-layout-constrained wp-container-core-group-is-layout-044ddaed wp-block-group-is-layout-constrained\" style=\"padding-left:var(--wp--preset--spacing--30)\">\n<figure class=\"wp-block-image size-large\"><img loading=\"lazy\" decoding=\"async\" width=\"17\" height=\"16\" src=\"https:\/\/camping-portesdariege.com\/wp-content\/uploads\/mapa-1.svg\" alt=\"\" class=\"wp-image-2554\"\/><\/figure>\n<\/div>\n\n\n        <a href=\"https:\/\/www.camping-portesdariege.com\/wp-content\/uploads\/pdf\/plan-du-camping.pdf\"class=\"wp-block-custom-banner has-text-align-left\" target=\"_blank\">\n        <div class=\"acf-innerblocks-container\">\n\n<div class=\"wp-block-group tooltiptext has-theme-white-color has-theme-green-background-color has-text-color has-background has-link-color wp-elements-0b02fd549287e9a4d08b2cf43900d6fe is-content-justification-space-between is-nowrap is-layout-flex wp-container-core-group-is-layout-682617f7 wp-block-group-is-layout-flex\" style=\"margin-top:0;margin-bottom:0;padding-top:0;padding-bottom:0;padding-left:var(--wp--preset--spacing--40)\">\n<figure class=\"wp-block-image size-large wp-duotone-fff-fff-4\"><img loading=\"lazy\" decoding=\"async\" width=\"17\" height=\"16\" src=\"https:\/\/camping-portesdariege.com\/wp-content\/uploads\/mapa-1.svg\" alt=\"\" class=\"wp-image-2554\"\/><\/figure>\n\n\n\n<p>PLAN DU CAMPING<\/p>\n<\/div>\n\n<\/div>\n        <\/a>\n<\/div>\n<\/div>\n<\/div>\n\n\n\n<div class=\"wp-block-columns alignwide are-vertically-aligned-bottom banner-content-interior is-layout-flex wp-container-core-columns-is-layout-28f84493 wp-block-columns-is-layout-flex\">\n<div class=\"wp-block-column is-vertically-aligned-bottom titre-top is-layout-flow wp-block-column-is-layout-flow\">\n<p class=\"has-text-align-left banner-titre animation--init--once slide-down has-theme-white-color has-text-color has-link-color has-large-font-size wp-elements-293f4ee606fb7ed5215e2ee92a90501b\">Descubra nuestras<br>actividades en Ari\u00e8ge<\/p>\n\n\n<div class=\"yoast-breadcrumbs\"><span><span><a href=\"https:\/\/www.camping-portesdariege.com\/es\/\">Inicio<\/a><\/span> \/ <span><a href=\"https:\/\/www.camping-portesdariege.com\/es\/les-activites\/\">Actividades<\/a><\/span> \/ <span class=\"breadcrumb_last\" aria-current=\"page\">Ciclismo de monta\u00f1a<\/span><\/span><\/div><\/div>\n\n\n\n<div class=\"wp-block-column is-vertically-aligned-bottom formulaire-thr-container is-layout-flow wp-block-column-is-layout-flow\">\n<div class=\"wp-block-group is-content-justification-right is-layout-constrained wp-container-core-group-is-layout-f1f2ed93 wp-block-group-is-layout-constrained\">\n<div class=\"wp-block-group formulaire-thr animation--init--once slide-down is-layout-constrained wp-block-group-is-layout-constrained\"><section class=\"formulaire-de-recherche-bar\">\r\n            <div id=\"expand-thelis-formulaire\">[:fr]R\u00e9servez[:]<\/div>\r\n            <div class=\"container-form\"><thr-search-engine><\/thr-search-engine><a id=\"pay-btn-2\" onclick=\"window.open('https:\/\/thelisresa.webcamp.fr\/cart-directPayment.php?camping=ariege09&amp;lang=es');\"><i><\/i>Pague su estancia<\/a>\r\n            <style>\r\n            \r\n            .thr-search-engine .thr-search-engine-main > .thr-btn-search { max-width: 20% !important; }\r\n            .thr .btn i { margin-right: 0 !important; }\r\n            #pay-btn-2 { \r\n                position: absolute;\r\n                right: 0;top: 0;\r\n                margin: 10px;\r\n                border: 0;\r\n                background-color: ;\r\n                color: ;\r\n                cursor: pointer;\r\n                width: calc(17% - 5px);\r\n                padding: 17px 0;\r\n                font-size: 18px;\r\n                font-weight: bold;\r\n                text-transform: auto;\r\n                transition: all .35s;\r\n                display: flex;justify-content: center;\r\n                align-items: center;\r\n            }\r\n            #pay-btn-2 i {\r\n                display: inline-flex;\r\n                width:18px;height:18px;\r\n                margin-right: 5px;\r\n                background-image: url('data:image\/svg+xml;utf8,<?xml version=\"1.0\" encoding=\"utf-8\"?><svg width=\"1792\" height=\"1792\" viewBox=\"0 0 1792 1792\" xmlns=\"http:\/\/www.w3.org\/2000\/svg\"><path d=\"M704 1536q0 52-38 90t-90 38-90-38-38-90 38-90 90-38 90 38 38 90zm896 0q0 52-38 90t-90 38-90-38-38-90 38-90 90-38 90 38 38 90zm128-1088v512q0 24-16.5 42.5t-40.5 21.5l-1044 122q13 60 13 70 0 16-24 64h920q26 0 45 19t19 45-19 45-45 19h-1024q-26 0-45-19t-19-45q0-11 8-31.5t16-36 21.5-40 15.5-29.5l-177-823h-204q-26 0-45-19t-19-45 19-45 45-19h256q16 0 28.5 6.5t19.5 15.5 13 24.5 8 26 5.5 29.5 4.5 26h1201q26 0 45 19t19 45z\" fill=\"rgba(255,255,255,1)\" \/><\/svg>');\r\n                background-size: cover;background-position: center center;background-repeat: no-repeat;\r\n            }\r\n            #pay-btn-2:hover { background-color: ; }\r\n            .thr-search-engine { width: 83%; }\r\n\r\n            @media screen and (max-width: 1180px) {\r\n                #pay-btn-2 { top: 52px; }\r\n                .thr-search-engine .thr-search-engine-main > .thr-btn-search { max-width: inherit !important; }\r\n            }\r\n            @media screen and (max-width: 990px) {\r\n                .thr-search-engine { width: 100%; }\r\n                #pay-btn-2 { position: relative;width: calc(100% - 20px);top: auto;margin-top: 0; }\r\n            }\r\n\r\n            thr-search-engine { border-right: 200px rgba(0,0,0,0) solid;display: block; }\r\n            @media screen and (max-width: 1180px) {\r\n                thr-search-engine { border-right: inherit;display: inherit; }\r\n            }\r\n            <\/style>\r\n            <\/div><\/section><!-- .formulaire-de-recherche-bar --><style>\r\n        #expand-thelis-formulaire { display: none; }\r\n        @media screen and (max-width: 1180px) {\r\n            #expand-thelis-formulaire { display: block; }\r\n            .formulaire-de-recherche-bar .container-form { display: none; }\r\n        }\r\n    <\/style><script>\r\n    jQuery(document).ready(function($){\r\n        jQuery('#expand-thelis-formulaire').click(function(){\r\n            if(\r\n                jQuery('.formulaire-de-recherche-bar .container-form').css('display') == 'none'\r\n            ){\r\n                jQuery('.formulaire-de-recherche-bar .container-form').css('display', 'block');\r\n                jQuery('#expand-thelis-formulaire').addClass('expanded');\r\n            }else{\r\n                jQuery('.formulaire-de-recherche-bar .container-form').css('display', 'none');\r\n                jQuery('#expand-thelis-formulaire').removeClass('expanded');\r\n            }\r\n        });\r\n    });\r\n    <\/script>\n<\/div>\n<\/div>\n<\/div>\n<\/div>\n<\/div><\/div>\n\n\n\n<div class=\"wp-block-group alignwide is-layout-flow wp-block-group-is-layout-flow\" style=\"padding-top:var(--wp--preset--spacing--80);padding-bottom:var(--wp--preset--spacing--80)\">\n<h1 class=\"wp-block-heading has-text-align-center h1-interior has-theme-primary-green-color has-text-color has-link-color wp-elements-a81ea8c15083f559547a7fa9c5892a31\"><strong>Descubre Ari\u00e8ge en bicicleta o en bicicleta de monta\u00f1a<\/strong><br><mark style=\"background-color:rgba(0, 0, 0, 0)\" class=\"has-inline-color has-theme-dark-green-color\"><sub>Dependiendo de tu nivel y tus deseos<\/sub><\/mark><\/h1>\n\n\n\n<p>Podr\u00e1 elegir entre&nbsp;<strong>paseos deportivos y buc\u00f3licos, as\u00ed como&nbsp;<\/strong><strong>hermosas excursiones por el campo.<\/strong><\/p>\n\n\n\n<p>En Ari\u00e8ge, hay dos importantes v\u00edas verdes, o&nbsp;<strong>carriles bici exclusivos,<\/strong>&nbsp;que suman m\u00e1s de 80 km. Adem\u00e1s, cerca de Pamiers hay 24 rutas&nbsp;<strong>de ciclismo de monta\u00f1a<\/strong>&nbsp;y&nbsp;<strong>en bicicleta<\/strong>&nbsp;, incluyendo 14&nbsp;<strong>rutas circulares dentro del municipio de Pamiers.&nbsp;<\/strong><strong>Itinerarios preciosos para explorar Ari\u00e8ge de punta a punta\u2026<\/strong><\/p>\n<\/div>\n\n\n\n<div class=\"wp-block-columns alignfull are-vertically-aligned-center info-location-archive has-theme-beige-background-color has-background is-layout-flex wp-container-core-columns-is-layout-b61ab78d wp-block-columns-is-layout-flex\" style=\"margin-top:0;margin-bottom:0;padding-top:0;padding-right:0;padding-bottom:0;padding-left:0\">\n<div class=\"wp-block-column is-vertically-aligned-center is-layout-flow wp-block-column-is-layout-flow\" style=\"padding-right:0;padding-left:0\">\n<div class=\"wp-image-slider one-image-gallery has-text-align-left aspect-ratio-4_3\">\n\n                                        \n                    <script>\n                        'use strict';\n\n                        document.addEventListener('DOMContentLoaded', function () {\n\n                            (function() {\n                                const blockSlide = new Splide( '#slide_515', {\n                                    type : 'loop',\n                                    perPage: 1,\n                                                                        \n                                    breakpoints: {\n                                        800: {\n                                            perPage: 1,\n                                                                                    },\n                                        450: {\n                                            perPage: 1,\n                                            \n                                        },\n                                    },\n                                    pagination: true,\n                                    arrows: true,\n                                    gap: 'var(--wp--style--block-gap)',\n                                    i18n: {\n                                        slideLabel: '%s\/%s',\n                                    }\n                                } );\n                                \n\n                                \n                                blockSlide.mount();\n\n                                                                \n                                \n                            })();\n                        })\n                    <\/script>\n\n                    <div class=\"slider-container\"><div class=\"splide galeria-slider galeria-columnas-1\" id=\"slide_515\"><div class=\"splide__track\"><div class=\"splide__list\"><div id=\"thumb-5385\" class=\"splide__slide\"><div class=\"image-wrapper\"><img loading=\"lazy\" decoding=\"async\" width=\"1920\" height=\"1440\" src=\"https:\/\/www.camping-portesdariege.com\/wp-content\/uploads\/cyclisme-2.jpeg\" class=\"attachment-gallery size-gallery\" alt=\"\" srcset=\"https:\/\/www.camping-portesdariege.com\/wp-content\/uploads\/cyclisme-2.jpeg 1920w, https:\/\/www.camping-portesdariege.com\/wp-content\/uploads\/cyclisme-2-1024x768.jpeg 1024w, https:\/\/www.camping-portesdariege.com\/wp-content\/uploads\/cyclisme-2-768x576.jpeg 768w, https:\/\/www.camping-portesdariege.com\/wp-content\/uploads\/cyclisme-2-1536x1152.jpeg 1536w, https:\/\/www.camping-portesdariege.com\/wp-content\/uploads\/cyclisme-2-512x384.jpeg 512w, https:\/\/www.camping-portesdariege.com\/wp-content\/uploads\/cyclisme-2-256x192.jpeg 256w\" sizes=\"auto, (max-width: 1920px) 100vw, 1920px\" \/><\/div><\/div><div id=\"thumb-5377\" class=\"splide__slide\"><div class=\"image-wrapper\"><img loading=\"lazy\" decoding=\"async\" width=\"600\" height=\"400\" src=\"https:\/\/www.camping-portesdariege.com\/wp-content\/uploads\/vtt-velo-2.jpeg\" class=\"attachment-gallery size-gallery\" alt=\"\" srcset=\"https:\/\/www.camping-portesdariege.com\/wp-content\/uploads\/vtt-velo-2.jpeg 600w, https:\/\/www.camping-portesdariege.com\/wp-content\/uploads\/vtt-velo-2-512x341.jpeg 512w, https:\/\/www.camping-portesdariege.com\/wp-content\/uploads\/vtt-velo-2-256x171.jpeg 256w\" sizes=\"auto, (max-width: 600px) 100vw, 600px\" \/><\/div><\/div><div id=\"thumb-5376\" class=\"splide__slide\"><div class=\"image-wrapper\"><img loading=\"lazy\" decoding=\"async\" width=\"340\" height=\"200\" src=\"https:\/\/www.camping-portesdariege.com\/wp-content\/uploads\/circuit-vtt-2.jpeg\" class=\"attachment-gallery size-gallery\" alt=\"\" srcset=\"https:\/\/www.camping-portesdariege.com\/wp-content\/uploads\/circuit-vtt-2.jpeg 340w, https:\/\/www.camping-portesdariege.com\/wp-content\/uploads\/circuit-vtt-2-256x151.jpeg 256w\" sizes=\"auto, (max-width: 340px) 100vw, 340px\" \/><\/div><\/div><div id=\"thumb-5375\" class=\"splide__slide\"><div class=\"image-wrapper\"><img loading=\"lazy\" decoding=\"async\" width=\"1920\" height=\"1440\" src=\"https:\/\/www.camping-portesdariege.com\/wp-content\/uploads\/vtt-2.jpeg\" class=\"attachment-gallery size-gallery\" alt=\"\" srcset=\"https:\/\/www.camping-portesdariege.com\/wp-content\/uploads\/vtt-2.jpeg 1920w, https:\/\/www.camping-portesdariege.com\/wp-content\/uploads\/vtt-2-1024x768.jpeg 1024w, https:\/\/www.camping-portesdariege.com\/wp-content\/uploads\/vtt-2-768x576.jpeg 768w, https:\/\/www.camping-portesdariege.com\/wp-content\/uploads\/vtt-2-1536x1152.jpeg 1536w, https:\/\/www.camping-portesdariege.com\/wp-content\/uploads\/vtt-2-512x384.jpeg 512w, https:\/\/www.camping-portesdariege.com\/wp-content\/uploads\/vtt-2-256x192.jpeg 256w\" sizes=\"auto, (max-width: 1920px) 100vw, 1920px\" \/><\/div><\/div><div id=\"thumb-5941\" class=\"splide__slide\"><div class=\"image-wrapper\"><img loading=\"lazy\" decoding=\"async\" width=\"1080\" height=\"700\" src=\"https:\/\/www.camping-portesdariege.com\/wp-content\/uploads\/vtt-pamiers-bezac.webp\" class=\"attachment-gallery size-gallery\" alt=\"\" srcset=\"https:\/\/www.camping-portesdariege.com\/wp-content\/uploads\/vtt-pamiers-bezac.webp 1080w, https:\/\/www.camping-portesdariege.com\/wp-content\/uploads\/vtt-pamiers-bezac-1024x664.webp 1024w, https:\/\/www.camping-portesdariege.com\/wp-content\/uploads\/vtt-pamiers-bezac-768x498.webp 768w, https:\/\/www.camping-portesdariege.com\/wp-content\/uploads\/vtt-pamiers-bezac-512x332.webp 512w, https:\/\/www.camping-portesdariege.com\/wp-content\/uploads\/vtt-pamiers-bezac-256x166.webp 256w\" sizes=\"auto, (max-width: 1080px) 100vw, 1080px\" \/><\/div><\/div><\/div><\/div><\/div><\/div>\n                    \n<\/div><\/div>\n\n\n\n<div class=\"wp-block-column is-vertically-aligned-center padding-columns is-layout-flow wp-block-column-is-layout-flow\" style=\"padding-right:0;padding-left:0\">\n<div class=\"wp-block-group oh is-layout-constrained wp-container-core-group-is-layout-0ccfd37b wp-block-group-is-layout-constrained\" style=\"padding-top:var(--wp--preset--spacing--80);padding-right:var(--wp--preset--spacing--30);padding-bottom:var(--wp--preset--spacing--80);padding-left:var(--wp--preset--spacing--30)\">\n<div class=\"wp-block-group animation--init--once slide-down is-layout-constrained wp-container-core-group-is-layout-68bdb027 wp-block-group-is-layout-constrained\" style=\"margin-bottom:var(--wp--preset--spacing--80);padding-right:var(--wp--preset--spacing--30);padding-left:var(--wp--preset--spacing--30)\">\n<p class=\"has-text-align-left\">Magn\u00edficas rutas para explorar la regi\u00f3n de Ari\u00e8ge de principio a fin\u2026<br>Encu\u00e9ntralas en :<\/p>\n\n\n\n<ul class=\"wp-block-list\">\n<li><a href=\"http:\/\/www.ville-data.com\/\">www.ville-data.com<\/a><\/li>\n\n\n\n<li>w<a href=\"http:\/\/Www.ariege-VTT.fr\/\">ww.ariege-VTT.fr<\/a><\/li>\n\n\n\n<li><a href=\"http:\/\/www.alltrails.com\/\">www.alltrails.com<\/a><\/li>\n\n\n\n<li><a href=\"mailto:info@pap-tourisme.fr\">info@pap-tourisme.fr<\/a><\/li>\n\n\n\n<li>w<a href=\"http:\/\/Www.komoot.com\/\">ww.komoot.com<\/a><\/li>\n\n\n\n<li>visorando.com<\/li>\n<\/ul>\n<\/div>\n<\/div>\n<\/div>\n<\/div>\n\n\n\n<div class=\"wp-block-columns alignfull are-vertically-aligned-center info-location-archive is-layout-flex wp-container-core-columns-is-layout-b61ab78d wp-block-columns-is-layout-flex\" style=\"margin-top:0;margin-bottom:0;padding-top:0;padding-right:0;padding-bottom:0;padding-left:0\">\n<div class=\"wp-block-column is-vertically-aligned-center padding-columns is-layout-flow wp-block-column-is-layout-flow\" style=\"padding-right:0;padding-left:0\">\n<div class=\"wp-block-group oh is-layout-constrained wp-container-core-group-is-layout-df8428a5 wp-block-group-is-layout-constrained\" style=\"padding-top:0;padding-right:var(--wp--preset--spacing--30);padding-bottom:0;padding-left:var(--wp--preset--spacing--30)\">\n<div class=\"wp-block-group animation--init--once slide-down is-layout-constrained wp-container-core-group-is-layout-68bdb027 wp-block-group-is-layout-constrained\" style=\"margin-bottom:var(--wp--preset--spacing--80);padding-right:var(--wp--preset--spacing--30);padding-left:var(--wp--preset--spacing--30)\">\n<p class=\"has-text-align-center\"><strong>Algunas sugerencias<\/strong><\/p>\n\n\n\n<ul class=\"wp-block-list\">\n<li>Los senderos de la ladera<\/li>\n\n\n\n<li>Orillas del Ari\u00e8ge y la abad\u00eda de Cailloup<\/li>\n\n\n\n<li>Colinas de Pamiers y Escocia<\/li>\n\n\n\n<li>Pamiers-Bezac<\/li>\n\n\n\n<li>En el coraz\u00f3n de la fortaleza<\/li>\n\n\n\n<li>A trav\u00e9s de las llanuras-pamiers<\/li>\n\n\n\n<li>Entre la naturaleza y los peque\u00f1os pueblos<\/li>\n\n\n\n<li>Paso de Calzan<\/li>\n<\/ul>\n<\/div>\n<\/div>\n<\/div>\n\n\n\n<div class=\"wp-block-column is-vertically-aligned-center is-layout-flow wp-block-column-is-layout-flow\" style=\"padding-right:0;padding-left:0\">\n<div class=\"wp-image-slider one-image-gallery has-text-align-left aspect-ratio-4_3\">\n\n                                        \n                    <script>\n                        'use strict';\n\n                        document.addEventListener('DOMContentLoaded', function () {\n\n                            (function() {\n                                const blockSlide = new Splide( '#slide_921', {\n                                    type : 'loop',\n                                    perPage: 1,\n                                                                        \n                                    breakpoints: {\n                                        800: {\n                                            perPage: 1,\n                                                                                    },\n                                        450: {\n                                            perPage: 1,\n                                            \n                                        },\n                                    },\n                                    pagination: true,\n                                    arrows: true,\n                                    gap: 'var(--wp--style--block-gap)',\n                                    i18n: {\n                                        slideLabel: '%s\/%s',\n                                    }\n                                } );\n                                \n\n                                \n                                blockSlide.mount();\n\n                                                                \n                                \n                            })();\n                        })\n                    <\/script>\n\n                    <div class=\"slider-container\"><div class=\"splide galeria-slider galeria-columnas-1\" id=\"slide_921\"><div class=\"splide__track\"><div class=\"splide__list\"><div id=\"thumb-5375\" class=\"splide__slide\"><div class=\"image-wrapper\"><img loading=\"lazy\" decoding=\"async\" width=\"1920\" height=\"1440\" src=\"https:\/\/www.camping-portesdariege.com\/wp-content\/uploads\/vtt-2.jpeg\" class=\"attachment-gallery size-gallery\" alt=\"\" srcset=\"https:\/\/www.camping-portesdariege.com\/wp-content\/uploads\/vtt-2.jpeg 1920w, https:\/\/www.camping-portesdariege.com\/wp-content\/uploads\/vtt-2-1024x768.jpeg 1024w, https:\/\/www.camping-portesdariege.com\/wp-content\/uploads\/vtt-2-768x576.jpeg 768w, https:\/\/www.camping-portesdariege.com\/wp-content\/uploads\/vtt-2-1536x1152.jpeg 1536w, https:\/\/www.camping-portesdariege.com\/wp-content\/uploads\/vtt-2-512x384.jpeg 512w, https:\/\/www.camping-portesdariege.com\/wp-content\/uploads\/vtt-2-256x192.jpeg 256w\" sizes=\"auto, (max-width: 1920px) 100vw, 1920px\" \/><\/div><\/div><div id=\"thumb-5376\" class=\"splide__slide\"><div class=\"image-wrapper\"><img loading=\"lazy\" decoding=\"async\" width=\"340\" height=\"200\" src=\"https:\/\/www.camping-portesdariege.com\/wp-content\/uploads\/circuit-vtt-2.jpeg\" class=\"attachment-gallery size-gallery\" alt=\"\" srcset=\"https:\/\/www.camping-portesdariege.com\/wp-content\/uploads\/circuit-vtt-2.jpeg 340w, https:\/\/www.camping-portesdariege.com\/wp-content\/uploads\/circuit-vtt-2-256x151.jpeg 256w\" sizes=\"auto, (max-width: 340px) 100vw, 340px\" \/><\/div><\/div><div id=\"thumb-5378\" class=\"splide__slide\"><div class=\"image-wrapper\"><img loading=\"lazy\" decoding=\"async\" width=\"2048\" height=\"1327\" src=\"https:\/\/www.camping-portesdariege.com\/wp-content\/uploads\/vtt-pamiers-bezac-2-2048x1327.png\" class=\"attachment-gallery size-gallery\" alt=\"\" srcset=\"https:\/\/www.camping-portesdariege.com\/wp-content\/uploads\/vtt-pamiers-bezac-2-2048x1327.png 2048w, https:\/\/www.camping-portesdariege.com\/wp-content\/uploads\/vtt-pamiers-bezac-2-1024x664.png 1024w, https:\/\/www.camping-portesdariege.com\/wp-content\/uploads\/vtt-pamiers-bezac-2-768x498.png 768w, https:\/\/www.camping-portesdariege.com\/wp-content\/uploads\/vtt-pamiers-bezac-2-1536x996.png 1536w, https:\/\/www.camping-portesdariege.com\/wp-content\/uploads\/vtt-pamiers-bezac-2-512x332.png 512w, https:\/\/www.camping-portesdariege.com\/wp-content\/uploads\/vtt-pamiers-bezac-2-256x166.png 256w\" sizes=\"auto, (max-width: 2048px) 100vw, 2048px\" \/><\/div><\/div><\/div><\/div><\/div><\/div>\n                    \n<\/div><\/div>\n<\/div>\n\n\n\n<div class=\"wp-block-group alignfull section-2-locations-single is-layout-flow wp-block-group-is-layout-flow\" style=\"margin-top:0;margin-bottom:0;padding-top:var(--wp--preset--spacing--20);padding-right:0;padding-bottom:var(--wp--preset--spacing--20);padding-left:0\">\n<div class=\"wp-image-slider three-images-slide alignfull has-text-align-left aspect-ratio-16_9\">\n\n                                        \n                    <script>\n                        'use strict';\n\n                        document.addEventListener('DOMContentLoaded', function () {\n\n                            (function() {\n                                const blockSlide = new Splide( '#slide_738', {\n                                    type : 'loop',\n                                    perPage: 1,\n                                    padding: 'calc(20vw + var(--wp--style--block-gap))',                                    \n                                    breakpoints: {\n                                        800: {\n                                            perPage: 3,\n                                                                                    },\n                                        450: {\n                                            perPage: 1,\n                                            \n                                        },\n                                    },\n                                    pagination: false,\n                                    arrows: true,\n                                    gap: 'var(--wp--style--block-gap)',\n                                    i18n: {\n                                        slideLabel: '%s\/%s',\n                                    }\n                                } );\n                                \n\n                                \n                                blockSlide.mount();\n\n                                                                \n                                \n                            })();\n                        })\n                    <\/script>\n\n                    <div class=\"slider-container\"><div class=\"splide galeria-slider galeria-columnas-1\" id=\"slide_738\"><div class=\"splide__track\"><div class=\"splide__list\"><a href=\"https:\/\/www.camping-portesdariege.com\/wp-content\/uploads\/carte-voies-vertes-2.png\" id=\"thumb-5381\" class=\"splide__slide image-link\" data-gallery=\"slide_738\"  alt=\" \" class=\"image-link\"><div class=\"image-wrapper\"><img loading=\"lazy\" decoding=\"async\" width=\"2048\" height=\"1527\" src=\"https:\/\/www.camping-portesdariege.com\/wp-content\/uploads\/carte-voies-vertes-2-2048x1527.png\" class=\"attachment-gallery size-gallery\" alt=\"\" srcset=\"https:\/\/www.camping-portesdariege.com\/wp-content\/uploads\/carte-voies-vertes-2-2048x1527.png 2048w, https:\/\/www.camping-portesdariege.com\/wp-content\/uploads\/carte-voies-vertes-2-1024x764.png 1024w, https:\/\/www.camping-portesdariege.com\/wp-content\/uploads\/carte-voies-vertes-2-768x573.png 768w, https:\/\/www.camping-portesdariege.com\/wp-content\/uploads\/carte-voies-vertes-2-1536x1146.png 1536w, https:\/\/www.camping-portesdariege.com\/wp-content\/uploads\/carte-voies-vertes-2-512x382.png 512w, https:\/\/www.camping-portesdariege.com\/wp-content\/uploads\/carte-voies-vertes-2-256x191.png 256w\" sizes=\"auto, (max-width: 2048px) 100vw, 2048px\" \/><\/div><\/a><a href=\"https:\/\/www.camping-portesdariege.com\/wp-content\/uploads\/periples-champetres-autour-de-pamiers-2.jpeg\" id=\"thumb-5380\" class=\"splide__slide image-link\" data-gallery=\"slide_738\"  alt=\" \" class=\"image-link\"><div class=\"image-wrapper\"><img loading=\"lazy\" decoding=\"async\" width=\"1400\" height=\"1000\" src=\"https:\/\/www.camping-portesdariege.com\/wp-content\/uploads\/periples-champetres-autour-de-pamiers-2.jpeg\" class=\"attachment-gallery size-gallery\" alt=\"\" srcset=\"https:\/\/www.camping-portesdariege.com\/wp-content\/uploads\/periples-champetres-autour-de-pamiers-2.jpeg 1400w, https:\/\/www.camping-portesdariege.com\/wp-content\/uploads\/periples-champetres-autour-de-pamiers-2-1024x731.jpeg 1024w, https:\/\/www.camping-portesdariege.com\/wp-content\/uploads\/periples-champetres-autour-de-pamiers-2-768x549.jpeg 768w, https:\/\/www.camping-portesdariege.com\/wp-content\/uploads\/periples-champetres-autour-de-pamiers-2-512x366.jpeg 512w, https:\/\/www.camping-portesdariege.com\/wp-content\/uploads\/periples-champetres-autour-de-pamiers-2-256x183.jpeg 256w\" sizes=\"auto, (max-width: 1400px) 100vw, 1400px\" \/><\/div><\/a><a href=\"https:\/\/www.camping-portesdariege.com\/wp-content\/uploads\/velo-a-travers-les-plaines-2.jpeg\" id=\"thumb-5379\" class=\"splide__slide image-link\" data-gallery=\"slide_738\"  alt=\" \" class=\"image-link\"><div class=\"image-wrapper\"><img loading=\"lazy\" decoding=\"async\" width=\"1530\" height=\"1200\" src=\"https:\/\/www.camping-portesdariege.com\/wp-content\/uploads\/velo-a-travers-les-plaines-2.jpeg\" class=\"attachment-gallery size-gallery\" alt=\"\" srcset=\"https:\/\/www.camping-portesdariege.com\/wp-content\/uploads\/velo-a-travers-les-plaines-2.jpeg 1530w, https:\/\/www.camping-portesdariege.com\/wp-content\/uploads\/velo-a-travers-les-plaines-2-1024x803.jpeg 1024w, https:\/\/www.camping-portesdariege.com\/wp-content\/uploads\/velo-a-travers-les-plaines-2-768x602.jpeg 768w, https:\/\/www.camping-portesdariege.com\/wp-content\/uploads\/velo-a-travers-les-plaines-2-512x402.jpeg 512w, https:\/\/www.camping-portesdariege.com\/wp-content\/uploads\/velo-a-travers-les-plaines-2-256x201.jpeg 256w\" sizes=\"auto, (max-width: 1530px) 100vw, 1530px\" \/><\/div><\/a><a href=\"https:\/\/www.camping-portesdariege.com\/wp-content\/uploads\/vtt-pamiers-bezac-2.png\" id=\"thumb-5378\" class=\"splide__slide image-link\" data-gallery=\"slide_738\"  alt=\" \" class=\"image-link\"><div class=\"image-wrapper\"><img loading=\"lazy\" decoding=\"async\" width=\"2048\" height=\"1327\" src=\"https:\/\/www.camping-portesdariege.com\/wp-content\/uploads\/vtt-pamiers-bezac-2-2048x1327.png\" class=\"attachment-gallery size-gallery\" alt=\"\" srcset=\"https:\/\/www.camping-portesdariege.com\/wp-content\/uploads\/vtt-pamiers-bezac-2-2048x1327.png 2048w, https:\/\/www.camping-portesdariege.com\/wp-content\/uploads\/vtt-pamiers-bezac-2-1024x664.png 1024w, https:\/\/www.camping-portesdariege.com\/wp-content\/uploads\/vtt-pamiers-bezac-2-768x498.png 768w, https:\/\/www.camping-portesdariege.com\/wp-content\/uploads\/vtt-pamiers-bezac-2-1536x996.png 1536w, https:\/\/www.camping-portesdariege.com\/wp-content\/uploads\/vtt-pamiers-bezac-2-512x332.png 512w, https:\/\/www.camping-portesdariege.com\/wp-content\/uploads\/vtt-pamiers-bezac-2-256x166.png 256w\" sizes=\"auto, (max-width: 2048px) 100vw, 2048px\" \/><\/div><\/a><a href=\"https:\/\/www.camping-portesdariege.com\/wp-content\/uploads\/vtt-velo-2.jpeg\" id=\"thumb-5377\" class=\"splide__slide image-link\" data-gallery=\"slide_738\"  alt=\" \" class=\"image-link\"><div class=\"image-wrapper\"><img loading=\"lazy\" decoding=\"async\" width=\"600\" height=\"400\" src=\"https:\/\/www.camping-portesdariege.com\/wp-content\/uploads\/vtt-velo-2.jpeg\" class=\"attachment-gallery size-gallery\" alt=\"\" srcset=\"https:\/\/www.camping-portesdariege.com\/wp-content\/uploads\/vtt-velo-2.jpeg 600w, https:\/\/www.camping-portesdariege.com\/wp-content\/uploads\/vtt-velo-2-512x341.jpeg 512w, https:\/\/www.camping-portesdariege.com\/wp-content\/uploads\/vtt-velo-2-256x171.jpeg 256w\" sizes=\"auto, (max-width: 600px) 100vw, 600px\" \/><\/div><\/a><a href=\"https:\/\/www.camping-portesdariege.com\/wp-content\/uploads\/circuit-vtt-2.jpeg\" id=\"thumb-5376\" class=\"splide__slide image-link\" data-gallery=\"slide_738\"  alt=\" \" class=\"image-link\"><div class=\"image-wrapper\"><img loading=\"lazy\" decoding=\"async\" width=\"340\" height=\"200\" src=\"https:\/\/www.camping-portesdariege.com\/wp-content\/uploads\/circuit-vtt-2.jpeg\" class=\"attachment-gallery size-gallery\" alt=\"\" srcset=\"https:\/\/www.camping-portesdariege.com\/wp-content\/uploads\/circuit-vtt-2.jpeg 340w, https:\/\/www.camping-portesdariege.com\/wp-content\/uploads\/circuit-vtt-2-256x151.jpeg 256w\" sizes=\"auto, (max-width: 340px) 100vw, 340px\" \/><\/div><\/a><a href=\"https:\/\/www.camping-portesdariege.com\/wp-content\/uploads\/vtt-2.jpeg\" id=\"thumb-5375\" class=\"splide__slide image-link\" data-gallery=\"slide_738\"  alt=\" \" class=\"image-link\"><div class=\"image-wrapper\"><img loading=\"lazy\" decoding=\"async\" width=\"1920\" height=\"1440\" src=\"https:\/\/www.camping-portesdariege.com\/wp-content\/uploads\/vtt-2.jpeg\" class=\"attachment-gallery size-gallery\" alt=\"\" srcset=\"https:\/\/www.camping-portesdariege.com\/wp-content\/uploads\/vtt-2.jpeg 1920w, https:\/\/www.camping-portesdariege.com\/wp-content\/uploads\/vtt-2-1024x768.jpeg 1024w, https:\/\/www.camping-portesdariege.com\/wp-content\/uploads\/vtt-2-768x576.jpeg 768w, https:\/\/www.camping-portesdariege.com\/wp-content\/uploads\/vtt-2-1536x1152.jpeg 1536w, https:\/\/www.camping-portesdariege.com\/wp-content\/uploads\/vtt-2-512x384.jpeg 512w, https:\/\/www.camping-portesdariege.com\/wp-content\/uploads\/vtt-2-256x192.jpeg 256w\" sizes=\"auto, (max-width: 1920px) 100vw, 1920px\" \/><\/div><\/a><a href=\"https:\/\/www.camping-portesdariege.com\/wp-content\/uploads\/vtt-basse-vallee-ariege-2.png\" id=\"thumb-5374\" class=\"splide__slide image-link\" data-gallery=\"slide_738\"  alt=\" \" class=\"image-link\"><div class=\"image-wrapper\"><img loading=\"lazy\" decoding=\"async\" width=\"910\" height=\"990\" src=\"https:\/\/www.camping-portesdariege.com\/wp-content\/uploads\/vtt-basse-vallee-ariege-2.png\" class=\"attachment-gallery size-gallery\" alt=\"\" srcset=\"https:\/\/www.camping-portesdariege.com\/wp-content\/uploads\/vtt-basse-vallee-ariege-2.png 910w, https:\/\/www.camping-portesdariege.com\/wp-content\/uploads\/vtt-basse-vallee-ariege-2-768x836.png 768w, https:\/\/www.camping-portesdariege.com\/wp-content\/uploads\/vtt-basse-vallee-ariege-2-471x512.png 471w, https:\/\/www.camping-portesdariege.com\/wp-content\/uploads\/vtt-basse-vallee-ariege-2-235x256.png 235w\" sizes=\"auto, (max-width: 910px) 100vw, 910px\" \/><\/div><\/a><\/div><\/div><\/div><\/div>\n                    \n<\/div><\/div>\n\n\n\n<div class=\"wp-block-cover alignfull is-light _block-gallery-container\" style=\"margin-top:0;margin-bottom:0;padding-top:var(--wp--preset--spacing--80);padding-bottom:var(--wp--preset--spacing--60)\"><img loading=\"lazy\" decoding=\"async\" width=\"1421\" height=\"992\" class=\"wp-block-cover__image-background wp-image-1009\" alt=\"\" src=\"https:\/\/camping-portesdariege.com\/wp-content\/uploads\/back-actualites.jpg\" data-object-fit=\"cover\" srcset=\"https:\/\/www.camping-portesdariege.com\/wp-content\/uploads\/back-actualites.jpg 1421w, https:\/\/www.camping-portesdariege.com\/wp-content\/uploads\/back-actualites-1024x715.jpg 1024w, https:\/\/www.camping-portesdariege.com\/wp-content\/uploads\/back-actualites-768x536.jpg 768w, https:\/\/www.camping-portesdariege.com\/wp-content\/uploads\/back-actualites-512x357.jpg 512w, https:\/\/www.camping-portesdariege.com\/wp-content\/uploads\/back-actualites-256x179.jpg 256w\" sizes=\"auto, (max-width: 1421px) 100vw, 1421px\" \/><span aria-hidden=\"true\" class=\"wp-block-cover__background has-background-dim-0 has-background-dim\"><\/span><div class=\"wp-block-cover__inner-container is-layout-constrained wp-block-cover-is-layout-constrained\">\n<div class=\"wp-block-group alignwide h2-block-gallery-100 is-layout-flow wp-block-group-is-layout-flow\" style=\"margin-bottom:var(--wp--preset--spacing--80)\">\n<h2 class=\"wp-block-heading h2-40 animation--init--once slide-down has-theme-primary-green-color has-text-color has-link-color wp-elements-6eb1d780236d0ead84160b01e3fe6ca9\"><mark style=\"background-color:rgba(0, 0, 0, 0)\" class=\"has-inline-color has-theme-dark-green-color\">D\u00e9couvrez \u00e9galement<\/mark><br>nos autres activit\u00e9s<\/h2>\n<\/div>\n\n\n\n<div class=\"wp-block-slider block-gallery-100 alignwide has-custom-margin\" style=\"margin-top:var:preset|spacing|80;--wp--custom--block-gap:var:preset|spacing|80 !important;\">\n    <div class=\"block-slider-splide splide\" id=\"block_slide_3723\">\n        <div class=\"splide__track\">\n                <div class=\"acf-innerblocks-container\">\n\n<div class=\"wp-block-group animation--init--once slide-down is-layout-constrained wp-block-group-is-layout-constrained\">        <a href=\"https:\/\/www.camping-portesdariege.com\/les-activites\/canoe\/\"class=\"wp-block-custom-banner has-text-align-left\" target=\"_self\">\n        <div class=\"acf-innerblocks-container\">\n\n<div class=\"wp-block-cover is-light has-custom-content-position is-position-bottom-left\"><img loading=\"lazy\" decoding=\"async\" width=\"845\" height=\"1080\" class=\"wp-block-cover__image-background wp-image-945\" alt=\"\" src=\"https:\/\/camping-portesdariege.com\/wp-content\/uploads\/canoe.jpg\" data-object-fit=\"cover\" srcset=\"https:\/\/www.camping-portesdariege.com\/wp-content\/uploads\/canoe.jpg 845w, https:\/\/www.camping-portesdariege.com\/wp-content\/uploads\/canoe-801x1024.jpg 801w, https:\/\/www.camping-portesdariege.com\/wp-content\/uploads\/canoe-768x982.jpg 768w, https:\/\/www.camping-portesdariege.com\/wp-content\/uploads\/canoe-401x512.jpg 401w, https:\/\/www.camping-portesdariege.com\/wp-content\/uploads\/canoe-200x256.jpg 200w\" sizes=\"auto, (max-width: 845px) 100vw, 845px\" \/><span aria-hidden=\"true\" class=\"wp-block-cover__background has-background-dim-0 has-background-dim\"><\/span><div class=\"wp-block-cover__inner-container is-layout-constrained wp-block-cover-is-layout-constrained\">\n<p class=\"has-text-align-left has-theme-white-color has-text-color has-link-color has-large-font-size wp-elements-6fea357bc2bb2d074ceebff5d7b27249\">Le cano\u00eb<\/p>\n<\/div><\/div>\n\n<\/div>\n        <\/a>\n<\/div>\n\n\n\n<div class=\"wp-block-group animation--init--once slide-down is-layout-constrained wp-block-group-is-layout-constrained\">        <a href=\"https:\/\/www.camping-portesdariege.com\/les-activites\/peche\/\"class=\"wp-block-custom-banner has-text-align-left\" target=\"_self\">\n        <div class=\"acf-innerblocks-container\">\n\n<div class=\"wp-block-cover has-custom-content-position is-position-bottom-left\"><img loading=\"lazy\" decoding=\"async\" width=\"1920\" height=\"960\" class=\"wp-block-cover__image-background wp-image-4149\" alt=\"\" src=\"https:\/\/camping-portesdariege.com\/wp-content\/uploads\/peche-en-famille-2.jpg\" data-object-fit=\"cover\" srcset=\"https:\/\/www.camping-portesdariege.com\/wp-content\/uploads\/peche-en-famille-2.jpg 1920w, https:\/\/www.camping-portesdariege.com\/wp-content\/uploads\/peche-en-famille-2-1024x512.jpg 1024w, https:\/\/www.camping-portesdariege.com\/wp-content\/uploads\/peche-en-famille-2-768x384.jpg 768w, https:\/\/www.camping-portesdariege.com\/wp-content\/uploads\/peche-en-famille-2-1536x768.jpg 1536w, https:\/\/www.camping-portesdariege.com\/wp-content\/uploads\/peche-en-famille-2-512x256.jpg 512w, https:\/\/www.camping-portesdariege.com\/wp-content\/uploads\/peche-en-famille-2-256x128.jpg 256w\" sizes=\"auto, (max-width: 1920px) 100vw, 1920px\" \/><span aria-hidden=\"true\" class=\"wp-block-cover__background has-background-dim-0 has-background-dim\"><\/span><div class=\"wp-block-cover__inner-container is-layout-constrained wp-block-cover-is-layout-constrained\">\n<p class=\"has-text-align-left has-theme-white-color has-text-color has-link-color has-large-font-size wp-elements-b1fcc4b080a260f61f3f7a37009ef1cd\">La P\u00eache<\/p>\n<\/div><\/div>\n\n<\/div>\n        <\/a>\n<\/div>\n\n\n\n<div class=\"wp-block-group animation--init--once slide-down is-layout-constrained wp-block-group-is-layout-constrained\">        <a href=\"https:\/\/www.camping-portesdariege.com\/les-activites\/equitation\/\"class=\"wp-block-custom-banner has-text-align-left\" target=\"_self\">\n        <div class=\"acf-innerblocks-container\">\n\n<div class=\"wp-block-cover has-custom-content-position is-position-bottom-left\"><img loading=\"lazy\" decoding=\"async\" width=\"1920\" height=\"1440\" class=\"wp-block-cover__image-background wp-image-4336\" alt=\"\" src=\"https:\/\/www.camping-portesdariege.com\/wp-content\/uploads\/equitation-2.jpeg\" data-object-fit=\"cover\" srcset=\"https:\/\/www.camping-portesdariege.com\/wp-content\/uploads\/equitation-2.jpeg 1920w, https:\/\/www.camping-portesdariege.com\/wp-content\/uploads\/equitation-2-1024x768.jpeg 1024w, https:\/\/www.camping-portesdariege.com\/wp-content\/uploads\/equitation-2-768x576.jpeg 768w, https:\/\/www.camping-portesdariege.com\/wp-content\/uploads\/equitation-2-1536x1152.jpeg 1536w, https:\/\/www.camping-portesdariege.com\/wp-content\/uploads\/equitation-2-512x384.jpeg 512w, https:\/\/www.camping-portesdariege.com\/wp-content\/uploads\/equitation-2-256x192.jpeg 256w\" sizes=\"auto, (max-width: 1920px) 100vw, 1920px\" \/><span aria-hidden=\"true\" class=\"wp-block-cover__background has-background-dim-0 has-background-dim\"><\/span><div class=\"wp-block-cover__inner-container is-layout-constrained wp-block-cover-is-layout-constrained\">\n<p class=\"has-text-align-left has-theme-white-color has-text-color has-link-color has-large-font-size wp-elements-afd16708a9cf8e85912796fba2dbdca2\">L&#8217;\u00e9quitation<\/p>\n<\/div><\/div>\n\n<\/div>\n        <\/a>\n<\/div>\n\n\n\n<div class=\"wp-block-group animation--init--once slide-down is-layout-constrained wp-block-group-is-layout-constrained\">        <a href=\"https:\/\/www.camping-portesdariege.com\/la-region\/le-ski-neige-et-raquette\/\"class=\"wp-block-custom-banner has-text-align-left\" target=\"_self\">\n        <div class=\"acf-innerblocks-container\">\n\n<div class=\"wp-block-cover has-custom-content-position is-position-bottom-left\"><img loading=\"lazy\" decoding=\"async\" width=\"1152\" height=\"882\" class=\"wp-block-cover__image-background wp-image-3483\" alt=\"\" src=\"https:\/\/camping-portesdariege.com\/wp-content\/uploads\/nordique-3.jpg\" data-object-fit=\"cover\" srcset=\"https:\/\/www.camping-portesdariege.com\/wp-content\/uploads\/nordique-3.jpg 1152w, https:\/\/www.camping-portesdariege.com\/wp-content\/uploads\/nordique-3-1024x784.jpg 1024w, https:\/\/www.camping-portesdariege.com\/wp-content\/uploads\/nordique-3-768x588.jpg 768w, https:\/\/www.camping-portesdariege.com\/wp-content\/uploads\/nordique-3-512x392.jpg 512w, https:\/\/www.camping-portesdariege.com\/wp-content\/uploads\/nordique-3-256x196.jpg 256w\" sizes=\"auto, (max-width: 1152px) 100vw, 1152px\" \/><span aria-hidden=\"true\" class=\"wp-block-cover__background has-background-dim-0 has-background-dim\"><\/span><div class=\"wp-block-cover__inner-container is-layout-constrained wp-block-cover-is-layout-constrained\">\n<p class=\"has-text-align-left has-theme-white-color has-text-color has-link-color has-large-font-size wp-elements-0901445c8bc9c18b01e82427d5fdce38\">Le Ski<\/p>\n<\/div><\/div>\n\n<\/div>\n        <\/a>\n<\/div>\n\n\n\n<div class=\"wp-block-group animation--init--once slide-down is-layout-constrained wp-block-group-is-layout-constrained\">        <a href=\"https:\/\/www.camping-portesdariege.com\/les-activites\/vtt\/\"class=\"wp-block-custom-banner has-text-align-left\" target=\"_self\">\n        <div class=\"acf-innerblocks-container\">\n\n<div class=\"wp-block-cover has-custom-content-position is-position-bottom-left\"><img loading=\"lazy\" decoding=\"async\" width=\"1920\" height=\"1440\" class=\"wp-block-cover__image-background wp-image-3878\" alt=\"\" src=\"https:\/\/camping-portesdariege.com\/wp-content\/uploads\/vtt-2.jpg\" data-object-fit=\"cover\" srcset=\"https:\/\/www.camping-portesdariege.com\/wp-content\/uploads\/vtt-2.jpg 1920w, https:\/\/www.camping-portesdariege.com\/wp-content\/uploads\/vtt-2-1024x768.jpg 1024w, https:\/\/www.camping-portesdariege.com\/wp-content\/uploads\/vtt-2-768x576.jpg 768w, https:\/\/www.camping-portesdariege.com\/wp-content\/uploads\/vtt-2-1536x1152.jpg 1536w, https:\/\/www.camping-portesdariege.com\/wp-content\/uploads\/vtt-2-512x384.jpg 512w, https:\/\/www.camping-portesdariege.com\/wp-content\/uploads\/vtt-2-256x192.jpg 256w\" sizes=\"auto, (max-width: 1920px) 100vw, 1920px\" \/><span aria-hidden=\"true\" class=\"wp-block-cover__background has-background-dim-0 has-background-dim\"><\/span><div class=\"wp-block-cover__inner-container is-layout-constrained wp-block-cover-is-layout-constrained\">\n<p class=\"has-text-align-left has-theme-white-color has-text-color has-link-color has-large-font-size wp-elements-3515b265d13fb0a1d0f210261fdfca69\">VTT<\/p>\n<\/div><\/div>\n\n<\/div>\n        <\/a>\n<\/div>\n\n\n\n<div class=\"wp-block-group animation--init--once slide-down is-layout-constrained wp-block-group-is-layout-constrained\">        <a href=\"https:\/\/www.camping-portesdariege.com\/les-activites\/chemin-de-st-jaques-de-compostelle\/\"class=\"wp-block-custom-banner has-text-align-left\" target=\"_self\">\n        <div class=\"acf-innerblocks-container\">\n\n<div class=\"wp-block-cover is-light has-custom-content-position is-position-bottom-left\"><img loading=\"lazy\" decoding=\"async\" width=\"600\" height=\"429\" class=\"wp-block-cover__image-background wp-image-3235\" alt=\"\" src=\"https:\/\/camping-portesdariege.com\/wp-content\/uploads\/balade-sportive-et-bucolique.jpg\" data-object-fit=\"cover\" srcset=\"https:\/\/www.camping-portesdariege.com\/wp-content\/uploads\/balade-sportive-et-bucolique.jpg 600w, https:\/\/www.camping-portesdariege.com\/wp-content\/uploads\/balade-sportive-et-bucolique-512x366.jpg 512w, https:\/\/www.camping-portesdariege.com\/wp-content\/uploads\/balade-sportive-et-bucolique-256x183.jpg 256w\" sizes=\"auto, (max-width: 600px) 100vw, 600px\" \/><span aria-hidden=\"true\" class=\"wp-block-cover__background has-background-dim-0 has-background-dim\"><\/span><div class=\"wp-block-cover__inner-container is-layout-constrained wp-block-cover-is-layout-constrained\">\n<p class=\"has-text-align-left has-theme-white-color has-text-color has-link-color has-large-font-size wp-elements-89a7ea676d665097926e32c8e0c8c24e\">Chemin de<br>Sant Jaques de Compostelle<\/p>\n<\/div><\/div>\n\n<\/div>\n        <\/a>\n<\/div>\n\n\n\n<div class=\"wp-block-group animation--init--once slide-down is-layout-constrained wp-block-group-is-layout-constrained\">        <a href=\"https:\/\/www.camping-portesdariege.com\/la-region\/les-lacs\/\"class=\"wp-block-custom-banner has-text-align-left\" target=\"_self\">\n        <div class=\"acf-innerblocks-container\">\n\n<div class=\"wp-block-cover is-light has-custom-content-position is-position-bottom-left\"><img loading=\"lazy\" decoding=\"async\" width=\"1011\" height=\"675\" class=\"wp-block-cover__image-background wp-image-2292\" alt=\"\" src=\"https:\/\/camping-portesdariege.com\/wp-content\/uploads\/lac-de-montbel.jpg\" data-object-fit=\"cover\" srcset=\"https:\/\/www.camping-portesdariege.com\/wp-content\/uploads\/lac-de-montbel.jpg 1011w, https:\/\/www.camping-portesdariege.com\/wp-content\/uploads\/lac-de-montbel-768x513.jpg 768w, https:\/\/www.camping-portesdariege.com\/wp-content\/uploads\/lac-de-montbel-512x342.jpg 512w, https:\/\/www.camping-portesdariege.com\/wp-content\/uploads\/lac-de-montbel-256x171.jpg 256w\" sizes=\"auto, (max-width: 1011px) 100vw, 1011px\" \/><span aria-hidden=\"true\" class=\"wp-block-cover__background has-background-dim-0 has-background-dim\"><\/span><div class=\"wp-block-cover__inner-container is-layout-constrained wp-block-cover-is-layout-constrained\">\n<p class=\"has-text-align-left has-theme-white-color has-text-color has-link-color has-large-font-size wp-elements-d965b05fd7d50b9b49713c0841d73ddf\">Les Lacs<\/p>\n<\/div><\/div>\n\n<\/div>\n        <\/a>\n<\/div>\n\n\n\n<div class=\"wp-block-group animation--init--once slide-down is-layout-constrained wp-block-group-is-layout-constrained\">        <a href=\"https:\/\/www.camping-portesdariege.com\/la-region\/les-chateaux\/\"class=\"wp-block-custom-banner has-text-align-left\" target=\"_self\">\n        <div class=\"acf-innerblocks-container\">\n\n<div class=\"wp-block-cover is-light has-custom-content-position is-position-center-left\"><img loading=\"lazy\" decoding=\"async\" width=\"270\" height=\"270\" class=\"wp-block-cover__image-background wp-image-2310\" alt=\"\" src=\"https:\/\/camping-portesdariege.com\/wp-content\/uploads\/chateau-de-foix.jpg\" data-object-fit=\"cover\" srcset=\"https:\/\/www.camping-portesdariege.com\/wp-content\/uploads\/chateau-de-foix.jpg 270w, https:\/\/www.camping-portesdariege.com\/wp-content\/uploads\/chateau-de-foix-200x200.jpg 200w, https:\/\/www.camping-portesdariege.com\/wp-content\/uploads\/chateau-de-foix-256x256.jpg 256w\" sizes=\"auto, (max-width: 270px) 100vw, 270px\" \/><span aria-hidden=\"true\" class=\"wp-block-cover__background has-background-dim-0 has-background-dim\"><\/span><div class=\"wp-block-cover__inner-container is-layout-constrained wp-block-cover-is-layout-constrained\">\n<p class=\"has-text-align-left has-theme-white-color has-text-color has-link-color has-large-font-size wp-elements-1c1fc67915afa57574e52760cf71bd78\">Les Ch\u00e2teaux<\/p>\n<\/div><\/div>\n\n<\/div>\n        <\/a>\n<\/div>\n\n\n\n<div class=\"wp-block-group animation--init--once slide-down is-layout-constrained wp-block-group-is-layout-constrained\">        <a href=\"https:\/\/www.camping-portesdariege.com\/la-region\/les-grottes\/\"class=\"wp-block-custom-banner has-text-align-left\" target=\"_self\">\n        <div class=\"acf-innerblocks-container\">\n\n<div class=\"wp-block-cover has-custom-content-position is-position-center-left\"><img loading=\"lazy\" decoding=\"async\" width=\"1920\" height=\"1282\" class=\"wp-block-cover__image-background wp-image-3584\" alt=\"\" src=\"https:\/\/camping-portesdariege.com\/wp-content\/uploads\/grotte-mas-dazil-2.jpg\" data-object-fit=\"cover\" srcset=\"https:\/\/www.camping-portesdariege.com\/wp-content\/uploads\/grotte-mas-dazil-2.jpg 1920w, https:\/\/www.camping-portesdariege.com\/wp-content\/uploads\/grotte-mas-dazil-2-1024x684.jpg 1024w, https:\/\/www.camping-portesdariege.com\/wp-content\/uploads\/grotte-mas-dazil-2-768x513.jpg 768w, https:\/\/www.camping-portesdariege.com\/wp-content\/uploads\/grotte-mas-dazil-2-1536x1026.jpg 1536w, https:\/\/www.camping-portesdariege.com\/wp-content\/uploads\/grotte-mas-dazil-2-512x342.jpg 512w, https:\/\/www.camping-portesdariege.com\/wp-content\/uploads\/grotte-mas-dazil-2-256x171.jpg 256w\" sizes=\"auto, (max-width: 1920px) 100vw, 1920px\" \/><span aria-hidden=\"true\" class=\"wp-block-cover__background has-background-dim-0 has-background-dim\"><\/span><div class=\"wp-block-cover__inner-container is-layout-constrained wp-block-cover-is-layout-constrained\">\n<p class=\"has-text-align-left has-theme-white-color has-text-color has-link-color has-large-font-size wp-elements-af2c1d88f3025c7cc79d1c8a91fdc5d0\">Les Grottes<\/p>\n<\/div><\/div>\n\n<\/div>\n        <\/a>\n<\/div>\n\n\n\n<div class=\"wp-block-group animation--init--once slide-down is-layout-constrained wp-block-group-is-layout-constrained\">        <a href=\"https:\/\/www.camping-portesdariege.com\/la-region\/musees\/\"class=\"wp-block-custom-banner has-text-align-left\" target=\"_self\">\n        <div class=\"acf-innerblocks-container\">\n\n<div class=\"wp-block-cover has-custom-content-position is-position-center-left\"><img loading=\"lazy\" decoding=\"async\" width=\"1920\" height=\"1282\" class=\"wp-block-cover__image-background wp-image-2446\" alt=\"\" src=\"https:\/\/camping-portesdariege.com\/wp-content\/uploads\/pyrene-le-maitre-verrier.jpg\" data-object-fit=\"cover\" srcset=\"https:\/\/www.camping-portesdariege.com\/wp-content\/uploads\/pyrene-le-maitre-verrier.jpg 1920w, https:\/\/www.camping-portesdariege.com\/wp-content\/uploads\/pyrene-le-maitre-verrier-1024x684.jpg 1024w, https:\/\/www.camping-portesdariege.com\/wp-content\/uploads\/pyrene-le-maitre-verrier-768x513.jpg 768w, https:\/\/www.camping-portesdariege.com\/wp-content\/uploads\/pyrene-le-maitre-verrier-1536x1026.jpg 1536w, https:\/\/www.camping-portesdariege.com\/wp-content\/uploads\/pyrene-le-maitre-verrier-512x342.jpg 512w, https:\/\/www.camping-portesdariege.com\/wp-content\/uploads\/pyrene-le-maitre-verrier-256x171.jpg 256w\" sizes=\"auto, (max-width: 1920px) 100vw, 1920px\" \/><span aria-hidden=\"true\" class=\"wp-block-cover__background has-background-dim-0 has-background-dim\"><\/span><div class=\"wp-block-cover__inner-container is-layout-constrained wp-block-cover-is-layout-constrained\">\n<p class=\"has-text-align-left has-theme-white-color has-text-color has-link-color has-large-font-size wp-elements-b33e46f4844f2ef5e18459e3873ceaf1\">Les Mus\u00e9es<\/p>\n<\/div><\/div>\n\n<\/div>\n        <\/a>\n<\/div>\n\n\n\n<div class=\"wp-block-group animation--init--once slide-down is-layout-constrained wp-block-group-is-layout-constrained\">        <a href=\"https:\/\/www.camping-portesdariege.com\/la-region\/gastronomie\/\"class=\"wp-block-custom-banner has-text-align-left\" target=\"_self\">\n        <div class=\"acf-innerblocks-container\">\n\n<div class=\"wp-block-cover has-custom-content-position is-position-center-left\"><img loading=\"lazy\" decoding=\"async\" width=\"1613\" height=\"988\" class=\"wp-block-cover__image-background wp-image-3604\" alt=\"\" src=\"https:\/\/camping-portesdariege.com\/wp-content\/uploads\/gastronomie1.jpg\" data-object-fit=\"cover\" srcset=\"https:\/\/www.camping-portesdariege.com\/wp-content\/uploads\/gastronomie1.jpg 1613w, https:\/\/www.camping-portesdariege.com\/wp-content\/uploads\/gastronomie1-1024x627.jpg 1024w, https:\/\/www.camping-portesdariege.com\/wp-content\/uploads\/gastronomie1-768x470.jpg 768w, https:\/\/www.camping-portesdariege.com\/wp-content\/uploads\/gastronomie1-1536x941.jpg 1536w, https:\/\/www.camping-portesdariege.com\/wp-content\/uploads\/gastronomie1-512x314.jpg 512w, https:\/\/www.camping-portesdariege.com\/wp-content\/uploads\/gastronomie1-256x157.jpg 256w\" sizes=\"auto, (max-width: 1613px) 100vw, 1613px\" \/><span aria-hidden=\"true\" class=\"wp-block-cover__background has-background-dim-0 has-background-dim\"><\/span><div class=\"wp-block-cover__inner-container is-layout-constrained wp-block-cover-is-layout-constrained\">\n<p class=\"has-text-align-left has-theme-white-color has-text-color has-link-color has-large-font-size wp-elements-857fef792875b46afad0d3f9bb9884ff\">Gastronomie<\/p>\n<\/div><\/div>\n\n<\/div>\n        <\/a>\n<\/div>\n\n\n\n<div class=\"wp-block-group animation--init--once slide-down is-layout-constrained wp-block-group-is-layout-constrained\">        <a href=\"https:\/\/www.camping-portesdariege.com\/la-region\/pamiers\/\"class=\"wp-block-custom-banner has-text-align-left\" target=\"_self\">\n        <div class=\"acf-innerblocks-container\">\n\n<div class=\"wp-block-cover is-light has-custom-content-position is-position-center-left\"><img loading=\"lazy\" decoding=\"async\" width=\"1600\" height=\"778\" class=\"wp-block-cover__image-background wp-image-3677\" alt=\"\" src=\"https:\/\/camping-portesdariege.com\/wp-content\/uploads\/pamiers-3-clochers-2.jpg\" data-object-fit=\"cover\" srcset=\"https:\/\/www.camping-portesdariege.com\/wp-content\/uploads\/pamiers-3-clochers-2.jpg 1600w, https:\/\/www.camping-portesdariege.com\/wp-content\/uploads\/pamiers-3-clochers-2-1024x498.jpg 1024w, https:\/\/www.camping-portesdariege.com\/wp-content\/uploads\/pamiers-3-clochers-2-768x373.jpg 768w, https:\/\/www.camping-portesdariege.com\/wp-content\/uploads\/pamiers-3-clochers-2-1536x747.jpg 1536w, https:\/\/www.camping-portesdariege.com\/wp-content\/uploads\/pamiers-3-clochers-2-512x249.jpg 512w, https:\/\/www.camping-portesdariege.com\/wp-content\/uploads\/pamiers-3-clochers-2-256x124.jpg 256w\" sizes=\"auto, (max-width: 1600px) 100vw, 1600px\" \/><span aria-hidden=\"true\" class=\"wp-block-cover__background has-background-dim-0 has-background-dim\"><\/span><div class=\"wp-block-cover__inner-container is-layout-constrained wp-block-cover-is-layout-constrained\">\n<p class=\"has-text-align-left has-theme-white-color has-text-color has-link-color has-large-font-size wp-elements-b4cd4b09031484a87422788d3d95a658\">Pamiers<\/p>\n<\/div><\/div>\n\n<\/div>\n        <\/a>\n<\/div>\n\n\n\n<div class=\"wp-block-group animation--init--once slide-down is-layout-constrained wp-block-group-is-layout-constrained\">        <a href=\"https:\/\/www.camping-portesdariege.com\/la-region\/les-parcs-et-fermes\/\"class=\"wp-block-custom-banner has-text-align-left\" target=\"_self\">\n        <div class=\"acf-innerblocks-container\">\n\n<div class=\"wp-block-cover has-custom-content-position is-position-center-left\"><img loading=\"lazy\" decoding=\"async\" width=\"1800\" height=\"1200\" class=\"wp-block-cover__image-background wp-image-4041\" alt=\"\" src=\"https:\/\/camping-portesdariege.com\/wp-content\/uploads\/xploria-2.jpg\" data-object-fit=\"cover\" srcset=\"https:\/\/www.camping-portesdariege.com\/wp-content\/uploads\/xploria-2.jpg 1800w, https:\/\/www.camping-portesdariege.com\/wp-content\/uploads\/xploria-2-1024x683.jpg 1024w, https:\/\/www.camping-portesdariege.com\/wp-content\/uploads\/xploria-2-768x512.jpg 768w, https:\/\/www.camping-portesdariege.com\/wp-content\/uploads\/xploria-2-1536x1024.jpg 1536w, https:\/\/www.camping-portesdariege.com\/wp-content\/uploads\/xploria-2-512x341.jpg 512w, https:\/\/www.camping-portesdariege.com\/wp-content\/uploads\/xploria-2-256x171.jpg 256w\" sizes=\"auto, (max-width: 1800px) 100vw, 1800px\" \/><span aria-hidden=\"true\" class=\"wp-block-cover__background has-background-dim-0 has-background-dim\"><\/span><div class=\"wp-block-cover__inner-container is-layout-constrained wp-block-cover-is-layout-constrained\">\n<p class=\"has-text-align-left has-theme-white-color has-text-color has-link-color has-large-font-size wp-elements-5d4336095ed29e6b6c9e05efcfc0a5b8\">Les parcs et fermes<\/p>\n<\/div><\/div>\n\n<\/div>\n        <\/a>\n<\/div>\n\n<\/div>        <\/div>\n    <\/div>\n<\/div>\n    <script>\n        'use strict';\n\n        document.addEventListener('DOMContentLoaded', function () {\n\n            (function() {\n                const blockSlide = new Splide( '#block_slide_3723', {\n                    type : 'loop',\n                    perPage: 5,\n                    updateOnMove: true,\n                    perMove: 1,\n                                        \n                    breakpoints: {\n                        800: {\n                            perPage: 2,\n                                                    },\n                        450: {\n                            perPage: 1,\n                            \n                        },\n                    },\n                    pagination: false,\n                    arrows: true,\n                    gap: 'var:preset|spacing|80',\n                    i18n: {\n                        slideLabel: '%s\/%s',\n                    }\n                } );\n                \n                blockSlide.mount();\n                                            })();\n        })\n    <\/script>\n<\/div><\/div>\n","protected":false},"excerpt":{"rendered":"<p>Descubre Ari\u00e8ge en bicicleta o en bicicleta de monta\u00f1aDependiendo de tu nivel y tus deseos Podr\u00e1 elegir entre&nbsp;paseos deportivos y buc\u00f3licos, as\u00ed como&nbsp;hermosas excursiones por el campo. En Ari\u00e8ge, hay dos importantes v\u00edas verdes, o&nbsp;carriles bici exclusivos,&nbsp;que suman m\u00e1s de 80 km. Adem\u00e1s, cerca de Pamiers hay 24 rutas&nbsp;de ciclismo de monta\u00f1a&nbsp;y&nbsp;en bicicleta&nbsp;, incluyendo 14&nbsp;rutas [&hellip;]<\/p>\n","protected":false},"author":2,"featured_media":0,"parent":5356,"menu_order":3,"comment_status":"closed","ping_status":"closed","template":"","meta":{"_acf_changed":false,"inline_featured_image":false,"footnotes":""},"class_list":["post-5400","page","type-page","status-publish","hentry"],"acf":[],"yoast_head":"<!-- This site is optimized with the Yoast SEO plugin v27.2 - https:\/\/yoast.com\/product\/yoast-seo-wordpress\/ -->\n<title>VTT en Ari\u00e8ge | Activit\u00e9 VTT au Camping Portes d\u2019Ari\u00e8ge \u00e0 Pamiers<\/title>\n<meta name=\"description\" content=\"D\u00e9couvrez le VTT en Ari\u00e8ge au camping Portes d\u2019Ari\u00e8ge \u00e0 Pamiers. Explorez les sentiers VTT balis\u00e9s de la r\u00e9gion et profitez de magnifiques itin\u00e9raires pour une aventure \u00e0 v\u00e9lo ou VTT inoubliable. Consultez les sites locaux pour d\u00e9couvrir les parcours VTT \u00e0 proximit\u00e9 de Pamiers et planifiez votre prochaine excursion en plein air.\" \/>\n<meta name=\"robots\" content=\"index, follow, max-snippet:-1, max-image-preview:large, max-video-preview:-1\" \/>\n<link rel=\"canonical\" href=\"https:\/\/www.camping-portesdariege.com\/es\/les-activites\/vtt\/\" \/>\n<meta property=\"og:locale\" content=\"es_ES\" \/>\n<meta property=\"og:type\" content=\"article\" \/>\n<meta property=\"og:title\" content=\"VTT en Ari\u00e8ge | Activit\u00e9 VTT au Camping Portes d\u2019Ari\u00e8ge \u00e0 Pamiers\" \/>\n<meta property=\"og:description\" content=\"D\u00e9couvrez le VTT en Ari\u00e8ge au camping Portes d\u2019Ari\u00e8ge \u00e0 Pamiers. Explorez les sentiers VTT balis\u00e9s de la r\u00e9gion et profitez de magnifiques itin\u00e9raires pour une aventure \u00e0 v\u00e9lo ou VTT inoubliable. Consultez les sites locaux pour d\u00e9couvrir les parcours VTT \u00e0 proximit\u00e9 de Pamiers et planifiez votre prochaine excursion en plein air.\" \/>\n<meta property=\"og:url\" content=\"https:\/\/www.camping-portesdariege.com\/es\/les-activites\/vtt\/\" \/>\n<meta property=\"og:site_name\" content=\"Camping Porte d&#039;Ariege\" \/>\n<meta property=\"article:modified_time\" content=\"2026-04-02T09:31:11+00:00\" \/>\n<meta property=\"og:image\" content=\"https:\/\/www.camping-portesdariege.com\/wp-content\/uploads\/vtt-2.jpg\" \/>\n\t<meta property=\"og:image:width\" content=\"1920\" \/>\n\t<meta property=\"og:image:height\" content=\"1440\" \/>\n\t<meta property=\"og:image:type\" content=\"image\/jpeg\" \/>\n<meta name=\"twitter:card\" content=\"summary_large_image\" \/>\n<meta name=\"twitter:label1\" content=\"Tiempo de lectura\" \/>\n\t<meta name=\"twitter:data1\" content=\"6 minutos\" \/>\n<script type=\"application\/ld+json\" class=\"yoast-schema-graph\">{\"@context\":\"https:\/\/schema.org\",\"@graph\":[{\"@type\":\"WebPage\",\"@id\":\"https:\/\/www.camping-portesdariege.com\/es\/les-activites\/vtt\/\",\"url\":\"https:\/\/www.camping-portesdariege.com\/es\/les-activites\/vtt\/\",\"name\":\"VTT en Ari\u00e8ge | Activit\u00e9 VTT au Camping Portes d\u2019Ari\u00e8ge \u00e0 Pamiers\",\"isPartOf\":{\"@id\":\"https:\/\/www.camping-portesdariege.com\/es\/#website\"},\"primaryImageOfPage\":{\"@id\":\"https:\/\/www.camping-portesdariege.com\/es\/les-activites\/vtt\/#primaryimage\"},\"image\":{\"@id\":\"https:\/\/www.camping-portesdariege.com\/es\/les-activites\/vtt\/#primaryimage\"},\"thumbnailUrl\":\"https:\/\/camping-portesdariege.com\/wp-content\/uploads\/vtt-2.jpg\",\"datePublished\":\"2024-02-28T14:07:57+00:00\",\"dateModified\":\"2026-04-02T09:31:11+00:00\",\"description\":\"D\u00e9couvrez le VTT en Ari\u00e8ge au camping Portes d\u2019Ari\u00e8ge \u00e0 Pamiers. Explorez les sentiers VTT balis\u00e9s de la r\u00e9gion et profitez de magnifiques itin\u00e9raires pour une aventure \u00e0 v\u00e9lo ou VTT inoubliable. Consultez les sites locaux pour d\u00e9couvrir les parcours VTT \u00e0 proximit\u00e9 de Pamiers et planifiez votre prochaine excursion en plein air.\",\"breadcrumb\":{\"@id\":\"https:\/\/www.camping-portesdariege.com\/es\/les-activites\/vtt\/#breadcrumb\"},\"inLanguage\":\"es\",\"potentialAction\":[{\"@type\":\"ReadAction\",\"target\":[\"https:\/\/www.camping-portesdariege.com\/es\/les-activites\/vtt\/\"]}]},{\"@type\":\"ImageObject\",\"inLanguage\":\"es\",\"@id\":\"https:\/\/www.camping-portesdariege.com\/es\/les-activites\/vtt\/#primaryimage\",\"url\":\"https:\/\/camping-portesdariege.com\/wp-content\/uploads\/vtt-2.jpg\",\"contentUrl\":\"https:\/\/camping-portesdariege.com\/wp-content\/uploads\/vtt-2.jpg\"},{\"@type\":\"BreadcrumbList\",\"@id\":\"https:\/\/www.camping-portesdariege.com\/es\/les-activites\/vtt\/#breadcrumb\",\"itemListElement\":[{\"@type\":\"ListItem\",\"position\":1,\"name\":\"Inicio\",\"item\":\"https:\/\/www.camping-portesdariege.com\/es\/\"},{\"@type\":\"ListItem\",\"position\":2,\"name\":\"Actividades\",\"item\":\"https:\/\/www.camping-portesdariege.com\/es\/les-activites\/\"},{\"@type\":\"ListItem\",\"position\":3,\"name\":\"Ciclismo de monta\u00f1a\"}]},{\"@type\":\"WebSite\",\"@id\":\"https:\/\/www.camping-portesdariege.com\/es\/#website\",\"url\":\"https:\/\/www.camping-portesdariege.com\/es\/\",\"name\":\"Camping Porte d&#039;Ariege\",\"description\":\"Camping Porte d&#039;Ariege\",\"potentialAction\":[{\"@type\":\"SearchAction\",\"target\":{\"@type\":\"EntryPoint\",\"urlTemplate\":\"https:\/\/www.camping-portesdariege.com\/es\/?s={search_term_string}\"},\"query-input\":{\"@type\":\"PropertyValueSpecification\",\"valueRequired\":true,\"valueName\":\"search_term_string\"}}],\"inLanguage\":\"es\"}]}<\/script>\n<!-- \/ Yoast SEO plugin. -->","yoast_head_json":{"title":"VTT en Ari\u00e8ge | Activit\u00e9 VTT au Camping Portes d\u2019Ari\u00e8ge \u00e0 Pamiers","description":"D\u00e9couvrez le VTT en Ari\u00e8ge au camping Portes d\u2019Ari\u00e8ge \u00e0 Pamiers. Explorez les sentiers VTT balis\u00e9s de la r\u00e9gion et profitez de magnifiques itin\u00e9raires pour une aventure \u00e0 v\u00e9lo ou VTT inoubliable. Consultez les sites locaux pour d\u00e9couvrir les parcours VTT \u00e0 proximit\u00e9 de Pamiers et planifiez votre prochaine excursion en plein air.","robots":{"index":"index","follow":"follow","max-snippet":"max-snippet:-1","max-image-preview":"max-image-preview:large","max-video-preview":"max-video-preview:-1"},"canonical":"https:\/\/www.camping-portesdariege.com\/es\/les-activites\/vtt\/","og_locale":"es_ES","og_type":"article","og_title":"VTT en Ari\u00e8ge | Activit\u00e9 VTT au Camping Portes d\u2019Ari\u00e8ge \u00e0 Pamiers","og_description":"D\u00e9couvrez le VTT en Ari\u00e8ge au camping Portes d\u2019Ari\u00e8ge \u00e0 Pamiers. Explorez les sentiers VTT balis\u00e9s de la r\u00e9gion et profitez de magnifiques itin\u00e9raires pour une aventure \u00e0 v\u00e9lo ou VTT inoubliable. Consultez les sites locaux pour d\u00e9couvrir les parcours VTT \u00e0 proximit\u00e9 de Pamiers et planifiez votre prochaine excursion en plein air.","og_url":"https:\/\/www.camping-portesdariege.com\/es\/les-activites\/vtt\/","og_site_name":"Camping Porte d&#039;Ariege","article_modified_time":"2026-04-02T09:31:11+00:00","og_image":[{"width":1920,"height":1440,"url":"https:\/\/www.camping-portesdariege.com\/wp-content\/uploads\/vtt-2.jpg","type":"image\/jpeg"}],"twitter_card":"summary_large_image","twitter_misc":{"Tiempo de lectura":"6 minutos"},"schema":{"@context":"https:\/\/schema.org","@graph":[{"@type":"WebPage","@id":"https:\/\/www.camping-portesdariege.com\/es\/les-activites\/vtt\/","url":"https:\/\/www.camping-portesdariege.com\/es\/les-activites\/vtt\/","name":"VTT en Ari\u00e8ge | Activit\u00e9 VTT au Camping Portes d\u2019Ari\u00e8ge \u00e0 Pamiers","isPartOf":{"@id":"https:\/\/www.camping-portesdariege.com\/es\/#website"},"primaryImageOfPage":{"@id":"https:\/\/www.camping-portesdariege.com\/es\/les-activites\/vtt\/#primaryimage"},"image":{"@id":"https:\/\/www.camping-portesdariege.com\/es\/les-activites\/vtt\/#primaryimage"},"thumbnailUrl":"https:\/\/camping-portesdariege.com\/wp-content\/uploads\/vtt-2.jpg","datePublished":"2024-02-28T14:07:57+00:00","dateModified":"2026-04-02T09:31:11+00:00","description":"D\u00e9couvrez le VTT en Ari\u00e8ge au camping Portes d\u2019Ari\u00e8ge \u00e0 Pamiers. Explorez les sentiers VTT balis\u00e9s de la r\u00e9gion et profitez de magnifiques itin\u00e9raires pour une aventure \u00e0 v\u00e9lo ou VTT inoubliable. Consultez les sites locaux pour d\u00e9couvrir les parcours VTT \u00e0 proximit\u00e9 de Pamiers et planifiez votre prochaine excursion en plein air.","breadcrumb":{"@id":"https:\/\/www.camping-portesdariege.com\/es\/les-activites\/vtt\/#breadcrumb"},"inLanguage":"es","potentialAction":[{"@type":"ReadAction","target":["https:\/\/www.camping-portesdariege.com\/es\/les-activites\/vtt\/"]}]},{"@type":"ImageObject","inLanguage":"es","@id":"https:\/\/www.camping-portesdariege.com\/es\/les-activites\/vtt\/#primaryimage","url":"https:\/\/camping-portesdariege.com\/wp-content\/uploads\/vtt-2.jpg","contentUrl":"https:\/\/camping-portesdariege.com\/wp-content\/uploads\/vtt-2.jpg"},{"@type":"BreadcrumbList","@id":"https:\/\/www.camping-portesdariege.com\/es\/les-activites\/vtt\/#breadcrumb","itemListElement":[{"@type":"ListItem","position":1,"name":"Inicio","item":"https:\/\/www.camping-portesdariege.com\/es\/"},{"@type":"ListItem","position":2,"name":"Actividades","item":"https:\/\/www.camping-portesdariege.com\/es\/les-activites\/"},{"@type":"ListItem","position":3,"name":"Ciclismo de monta\u00f1a"}]},{"@type":"WebSite","@id":"https:\/\/www.camping-portesdariege.com\/es\/#website","url":"https:\/\/www.camping-portesdariege.com\/es\/","name":"Camping Porte d&#039;Ariege","description":"Camping Porte d&#039;Ariege","potentialAction":[{"@type":"SearchAction","target":{"@type":"EntryPoint","urlTemplate":"https:\/\/www.camping-portesdariege.com\/es\/?s={search_term_string}"},"query-input":{"@type":"PropertyValueSpecification","valueRequired":true,"valueName":"search_term_string"}}],"inLanguage":"es"}]}},"_links":{"self":[{"href":"https:\/\/www.camping-portesdariege.com\/es\/wp-json\/wp\/v2\/pages\/5400","targetHints":{"allow":["GET"]}}],"collection":[{"href":"https:\/\/www.camping-portesdariege.com\/es\/wp-json\/wp\/v2\/pages"}],"about":[{"href":"https:\/\/www.camping-portesdariege.com\/es\/wp-json\/wp\/v2\/types\/page"}],"author":[{"embeddable":true,"href":"https:\/\/www.camping-portesdariege.com\/es\/wp-json\/wp\/v2\/users\/2"}],"replies":[{"embeddable":true,"href":"https:\/\/www.camping-portesdariege.com\/es\/wp-json\/wp\/v2\/comments?post=5400"}],"version-history":[{"count":0,"href":"https:\/\/www.camping-portesdariege.com\/es\/wp-json\/wp\/v2\/pages\/5400\/revisions"}],"up":[{"embeddable":true,"href":"https:\/\/www.camping-portesdariege.com\/es\/wp-json\/wp\/v2\/pages\/5356"}],"wp:attachment":[{"href":"https:\/\/www.camping-portesdariege.com\/es\/wp-json\/wp\/v2\/media?parent=5400"}],"curies":[{"name":"wp","href":"https:\/\/api.w.org\/{rel}","templated":true}]}}