{"id":5408,"date":"2024-02-12T14:40:18","date_gmt":"2024-02-12T13:40:18","guid":{"rendered":"https:\/\/www.camping-portesdariege.com\/la-region\/"},"modified":"2026-04-02T11:24:35","modified_gmt":"2026-04-02T09:24:35","slug":"la-region","status":"publish","type":"page","link":"https:\/\/www.camping-portesdariege.com\/es\/la-region\/","title":{"rendered":"La Region"},"content":{"rendered":"\n<div class=\"wp-block-cover alignfull is-light has-custom-content-position is-position-bottom-center banner-interior\" style=\"margin-top:0;margin-bottom:0;min-height:65vh;aspect-ratio:unset;\"><img loading=\"lazy\" decoding=\"async\" width=\"1920\" height=\"1081\" class=\"wp-block-cover__image-background wp-image-2307\" alt=\"\" src=\"https:\/\/camping-portesdariege.com\/wp-content\/uploads\/chateau-de-montsegur.jpg\" data-object-fit=\"cover\" srcset=\"https:\/\/www.camping-portesdariege.com\/wp-content\/uploads\/chateau-de-montsegur.jpg 1920w, https:\/\/www.camping-portesdariege.com\/wp-content\/uploads\/chateau-de-montsegur-1024x577.jpg 1024w, https:\/\/www.camping-portesdariege.com\/wp-content\/uploads\/chateau-de-montsegur-768x432.jpg 768w, https:\/\/www.camping-portesdariege.com\/wp-content\/uploads\/chateau-de-montsegur-1536x865.jpg 1536w, https:\/\/www.camping-portesdariege.com\/wp-content\/uploads\/chateau-de-montsegur-512x288.jpg 512w, https:\/\/www.camping-portesdariege.com\/wp-content\/uploads\/chateau-de-montsegur-256x144.jpg 256w\" sizes=\"auto, (max-width: 1920px) 100vw, 1920px\" \/><span aria-hidden=\"true\" class=\"wp-block-cover__background has-background-dim-0 has-background-dim\"><\/span><div class=\"wp-block-cover__inner-container is-layout-constrained wp-block-cover-is-layout-constrained\">\n<div class=\"wp-block-group lateral-info has-theme-white-background-color has-background is-layout-constrained wp-container-core-group-is-layout-fd9b688b wp-block-group-is-layout-constrained\" style=\"border-top-right-radius:10px;border-bottom-right-radius:10px;padding-left:0\">\n<div class=\"wp-block-group tooltip is-vertical is-content-justification-center is-layout-flex wp-container-core-group-is-layout-8ca27fd8 wp-block-group-is-layout-flex\" style=\"padding-top:0;padding-right:0;padding-bottom:0;padding-left:0\">\n<div class=\"wp-block-group tooltip-menu is-layout-constrained wp-container-core-group-is-layout-fd9b688b wp-block-group-is-layout-constrained\" style=\"padding-left:0\">\n<div class=\"wp-block-group is-layout-constrained wp-container-core-group-is-layout-044ddaed wp-block-group-is-layout-constrained\" style=\"padding-left:var(--wp--preset--spacing--30)\">\n<figure class=\"wp-block-image size-large\"><img loading=\"lazy\" decoding=\"async\" width=\"17\" height=\"16\" src=\"https:\/\/camping-portesdariege.com\/wp-content\/uploads\/group-1.svg\" alt=\"\" class=\"wp-image-2558\"\/><\/figure>\n<\/div>\n\n\n        <a href=\"tel:+330534014358\"class=\"wp-block-custom-banner has-text-align-left\" target=\"_self\">\n        <div class=\"acf-innerblocks-container\">\n\n<div class=\"wp-block-group tooltiptext has-theme-white-color has-theme-green-background-color has-text-color has-background has-link-color wp-elements-b7e8af8aa4fa0b1625a6f81327dbfa7a is-content-justification-space-between is-nowrap is-layout-flex wp-container-core-group-is-layout-682617f7 wp-block-group-is-layout-flex\" style=\"margin-top:0;margin-bottom:0;padding-top:0;padding-bottom:0;padding-left:var(--wp--preset--spacing--40)\">\n<figure class=\"wp-block-image size-large wp-duotone-fff-fff-2\"><img loading=\"lazy\" decoding=\"async\" width=\"17\" height=\"16\" src=\"https:\/\/camping-portesdariege.com\/wp-content\/uploads\/group-1.svg\" alt=\"\" class=\"wp-image-2558\"\/><\/figure>\n\n\n\n<p>RAPPELEZ-MOI<\/p>\n<\/div>\n\n<\/div>\n        <\/a>\n<\/div>\n\n\n\n<div class=\"wp-block-group tooltip-menu is-layout-constrained wp-block-group-is-layout-constrained\">\n<div class=\"wp-block-group is-layout-constrained wp-container-core-group-is-layout-044ddaed wp-block-group-is-layout-constrained\" style=\"padding-left:var(--wp--preset--spacing--30)\">\n<figure class=\"wp-block-image size-large\"><img loading=\"lazy\" decoding=\"async\" width=\"15\" height=\"10\" src=\"https:\/\/camping-portesdariege.com\/wp-content\/uploads\/email.svg\" alt=\"\" class=\"wp-image-2556\"\/><\/figure>\n<\/div>\n\n\n        <a href=\"mailto:contact@camping-portesdariege.com\"class=\"wp-block-custom-banner has-text-align-left\" target=\"_self\">\n        <div class=\"acf-innerblocks-container\">\n\n<div class=\"wp-block-group tooltiptext has-theme-white-color has-theme-green-background-color has-text-color has-background has-link-color wp-elements-b54104d0028563b1018a613950e1c2c4 is-content-justification-space-between is-nowrap is-layout-flex wp-container-core-group-is-layout-682617f7 wp-block-group-is-layout-flex\" style=\"margin-top:0;margin-bottom:0;padding-top:0;padding-bottom:0;padding-left:var(--wp--preset--spacing--40)\">\n<figure class=\"wp-block-image size-large wp-duotone-fff-fff-3\"><img loading=\"lazy\" decoding=\"async\" width=\"15\" height=\"10\" src=\"https:\/\/camping-portesdariege.com\/wp-content\/uploads\/email.svg\" alt=\"\" class=\"wp-image-2556\"\/><\/figure>\n\n\n\n<p>CONTACT<\/p>\n<\/div>\n\n<\/div>\n        <\/a>\n<\/div>\n\n\n\n<div class=\"wp-block-group tooltip-menu is-layout-constrained wp-block-group-is-layout-constrained\">\n<div class=\"wp-block-group is-layout-constrained wp-container-core-group-is-layout-044ddaed wp-block-group-is-layout-constrained\" style=\"padding-left:var(--wp--preset--spacing--30)\">\n<figure class=\"wp-block-image size-large\"><img loading=\"lazy\" decoding=\"async\" width=\"17\" height=\"16\" src=\"https:\/\/camping-portesdariege.com\/wp-content\/uploads\/mapa-1.svg\" alt=\"\" class=\"wp-image-2554\"\/><\/figure>\n<\/div>\n\n\n        <a href=\"https:\/\/www.camping-portesdariege.com\/wp-content\/uploads\/pdf\/plan-du-camping.pdf\"class=\"wp-block-custom-banner has-text-align-left\" target=\"_blank\">\n        <div class=\"acf-innerblocks-container\">\n\n<div class=\"wp-block-group tooltiptext has-theme-white-color has-theme-green-background-color has-text-color has-background has-link-color wp-elements-0b02fd549287e9a4d08b2cf43900d6fe is-content-justification-space-between is-nowrap is-layout-flex wp-container-core-group-is-layout-682617f7 wp-block-group-is-layout-flex\" style=\"margin-top:0;margin-bottom:0;padding-top:0;padding-bottom:0;padding-left:var(--wp--preset--spacing--40)\">\n<figure class=\"wp-block-image size-large wp-duotone-fff-fff-4\"><img loading=\"lazy\" decoding=\"async\" width=\"17\" height=\"16\" src=\"https:\/\/camping-portesdariege.com\/wp-content\/uploads\/mapa-1.svg\" alt=\"\" class=\"wp-image-2554\"\/><\/figure>\n\n\n\n<p>PLAN DU CAMPING<\/p>\n<\/div>\n\n<\/div>\n        <\/a>\n<\/div>\n<\/div>\n<\/div>\n\n\n\n<div class=\"wp-block-columns alignwide are-vertically-aligned-bottom banner-content-interior is-layout-flex wp-container-core-columns-is-layout-28f84493 wp-block-columns-is-layout-flex\">\n<div class=\"wp-block-column is-vertically-aligned-bottom titre-top is-layout-flow wp-block-column-is-layout-flow\">\n<p class=\"has-text-align-left banner-titre animation--init--once slide-down has-large-font-size\"><mark style=\"background-color:rgba(0, 0, 0, 0)\" class=\"has-inline-color has-theme-white-color\">Descubre<br>La Region desde el camping Portes d&#8217;Ari\u00e8ge \u00e0 Pamiers<\/mark><\/p>\n\n\n<div class=\"yoast-breadcrumbs\"><span><span><a href=\"https:\/\/www.camping-portesdariege.com\/es\/\">Inicio<\/a><\/span> \/ <span class=\"breadcrumb_last\" aria-current=\"page\">La Region<\/span><\/span><\/div><\/div>\n\n\n\n<div class=\"wp-block-column is-vertically-aligned-bottom formulaire-thr-container is-layout-flow wp-block-column-is-layout-flow\">\n<div class=\"wp-block-group formulaire-thr animation--init--once slide-down is-layout-constrained wp-block-group-is-layout-constrained\"><section class=\"formulaire-de-recherche-bar\">\r\n            <div id=\"expand-thelis-formulaire\">[:fr]R\u00e9servez[:]<\/div>\r\n            <div class=\"container-form\"><thr-search-engine><\/thr-search-engine><a id=\"pay-btn-2\" onclick=\"window.open('https:\/\/thelisresa.webcamp.fr\/cart-directPayment.php?camping=ariege09&amp;lang=es');\"><i><\/i>Pague su estancia<\/a>\r\n            <style>\r\n            \r\n            .thr-search-engine .thr-search-engine-main > .thr-btn-search { max-width: 20% !important; }\r\n            .thr .btn i { margin-right: 0 !important; }\r\n            #pay-btn-2 { \r\n                position: absolute;\r\n                right: 0;top: 0;\r\n                margin: 10px;\r\n                border: 0;\r\n                background-color: ;\r\n                color: ;\r\n                cursor: pointer;\r\n                width: calc(17% - 5px);\r\n                padding: 17px 0;\r\n                font-size: 18px;\r\n                font-weight: bold;\r\n                text-transform: auto;\r\n                transition: all .35s;\r\n                display: flex;justify-content: center;\r\n                align-items: center;\r\n            }\r\n            #pay-btn-2 i {\r\n                display: inline-flex;\r\n                width:18px;height:18px;\r\n                margin-right: 5px;\r\n                background-image: url('data:image\/svg+xml;utf8,<?xml version=\"1.0\" encoding=\"utf-8\"?><svg width=\"1792\" height=\"1792\" viewBox=\"0 0 1792 1792\" xmlns=\"http:\/\/www.w3.org\/2000\/svg\"><path d=\"M704 1536q0 52-38 90t-90 38-90-38-38-90 38-90 90-38 90 38 38 90zm896 0q0 52-38 90t-90 38-90-38-38-90 38-90 90-38 90 38 38 90zm128-1088v512q0 24-16.5 42.5t-40.5 21.5l-1044 122q13 60 13 70 0 16-24 64h920q26 0 45 19t19 45-19 45-45 19h-1024q-26 0-45-19t-19-45q0-11 8-31.5t16-36 21.5-40 15.5-29.5l-177-823h-204q-26 0-45-19t-19-45 19-45 45-19h256q16 0 28.5 6.5t19.5 15.5 13 24.5 8 26 5.5 29.5 4.5 26h1201q26 0 45 19t19 45z\" fill=\"rgba(255,255,255,1)\" \/><\/svg>');\r\n                background-size: cover;background-position: center center;background-repeat: no-repeat;\r\n            }\r\n            #pay-btn-2:hover { background-color: ; }\r\n            .thr-search-engine { width: 83%; }\r\n\r\n            @media screen and (max-width: 1180px) {\r\n                #pay-btn-2 { top: 52px; }\r\n                .thr-search-engine .thr-search-engine-main > .thr-btn-search { max-width: inherit !important; }\r\n            }\r\n            @media screen and (max-width: 990px) {\r\n                .thr-search-engine { width: 100%; }\r\n                #pay-btn-2 { position: relative;width: calc(100% - 20px);top: auto;margin-top: 0; }\r\n            }\r\n\r\n            thr-search-engine { border-right: 200px rgba(0,0,0,0) solid;display: block; }\r\n            @media screen and (max-width: 1180px) {\r\n                thr-search-engine { border-right: inherit;display: inherit; }\r\n            }\r\n            <\/style>\r\n            <\/div><\/section><!-- .formulaire-de-recherche-bar --><style>\r\n        #expand-thelis-formulaire { display: none; }\r\n        @media screen and (max-width: 1180px) {\r\n            #expand-thelis-formulaire { display: block; }\r\n            .formulaire-de-recherche-bar .container-form { display: none; }\r\n        }\r\n    <\/style><script>\r\n    jQuery(document).ready(function($){\r\n        jQuery('#expand-thelis-formulaire').click(function(){\r\n            if(\r\n                jQuery('.formulaire-de-recherche-bar .container-form').css('display') == 'none'\r\n            ){\r\n                jQuery('.formulaire-de-recherche-bar .container-form').css('display', 'block');\r\n                jQuery('#expand-thelis-formulaire').addClass('expanded');\r\n            }else{\r\n                jQuery('.formulaire-de-recherche-bar .container-form').css('display', 'none');\r\n                jQuery('#expand-thelis-formulaire').removeClass('expanded');\r\n            }\r\n        });\r\n    });\r\n    <\/script>\n<\/div>\n<\/div>\n<\/div>\n<\/div><\/div>\n\n\n\n<div class=\"wp-block-group alignwide titre-intro is-layout-flow wp-block-group-is-layout-flow\" style=\"padding-top:var(--wp--preset--spacing--80);padding-bottom:var(--wp--preset--spacing--80)\">\n<h1 class=\"wp-block-heading has-text-align-center h1-interior animation--init--once slide-down has-theme-primary-green-color has-text-color has-link-color wp-elements-00fd6ad39c6fa41e9c8fe87a977c6f62\">Ari\u00e8ge, un soplo de aire fresco<strong>&#8230;<\/strong><br><mark style=\"background-color:rgba(0, 0, 0, 0)\" class=\"has-inline-color has-theme-dark-green-color\"><sub>\u00a1De descubrimientos y cultura!<br><\/sub><\/mark><sub><mark style=\"background-color:rgba(0, 0, 0, 0)\" class=\"has-inline-color has-theme-dark-green-color\"> <\/mark><\/sub><\/h1>\n\n\n\n<p>Descubra la incre\u00edble diversidad cultural y natural de Ari\u00e8ge durante su estancia en Camping Portes d&#8217;Ari\u00e8ge Pamiers. Sum\u00e9rjase en el coraz\u00f3n del invierno con una amplia gama de actividades de esqu\u00ed y raquetas de nieve en los majestuosos Pirineos de Ari\u00e8ge. Descubra los pintorescos lagos que salpican la regi\u00f3n, que ofrecen momentos inolvidables de relax y deportes acu\u00e1ticos. Ad\u00e9ntrese en la fascinante historia de los castillos medievales y los pueblos c\u00e1taros que embellecen el paisaje. Explore cuevas prehist\u00f3ricas y cautivadores museos para un viaje a trav\u00e9s del tiempo y las ricas tradiciones de Ari\u00e8ge. Y no olvide saborear la deliciosa gastronom\u00eda local en esta soleada regi\u00f3n.<\/p>\n<\/div>\n\n\n\n<div class=\"wp-block-columns alignfull are-vertically-aligned-center info-location-archive has-theme-beige-background-color has-background is-layout-flex wp-container-core-columns-is-layout-b61ab78d wp-block-columns-is-layout-flex\" style=\"margin-top:0;margin-bottom:0;padding-top:0;padding-right:0;padding-bottom:0;padding-left:0\">\n<div class=\"wp-block-column is-vertically-aligned-center is-layout-flow wp-block-column-is-layout-flow\" style=\"padding-right:0;padding-left:0\">\n<div class=\"wp-image-slider one-image-gallery has-text-align-left aspect-ratio-4_3\">\n\n                                        \n                    <script>\n                        'use strict';\n\n                        document.addEventListener('DOMContentLoaded', function () {\n\n                            (function() {\n                                const blockSlide = new Splide( '#slide_109', {\n                                    type : 'loop',\n                                    perPage: 1,\n                                                                        \n                                    breakpoints: {\n                                        800: {\n                                            perPage: 3,\n                                                                                    },\n                                        450: {\n                                            perPage: 1,\n                                            \n                                        },\n                                    },\n                                    pagination: true,\n                                    arrows: true,\n                                    gap: 'var(--wp--style--block-gap)',\n                                    i18n: {\n                                        slideLabel: '%s\/%s',\n                                    }\n                                } );\n                                \n\n                                \n                                blockSlide.mount();\n\n                                                                \n                                \n                            })();\n                        })\n                    <\/script>\n\n                    <div class=\"slider-container\"><div class=\"splide galeria-slider galeria-columnas-1\" id=\"slide_109\"><div class=\"splide__track\"><div class=\"splide__list\"><div id=\"thumb-5971\" class=\"splide__slide\"><div class=\"image-wrapper\"><img loading=\"lazy\" decoding=\"async\" width=\"1024\" height=\"683\" src=\"https:\/\/www.camping-portesdariege.com\/wp-content\/uploads\/ski-ax-les-3-domaines.jpg\" class=\"attachment-gallery size-gallery\" alt=\"\" srcset=\"https:\/\/www.camping-portesdariege.com\/wp-content\/uploads\/ski-ax-les-3-domaines.jpg 1024w, https:\/\/www.camping-portesdariege.com\/wp-content\/uploads\/ski-ax-les-3-domaines-768x512.jpg 768w, https:\/\/www.camping-portesdariege.com\/wp-content\/uploads\/ski-ax-les-3-domaines-512x342.jpg 512w, https:\/\/www.camping-portesdariege.com\/wp-content\/uploads\/ski-ax-les-3-domaines-256x171.jpg 256w\" sizes=\"auto, (max-width: 1024px) 100vw, 1024px\" \/><\/div><\/div><div id=\"thumb-5969\" class=\"splide__slide\"><div class=\"image-wrapper\"><img loading=\"lazy\" decoding=\"async\" width=\"807\" height=\"1080\" src=\"https:\/\/www.camping-portesdariege.com\/wp-content\/uploads\/ski-nordique-mijanes.jpg\" class=\"attachment-gallery size-gallery\" alt=\"\" srcset=\"https:\/\/www.camping-portesdariege.com\/wp-content\/uploads\/ski-nordique-mijanes.jpg 807w, https:\/\/www.camping-portesdariege.com\/wp-content\/uploads\/ski-nordique-mijanes-765x1024.jpg 765w, https:\/\/www.camping-portesdariege.com\/wp-content\/uploads\/ski-nordique-mijanes-768x1028.jpg 768w, https:\/\/www.camping-portesdariege.com\/wp-content\/uploads\/ski-nordique-mijanes-383x512.jpg 383w, https:\/\/www.camping-portesdariege.com\/wp-content\/uploads\/ski-nordique-mijanes-191x256.jpg 191w\" sizes=\"auto, (max-width: 807px) 100vw, 807px\" \/><\/div><\/div><div id=\"thumb-5703\" class=\"splide__slide\"><div class=\"image-wrapper\"><img loading=\"lazy\" decoding=\"async\" width=\"1440\" height=\"811\" src=\"https:\/\/www.camping-portesdariege.com\/wp-content\/uploads\/ski-nordique-chioula.jpg\" class=\"attachment-gallery size-gallery\" alt=\"\" srcset=\"https:\/\/www.camping-portesdariege.com\/wp-content\/uploads\/ski-nordique-chioula.jpg 1440w, https:\/\/www.camping-portesdariege.com\/wp-content\/uploads\/ski-nordique-chioula-1024x577.jpg 1024w, https:\/\/www.camping-portesdariege.com\/wp-content\/uploads\/ski-nordique-chioula-768x433.jpg 768w, https:\/\/www.camping-portesdariege.com\/wp-content\/uploads\/ski-nordique-chioula-512x288.jpg 512w, https:\/\/www.camping-portesdariege.com\/wp-content\/uploads\/ski-nordique-chioula-256x144.jpg 256w\" sizes=\"auto, (max-width: 1440px) 100vw, 1440px\" \/><\/div><\/div><div id=\"thumb-5244\" class=\"splide__slide\"><div class=\"image-wrapper\"><img loading=\"lazy\" decoding=\"async\" width=\"845\" height=\"1080\" src=\"https:\/\/www.camping-portesdariege.com\/wp-content\/uploads\/ski.jpg\" class=\"attachment-gallery size-gallery\" alt=\"\" srcset=\"https:\/\/www.camping-portesdariege.com\/wp-content\/uploads\/ski.jpg 845w, https:\/\/www.camping-portesdariege.com\/wp-content\/uploads\/ski-801x1024.jpg 801w, https:\/\/www.camping-portesdariege.com\/wp-content\/uploads\/ski-768x982.jpg 768w, https:\/\/www.camping-portesdariege.com\/wp-content\/uploads\/ski-401x512.jpg 401w, https:\/\/www.camping-portesdariege.com\/wp-content\/uploads\/ski-200x256.jpg 200w\" sizes=\"auto, (max-width: 845px) 100vw, 845px\" \/><\/div><\/div><\/div><\/div><\/div><\/div>\n                    \n<\/div><\/div>\n\n\n\n<div class=\"wp-block-column is-vertically-aligned-center padding-columns is-layout-flow wp-block-column-is-layout-flow\" style=\"padding-right:0;padding-left:0\">\n<div class=\"wp-block-group oh is-layout-constrained wp-block-group-is-layout-constrained\" style=\"padding-top:var(--wp--preset--spacing--80);padding-bottom:var(--wp--preset--spacing--80)\">\n<div class=\"wp-block-group animation--init--once slide-down is-content-justification-space-between is-nowrap is-layout-flex wp-container-core-group-is-layout-cb46ffcb wp-block-group-is-layout-flex\">\n<figure class=\"wp-block-image size-large is-resized animation--init--once slide-left wp-duotone-68a975-fff-5\"><img loading=\"lazy\" decoding=\"async\" width=\"800\" height=\"800\" src=\"https:\/\/camping-portesdariege.com\/wp-content\/uploads\/ski-person-sport-winter-svgrepo-com.svg\" alt=\"\" class=\"wp-image-2856\" style=\"width:40px\"\/><\/figure>\n\n\n\n<h2 class=\"wp-block-heading has-text-align-left animation--init--once slide-right has-theme-primary-green-color has-text-color has-link-color has-h-2-font-size wp-elements-c85154b7d3aa40a760864471af9915c7\">Esqui \/ raquetas de nieve<\/h2>\n<\/div>\n\n\n\n<div class=\"wp-block-group is-layout-constrained wp-block-group-is-layout-constrained\" style=\"margin-bottom:var(--wp--preset--spacing--80)\">\n<p>Sum\u00e9rgete en el coraz\u00f3n del invierno en los Pirineos de Ari\u00e8ge con una experiencia de esqu\u00ed n\u00f3rdico excepcional, que podr\u00e1s descubrir durante tu estancia en Camping Porte d&#8217;Ari\u00e8ge. Tres estaciones te esperan, listas para que disfrutes al m\u00e1ximo de tu pasi\u00f3n por el esqu\u00ed en medio de un paisaje natural impresionante.<\/p>\n\n\n\n<p>La estaci\u00f3n de Chioula, situada a 1240 metros de altitud, ofrece un entorno aut\u00e9ntico y tranquilo con sus pistas de esqu\u00ed n\u00f3rdico que serpentean por paisajes v\u00edrgenes. En Beille, entre 1800 y 2000 metros, explore la mayor \u00e1rea de esqu\u00ed n\u00f3rdico de los Pirineos, con 21 pistas se\u00f1alizadas e instalaciones para biatl\u00f3n. Mijan\u00e8s-Donezan, a 1730 metros, le da la bienvenida a un entorno boscoso para vivir experiencias de esqu\u00ed inolvidables. Adem\u00e1s, la estaci\u00f3n de Ax Les Trois Domaines ofrece una experiencia de esqu\u00ed alpino incomparable, con 80 km de pistas aptas para todos los niveles, un snowpark y zonas seguras para principiantes. Tanto si viaja solo, en familia o con amigos, Ari\u00e8ge le promete una aventura invernal llena de emoci\u00f3n.<\/p>\n<\/div>\n\n\n\n<div class=\"wp-block-buttons animation--init--once slide-up is-content-justification-center is-layout-flex wp-container-core-buttons-is-layout-a89b3969 wp-block-buttons-is-layout-flex\">\n<div class=\"wp-block-button\"><a class=\"wp-block-button__link wp-element-button\" href=\"https:\/\/www.camping-portesdariege.com\/es\/la-region\/le-ski-neige-et-raquette\/\">Mas informacion<\/a><\/div>\n<\/div>\n<\/div>\n<\/div>\n<\/div>\n\n\n\n<div class=\"wp-block-columns alignfull are-vertically-aligned-center info-location-archive reverse-mobile is-layout-flex wp-container-core-columns-is-layout-b61ab78d wp-block-columns-is-layout-flex\" style=\"margin-top:0;margin-bottom:0;padding-top:0;padding-right:0;padding-bottom:0;padding-left:0\">\n<div class=\"wp-block-column is-vertically-aligned-center padding-columns is-layout-flow wp-block-column-is-layout-flow\" style=\"padding-right:0;padding-left:0\">\n<div class=\"wp-block-group oh is-layout-constrained wp-block-group-is-layout-constrained\" style=\"padding-top:var(--wp--preset--spacing--80);padding-bottom:var(--wp--preset--spacing--80)\">\n<div class=\"wp-block-group animation--init--once slide-down is-content-justification-space-between is-nowrap is-layout-flex wp-container-core-group-is-layout-cb46ffcb wp-block-group-is-layout-flex\">\n<figure class=\"wp-block-image size-large is-resized animation--init--once slide-left wp-duotone-68a975-fff-6\"><img loading=\"lazy\" decoding=\"async\" width=\"800\" height=\"800\" src=\"https:\/\/camping-portesdariege.com\/wp-content\/uploads\/lake-svgrepo-com.svg\" alt=\"\" class=\"wp-image-2854\" style=\"width:40px\"\/><\/figure>\n\n\n\n<h2 class=\"wp-block-heading has-text-align-left animation--init--once slide-right has-theme-primary-green-color has-text-color has-link-color has-h-2-font-size wp-elements-7c1b8e4cd3a0b312c068d16c23a1454f\">Los lagos<\/h2>\n<\/div>\n\n\n\n<div class=\"wp-block-group is-layout-constrained wp-block-group-is-layout-constrained\" style=\"margin-bottom:var(--wp--preset--spacing--80)\">\n<p class=\"animation--init--once slide-down\"><br>Descubra la magn\u00edfica regi\u00f3n de Pamiers durante su estancia en Camping Porte d&#8217;Ari\u00e8ge. Explore los espl\u00e9ndidos lagos de los alrededores, como el pintoresco Lac de Montbel, un oasis de recreo con sus aguas cristalinas, perfectas para nadar, pescar y practicar deportes acu\u00e1ticos. Cerca de all\u00ed, el encantador Lac de Carla-Bayle invita a relajarse con sus senderos y zona de ba\u00f1o vigilada, mientras que el salvaje Lac de Mond\u00e9ly promete una experiencia inmersiva en la naturaleza. No se pierda tampoco el Plan d&#8217;eau de Mercus Garrabet, para disfrutar de momentos inolvidables de diversi\u00f3n acu\u00e1tica.<\/p>\n\n\n\n<p class=\"animation--init--once slide-down\"><a href=\"https:\/\/www-camping--portesdariege-com.translate.goog\/la-region\/les-lacs\/?_x_tr_sl=fr&amp;_x_tr_tl=es&amp;_x_tr_hl=fr&amp;_x_tr_pto=wapp\"><\/a><\/p>\n<\/div>\n\n\n\n<div class=\"wp-block-buttons animation--init--once slide-up is-content-justification-center is-layout-flex wp-container-core-buttons-is-layout-a89b3969 wp-block-buttons-is-layout-flex\">\n<div class=\"wp-block-button\"><a class=\"wp-block-button__link wp-element-button\" href=\"https:\/\/www.camping-portesdariege.com\/es\/la-region\/les-lacs\/\">Mas informacion<\/a><\/div>\n<\/div>\n<\/div>\n<\/div>\n\n\n\n<div class=\"wp-block-column is-vertically-aligned-center is-layout-flow wp-block-column-is-layout-flow\" style=\"padding-right:0;padding-left:0\">\n<div class=\"wp-image-slider one-image-gallery has-text-align-left aspect-ratio-4_3\">\n\n                                        \n                    <script>\n                        'use strict';\n\n                        document.addEventListener('DOMContentLoaded', function () {\n\n                            (function() {\n                                const blockSlide = new Splide( '#slide_511', {\n                                    type : 'loop',\n                                    perPage: 1,\n                                                                        \n                                    breakpoints: {\n                                        800: {\n                                            perPage: 3,\n                                                                                    },\n                                        450: {\n                                            perPage: 1,\n                                            \n                                        },\n                                    },\n                                    pagination: true,\n                                    arrows: true,\n                                    gap: 'var(--wp--style--block-gap)',\n                                    i18n: {\n                                        slideLabel: '%s\/%s',\n                                    }\n                                } );\n                                \n\n                                \n                                blockSlide.mount();\n\n                                                                \n                                \n                            })();\n                        })\n                    <\/script>\n\n                    <div class=\"slider-container\"><div class=\"splide galeria-slider galeria-columnas-1\" id=\"slide_511\"><div class=\"splide__track\"><div class=\"splide__list\"><div id=\"thumb-5977\" class=\"splide__slide\"><div class=\"image-wrapper\"><img loading=\"lazy\" decoding=\"async\" width=\"1011\" height=\"675\" src=\"https:\/\/www.camping-portesdariege.com\/wp-content\/uploads\/lac-de-montbel.jpg\" class=\"attachment-gallery size-gallery\" alt=\"\" srcset=\"https:\/\/www.camping-portesdariege.com\/wp-content\/uploads\/lac-de-montbel.jpg 1011w, https:\/\/www.camping-portesdariege.com\/wp-content\/uploads\/lac-de-montbel-768x513.jpg 768w, https:\/\/www.camping-portesdariege.com\/wp-content\/uploads\/lac-de-montbel-512x342.jpg 512w, https:\/\/www.camping-portesdariege.com\/wp-content\/uploads\/lac-de-montbel-256x171.jpg 256w\" sizes=\"auto, (max-width: 1011px) 100vw, 1011px\" \/><\/div><\/div><div id=\"thumb-5415\" class=\"splide__slide\"><div class=\"image-wrapper\"><img loading=\"lazy\" decoding=\"async\" width=\"780\" height=\"560\" src=\"https:\/\/www.camping-portesdariege.com\/wp-content\/uploads\/lac-de-filheit.jpg\" class=\"attachment-gallery size-gallery\" alt=\"\" srcset=\"https:\/\/www.camping-portesdariege.com\/wp-content\/uploads\/lac-de-filheit.jpg 780w, https:\/\/www.camping-portesdariege.com\/wp-content\/uploads\/lac-de-filheit-768x551.jpg 768w, https:\/\/www.camping-portesdariege.com\/wp-content\/uploads\/lac-de-filheit-512x368.jpg 512w, https:\/\/www.camping-portesdariege.com\/wp-content\/uploads\/lac-de-filheit-256x184.jpg 256w\" sizes=\"auto, (max-width: 780px) 100vw, 780px\" \/><\/div><\/div><div id=\"thumb-5713\" class=\"splide__slide\"><div class=\"image-wrapper\"><img loading=\"lazy\" decoding=\"async\" width=\"1168\" height=\"876\" src=\"https:\/\/www.camping-portesdariege.com\/wp-content\/uploads\/lac-de-mondely.jpg\" class=\"attachment-gallery size-gallery\" alt=\"\" srcset=\"https:\/\/www.camping-portesdariege.com\/wp-content\/uploads\/lac-de-mondely.jpg 1168w, https:\/\/www.camping-portesdariege.com\/wp-content\/uploads\/lac-de-mondely-1024x768.jpg 1024w, https:\/\/www.camping-portesdariege.com\/wp-content\/uploads\/lac-de-mondely-768x576.jpg 768w, https:\/\/www.camping-portesdariege.com\/wp-content\/uploads\/lac-de-mondely-512x384.jpg 512w, https:\/\/www.camping-portesdariege.com\/wp-content\/uploads\/lac-de-mondely-256x192.jpg 256w\" sizes=\"auto, (max-width: 1168px) 100vw, 1168px\" \/><\/div><\/div><\/div><\/div><\/div><\/div>\n                    \n<\/div><\/div>\n<\/div>\n\n\n\n<div class=\"wp-block-columns alignfull are-vertically-aligned-center info-location-archive has-theme-beige-background-color has-background is-layout-flex wp-container-core-columns-is-layout-b61ab78d wp-block-columns-is-layout-flex\" style=\"margin-top:0;margin-bottom:0;padding-top:0;padding-right:0;padding-bottom:0;padding-left:0\">\n<div class=\"wp-block-column is-vertically-aligned-center is-layout-flow wp-block-column-is-layout-flow\" style=\"padding-right:0;padding-left:0\">\n<div class=\"wp-image-slider one-image-gallery has-text-align-left aspect-ratio-4_3\">\n\n                                        \n                    <script>\n                        'use strict';\n\n                        document.addEventListener('DOMContentLoaded', function () {\n\n                            (function() {\n                                const blockSlide = new Splide( '#slide_520', {\n                                    type : 'loop',\n                                    perPage: 1,\n                                                                        \n                                    breakpoints: {\n                                        800: {\n                                            perPage: 3,\n                                                                                    },\n                                        450: {\n                                            perPage: 1,\n                                            \n                                        },\n                                    },\n                                    pagination: true,\n                                    arrows: true,\n                                    gap: 'var(--wp--style--block-gap)',\n                                    i18n: {\n                                        slideLabel: '%s\/%s',\n                                    }\n                                } );\n                                \n\n                                \n                                blockSlide.mount();\n\n                                                                \n                                \n                            })();\n                        })\n                    <\/script>\n\n                    <div class=\"slider-container\"><div class=\"splide galeria-slider galeria-columnas-1\" id=\"slide_520\"><div class=\"splide__track\"><div class=\"splide__list\"><div id=\"thumb-5987\" class=\"splide__slide\"><div class=\"image-wrapper\"><img loading=\"lazy\" decoding=\"async\" width=\"540\" height=\"540\" src=\"https:\/\/www.camping-portesdariege.com\/wp-content\/uploads\/chateau-de-foix-2.jpg\" class=\"attachment-gallery size-gallery\" alt=\"\" srcset=\"https:\/\/www.camping-portesdariege.com\/wp-content\/uploads\/chateau-de-foix-2.jpg 540w, https:\/\/www.camping-portesdariege.com\/wp-content\/uploads\/chateau-de-foix-2-200x200.jpg 200w, https:\/\/www.camping-portesdariege.com\/wp-content\/uploads\/chateau-de-foix-2-512x512.jpg 512w, https:\/\/www.camping-portesdariege.com\/wp-content\/uploads\/chateau-de-foix-2-256x256.jpg 256w\" sizes=\"auto, (max-width: 540px) 100vw, 540px\" \/><\/div><\/div><div id=\"thumb-5726\" class=\"splide__slide\"><div class=\"image-wrapper\"><img loading=\"lazy\" decoding=\"async\" width=\"1440\" height=\"811\" src=\"https:\/\/www.camping-portesdariege.com\/wp-content\/uploads\/chateau-de-montsegur-1.jpg\" class=\"attachment-gallery size-gallery\" alt=\"\" srcset=\"https:\/\/www.camping-portesdariege.com\/wp-content\/uploads\/chateau-de-montsegur-1.jpg 1440w, https:\/\/www.camping-portesdariege.com\/wp-content\/uploads\/chateau-de-montsegur-1-1024x577.jpg 1024w, https:\/\/www.camping-portesdariege.com\/wp-content\/uploads\/chateau-de-montsegur-1-768x433.jpg 768w, https:\/\/www.camping-portesdariege.com\/wp-content\/uploads\/chateau-de-montsegur-1-512x288.jpg 512w, https:\/\/www.camping-portesdariege.com\/wp-content\/uploads\/chateau-de-montsegur-1-256x144.jpg 256w\" sizes=\"auto, (max-width: 1440px) 100vw, 1440px\" \/><\/div><\/div><\/div><\/div><\/div><\/div>\n                    \n<\/div><\/div>\n\n\n\n<div class=\"wp-block-column is-vertically-aligned-center padding-columns is-layout-flow wp-block-column-is-layout-flow\" style=\"padding-right:0;padding-left:0\">\n<div class=\"wp-block-group oh is-layout-constrained wp-block-group-is-layout-constrained\" style=\"padding-top:var(--wp--preset--spacing--80);padding-bottom:var(--wp--preset--spacing--80)\">\n<div class=\"wp-block-group animation--init--once slide-down is-content-justification-space-between is-nowrap is-layout-flex wp-container-core-group-is-layout-cb46ffcb wp-block-group-is-layout-flex\">\n<figure class=\"wp-block-image size-large is-resized animation--init--once slide-left wp-duotone-68a975-fff-7\"><img loading=\"lazy\" decoding=\"async\" width=\"100\" height=\"100\" src=\"https:\/\/camping-portesdariege.com\/wp-content\/uploads\/castle-defensive-14-svgrepo-com.svg\" alt=\"\" class=\"wp-image-2852\" style=\"width:40px\"\/><\/figure>\n\n\n\n<h2 class=\"wp-block-heading has-text-align-left animation--init--once slide-right has-theme-primary-green-color has-text-color has-link-color has-h-2-font-size wp-elements-04b85ca9405a2aaf60d51e2d1f75231a\">Los castillos de Ari\u00e8ge<\/h2>\n<\/div>\n\n\n\n<div class=\"wp-block-group is-layout-constrained wp-block-group-is-layout-constrained\" style=\"margin-bottom:var(--wp--preset--spacing--80)\">\n<p>eudo de los condes de Foix, domina el valle superior del Ari\u00e8ge y la ciudad de Foix. Situado en los confines del pa\u00eds, fue la fortaleza de Ari\u00e8ge y vivi\u00f3 episodios turbulentos como la Cruzada Albigense, la Guerra de los Treinta A\u00f1os y las Guerras de Religi\u00f3n.<\/p>\n\n\n\n<p>&nbsp;En 1930, el Castillo de Foix se convirti\u00f3 en la sede del museo departamental de Ari\u00e8ge, donde toda la familia est\u00e1 invitada a revivir la Edad Media a trav\u00e9s de divertidos talleres. \u00a1Ven y descubre los secretos del castillo!<\/p>\n<\/div>\n\n\n\n<div class=\"wp-block-buttons animation--init--once slide-up is-content-justification-center is-layout-flex wp-container-core-buttons-is-layout-a89b3969 wp-block-buttons-is-layout-flex\">\n<div class=\"wp-block-button\"><a class=\"wp-block-button__link wp-element-button\" href=\"https:\/\/www.camping-portesdariege.com\/es\/la-region\/les-chateaux\/\">Mas informacion<\/a><\/div>\n<\/div>\n<\/div>\n<\/div>\n<\/div>\n\n\n\n<div class=\"wp-block-columns alignfull are-vertically-aligned-center info-location-archive reverse-mobile is-layout-flex wp-container-core-columns-is-layout-b61ab78d wp-block-columns-is-layout-flex\" style=\"margin-top:0;margin-bottom:0;padding-top:0;padding-right:0;padding-bottom:0;padding-left:0\">\n<div class=\"wp-block-column is-vertically-aligned-center padding-columns is-layout-flow wp-block-column-is-layout-flow\" style=\"padding-right:0;padding-left:0\">\n<div class=\"wp-block-group oh is-layout-constrained wp-block-group-is-layout-constrained\" style=\"padding-top:var(--wp--preset--spacing--80);padding-bottom:var(--wp--preset--spacing--80)\">\n<div class=\"wp-block-group animation--init--once slide-down is-content-justification-space-between is-nowrap is-layout-flex wp-container-core-group-is-layout-cb46ffcb wp-block-group-is-layout-flex\">\n<figure class=\"wp-block-image size-large is-resized animation--init--once slide-left wp-duotone-68a975-fff-8\"><img loading=\"lazy\" decoding=\"async\" width=\"800\" height=\"800\" src=\"https:\/\/camping-portesdariege.com\/wp-content\/uploads\/valley-svgrepo-com.svg\" alt=\"\" class=\"wp-image-2844\" style=\"width:40px\"\/><\/figure>\n\n\n\n<h2 class=\"wp-block-heading has-text-align-left animation--init--once slide-right has-theme-primary-green-color has-text-color has-link-color has-h-2-font-size wp-elements-22768ccd16c0c2c2894f71511c3e5afc\">Los pueblos<\/h2>\n<\/div>\n\n\n\n<div class=\"wp-block-group is-layout-constrained wp-block-group-is-layout-constrained\" style=\"margin-bottom:var(--wp--preset--spacing--80)\">\n<p>En el coraz\u00f3n de la&nbsp;<strong>historia c\u00e1tara<\/strong>&nbsp;, la&nbsp;<strong>ciudad fortificada de Maz\u00e8res<\/strong>&nbsp;se convirti\u00f3 en la residencia de los condes de Foix, donde Gast\u00f3n Febo (siglo XIV) construy\u00f3 su castillo.<br>En los siglos XV y XVI, su econom\u00eda se vio impulsada por el auge del cultivo de la cebada.<br>En el siglo XVI, Maz\u00e8res se convirti\u00f3 en el basti\u00f3n protestante m\u00e1s importante del condado, y durante las Guerras de Religi\u00f3n, numerosos edificios religiosos y militares fueron incendiados y demolidos<\/p>\n<\/div>\n\n\n\n<div class=\"wp-block-buttons animation--init--once slide-up is-content-justification-center is-layout-flex wp-container-core-buttons-is-layout-a89b3969 wp-block-buttons-is-layout-flex\">\n<div class=\"wp-block-button\"><a class=\"wp-block-button__link wp-element-button\" href=\"https:\/\/www.camping-portesdariege.com\/es\/la-region\/les-villages\/\">Mas informacion<\/a><\/div>\n<\/div>\n<\/div>\n<\/div>\n\n\n\n<div class=\"wp-block-column is-vertically-aligned-center is-layout-flow wp-block-column-is-layout-flow\" style=\"padding-right:0;padding-left:0\">\n<div class=\"wp-image-slider one-image-gallery has-text-align-left aspect-ratio-4_3\">\n\n                                        \n                    <script>\n                        'use strict';\n\n                        document.addEventListener('DOMContentLoaded', function () {\n\n                            (function() {\n                                const blockSlide = new Splide( '#slide_843', {\n                                    type : 'loop',\n                                    perPage: 1,\n                                                                        \n                                    breakpoints: {\n                                        800: {\n                                            perPage: 3,\n                                                                                    },\n                                        450: {\n                                            perPage: 1,\n                                            \n                                        },\n                                    },\n                                    pagination: true,\n                                    arrows: true,\n                                    gap: 'var(--wp--style--block-gap)',\n                                    i18n: {\n                                        slideLabel: '%s\/%s',\n                                    }\n                                } );\n                                \n\n                                \n                                blockSlide.mount();\n\n                                                                \n                                \n                            })();\n                        })\n                    <\/script>\n\n                    <div class=\"slider-container\"><div class=\"splide galeria-slider galeria-columnas-1\" id=\"slide_843\"><div class=\"splide__track\"><div class=\"splide__list\"><div id=\"thumb-5690\" class=\"splide__slide\"><div class=\"image-wrapper\"><img loading=\"lazy\" decoding=\"async\" width=\"1440\" height=\"958\" src=\"https:\/\/www.camping-portesdariege.com\/wp-content\/uploads\/montaut-2.jpg\" class=\"attachment-gallery size-gallery\" alt=\"\" srcset=\"https:\/\/www.camping-portesdariege.com\/wp-content\/uploads\/montaut-2.jpg 1440w, https:\/\/www.camping-portesdariege.com\/wp-content\/uploads\/montaut-2-1024x681.jpg 1024w, https:\/\/www.camping-portesdariege.com\/wp-content\/uploads\/montaut-2-768x511.jpg 768w, https:\/\/www.camping-portesdariege.com\/wp-content\/uploads\/montaut-2-512x341.jpg 512w, https:\/\/www.camping-portesdariege.com\/wp-content\/uploads\/montaut-2-256x170.jpg 256w\" sizes=\"auto, (max-width: 1440px) 100vw, 1440px\" \/><\/div><\/div><div id=\"thumb-5689\" class=\"splide__slide\"><div class=\"image-wrapper\"><img loading=\"lazy\" decoding=\"async\" width=\"1920\" height=\"1281\" src=\"https:\/\/www.camping-portesdariege.com\/wp-content\/uploads\/mirepoix-2.jpg\" class=\"attachment-gallery size-gallery\" alt=\"\" srcset=\"https:\/\/www.camping-portesdariege.com\/wp-content\/uploads\/mirepoix-2.jpg 1920w, https:\/\/www.camping-portesdariege.com\/wp-content\/uploads\/mirepoix-2-1024x683.jpg 1024w, https:\/\/www.camping-portesdariege.com\/wp-content\/uploads\/mirepoix-2-768x512.jpg 768w, https:\/\/www.camping-portesdariege.com\/wp-content\/uploads\/mirepoix-2-1536x1025.jpg 1536w, https:\/\/www.camping-portesdariege.com\/wp-content\/uploads\/mirepoix-2-512x342.jpg 512w, https:\/\/www.camping-portesdariege.com\/wp-content\/uploads\/mirepoix-2-256x171.jpg 256w\" sizes=\"auto, (max-width: 1920px) 100vw, 1920px\" \/><\/div><\/div><div id=\"thumb-5688\" class=\"splide__slide\"><div class=\"image-wrapper\"><img loading=\"lazy\" decoding=\"async\" width=\"1400\" height=\"1000\" src=\"https:\/\/www.camping-portesdariege.com\/wp-content\/uploads\/st-martin-doydes-2.jpg\" class=\"attachment-gallery size-gallery\" alt=\"\" srcset=\"https:\/\/www.camping-portesdariege.com\/wp-content\/uploads\/st-martin-doydes-2.jpg 1400w, https:\/\/www.camping-portesdariege.com\/wp-content\/uploads\/st-martin-doydes-2-1024x731.jpg 1024w, https:\/\/www.camping-portesdariege.com\/wp-content\/uploads\/st-martin-doydes-2-768x549.jpg 768w, https:\/\/www.camping-portesdariege.com\/wp-content\/uploads\/st-martin-doydes-2-512x366.jpg 512w, https:\/\/www.camping-portesdariege.com\/wp-content\/uploads\/st-martin-doydes-2-256x183.jpg 256w\" sizes=\"auto, (max-width: 1400px) 100vw, 1400px\" \/><\/div><\/div><\/div><\/div><\/div><\/div>\n                    \n<\/div><\/div>\n<\/div>\n\n\n\n<div class=\"wp-block-columns alignfull are-vertically-aligned-center info-location-archive has-theme-beige-background-color has-background is-layout-flex wp-container-core-columns-is-layout-b61ab78d wp-block-columns-is-layout-flex\" style=\"margin-top:0;margin-bottom:0;padding-top:0;padding-right:0;padding-bottom:0;padding-left:0\">\n<div class=\"wp-block-column is-vertically-aligned-center is-layout-flow wp-block-column-is-layout-flow\" style=\"padding-right:0;padding-left:0\">\n<div class=\"wp-image-slider one-image-gallery has-text-align-left aspect-ratio-4_3\">\n\n                                        \n                    <script>\n                        'use strict';\n\n                        document.addEventListener('DOMContentLoaded', function () {\n\n                            (function() {\n                                const blockSlide = new Splide( '#slide_126', {\n                                    type : 'loop',\n                                    perPage: 1,\n                                                                        \n                                    breakpoints: {\n                                        800: {\n                                            perPage: 3,\n                                                                                    },\n                                        450: {\n                                            perPage: 1,\n                                            \n                                        },\n                                    },\n                                    pagination: true,\n                                    arrows: true,\n                                    gap: 'var(--wp--style--block-gap)',\n                                    i18n: {\n                                        slideLabel: '%s\/%s',\n                                    }\n                                } );\n                                \n\n                                \n                                blockSlide.mount();\n\n                                                                \n                                \n                            })();\n                        })\n                    <\/script>\n\n                    <div class=\"slider-container\"><div class=\"splide galeria-slider galeria-columnas-1\" id=\"slide_126\"><div class=\"splide__track\"><div class=\"splide__list\"><div id=\"thumb-5737\" class=\"splide__slide\"><div class=\"image-wrapper\"><img loading=\"lazy\" decoding=\"async\" width=\"1920\" height=\"1282\" src=\"https:\/\/www.camping-portesdariege.com\/wp-content\/uploads\/grotte-mas-dazil-2.jpg\" class=\"attachment-gallery size-gallery\" alt=\"\" srcset=\"https:\/\/www.camping-portesdariege.com\/wp-content\/uploads\/grotte-mas-dazil-2.jpg 1920w, https:\/\/www.camping-portesdariege.com\/wp-content\/uploads\/grotte-mas-dazil-2-1024x684.jpg 1024w, https:\/\/www.camping-portesdariege.com\/wp-content\/uploads\/grotte-mas-dazil-2-768x513.jpg 768w, https:\/\/www.camping-portesdariege.com\/wp-content\/uploads\/grotte-mas-dazil-2-1536x1026.jpg 1536w, https:\/\/www.camping-portesdariege.com\/wp-content\/uploads\/grotte-mas-dazil-2-512x342.jpg 512w, https:\/\/www.camping-portesdariege.com\/wp-content\/uploads\/grotte-mas-dazil-2-256x171.jpg 256w\" sizes=\"auto, (max-width: 1920px) 100vw, 1920px\" \/><\/div><\/div><div id=\"thumb-5996\" class=\"splide__slide\"><div class=\"image-wrapper\"><img loading=\"lazy\" decoding=\"async\" width=\"870\" height=\"640\" src=\"https:\/\/www.camping-portesdariege.com\/wp-content\/uploads\/grotte-lombrives-1.jpg\" class=\"attachment-gallery size-gallery\" alt=\"\" srcset=\"https:\/\/www.camping-portesdariege.com\/wp-content\/uploads\/grotte-lombrives-1.jpg 870w, https:\/\/www.camping-portesdariege.com\/wp-content\/uploads\/grotte-lombrives-1-768x565.jpg 768w, https:\/\/www.camping-portesdariege.com\/wp-content\/uploads\/grotte-lombrives-1-512x377.jpg 512w, https:\/\/www.camping-portesdariege.com\/wp-content\/uploads\/grotte-lombrives-1-256x188.jpg 256w\" sizes=\"auto, (max-width: 870px) 100vw, 870px\" \/><\/div><\/div><div id=\"thumb-5995\" class=\"splide__slide\"><div class=\"image-wrapper\"><img loading=\"lazy\" decoding=\"async\" width=\"556\" height=\"362\" src=\"https:\/\/www.camping-portesdariege.com\/wp-content\/uploads\/grotte-de-niaux-1.jpg\" class=\"attachment-gallery size-gallery\" alt=\"\" srcset=\"https:\/\/www.camping-portesdariege.com\/wp-content\/uploads\/grotte-de-niaux-1.jpg 556w, https:\/\/www.camping-portesdariege.com\/wp-content\/uploads\/grotte-de-niaux-1-512x333.jpg 512w, https:\/\/www.camping-portesdariege.com\/wp-content\/uploads\/grotte-de-niaux-1-256x167.jpg 256w\" sizes=\"auto, (max-width: 556px) 100vw, 556px\" \/><\/div><\/div><div id=\"thumb-5994\" class=\"splide__slide\"><div class=\"image-wrapper\"><img loading=\"lazy\" decoding=\"async\" width=\"1440\" height=\"720\" src=\"https:\/\/www.camping-portesdariege.com\/wp-content\/uploads\/grotte-du-mas-dazil.jpg\" class=\"attachment-gallery size-gallery\" alt=\"\" srcset=\"https:\/\/www.camping-portesdariege.com\/wp-content\/uploads\/grotte-du-mas-dazil.jpg 1440w, https:\/\/www.camping-portesdariege.com\/wp-content\/uploads\/grotte-du-mas-dazil-1024x512.jpg 1024w, https:\/\/www.camping-portesdariege.com\/wp-content\/uploads\/grotte-du-mas-dazil-768x384.jpg 768w, https:\/\/www.camping-portesdariege.com\/wp-content\/uploads\/grotte-du-mas-dazil-512x256.jpg 512w, https:\/\/www.camping-portesdariege.com\/wp-content\/uploads\/grotte-du-mas-dazil-256x128.jpg 256w\" sizes=\"auto, (max-width: 1440px) 100vw, 1440px\" \/><\/div><\/div><div id=\"thumb-5736\" class=\"splide__slide\"><div class=\"image-wrapper\"><img loading=\"lazy\" decoding=\"async\" width=\"1800\" height=\"1200\" src=\"https:\/\/www.camping-portesdariege.com\/wp-content\/uploads\/grotte-de-bedeilhac.jpg\" class=\"attachment-gallery size-gallery\" alt=\"\" srcset=\"https:\/\/www.camping-portesdariege.com\/wp-content\/uploads\/grotte-de-bedeilhac.jpg 1800w, https:\/\/www.camping-portesdariege.com\/wp-content\/uploads\/grotte-de-bedeilhac-1024x683.jpg 1024w, https:\/\/www.camping-portesdariege.com\/wp-content\/uploads\/grotte-de-bedeilhac-768x512.jpg 768w, https:\/\/www.camping-portesdariege.com\/wp-content\/uploads\/grotte-de-bedeilhac-1536x1024.jpg 1536w, https:\/\/www.camping-portesdariege.com\/wp-content\/uploads\/grotte-de-bedeilhac-512x341.jpg 512w, https:\/\/www.camping-portesdariege.com\/wp-content\/uploads\/grotte-de-bedeilhac-256x171.jpg 256w\" sizes=\"auto, (max-width: 1800px) 100vw, 1800px\" \/><\/div><\/div><\/div><\/div><\/div><\/div>\n                    \n<\/div><\/div>\n\n\n\n<div class=\"wp-block-column is-vertically-aligned-center padding-columns is-layout-flow wp-block-column-is-layout-flow\" style=\"padding-right:0;padding-left:0\">\n<div class=\"wp-block-group oh is-layout-constrained wp-block-group-is-layout-constrained\" style=\"padding-top:var(--wp--preset--spacing--80);padding-bottom:var(--wp--preset--spacing--80)\">\n<div class=\"wp-block-group animation--init--once slide-down is-content-justification-space-between is-nowrap is-layout-flex wp-container-core-group-is-layout-cb46ffcb wp-block-group-is-layout-flex\">\n<figure class=\"wp-block-image size-large is-resized animation--init--once slide-left wp-duotone-68a975-fff-9\"><img loading=\"lazy\" decoding=\"async\" width=\"800\" height=\"800\" src=\"https:\/\/camping-portesdariege.com\/wp-content\/uploads\/stalactites-svgrepo-com.svg\" alt=\"\" class=\"wp-image-2860\" style=\"width:40px\"\/><\/figure>\n\n\n\n<h2 class=\"wp-block-heading has-text-align-left animation--init--once slide-right has-theme-primary-green-color has-text-color has-link-color has-h-2-font-size wp-elements-4102e05c4d3238ff0f06291a813f9c09\">Las cuevas<br><sub><mark style=\"background-color:rgba(0, 0, 0, 0)\" class=\"has-inline-color has-theme-dark-green-color\">Cuevas y prehistoria en Ari\u00e8ge<\/mark><\/sub><\/h2>\n<\/div>\n\n\n\n<div class=\"wp-block-group is-layout-constrained wp-block-group-is-layout-constrained\" style=\"margin-bottom:var(--wp--preset--spacing--80)\">\n<p><strong>Ari\u00e8ge es un para\u00edso para quienes exploran mundos perdidos. Ven y busca las huellas dejadas por los primeros humanos: pisadas, herramientas de s\u00edlex, joyas, pinturas rupestres. Todo esto convierte a los Pirineos de Ari\u00e8ge en un importante centro de la prehistoria y su arte.<\/strong><\/p>\n\n\n\n<p><strong>\u00a1En tu viaje a trav\u00e9s del tiempo!<\/strong><\/p>\n<\/div>\n\n\n\n<div class=\"wp-block-buttons animation--init--once slide-up is-content-justification-center is-layout-flex wp-container-core-buttons-is-layout-a89b3969 wp-block-buttons-is-layout-flex\">\n<div class=\"wp-block-button\"><a class=\"wp-block-button__link wp-element-button\" href=\"https:\/\/www.camping-portesdariege.com\/es\/la-region\/les-grottes\/\">En savoir plus<\/a><\/div>\n<\/div>\n<\/div>\n<\/div>\n<\/div>\n\n\n\n<div class=\"wp-block-columns alignfull are-vertically-aligned-center info-location-archive reverse-mobile is-layout-flex wp-container-core-columns-is-layout-76136483 wp-block-columns-is-layout-flex\" style=\"margin-top:0;margin-bottom:0;padding-top:0;padding-right:0;padding-bottom:0;padding-left:0\">\n<div class=\"wp-block-column is-vertically-aligned-center padding-columns is-layout-flow wp-block-column-is-layout-flow\" style=\"padding-right:0;padding-left:0\">\n<div class=\"wp-block-group oh is-layout-constrained wp-block-group-is-layout-constrained\" style=\"padding-top:var(--wp--preset--spacing--80);padding-bottom:var(--wp--preset--spacing--80)\">\n<div class=\"wp-block-group animation--init--once slide-down is-content-justification-space-between is-nowrap is-layout-flex wp-container-core-group-is-layout-cb46ffcb wp-block-group-is-layout-flex\">\n<figure class=\"wp-block-image size-large is-resized animation--init--once slide-left wp-duotone-68a975-fff-10\"><img loading=\"lazy\" decoding=\"async\" width=\"800\" height=\"800\" src=\"https:\/\/camping-portesdariege.com\/wp-content\/uploads\/museum-svgrepo-com.svg\" alt=\"\" class=\"wp-image-2846\" style=\"width:40px\"\/><\/figure>\n\n\n\n<h2 class=\"wp-block-heading has-text-align-left animation--init--once slide-right has-theme-primary-green-color has-text-color has-link-color has-h-2-font-size wp-elements-618a64656dd0843d94629b21d7db394d\">Museos<\/h2>\n<\/div>\n\n\n\n<div class=\"wp-block-group is-layout-constrained wp-block-group-is-layout-constrained\" style=\"margin-bottom:var(--wp--preset--spacing--80)\">\n<p>Sum\u00e9rgete en la historia y la cultura de Pamiers a trav\u00e9s de sus fascinantes museos durante tu estancia en el Camping Porte d&#8217;Ari\u00e8ge. Descubre un aut\u00e9ntico viaje al pasado en el Village des Forges de Montgailhard, donde artesanos y artistas te transportar\u00e1n al coraz\u00f3n de los Pirineos en 1900. Desde la fragua hasta el horno de pan, pasando por el taller del soplador de vidrio, d\u00e9jate envolver por la vida cotidiana de anta\u00f1o.<\/p>\n\n\n\n<p>Para una experiencia muse\u00edstica m\u00e1s tradicional, el Museo Pirenaico de Niaux invita a explorar la vida pastoril, la artesan\u00eda ancestral, el arte religioso y mucho m\u00e1s. Con su impresionante colecci\u00f3n de utensilios y recipientes elaborados con \u00abcrespal\u00bb, tallados en troncos de \u00e1rboles, este museo ofrece una visi\u00f3n \u00fanica del rico patrimonio cultural de la regi\u00f3n<\/p>\n<\/div>\n\n\n\n<div class=\"wp-block-buttons animation--init--once slide-up is-content-justification-center is-layout-flex wp-container-core-buttons-is-layout-a89b3969 wp-block-buttons-is-layout-flex\">\n<div class=\"wp-block-button\"><a class=\"wp-block-button__link wp-element-button\" href=\"https:\/\/www.camping-portesdariege.com\/es\/la-region\/musees\/\">Mas informacion<\/a><\/div>\n<\/div>\n<\/div>\n<\/div>\n\n\n\n<div class=\"wp-block-column is-vertically-aligned-center is-layout-flow wp-block-column-is-layout-flow\" style=\"padding-right:0;padding-left:0\">\n<div class=\"wp-image-slider one-image-gallery has-text-align-left aspect-ratio-4_3\">\n\n                                        \n                    <script>\n                        'use strict';\n\n                        document.addEventListener('DOMContentLoaded', function () {\n\n                            (function() {\n                                const blockSlide = new Splide( '#slide_158', {\n                                    type : 'loop',\n                                    perPage: 1,\n                                                                        \n                                    breakpoints: {\n                                        800: {\n                                            perPage: 3,\n                                                                                    },\n                                        450: {\n                                            perPage: 1,\n                                            \n                                        },\n                                    },\n                                    pagination: true,\n                                    arrows: true,\n                                    gap: 'var(--wp--style--block-gap)',\n                                    i18n: {\n                                        slideLabel: '%s\/%s',\n                                    }\n                                } );\n                                \n\n                                \n                                blockSlide.mount();\n\n                                                                \n                                \n                            })();\n                        })\n                    <\/script>\n\n                    <div class=\"slider-container\"><div class=\"splide galeria-slider galeria-columnas-1\" id=\"slide_158\"><div class=\"splide__track\"><div class=\"splide__list\"><div id=\"thumb-5427\" class=\"splide__slide\"><div class=\"image-wrapper\"><img loading=\"lazy\" decoding=\"async\" width=\"720\" height=\"720\" src=\"https:\/\/www.camping-portesdariege.com\/wp-content\/uploads\/musee-pyreneen-de-niaux-arts-et-traditions-populaires-d-ariege-1.jpg\" class=\"attachment-gallery size-gallery\" alt=\"\" srcset=\"https:\/\/www.camping-portesdariege.com\/wp-content\/uploads\/musee-pyreneen-de-niaux-arts-et-traditions-populaires-d-ariege-1.jpg 720w, https:\/\/www.camping-portesdariege.com\/wp-content\/uploads\/musee-pyreneen-de-niaux-arts-et-traditions-populaires-d-ariege-1-200x200.jpg 200w, https:\/\/www.camping-portesdariege.com\/wp-content\/uploads\/musee-pyreneen-de-niaux-arts-et-traditions-populaires-d-ariege-1-512x512.jpg 512w, https:\/\/www.camping-portesdariege.com\/wp-content\/uploads\/musee-pyreneen-de-niaux-arts-et-traditions-populaires-d-ariege-1-256x256.jpg 256w\" sizes=\"auto, (max-width: 720px) 100vw, 720px\" \/><\/div><\/div><div id=\"thumb-5954\" class=\"splide__slide\"><div class=\"image-wrapper\"><img loading=\"lazy\" decoding=\"async\" width=\"800\" height=\"600\" src=\"https:\/\/www.camping-portesdariege.com\/wp-content\/uploads\/musee-pyreneen-de-niaux-artisanat.jpg\" class=\"attachment-gallery size-gallery\" alt=\"\" srcset=\"https:\/\/www.camping-portesdariege.com\/wp-content\/uploads\/musee-pyreneen-de-niaux-artisanat.jpg 800w, https:\/\/www.camping-portesdariege.com\/wp-content\/uploads\/musee-pyreneen-de-niaux-artisanat-768x576.jpg 768w, https:\/\/www.camping-portesdariege.com\/wp-content\/uploads\/musee-pyreneen-de-niaux-artisanat-512x384.jpg 512w, https:\/\/www.camping-portesdariege.com\/wp-content\/uploads\/musee-pyreneen-de-niaux-artisanat-256x192.jpg 256w\" sizes=\"auto, (max-width: 800px) 100vw, 800px\" \/><\/div><\/div><div id=\"thumb-5957\" class=\"splide__slide\"><div class=\"image-wrapper\"><img loading=\"lazy\" decoding=\"async\" width=\"1920\" height=\"1282\" src=\"https:\/\/www.camping-portesdariege.com\/wp-content\/uploads\/pyrene-le-maitre-verrier.jpg\" class=\"attachment-gallery size-gallery\" alt=\"\" srcset=\"https:\/\/www.camping-portesdariege.com\/wp-content\/uploads\/pyrene-le-maitre-verrier.jpg 1920w, https:\/\/www.camping-portesdariege.com\/wp-content\/uploads\/pyrene-le-maitre-verrier-1024x684.jpg 1024w, https:\/\/www.camping-portesdariege.com\/wp-content\/uploads\/pyrene-le-maitre-verrier-768x513.jpg 768w, https:\/\/www.camping-portesdariege.com\/wp-content\/uploads\/pyrene-le-maitre-verrier-1536x1026.jpg 1536w, https:\/\/www.camping-portesdariege.com\/wp-content\/uploads\/pyrene-le-maitre-verrier-512x342.jpg 512w, https:\/\/www.camping-portesdariege.com\/wp-content\/uploads\/pyrene-le-maitre-verrier-256x171.jpg 256w\" sizes=\"auto, (max-width: 1920px) 100vw, 1920px\" \/><\/div><\/div><div id=\"thumb-5956\" class=\"splide__slide\"><div class=\"image-wrapper\"><img loading=\"lazy\" decoding=\"async\" width=\"1920\" height=\"1280\" src=\"https:\/\/www.camping-portesdariege.com\/wp-content\/uploads\/pyrene-le-forgeron.jpg\" class=\"attachment-gallery size-gallery\" alt=\"\" srcset=\"https:\/\/www.camping-portesdariege.com\/wp-content\/uploads\/pyrene-le-forgeron.jpg 1920w, https:\/\/www.camping-portesdariege.com\/wp-content\/uploads\/pyrene-le-forgeron-1024x683.jpg 1024w, https:\/\/www.camping-portesdariege.com\/wp-content\/uploads\/pyrene-le-forgeron-768x512.jpg 768w, https:\/\/www.camping-portesdariege.com\/wp-content\/uploads\/pyrene-le-forgeron-1536x1024.jpg 1536w, https:\/\/www.camping-portesdariege.com\/wp-content\/uploads\/pyrene-le-forgeron-512x341.jpg 512w, https:\/\/www.camping-portesdariege.com\/wp-content\/uploads\/pyrene-le-forgeron-256x171.jpg 256w\" sizes=\"auto, (max-width: 1920px) 100vw, 1920px\" \/><\/div><\/div><div id=\"thumb-5741\" class=\"splide__slide\"><div class=\"image-wrapper\"><img loading=\"lazy\" decoding=\"async\" width=\"1440\" height=\"1080\" src=\"https:\/\/www.camping-portesdariege.com\/wp-content\/uploads\/pyrene-lecole.jpg\" class=\"attachment-gallery size-gallery\" alt=\"\" srcset=\"https:\/\/www.camping-portesdariege.com\/wp-content\/uploads\/pyrene-lecole.jpg 1440w, https:\/\/www.camping-portesdariege.com\/wp-content\/uploads\/pyrene-lecole-1024x768.jpg 1024w, https:\/\/www.camping-portesdariege.com\/wp-content\/uploads\/pyrene-lecole-768x576.jpg 768w, https:\/\/www.camping-portesdariege.com\/wp-content\/uploads\/pyrene-lecole-512x384.jpg 512w, https:\/\/www.camping-portesdariege.com\/wp-content\/uploads\/pyrene-lecole-256x192.jpg 256w\" sizes=\"auto, (max-width: 1440px) 100vw, 1440px\" \/><\/div><\/div><\/div><\/div><\/div><\/div>\n                    \n<\/div><\/div>\n<\/div>\n\n\n\n<div class=\"wp-block-columns alignfull are-vertically-aligned-center info-location-archive has-theme-beige-background-color has-background is-layout-flex wp-container-core-columns-is-layout-76136483 wp-block-columns-is-layout-flex\" style=\"margin-top:0;margin-bottom:0;padding-top:0;padding-right:0;padding-bottom:0;padding-left:0\">\n<div class=\"wp-block-column is-vertically-aligned-center is-layout-flow wp-block-column-is-layout-flow\" style=\"padding-right:0;padding-left:0\">\n<div class=\"wp-image-slider one-image-gallery has-text-align-left aspect-ratio-4_3\">\n\n                                        \n                    <script>\n                        'use strict';\n\n                        document.addEventListener('DOMContentLoaded', function () {\n\n                            (function() {\n                                const blockSlide = new Splide( '#slide_822', {\n                                    type : 'loop',\n                                    perPage: 1,\n                                                                        \n                                    breakpoints: {\n                                        800: {\n                                            perPage: 3,\n                                                                                    },\n                                        450: {\n                                            perPage: 1,\n                                            \n                                        },\n                                    },\n                                    pagination: true,\n                                    arrows: true,\n                                    gap: 'var(--wp--style--block-gap)',\n                                    i18n: {\n                                        slideLabel: '%s\/%s',\n                                    }\n                                } );\n                                \n\n                                \n                                blockSlide.mount();\n\n                                                                \n                                \n                            })();\n                        })\n                    <\/script>\n\n                    <div class=\"slider-container\"><div class=\"splide galeria-slider galeria-columnas-1\" id=\"slide_822\"><div class=\"splide__track\"><div class=\"splide__list\"><div id=\"thumb-6028\" class=\"splide__slide\"><div class=\"image-wrapper\"><img loading=\"lazy\" decoding=\"async\" width=\"1920\" height=\"1281\" src=\"https:\/\/www.camping-portesdariege.com\/wp-content\/uploads\/gastronomie-fromage-2.jpg\" class=\"attachment-gallery size-gallery\" alt=\"\" srcset=\"https:\/\/www.camping-portesdariege.com\/wp-content\/uploads\/gastronomie-fromage-2.jpg 1920w, https:\/\/www.camping-portesdariege.com\/wp-content\/uploads\/gastronomie-fromage-2-1024x683.jpg 1024w, https:\/\/www.camping-portesdariege.com\/wp-content\/uploads\/gastronomie-fromage-2-768x512.jpg 768w, https:\/\/www.camping-portesdariege.com\/wp-content\/uploads\/gastronomie-fromage-2-1536x1025.jpg 1536w, https:\/\/www.camping-portesdariege.com\/wp-content\/uploads\/gastronomie-fromage-2-512x342.jpg 512w, https:\/\/www.camping-portesdariege.com\/wp-content\/uploads\/gastronomie-fromage-2-256x171.jpg 256w\" sizes=\"auto, (max-width: 1920px) 100vw, 1920px\" \/><\/div><\/div><div id=\"thumb-6026\" class=\"splide__slide\"><div class=\"image-wrapper\"><img loading=\"lazy\" decoding=\"async\" width=\"1920\" height=\"1440\" src=\"https:\/\/www.camping-portesdariege.com\/wp-content\/uploads\/gastronomie-croustade-2.jpg\" class=\"attachment-gallery size-gallery\" alt=\"\" srcset=\"https:\/\/www.camping-portesdariege.com\/wp-content\/uploads\/gastronomie-croustade-2.jpg 1920w, https:\/\/www.camping-portesdariege.com\/wp-content\/uploads\/gastronomie-croustade-2-1024x768.jpg 1024w, https:\/\/www.camping-portesdariege.com\/wp-content\/uploads\/gastronomie-croustade-2-768x576.jpg 768w, https:\/\/www.camping-portesdariege.com\/wp-content\/uploads\/gastronomie-croustade-2-1536x1152.jpg 1536w, https:\/\/www.camping-portesdariege.com\/wp-content\/uploads\/gastronomie-croustade-2-512x384.jpg 512w, https:\/\/www.camping-portesdariege.com\/wp-content\/uploads\/gastronomie-croustade-2-256x192.jpg 256w\" sizes=\"auto, (max-width: 1920px) 100vw, 1920px\" \/><\/div><\/div><div id=\"thumb-5438\" class=\"splide__slide\"><div class=\"image-wrapper\"><img loading=\"lazy\" decoding=\"async\" width=\"1613\" height=\"988\" src=\"https:\/\/www.camping-portesdariege.com\/wp-content\/uploads\/gastronomie1.jpg\" class=\"attachment-gallery size-gallery\" alt=\"\" srcset=\"https:\/\/www.camping-portesdariege.com\/wp-content\/uploads\/gastronomie1.jpg 1613w, https:\/\/www.camping-portesdariege.com\/wp-content\/uploads\/gastronomie1-1024x627.jpg 1024w, https:\/\/www.camping-portesdariege.com\/wp-content\/uploads\/gastronomie1-768x470.jpg 768w, https:\/\/www.camping-portesdariege.com\/wp-content\/uploads\/gastronomie1-1536x941.jpg 1536w, https:\/\/www.camping-portesdariege.com\/wp-content\/uploads\/gastronomie1-512x314.jpg 512w, https:\/\/www.camping-portesdariege.com\/wp-content\/uploads\/gastronomie1-256x157.jpg 256w\" sizes=\"auto, (max-width: 1613px) 100vw, 1613px\" \/><\/div><\/div><div id=\"thumb-6027\" class=\"splide__slide\"><div class=\"image-wrapper\"><img loading=\"lazy\" decoding=\"async\" width=\"1200\" height=\"890\" src=\"https:\/\/www.camping-portesdariege.com\/wp-content\/uploads\/gastronomie-flocons-dariege-2.jpg\" class=\"attachment-gallery size-gallery\" alt=\"\" srcset=\"https:\/\/www.camping-portesdariege.com\/wp-content\/uploads\/gastronomie-flocons-dariege-2.jpg 1200w, https:\/\/www.camping-portesdariege.com\/wp-content\/uploads\/gastronomie-flocons-dariege-2-1024x759.jpg 1024w, https:\/\/www.camping-portesdariege.com\/wp-content\/uploads\/gastronomie-flocons-dariege-2-768x570.jpg 768w, https:\/\/www.camping-portesdariege.com\/wp-content\/uploads\/gastronomie-flocons-dariege-2-512x380.jpg 512w, https:\/\/www.camping-portesdariege.com\/wp-content\/uploads\/gastronomie-flocons-dariege-2-256x190.jpg 256w\" sizes=\"auto, (max-width: 1200px) 100vw, 1200px\" \/><\/div><\/div><div id=\"thumb-5695\" class=\"splide__slide\"><div class=\"image-wrapper\"><img loading=\"lazy\" decoding=\"async\" width=\"1418\" height=\"1066\" src=\"https:\/\/www.camping-portesdariege.com\/wp-content\/uploads\/gastronomie-millas-2.jpg\" class=\"attachment-gallery size-gallery\" alt=\"\" srcset=\"https:\/\/www.camping-portesdariege.com\/wp-content\/uploads\/gastronomie-millas-2.jpg 1418w, https:\/\/www.camping-portesdariege.com\/wp-content\/uploads\/gastronomie-millas-2-1024x770.jpg 1024w, https:\/\/www.camping-portesdariege.com\/wp-content\/uploads\/gastronomie-millas-2-768x577.jpg 768w, https:\/\/www.camping-portesdariege.com\/wp-content\/uploads\/gastronomie-millas-2-512x385.jpg 512w, https:\/\/www.camping-portesdariege.com\/wp-content\/uploads\/gastronomie-millas-2-256x192.jpg 256w\" sizes=\"auto, (max-width: 1418px) 100vw, 1418px\" \/><\/div><\/div><\/div><\/div><\/div><\/div>\n                    \n<\/div><\/div>\n\n\n\n<div class=\"wp-block-column is-vertically-aligned-center padding-columns is-layout-flow wp-block-column-is-layout-flow\" style=\"padding-right:0;padding-left:0\">\n<div class=\"wp-block-group oh is-layout-constrained wp-block-group-is-layout-constrained\" style=\"padding-top:var(--wp--preset--spacing--80);padding-bottom:var(--wp--preset--spacing--80)\">\n<div class=\"wp-block-group animation--init--once slide-down is-content-justification-space-between is-nowrap is-layout-flex wp-container-core-group-is-layout-cb46ffcb wp-block-group-is-layout-flex\">\n<figure class=\"wp-block-image size-large is-resized animation--init--once slide-left wp-duotone-68a975-fff-11\"><img loading=\"lazy\" decoding=\"async\" width=\"800\" height=\"800\" src=\"https:\/\/camping-portesdariege.com\/wp-content\/uploads\/food-dish-hand-serve-svgrepo-com.svg\" alt=\"\" class=\"wp-image-3735\" style=\"width:40px\"\/><\/figure>\n\n\n\n<h2 class=\"wp-block-heading has-text-align-left animation--init--once slide-right has-theme-primary-green-color has-text-color has-link-color has-h-2-font-size wp-elements-0a6ac074285647353ca135da14745739\">Gastronomia<\/h2>\n<\/div>\n\n\n\n<div class=\"wp-block-group is-layout-constrained wp-block-group-is-layout-constrained\" style=\"margin-bottom:var(--wp--preset--spacing--80)\">\n<p>\u00bfNos sentamos a comer?<\/p>\n\n\n\n<p>Ya sea que prefiera la cocina gourmet, tradicional o casera, la gastronom\u00eda del suroeste se basa en ingredientes de calidad y productos locales como&nbsp;<strong>embutidos<\/strong>&nbsp;,&nbsp;<strong>quesos de monta\u00f1a<\/strong>&nbsp;, mieles y pato. Aqu\u00ed, el Azinat, el Mounjetado, las Millas y&nbsp;la&nbsp;<strong>Croustade<\/strong>&nbsp;son&nbsp;<strong>platos<\/strong>&nbsp;t\u00edpicos&nbsp;<strong>que<\/strong>&nbsp;han&nbsp;<strong>perdurado<\/strong>&nbsp;a&nbsp;<strong>lo&nbsp;<\/strong><strong>largo<\/strong>&nbsp;del tiempo, para deleite de los amantes de la buena mesa. Y no olvidemos los&nbsp;<strong>vinos<\/strong>&nbsp;,&nbsp;<strong>las cervezas<\/strong>&nbsp;y los deliciosos&nbsp;<strong>Flocons d&#8217;Ari\u00e8ge<\/strong>&nbsp;, \u00a1un dulce exquisito que le har\u00e1 cerrar los ojos de placer!<\/p>\n\n\n\n<p>Encuentra todos estos productos en nuestras carnicer\u00edas y en&nbsp;<strong>los mercados locales.<\/strong><\/p>\n<\/div>\n\n\n\n<div class=\"wp-block-buttons animation--init--once slide-up is-content-justification-center is-layout-flex wp-container-core-buttons-is-layout-a89b3969 wp-block-buttons-is-layout-flex\">\n<div class=\"wp-block-button\"><a class=\"wp-block-button__link wp-element-button\" href=\"https:\/\/www.camping-portesdariege.com\/es\/la-region\/gastronomie\/\">Mas informacion<\/a><\/div>\n<\/div>\n<\/div>\n<\/div>\n<\/div>\n\n\n\n<div class=\"wp-block-columns alignfull are-vertically-aligned-center info-location-archive reverse-mobile is-layout-flex wp-container-core-columns-is-layout-76136483 wp-block-columns-is-layout-flex\" style=\"margin-top:0;margin-bottom:0;padding-top:0;padding-right:0;padding-bottom:0;padding-left:0\">\n<div class=\"wp-block-column is-vertically-aligned-center padding-columns is-layout-flow wp-block-column-is-layout-flow\" style=\"padding-right:0;padding-left:0\">\n<div class=\"wp-block-group oh is-layout-constrained wp-block-group-is-layout-constrained\" style=\"padding-top:var(--wp--preset--spacing--80);padding-bottom:var(--wp--preset--spacing--80)\">\n<div class=\"wp-block-group animation--init--once slide-down is-content-justification-space-between is-nowrap is-layout-flex wp-container-core-group-is-layout-cb46ffcb wp-block-group-is-layout-flex\">\n<figure class=\"wp-block-image size-large is-resized animation--init--once slide-left wp-duotone-68a975-fff-12\"><img loading=\"lazy\" decoding=\"async\" width=\"800\" height=\"800\" src=\"https:\/\/camping-portesdariege.com\/wp-content\/uploads\/village-svgrepo-com.svg\" alt=\"\" class=\"wp-image-2850\" style=\"width:40px\"\/><\/figure>\n\n\n\n<h2 class=\"wp-block-heading has-text-align-left animation--init--once slide-right has-theme-primary-green-color has-text-color has-link-color has-h-2-font-size wp-elements-66a0e67322483cc844bc4151372934b4\">Pamiers<\/h2>\n<\/div>\n\n\n\n<div class=\"wp-block-group is-layout-constrained wp-block-group-is-layout-constrained\" style=\"margin-bottom:var(--wp--preset--spacing--80)\">\n<p><strong>Una \u00abpeque\u00f1a gran ciudad\u00bb donde disfrutar\u00e1s de casi 2.800 horas de sol al a\u00f1o, \u00a1lo que supone 1.000 horas m\u00e1s que la media nacional!<\/strong><\/p>\n\n\n\n<p><strong>Pamiers es la ciudad m\u00e1s grande del departamento de Ari\u00e8ge. Situada a 40 minutos de Toulouse y comunicada por la autopista A66 y el tren, es ideal para disfrutar de un estilo de vida rural con una amplia gama de servicios. Con<\/strong><strong>&nbsp;<\/strong>&nbsp;los Pirineos a tan solo 20 minutos y la frontera andorrana a 90 km, es un lugar perfecto para explorar los alrededores<\/p>\n<\/div>\n\n\n\n<div class=\"wp-block-buttons animation--init--once slide-up is-content-justification-center is-layout-flex wp-container-core-buttons-is-layout-a89b3969 wp-block-buttons-is-layout-flex\">\n<div class=\"wp-block-button\"><a class=\"wp-block-button__link wp-element-button\" href=\"https:\/\/www.camping-portesdariege.com\/es\/la-region\/pamiers\/\">Mas informacion<\/a><\/div>\n<\/div>\n<\/div>\n<\/div>\n\n\n\n<div class=\"wp-block-column is-vertically-aligned-center is-layout-flow wp-block-column-is-layout-flow\" style=\"padding-right:0;padding-left:0\">\n<div class=\"wp-image-slider one-image-gallery has-text-align-left aspect-ratio-4_3\">\n\n                                        \n                    <script>\n                        'use strict';\n\n                        document.addEventListener('DOMContentLoaded', function () {\n\n                            (function() {\n                                const blockSlide = new Splide( '#slide_9', {\n                                    type : 'loop',\n                                    perPage: 1,\n                                                                        \n                                    breakpoints: {\n                                        800: {\n                                            perPage: 3,\n                                                                                    },\n                                        450: {\n                                            perPage: 1,\n                                            \n                                        },\n                                    },\n                                    pagination: true,\n                                    arrows: true,\n                                    gap: 'var(--wp--style--block-gap)',\n                                    i18n: {\n                                        slideLabel: '%s\/%s',\n                                    }\n                                } );\n                                \n\n                                \n                                blockSlide.mount();\n\n                                                                \n                                \n                            })();\n                        })\n                    <\/script>\n\n                    <div class=\"slider-container\"><div class=\"splide galeria-slider galeria-columnas-1\" id=\"slide_9\"><div class=\"splide__track\"><div class=\"splide__list\"><div id=\"thumb-6008\" class=\"splide__slide\"><div class=\"image-wrapper\"><img loading=\"lazy\" decoding=\"async\" width=\"1600\" height=\"1200\" src=\"https:\/\/www.camping-portesdariege.com\/wp-content\/uploads\/aire-de-jeux-pamiers-2-1.jpg\" class=\"attachment-gallery size-gallery\" alt=\"\" srcset=\"https:\/\/www.camping-portesdariege.com\/wp-content\/uploads\/aire-de-jeux-pamiers-2-1.jpg 1600w, https:\/\/www.camping-portesdariege.com\/wp-content\/uploads\/aire-de-jeux-pamiers-2-1-1024x768.jpg 1024w, https:\/\/www.camping-portesdariege.com\/wp-content\/uploads\/aire-de-jeux-pamiers-2-1-768x576.jpg 768w, https:\/\/www.camping-portesdariege.com\/wp-content\/uploads\/aire-de-jeux-pamiers-2-1-1536x1152.jpg 1536w, https:\/\/www.camping-portesdariege.com\/wp-content\/uploads\/aire-de-jeux-pamiers-2-1-512x384.jpg 512w, https:\/\/www.camping-portesdariege.com\/wp-content\/uploads\/aire-de-jeux-pamiers-2-1-256x192.jpg 256w\" sizes=\"auto, (max-width: 1600px) 100vw, 1600px\" \/><\/div><\/div><div id=\"thumb-5745\" class=\"splide__slide\"><div class=\"image-wrapper\"><img loading=\"lazy\" decoding=\"async\" width=\"1668\" height=\"2048\" src=\"https:\/\/www.camping-portesdariege.com\/wp-content\/uploads\/cathedrale-st-antonin-pamiers-2-1-1668x2048.jpg\" class=\"attachment-gallery size-gallery\" alt=\"\" srcset=\"https:\/\/www.camping-portesdariege.com\/wp-content\/uploads\/cathedrale-st-antonin-pamiers-2-1-1668x2048.jpg 1668w, https:\/\/www.camping-portesdariege.com\/wp-content\/uploads\/cathedrale-st-antonin-pamiers-2-1-834x1024.jpg 834w, https:\/\/www.camping-portesdariege.com\/wp-content\/uploads\/cathedrale-st-antonin-pamiers-2-1-768x943.jpg 768w, https:\/\/www.camping-portesdariege.com\/wp-content\/uploads\/cathedrale-st-antonin-pamiers-2-1-1251x1536.jpg 1251w, https:\/\/www.camping-portesdariege.com\/wp-content\/uploads\/cathedrale-st-antonin-pamiers-2-1-417x512.jpg 417w, https:\/\/www.camping-portesdariege.com\/wp-content\/uploads\/cathedrale-st-antonin-pamiers-2-1-209x256.jpg 209w, https:\/\/www.camping-portesdariege.com\/wp-content\/uploads\/cathedrale-st-antonin-pamiers-2-1.jpg 1800w\" sizes=\"auto, (max-width: 1668px) 100vw, 1668px\" \/><\/div><\/div><div id=\"thumb-5696\" class=\"splide__slide\"><div class=\"image-wrapper\"><img loading=\"lazy\" decoding=\"async\" width=\"1377\" height=\"747\" src=\"https:\/\/www.camping-portesdariege.com\/wp-content\/uploads\/carmel-1.jpg\" class=\"attachment-gallery size-gallery\" alt=\"\" srcset=\"https:\/\/www.camping-portesdariege.com\/wp-content\/uploads\/carmel-1.jpg 1377w, https:\/\/www.camping-portesdariege.com\/wp-content\/uploads\/carmel-1-1024x556.jpg 1024w, https:\/\/www.camping-portesdariege.com\/wp-content\/uploads\/carmel-1-768x417.jpg 768w, https:\/\/www.camping-portesdariege.com\/wp-content\/uploads\/carmel-1-512x278.jpg 512w, https:\/\/www.camping-portesdariege.com\/wp-content\/uploads\/carmel-1-256x139.jpg 256w\" sizes=\"auto, (max-width: 1377px) 100vw, 1377px\" \/><\/div><\/div><div id=\"thumb-5430\" class=\"splide__slide\"><div class=\"image-wrapper\"><img loading=\"lazy\" decoding=\"async\" width=\"1400\" height=\"1000\" src=\"https:\/\/www.camping-portesdariege.com\/wp-content\/uploads\/parc-nautique-neptunia-pamiers-2.jpg\" class=\"attachment-gallery size-gallery\" alt=\"\" srcset=\"https:\/\/www.camping-portesdariege.com\/wp-content\/uploads\/parc-nautique-neptunia-pamiers-2.jpg 1400w, https:\/\/www.camping-portesdariege.com\/wp-content\/uploads\/parc-nautique-neptunia-pamiers-2-1024x731.jpg 1024w, https:\/\/www.camping-portesdariege.com\/wp-content\/uploads\/parc-nautique-neptunia-pamiers-2-768x549.jpg 768w, https:\/\/www.camping-portesdariege.com\/wp-content\/uploads\/parc-nautique-neptunia-pamiers-2-512x366.jpg 512w, https:\/\/www.camping-portesdariege.com\/wp-content\/uploads\/parc-nautique-neptunia-pamiers-2-256x183.jpg 256w\" sizes=\"auto, (max-width: 1400px) 100vw, 1400px\" \/><\/div><\/div><div id=\"thumb-6013\" class=\"splide__slide\"><div class=\"image-wrapper\"><img loading=\"lazy\" decoding=\"async\" width=\"1600\" height=\"778\" src=\"https:\/\/www.camping-portesdariege.com\/wp-content\/uploads\/pamiers-3-clochers-2.jpg\" class=\"attachment-gallery size-gallery\" alt=\"\" srcset=\"https:\/\/www.camping-portesdariege.com\/wp-content\/uploads\/pamiers-3-clochers-2.jpg 1600w, https:\/\/www.camping-portesdariege.com\/wp-content\/uploads\/pamiers-3-clochers-2-1024x498.jpg 1024w, https:\/\/www.camping-portesdariege.com\/wp-content\/uploads\/pamiers-3-clochers-2-768x373.jpg 768w, https:\/\/www.camping-portesdariege.com\/wp-content\/uploads\/pamiers-3-clochers-2-1536x747.jpg 1536w, https:\/\/www.camping-portesdariege.com\/wp-content\/uploads\/pamiers-3-clochers-2-512x249.jpg 512w, https:\/\/www.camping-portesdariege.com\/wp-content\/uploads\/pamiers-3-clochers-2-256x124.jpg 256w\" sizes=\"auto, (max-width: 1600px) 100vw, 1600px\" \/><\/div><\/div><\/div><\/div><\/div><\/div>\n                    \n<\/div><\/div>\n<\/div>\n\n\n\n<div class=\"wp-block-group alignfull has-theme-beige-background-color has-background is-layout-constrained wp-block-group-is-layout-constrained\" style=\"margin-top:0;margin-bottom:0;padding-top:var(--wp--preset--spacing--80);padding-bottom:var(--wp--preset--spacing--80)\">\n<div class=\"wp-block-group alignwide is-layout-constrained wp-block-group-is-layout-constrained\">\n<p class=\"has-text-align-center\"><strong>OFFICE TOURISME des PORTES D\u2019ARIEGE- PAMIERS<\/strong><br><strong>&nbsp;<a href=\"https:\/\/pap-tourisme.fr\" target=\"_blank\" rel=\"noreferrer noopener\">https:\/\/pap-tourisme.fr<\/a><\/strong><br>27, rue Charles de Gaulle, 09100<br><a href=\"tel:+330561675252\"><strong>05 61 67 52 52<\/strong><\/a><\/p>\n\n\n\n<p class=\"has-text-align-center\"><strong>ARIEGE PYRENEES TOURISME<\/strong><br><strong><a href=\"http:\/\/www.ariegepyrenees.com\">www.ariegepyrenees.co<\/a><a href=\"http:\/\/www.ariegepyrenees.com\" target=\"_blank\" rel=\"noreferrer noopener\">m<\/a>&nbsp;<\/strong><\/p>\n\n\n\n<p class=\"has-text-align-center\"><strong>OFFICE DE TOURISME DES PYRENEES ARIEGEOISES<\/strong><br><strong><a href=\"tel:+330561646060\">0<\/a><a href=\"tel:+330561646060\" target=\"_blank\" rel=\"noreferrer noopener\">5 61 64 60 60<\/a><\/strong><br><strong>info@pyrenees-ariegeoises.com<\/strong><\/p>\n\n\n\n<p class=\"has-text-align-center\"><strong>ARIEGE PYRENEES<\/strong><br><strong><a href=\"http:\/\/www.ariege.com\/\" target=\"_blank\" rel=\"noreferrer noopener\">www.ariege.com<\/a><\/strong><\/p>\n\n\n\n<p class=\"has-text-align-center\"><strong>SITES TOURISTIQUES ARIEGE<\/strong><br><strong><a href=\"http:\/\/www.sites-touristiques-ariege.fr\">www.site<\/a><a href=\"http:\/\/www.sites-touristiques-ariege.fr\" target=\"_blank\" rel=\"noreferrer noopener\">s-touristiques-ariege.fr<\/a><\/strong><\/p>\n<\/div>\n<\/div>\n","protected":false},"excerpt":{"rendered":"<p>Ari\u00e8ge, un soplo de aire fresco&#8230;\u00a1De descubrimientos y cultura! Descubra la incre\u00edble diversidad cultural y natural de Ari\u00e8ge durante su estancia en Camping Portes d&#8217;Ari\u00e8ge Pamiers. Sum\u00e9rjase en el coraz\u00f3n del invierno con una amplia gama de actividades de esqu\u00ed y raquetas de nieve en los majestuosos Pirineos de Ari\u00e8ge. Descubra los pintorescos lagos que [&hellip;]<\/p>\n","protected":false},"author":3,"featured_media":0,"parent":0,"menu_order":5,"comment_status":"closed","ping_status":"closed","template":"","meta":{"_acf_changed":false,"inline_featured_image":false,"footnotes":""},"class_list":["post-5408","page","type-page","status-publish","hentry"],"acf":[],"yoast_head":"<!-- This site is optimized with the Yoast SEO plugin v27.2 - https:\/\/yoast.com\/product\/yoast-seo-wordpress\/ -->\n<title>D\u00e9couvrez la R\u00e9gion autour du Camping Portes d\u2019Ari\u00e8ge \u00e0 Pamiers | Activit\u00e9s et Attractions<\/title>\n<meta name=\"description\" content=\"D\u00e9couvrez la r\u00e9gion autour du camping Portes d\u2019Ari\u00e8ge \u00e0 Pamiers. Explorez les activit\u00e9s hivernales, les lacs, les ch\u00e2teaux, les villages historiques et la d\u00e9licieuse gastronomie locale. Planifiez votre s\u00e9jour avec les informations fournies par les offices de tourisme locaux.\" \/>\n<meta name=\"robots\" content=\"index, follow, max-snippet:-1, max-image-preview:large, max-video-preview:-1\" \/>\n<link rel=\"canonical\" href=\"https:\/\/www.camping-portesdariege.com\/es\/la-region\/\" \/>\n<meta property=\"og:locale\" content=\"es_ES\" \/>\n<meta property=\"og:type\" content=\"article\" \/>\n<meta property=\"og:title\" content=\"D\u00e9couvrez la R\u00e9gion autour du Camping Portes d\u2019Ari\u00e8ge \u00e0 Pamiers | Activit\u00e9s et Attractions\" \/>\n<meta property=\"og:description\" content=\"D\u00e9couvrez la r\u00e9gion autour du camping Portes d\u2019Ari\u00e8ge \u00e0 Pamiers. Explorez les activit\u00e9s hivernales, les lacs, les ch\u00e2teaux, les villages historiques et la d\u00e9licieuse gastronomie locale. Planifiez votre s\u00e9jour avec les informations fournies par les offices de tourisme locaux.\" \/>\n<meta property=\"og:url\" content=\"https:\/\/www.camping-portesdariege.com\/es\/la-region\/\" \/>\n<meta property=\"og:site_name\" content=\"Camping Porte d&#039;Ariege\" \/>\n<meta property=\"article:modified_time\" content=\"2026-04-02T09:24:35+00:00\" \/>\n<meta property=\"og:image\" content=\"https:\/\/www.camping-portesdariege.com\/wp-content\/uploads\/chateau-de-montsegur.jpg\" \/>\n\t<meta property=\"og:image:width\" content=\"1920\" \/>\n\t<meta property=\"og:image:height\" content=\"1081\" \/>\n\t<meta property=\"og:image:type\" content=\"image\/jpeg\" \/>\n<meta name=\"twitter:card\" content=\"summary_large_image\" \/>\n<meta name=\"twitter:label1\" content=\"Tiempo de lectura\" \/>\n\t<meta name=\"twitter:data1\" content=\"21 minutos\" \/>\n<script type=\"application\/ld+json\" class=\"yoast-schema-graph\">{\"@context\":\"https:\/\/schema.org\",\"@graph\":[{\"@type\":\"WebPage\",\"@id\":\"https:\/\/www.camping-portesdariege.com\/es\/la-region\/\",\"url\":\"https:\/\/www.camping-portesdariege.com\/es\/la-region\/\",\"name\":\"D\u00e9couvrez la R\u00e9gion autour du Camping Portes d\u2019Ari\u00e8ge \u00e0 Pamiers | Activit\u00e9s et Attractions\",\"isPartOf\":{\"@id\":\"https:\/\/www.camping-portesdariege.com\/es\/#website\"},\"primaryImageOfPage\":{\"@id\":\"https:\/\/www.camping-portesdariege.com\/es\/la-region\/#primaryimage\"},\"image\":{\"@id\":\"https:\/\/www.camping-portesdariege.com\/es\/la-region\/#primaryimage\"},\"thumbnailUrl\":\"https:\/\/camping-portesdariege.com\/wp-content\/uploads\/chateau-de-montsegur.jpg\",\"datePublished\":\"2024-02-12T13:40:18+00:00\",\"dateModified\":\"2026-04-02T09:24:35+00:00\",\"description\":\"D\u00e9couvrez la r\u00e9gion autour du camping Portes d\u2019Ari\u00e8ge \u00e0 Pamiers. Explorez les activit\u00e9s hivernales, les lacs, les ch\u00e2teaux, les villages historiques et la d\u00e9licieuse gastronomie locale. Planifiez votre s\u00e9jour avec les informations fournies par les offices de tourisme locaux.\",\"breadcrumb\":{\"@id\":\"https:\/\/www.camping-portesdariege.com\/es\/la-region\/#breadcrumb\"},\"inLanguage\":\"es\",\"potentialAction\":[{\"@type\":\"ReadAction\",\"target\":[\"https:\/\/www.camping-portesdariege.com\/es\/la-region\/\"]}]},{\"@type\":\"ImageObject\",\"inLanguage\":\"es\",\"@id\":\"https:\/\/www.camping-portesdariege.com\/es\/la-region\/#primaryimage\",\"url\":\"https:\/\/camping-portesdariege.com\/wp-content\/uploads\/chateau-de-montsegur.jpg\",\"contentUrl\":\"https:\/\/camping-portesdariege.com\/wp-content\/uploads\/chateau-de-montsegur.jpg\"},{\"@type\":\"BreadcrumbList\",\"@id\":\"https:\/\/www.camping-portesdariege.com\/es\/la-region\/#breadcrumb\",\"itemListElement\":[{\"@type\":\"ListItem\",\"position\":1,\"name\":\"Inicio\",\"item\":\"https:\/\/www.camping-portesdariege.com\/es\/\"},{\"@type\":\"ListItem\",\"position\":2,\"name\":\"La Region\"}]},{\"@type\":\"WebSite\",\"@id\":\"https:\/\/www.camping-portesdariege.com\/es\/#website\",\"url\":\"https:\/\/www.camping-portesdariege.com\/es\/\",\"name\":\"Camping Porte d&#039;Ariege\",\"description\":\"Camping Porte d&#039;Ariege\",\"potentialAction\":[{\"@type\":\"SearchAction\",\"target\":{\"@type\":\"EntryPoint\",\"urlTemplate\":\"https:\/\/www.camping-portesdariege.com\/es\/?s={search_term_string}\"},\"query-input\":{\"@type\":\"PropertyValueSpecification\",\"valueRequired\":true,\"valueName\":\"search_term_string\"}}],\"inLanguage\":\"es\"}]}<\/script>\n<!-- \/ Yoast SEO plugin. -->","yoast_head_json":{"title":"D\u00e9couvrez la R\u00e9gion autour du Camping Portes d\u2019Ari\u00e8ge \u00e0 Pamiers | Activit\u00e9s et Attractions","description":"D\u00e9couvrez la r\u00e9gion autour du camping Portes d\u2019Ari\u00e8ge \u00e0 Pamiers. Explorez les activit\u00e9s hivernales, les lacs, les ch\u00e2teaux, les villages historiques et la d\u00e9licieuse gastronomie locale. Planifiez votre s\u00e9jour avec les informations fournies par les offices de tourisme locaux.","robots":{"index":"index","follow":"follow","max-snippet":"max-snippet:-1","max-image-preview":"max-image-preview:large","max-video-preview":"max-video-preview:-1"},"canonical":"https:\/\/www.camping-portesdariege.com\/es\/la-region\/","og_locale":"es_ES","og_type":"article","og_title":"D\u00e9couvrez la R\u00e9gion autour du Camping Portes d\u2019Ari\u00e8ge \u00e0 Pamiers | Activit\u00e9s et Attractions","og_description":"D\u00e9couvrez la r\u00e9gion autour du camping Portes d\u2019Ari\u00e8ge \u00e0 Pamiers. Explorez les activit\u00e9s hivernales, les lacs, les ch\u00e2teaux, les villages historiques et la d\u00e9licieuse gastronomie locale. Planifiez votre s\u00e9jour avec les informations fournies par les offices de tourisme locaux.","og_url":"https:\/\/www.camping-portesdariege.com\/es\/la-region\/","og_site_name":"Camping Porte d&#039;Ariege","article_modified_time":"2026-04-02T09:24:35+00:00","og_image":[{"width":1920,"height":1081,"url":"https:\/\/www.camping-portesdariege.com\/wp-content\/uploads\/chateau-de-montsegur.jpg","type":"image\/jpeg"}],"twitter_card":"summary_large_image","twitter_misc":{"Tiempo de lectura":"21 minutos"},"schema":{"@context":"https:\/\/schema.org","@graph":[{"@type":"WebPage","@id":"https:\/\/www.camping-portesdariege.com\/es\/la-region\/","url":"https:\/\/www.camping-portesdariege.com\/es\/la-region\/","name":"D\u00e9couvrez la R\u00e9gion autour du Camping Portes d\u2019Ari\u00e8ge \u00e0 Pamiers | Activit\u00e9s et Attractions","isPartOf":{"@id":"https:\/\/www.camping-portesdariege.com\/es\/#website"},"primaryImageOfPage":{"@id":"https:\/\/www.camping-portesdariege.com\/es\/la-region\/#primaryimage"},"image":{"@id":"https:\/\/www.camping-portesdariege.com\/es\/la-region\/#primaryimage"},"thumbnailUrl":"https:\/\/camping-portesdariege.com\/wp-content\/uploads\/chateau-de-montsegur.jpg","datePublished":"2024-02-12T13:40:18+00:00","dateModified":"2026-04-02T09:24:35+00:00","description":"D\u00e9couvrez la r\u00e9gion autour du camping Portes d\u2019Ari\u00e8ge \u00e0 Pamiers. Explorez les activit\u00e9s hivernales, les lacs, les ch\u00e2teaux, les villages historiques et la d\u00e9licieuse gastronomie locale. Planifiez votre s\u00e9jour avec les informations fournies par les offices de tourisme locaux.","breadcrumb":{"@id":"https:\/\/www.camping-portesdariege.com\/es\/la-region\/#breadcrumb"},"inLanguage":"es","potentialAction":[{"@type":"ReadAction","target":["https:\/\/www.camping-portesdariege.com\/es\/la-region\/"]}]},{"@type":"ImageObject","inLanguage":"es","@id":"https:\/\/www.camping-portesdariege.com\/es\/la-region\/#primaryimage","url":"https:\/\/camping-portesdariege.com\/wp-content\/uploads\/chateau-de-montsegur.jpg","contentUrl":"https:\/\/camping-portesdariege.com\/wp-content\/uploads\/chateau-de-montsegur.jpg"},{"@type":"BreadcrumbList","@id":"https:\/\/www.camping-portesdariege.com\/es\/la-region\/#breadcrumb","itemListElement":[{"@type":"ListItem","position":1,"name":"Inicio","item":"https:\/\/www.camping-portesdariege.com\/es\/"},{"@type":"ListItem","position":2,"name":"La Region"}]},{"@type":"WebSite","@id":"https:\/\/www.camping-portesdariege.com\/es\/#website","url":"https:\/\/www.camping-portesdariege.com\/es\/","name":"Camping Porte d&#039;Ariege","description":"Camping Porte d&#039;Ariege","potentialAction":[{"@type":"SearchAction","target":{"@type":"EntryPoint","urlTemplate":"https:\/\/www.camping-portesdariege.com\/es\/?s={search_term_string}"},"query-input":{"@type":"PropertyValueSpecification","valueRequired":true,"valueName":"search_term_string"}}],"inLanguage":"es"}]}},"_links":{"self":[{"href":"https:\/\/www.camping-portesdariege.com\/es\/wp-json\/wp\/v2\/pages\/5408","targetHints":{"allow":["GET"]}}],"collection":[{"href":"https:\/\/www.camping-portesdariege.com\/es\/wp-json\/wp\/v2\/pages"}],"about":[{"href":"https:\/\/www.camping-portesdariege.com\/es\/wp-json\/wp\/v2\/types\/page"}],"author":[{"embeddable":true,"href":"https:\/\/www.camping-portesdariege.com\/es\/wp-json\/wp\/v2\/users\/3"}],"replies":[{"embeddable":true,"href":"https:\/\/www.camping-portesdariege.com\/es\/wp-json\/wp\/v2\/comments?post=5408"}],"version-history":[{"count":0,"href":"https:\/\/www.camping-portesdariege.com\/es\/wp-json\/wp\/v2\/pages\/5408\/revisions"}],"wp:attachment":[{"href":"https:\/\/www.camping-portesdariege.com\/es\/wp-json\/wp\/v2\/media?parent=5408"}],"curies":[{"name":"wp","href":"https:\/\/api.w.org\/{rel}","templated":true}]}}